{"id":100805,"date":"2021-08-17T13:13:24","date_gmt":"2021-08-17T11:13:24","guid":{"rendered":"https:\/\/kapitel-zwei.de\/prices-telc-deutsch\/"},"modified":"2025-07-07T17:14:19","modified_gmt":"2025-07-07T15:14:19","slug":"precios-telc-deutsch","status":"publish","type":"page","link":"https:\/\/kapitel-zwei.de\/es\/precios-telc-deutsch\/","title":{"rendered":"Precios telc Deutsch"},"content":{"rendered":"\n<style type=\"text\/css\" data-created_by=\"avia_inline_auto\" id=\"style-css-av-1mdmfait-86041ffb798fe4104759063f3765602e\">\n.flex_column.av-1mdmfait-86041ffb798fe4104759063f3765602e{\nborder-radius:0px 0px 0px 0px;\npadding:0px 0px 0px 0px;\n}\n<\/style>\n<div  class='flex_column av-1mdmfait-86041ffb798fe4104759063f3765602e av_one_full  avia-builder-el-0  el_before_av_two_third  avia-builder-el-first  first flex_column_div av-zero-column-padding  '     ><section  class='av_textblock_section av-ksfzz5x4-bc5da93177b12fd60ccdfe0d9e64e439 '   itemscope=\"itemscope\" itemtype=\"https:\/\/schema.org\/CreativeWork\" ><div class='avia_textblock'  itemprop=\"text\" ><h1><span style=\"color: #ff6600;\">Precios para telc Deutsch preparaci\u00f3n y telc Deutsch examen <\/span><\/h1>\n<\/div><\/section><\/div>\n\n<style type=\"text\/css\" data-created_by=\"avia_inline_auto\" id=\"style-css-av-1ivkhdol-e41694d24dcdfc6a73e9f2104bd8720f\">\n.flex_column.av-1ivkhdol-e41694d24dcdfc6a73e9f2104bd8720f{\nborder-radius:0px 0px 0px 0px;\npadding:0px 0px 0px 0px;\n}\n<\/style>\n<div  class='flex_column av-1ivkhdol-e41694d24dcdfc6a73e9f2104bd8720f av_two_third  avia-builder-el-2  el_after_av_one_full  el_before_av_one_third  first flex_column_div av-zero-column-padding  column-top-margin'     ><section  class='av_textblock_section av-ksg00mzv-a3a874f7c2e0097de859b41272b85da3 '   itemscope=\"itemscope\" itemtype=\"https:\/\/schema.org\/CreativeWork\" ><div class='avia_textblock'  itemprop=\"text\" ><p>\u00bfCu\u00e1nto cuesta un curso de preparaci\u00f3n telc Deutsch durante 4 semanas, en grupos tan reducidos y en un sitio tan c\u00e9ntrico? \u00bfCu\u00e1nto hay que pagar para un examen? Aqu\u00ed puedes encontrar todos los precios.<\/p>\n<ul>\n<li><a href=\"https:\/\/kapitel-zwei.de\/es\/precios\/#PreparacionTelcBerlin\">Cursos de preparaci\u00f3n telc Deutsch<\/a><\/li>\n<li><a href=\"https:\/\/kapitel-zwei.de\/es\/precios\/#ExamenTelcBerlin\">Ex\u00e1menes telc Deutsch<\/a><\/li>\n<\/ul>\n<\/div><\/section><\/div>\n\n<style type=\"text\/css\" data-created_by=\"avia_inline_auto\" id=\"style-css-av-1cbcr4cl-27c81dbeb2f0e3597902df9b7c6c902c\">\n.flex_column.av-1cbcr4cl-27c81dbeb2f0e3597902df9b7c6c902c{\nborder-radius:0px 0px 0px 0px;\npadding:0px 0px 0px 0px;\n}\n<\/style>\n<div  class='flex_column av-1cbcr4cl-27c81dbeb2f0e3597902df9b7c6c902c av_one_third  avia-builder-el-4  el_after_av_two_third  el_before_av_hr  flex_column_div av-zero-column-padding  column-top-margin'     ><p>\n<style type=\"text\/css\" data-created_by=\"avia_inline_auto\" id=\"style-css-av-ksg02aov-587c3350df8ffdda322596ec9fdaef6e\">\n.avia-image-container.av-ksg02aov-587c3350df8ffdda322596ec9fdaef6e img.avia_image{\nbox-shadow:none;\n}\n.avia-image-container.av-ksg02aov-587c3350df8ffdda322596ec9fdaef6e .av-image-caption-overlay-center{\ncolor:#ffffff;\n}\n<\/style>\n<div  class='avia-image-container av-ksg02aov-587c3350df8ffdda322596ec9fdaef6e av-styling- avia-align-center  avia-builder-el-5  el_before_av_textblock  avia-builder-el-first '   itemprop=\"image\" itemscope=\"itemscope\" itemtype=\"https:\/\/schema.org\/ImageObject\" ><div class=\"avia-image-container-inner\"><div class=\"avia-image-overlay-wrap\"><img decoding=\"async\" fetchpriority=\"high\" class='wp-image-123942 avia-img-lazy-loading-not-123942 avia_image ' src=\"https:\/\/kapitel-zwei.de\/wp-content\/uploads\/2025\/07\/telc-Deutsch-Siegel.jpg\" alt='telc Deutsch Siegel' title='telc Deutsch Siegel'  height=\"472\" width=\"472\"  itemprop=\"thumbnailUrl\" srcset=\"https:\/\/kapitel-zwei.de\/wp-content\/uploads\/2025\/07\/telc-Deutsch-Siegel.jpg 472w, https:\/\/kapitel-zwei.de\/wp-content\/uploads\/2025\/07\/telc-Deutsch-Siegel-300x300.jpg 300w, https:\/\/kapitel-zwei.de\/wp-content\/uploads\/2025\/07\/telc-Deutsch-Siegel-80x80.jpg 80w, https:\/\/kapitel-zwei.de\/wp-content\/uploads\/2025\/07\/telc-Deutsch-Siegel-36x36.jpg 36w, https:\/\/kapitel-zwei.de\/wp-content\/uploads\/2025\/07\/telc-Deutsch-Siegel-180x180.jpg 180w\" sizes=\"(max-width: 472px) 100vw, 472px\" \/><\/div><\/div><\/div><br \/>\n<section  class='av_textblock_section av-18agohhh-ffc57b6228c9f9d148191869c17faae3 '   itemscope=\"itemscope\" itemtype=\"https:\/\/schema.org\/CreativeWork\" ><div class='avia_textblock'  itemprop=\"text\" ><p class=\"intro\">Aprender alem\u00e1n en Berl\u00edn con \u201cKapitel Zwei, escuela de idioma alem\u00e1n\u201d en el centro de Berl\u00edn, entre Heinrich-Heine-Stra\u00dfe (U8) y M\u00e4rkisches Museum (U2)<\/p>\n<\/div><\/section><\/p><\/div><div  class='hr av-11wqxkw5-50a581368cb527a6bd2b82c8ad7a558b hr-default  avia-builder-el-7  el_after_av_one_third  el_before_av_one_full '><span class='hr-inner '><span class=\"hr-inner-style\"><\/span><\/span><\/div><\/p>\n\n<style type=\"text\/css\" data-created_by=\"avia_inline_auto\" id=\"style-css-av-103r41hh-f1a4a0832657024b18c906f32841cfeb\">\n.flex_column.av-103r41hh-f1a4a0832657024b18c906f32841cfeb{\nborder-radius:0px 0px 0px 0px;\npadding:0px 0px 0px 0px;\n}\n<\/style>\n<div  class='flex_column av-103r41hh-f1a4a0832657024b18c906f32841cfeb av_one_full  avia-builder-el-8  el_after_av_hr  el_before_av_hr  first flex_column_div av-zero-column-padding  '     ><p><section  class='av_textblock_section av-unz2m85-afb62feb52dafaaa8a5dee6ac99f6b4e '   itemscope=\"itemscope\" itemtype=\"https:\/\/schema.org\/CreativeWork\" ><div class='avia_textblock'  itemprop=\"text\" ><p><a name=\"PreparacionTelcBerlin\"><\/a><\/p>\n<\/div><\/section><br \/>\n<section  class='av_textblock_section av-nll0z2d-0ada1292931205cd82a21a2b717ce838 '   itemscope=\"itemscope\" itemtype=\"https:\/\/schema.org\/CreativeWork\" ><div class='avia_textblock tablepress_scroll-if-too-large'  itemprop=\"text\" ><h2 id=\"tablepress-254-name\" class=\"tablepress-table-name tablepress-table-name-id-254\">Precios para los cursos de preparaci\u00f3n telc Deutsch (4 semanas)<\/h2>\n\n<table id=\"tablepress-254\" class=\"tablepress tablepress-id-254 tablepress_too_large tbody-has-connected-cells\" aria-labelledby=\"tablepress-254-name\">\n<thead>\n<tr class=\"row-1\">\n\t<th class=\"column-1\"><p style=\"color:white !important;\">Preparaci\u00f3n telc<\/p><\/th><th class=\"column-2\"><p style=\"color:white !important;\">Tipo de curso<\/p><\/th><th class=\"column-3\"><p style=\"color:white !important; text-align: center;\"><br \/>\nCursos offline<br \/>\nAula real<br \/>\n<br \/>\nLos cursos comienzan cada mes<br \/>\n(4 semanas)<br \/>\n<br \/>\n<\/p><\/th><th class=\"column-4\"><p style=\"color:white !important;\">Frecuencia<\/p><\/th>\n<\/tr>\n<\/thead>\n<tbody class=\"row-striping\">\n<tr class=\"row-2\">\n\t<td class=\"column-1\"><span style=\"color:#f15f16\";><br \/>\n<br \/>\n<br \/>\n<br \/>\n<a href=\"https:\/\/kapitel-zwei.de\/es\/preparacion-telc-deutsch-b1\/\"><b>Nivel B1<\/b><\/a><\/span><\/td><td class=\"column-2\"><br \/>\n<br \/>\n<br \/>\n<br \/>\n<b>Alta velocidad<\/b><\/td><td class=\"column-3\"><p style=\"text-align: center; background-color:#FFEEE6 !important; \"><br \/>\n<br \/>\n<br \/>\n<b>162 \u20ac<\/b><br \/>\n<br \/>\n<br \/>\n<br \/>\n<\/p><\/td><td class=\"column-4\"><b>16 horas<\/b><br \/>\n<br \/>\nMartes + Jueves<br \/>\n16-18 h o<br \/>\n18-20 h<br \/>\n<br \/>\no<br \/>\n<br \/>\nViernes<br \/>\no9-13.20 h<br \/>\n<\/td>\n<\/tr>\n<tr class=\"row-3\">\n\t<td class=\"column-1\"><span style=\"color:#f15f16\";><br \/>\n<br \/>\n<br \/>\n<br \/>\n<a href=\"https:\/\/kapitel-zwei.de\/es\/preparacion-telc-deutsch-b2\/\"><b>Nivel B2 <\/b><\/a><\/span><\/td><td class=\"column-2\"><br \/>\n<br \/>\n<br \/>\n<br \/>\n<b>Alta velocidad<\/b><\/td><td class=\"column-3\"><p style=\"text-align: center; background-color:#FFEEE6 !important; \"><br \/>\n<br \/>\n<br \/>\n<b>162 \u20ac<\/b> <br \/>\n<br \/>\n<br \/>\n<br \/>\n<\/p><\/td><td class=\"column-4\"><b>16 horas<\/b><br \/>\n<br \/>\n18-20 h<br \/>\nMartes + Jueves<br \/>\n<br \/>\no<br \/>\n<br \/>\no9-13.20 h<br \/>\nViernes<\/td>\n<\/tr>\n<tr class=\"row-4\">\n\t<td rowspan=\"2\" class=\"column-1\"><span style=\"color:#f15f16\";><br \/>\n<br \/>\n<br \/>\n<br \/>\n<a href=\"https:\/\/kapitel-zwei.de\/es\/telc-deutsch-c1-hochschule-berlin\/\"><b>C1 Hochschule<\/b><\/a><\/span><\/td><td class=\"column-2\"><br \/>\n<br \/>\n<br \/>\n<br \/>\n<b>Alta velocidad<\/b><\/td><td class=\"column-3\"><p style=\"text-align: center; background-color:#FFEEE6 !important; \"><br \/>\n<br \/>\n<br \/>\n<b>162 \u20ac<\/b> <br \/>\n<br \/>\n<br \/>\n<br \/>\n<\/p><\/td><td class=\"column-4\"><br \/>\n<br \/>\n<b>16 horas<\/b><br \/>\n<br \/>\no9-13.20 h<br \/>\nViernes<\/td>\n<\/tr>\n<tr class=\"row-5\">\n\t<td class=\"column-2\"><p style=\"text-align: center; background-color:#FFEEE6 !important; \"><br \/>\n<br \/>\n<br \/>\n<b>Curso intensivo<\/b><br \/>\n<br \/>\n<br \/>\n<br \/>\n<br \/>\n<\/p><\/td><td class=\"column-3\"><p style=\"text-align: center; background-color:#FFEEE6 !important; \"><br \/>\n<br \/>\n<b>319 \u20ac<\/b><a href=\"https:\/\/kapitel-zwei.de\/es\/tarifa-classic\/\"><br \/>\nTarifa CLASSIC<\/a><br \/>\n<br \/>\n<br \/>\n<br \/>\n<br \/>\n<\/p><\/td><td class=\"column-4\"><b>48 horas<\/b><br \/>\n<br \/>\n09-12 h<br \/>\n12-15  h<br \/>\n15-18 h<br \/>\n18-21 h<br \/>\n<br \/>\nDe lunes a<br \/>\njueves<\/td>\n<\/tr>\n<tr class=\"row-6\">\n\t<td class=\"column-1\"><span style=\"color:#f15f16\";><br \/>\n<br \/>\n<br \/>\n<a href=\"https:\/\/kapitel-zwei.de\/es\/fachsprachpruefung-aerztekammer\/\"><b>Preparaci\u00f3n para el <br \/>\nexamen de lenguaje t\u00e9cnico<br \/>\nde la<br \/>\nAsociaci\u00f3n M\u00e9dica<\/b><\/a><\/span><\/td><td class=\"column-2\"><p style=\"text-align: center; background-color:#FFEEE6 !important; \"><br \/>\n<br \/>\n<br \/>\n<br \/>\n<b>Curso intensivo<\/b><br \/>\n<br \/>\n<br \/>\n<br \/>\n<br \/>\n<\/p><\/td><td class=\"column-3\"><p style=\"text-align: center; background-color:#FFEEE6 !important; \"><br \/>\n<b>499 \u20ac<\/b><a href=\"https:\/\/kapitel-zwei.de\/es\/tarifa-classic\/\"><br \/>\nTarifa CLASSIC<\/a><br \/>\n<br \/>\n<b>449 \u20ac<\/b><br \/>\n<a href=\"https:\/\/kapitel-zwei.de\/es\/tarifa-anticipa\/\">Tarifa\u00a0 ANTICIPA <\/a><br \/>\n<br \/>\n<br \/>\n<br \/>\n<\/p><\/td><td class=\"column-4\"><br \/>\n<b>48 horas<\/b><br \/>\n<br \/>\n15-18 h<br \/>\n<br \/>\nDe lunes a<br \/>\njueves<\/td>\n<\/tr>\n<\/tbody>\n<\/table>\n<!-- #tablepress-254 from cache -->\n<\/div><\/section><\/p><\/div>\n<div  class='hr av-izq0p51-7f9229357f17f174977ac95c7b31e932 hr-default  avia-builder-el-11  el_after_av_one_full  el_before_av_one_full '><span class='hr-inner '><span class=\"hr-inner-style\"><\/span><\/span><\/div>\n\n<style type=\"text\/css\" data-created_by=\"avia_inline_auto\" id=\"style-css-av-ehpqf5x-a32512a4ab5ccdfc87b5fd315e2380d8\">\n.flex_column.av-ehpqf5x-a32512a4ab5ccdfc87b5fd315e2380d8{\nborder-radius:0px 0px 0px 0px;\npadding:0px 0px 0px 0px;\n}\n<\/style>\n<div  class='flex_column av-ehpqf5x-a32512a4ab5ccdfc87b5fd315e2380d8 av_one_full  avia-builder-el-12  el_after_av_hr  el_before_av_one_full  first flex_column_div av-zero-column-padding  '     ><p><section  class='av_textblock_section av-cj9fu4l-de2efc3f118c006da9242d9e9aaa80ee '   itemscope=\"itemscope\" itemtype=\"https:\/\/schema.org\/CreativeWork\" ><div class='avia_textblock'  itemprop=\"text\" ><p><a name=\"ExamenTelcBerlin\"><\/a><\/p>\n<\/div><\/section><br \/>\n<section  class='av_textblock_section av-8opznk5-436bd73beae7b7868e2a6ea1c9e65418 '   itemscope=\"itemscope\" itemtype=\"https:\/\/schema.org\/CreativeWork\" ><div class='avia_textblock tablepress_scroll-if-too-large'  itemprop=\"text\" ><h2 id=\"tablepress-91-name\" class=\"tablepress-table-name tablepress-table-name-id-91\">Precios de los ex\u00e1menes telc Deutsch<\/h2>\n\n<table id=\"tablepress-91\" class=\"tablepress tablepress-id-91 tbody-has-connected-cells\" aria-labelledby=\"tablepress-91-name\">\n<thead>\n<tr class=\"row-1\">\n\t<th class=\"column-1\"><p style=\"color:white !important;\">Nivel<\/p><\/th><th class=\"column-2\"><p style=\"color:white !important;\">Ex\u00e1menes telc<\/p><\/th><th class=\"column-3\"><p style=\"color:white !important;\">Precios<\/p><\/th><th class=\"column-4\"><p style=\"color:white !important; text-align: center;\">...<\/p><\/th>\n<\/tr>\n<\/thead>\n<tbody class=\"row-striping\">\n<tr class=\"row-2\">\n\t<td colspan=\"2\" class=\"column-1\">Inscripci\u00f3n de \u00faltima hora<\/td><td class=\"column-3\">gratis<\/td><td class=\"column-4\"><\/td>\n<\/tr>\n<tr class=\"row-3\">\n\t<td class=\"column-1\"><p style=\"font-size:110%;\"><span style=\"color:#f15f16\";>Nivel A1 <\/span><\/p><\/td><td class=\"column-2\">Completo<br \/>\n<\/td><td class=\"column-3\">149 \u20ac<\/td><td class=\"column-4\"><p style=\"text-decoration:underline; text-align: center;\"><a href=\"https:\/\/kapitel-zwei.de\/es\/cursos-de-aleman-en-berlin\/examen-telc-deutsch-a1\/\">M\u00e1s informaci\u00f3n<\/a><\/p><\/td>\n<\/tr>\n<tr class=\"row-4\">\n\t<td class=\"column-1\"><p style=\"font-size:110%;\"><span style=\"color:#f15f16\";>Nivel A2 <\/span><\/p><\/td><td class=\"column-2\">Completo<br \/>\n<\/td><td class=\"column-3\">149 \u20ac<\/td><td class=\"column-4\"><p style=\"text-decoration:underline; text-align: center;\"><a href=\"https:\/\/kapitel-zwei.de\/es\/cursos-de-aleman-en-berlin\/examen-telc-deutsch-a2\/\">M\u00e1s informaci\u00f3n<\/a><\/p><\/td>\n<\/tr>\n<tr class=\"row-5\">\n\t<td rowspan=\"2\" class=\"column-1\"><p style=\"font-size:110%;\"><span style=\"color:#f15f16\";>Nivel B1 <\/span><\/p><\/td><td class=\"column-2\">Completo<br \/>\n<\/td><td class=\"column-3\">199 \u20ac<\/td><td rowspan=\"2\" class=\"column-4\"><p style=\"text-decoration:underline; text-align: center;\"><a href=\"https:\/\/kapitel-zwei.de\/es\/cursos-de-aleman-en-berlin\/examen-telc-deutsch-b1\/\">M\u00e1s informaci\u00f3n<\/a><\/p><\/td>\n<\/tr>\n<tr class=\"row-6\">\n\t<td class=\"column-2\">S\u00f3lo escrito \/ oral<\/td><td class=\"column-3\">169 \u20ac<\/td>\n<\/tr>\n<tr class=\"row-7\">\n\t<td rowspan=\"2\" class=\"column-1\"><p style=\"font-size:110%;\"><span style=\"color:#f15f16\";>Nivel B2 <\/span><\/p><br \/>\n<\/td><td class=\"column-2\">Completo<br \/>\n<\/td><td class=\"column-3\">199 \u20ac<\/td><td rowspan=\"2\" class=\"column-4\"><p style=\"text-decoration:underline; text-align: center;\"><a href=\"https:\/\/kapitel-zwei.de\/es\/cursos-de-aleman-en-berlin\/examen-telc-deutsch-b2\/\">M\u00e1s informaci\u00f3n<\/a><\/p><\/td>\n<\/tr>\n<tr class=\"row-8\">\n\t<td class=\"column-2\">S\u00f3lo escrito \/ oral<\/td><td class=\"column-3\">169 \u20ac<\/td>\n<\/tr>\n<tr class=\"row-9\">\n\t<td rowspan=\"2\" class=\"column-1\"><p style=\"font-size:110%;\"><span style=\"color:#f15f16\";>C1 Hochschule<\/span><\/p><br \/>\n<\/td><td class=\"column-2\">Completo<br \/>\n<\/td><td class=\"column-3\">199 \u20ac<\/td><td rowspan=\"2\" class=\"column-4\"><p style=\"text-decoration:underline; text-align: center;\"><a href=\"https:\/\/kapitel-zwei.de\/es\/cursos-de-aleman-en-berlin\/examen-telc-deutsch-c1-hochschule\/\">M\u00e1s informaci\u00f3n<\/a><\/p><\/td>\n<\/tr>\n<tr class=\"row-10\">\n\t<td class=\"column-2\">S\u00f3lo escrito \/ oral<\/td><td class=\"column-3\">169 \u20ac<\/td>\n<\/tr>\n<tr class=\"row-11\">\n\t<td rowspan=\"2\" class=\"column-1\"><p style=\"font-size:110%;\"><span style=\"color:#f15f16\";>C1<\/span><\/p><br \/>\n<\/td><td class=\"column-2\">Completo<\/td><td class=\"column-3\">199 \u20ac<\/td><td rowspan=\"2\" class=\"column-4\"><p style=\"text-decoration:underline; text-align: center;\"><a href=\"https:\/\/kapitel-zwei.de\/telc-deutsch-c1-pruefung\/\">M\u00e1s informaci\u00f3n<\/a><\/p><\/td>\n<\/tr>\n<tr class=\"row-12\">\n\t<td class=\"column-2\">S\u00f3lo escrito \/ oral<\/td><td class=\"column-3\">169 \u20ac<\/td>\n<\/tr>\n<\/tbody>\n<\/table>\n<!-- #tablepress-91 from cache -->\n<\/div><\/section><\/p><\/div>\n\n<style type=\"text\/css\" data-created_by=\"avia_inline_auto\" id=\"style-css-av-72cbi4l-e1bfa5e9454c8066010a0962242d25aa\">\n.flex_column.av-72cbi4l-e1bfa5e9454c8066010a0962242d25aa{\nborder-radius:0px 0px 0px 0px;\npadding:0px 0px 0px 0px;\n}\n<\/style>\n<div  class='flex_column av-72cbi4l-e1bfa5e9454c8066010a0962242d25aa av_one_full  avia-builder-el-15  el_after_av_one_full  avia-builder-el-last  first flex_column_div av-zero-column-padding  column-top-margin'     ><section  class='av_textblock_section av-m1kgq598-da66e2e72ef5f94a20ffc73cac822bc3 '   itemscope=\"itemscope\" itemtype=\"https:\/\/schema.org\/CreativeWork\" ><div class='avia_textblock'  itemprop=\"text\" ><p>Para m\u00e1s informaci\u00f3n sobre nuestro programa telc, haz clic <a href=\"https:\/\/kapitel-zwei.de\/es\/telc-deutsch-berlin\/\">aqu\u00ed<\/a>.<\/p>\n<\/div><\/section><\/div>\n","protected":false},"excerpt":{"rendered":"","protected":false},"author":16,"featured_media":0,"parent":0,"menu_order":0,"comment_status":"closed","ping_status":"closed","template":"","meta":{"footnotes":""},"class_list":["post-100805","page","type-page","status-publish","hentry"],"yoast_head":"<!-- This site is optimized with the Yoast SEO Premium plugin v24.4 (Yoast SEO v24.4) - https:\/\/yoast.com\/wordpress\/plugins\/seo\/ -->\n<title>Precios para telc Deutsch preparaci\u00f3n y telc Deutsch examen<\/title>\n<meta name=\"description\" content=\"Precios para la preparaci\u00f3n y el examen de telc Deutsch. Descuentos para el examen al reservar el curso de preparaci\u00f3n de telc Deutsch. Precios de los cursos de preparaci\u00f3n telc Deutsch online y precios de las clases presenciales en la escuela en un aula real.\" \/>\n<meta name=\"robots\" content=\"index, follow, max-snippet:-1, max-image-preview:large, max-video-preview:-1\" \/>\n<link rel=\"canonical\" href=\"https:\/\/kapitel-zwei.de\/es\/precios-telc-deutsch\/\" \/>\n<meta property=\"og:locale\" content=\"es_ES\" \/>\n<meta property=\"og:type\" content=\"article\" \/>\n<meta property=\"og:title\" content=\"Precios telc Deutsch\" \/>\n<meta property=\"og:description\" content=\"Precios para la preparaci\u00f3n y el examen de telc Deutsch. Descuentos para el examen al reservar el curso de preparaci\u00f3n de telc Deutsch. Precios de los cursos de preparaci\u00f3n telc Deutsch online y precios de las clases presenciales en la escuela en un aula real.\" \/>\n<meta property=\"og:url\" content=\"https:\/\/kapitel-zwei.de\/es\/precios-telc-deutsch\/\" \/>\n<meta property=\"og:site_name\" content=\"Kapitel Zwei Berlin\" \/>\n<meta property=\"article:publisher\" content=\"https:\/\/www.facebook.com\/kapitelzwei\/\" \/>\n<meta property=\"article:modified_time\" content=\"2025-07-07T15:14:19+00:00\" \/>\n<meta name=\"twitter:card\" content=\"summary_large_image\" \/>\n<meta name=\"twitter:site\" content=\"@kapitelzwei\" \/>\n<meta name=\"twitter:label1\" content=\"Tiempo de lectura\" \/>\n\t<meta name=\"twitter:data1\" content=\"2 minutos\" \/>\n<script type=\"application\/ld+json\" class=\"yoast-schema-graph\">{\"@context\":\"https:\/\/schema.org\",\"@graph\":[{\"@type\":\"WebPage\",\"@id\":\"https:\/\/kapitel-zwei.de\/es\/precios-telc-deutsch\/\",\"url\":\"https:\/\/kapitel-zwei.de\/es\/precios-telc-deutsch\/\",\"name\":\"Precios para telc Deutsch preparaci\u00f3n y telc Deutsch examen\",\"isPartOf\":{\"@id\":\"https:\/\/kapitel-zwei.de\/es\/#website\"},\"datePublished\":\"2021-08-17T11:13:24+00:00\",\"dateModified\":\"2025-07-07T15:14:19+00:00\",\"description\":\"Precios para la preparaci\u00f3n y el examen de telc Deutsch. Descuentos para el examen al reservar el curso de preparaci\u00f3n de telc Deutsch. Precios de los cursos de preparaci\u00f3n telc Deutsch online y precios de las clases presenciales en la escuela en un aula real.\",\"breadcrumb\":{\"@id\":\"https:\/\/kapitel-zwei.de\/es\/precios-telc-deutsch\/#breadcrumb\"},\"inLanguage\":\"es\",\"potentialAction\":[{\"@type\":\"ReadAction\",\"target\":[\"https:\/\/kapitel-zwei.de\/es\/precios-telc-deutsch\/\"]}]},{\"@type\":\"BreadcrumbList\",\"@id\":\"https:\/\/kapitel-zwei.de\/es\/precios-telc-deutsch\/#breadcrumb\",\"itemListElement\":[{\"@type\":\"ListItem\",\"position\":1,\"name\":\"Startseite\",\"item\":\"https:\/\/kapitel-zwei.de\/es\/\"},{\"@type\":\"ListItem\",\"position\":2,\"name\":\"Precios telc Deutsch\"}]},{\"@type\":\"WebSite\",\"@id\":\"https:\/\/kapitel-zwei.de\/es\/#website\",\"url\":\"https:\/\/kapitel-zwei.de\/es\/\",\"name\":\"Kapitel Zwei Berlin\",\"description\":\"Deutschkurs Berlin | Sprachschule Berlin | German language school Berlin | telc Berlin | Deutsch Pr\u00fcfung Berlin | Intensive German courses Berlin | TestDaF Pr\u00fcfung | Online Kurse\",\"publisher\":{\"@id\":\"https:\/\/kapitel-zwei.de\/es\/#organization\"},\"potentialAction\":[{\"@type\":\"SearchAction\",\"target\":{\"@type\":\"EntryPoint\",\"urlTemplate\":\"https:\/\/kapitel-zwei.de\/es\/?s={search_term_string}\"},\"query-input\":{\"@type\":\"PropertyValueSpecification\",\"valueRequired\":true,\"valueName\":\"search_term_string\"}}],\"inLanguage\":\"es\"},{\"@type\":\"Organization\",\"@id\":\"https:\/\/kapitel-zwei.de\/es\/#organization\",\"name\":\"Kapitel Zwei. Deutsch-Sprachschule Berlin GmbH\",\"url\":\"https:\/\/kapitel-zwei.de\/es\/\",\"logo\":{\"@type\":\"ImageObject\",\"inLanguage\":\"es\",\"@id\":\"https:\/\/kapitel-zwei.de\/es\/#\/schema\/logo\/image\/\",\"url\":\"https:\/\/kapitel-zwei.de\/wp-content\/uploads\/2018\/08\/Kapitel-Zwei-Berlin-Sprachschule-Deutsch-Deutschkurse-Berlin.jpg\",\"contentUrl\":\"https:\/\/kapitel-zwei.de\/wp-content\/uploads\/2018\/08\/Kapitel-Zwei-Berlin-Sprachschule-Deutsch-Deutschkurse-Berlin.jpg\",\"width\":350,\"height\":101,\"caption\":\"Kapitel Zwei. Deutsch-Sprachschule Berlin GmbH\"},\"image\":{\"@id\":\"https:\/\/kapitel-zwei.de\/es\/#\/schema\/logo\/image\/\"},\"sameAs\":[\"https:\/\/www.facebook.com\/kapitelzwei\/\",\"https:\/\/x.com\/kapitelzwei\"]}]}<\/script>\n<!-- \/ Yoast SEO Premium plugin. -->","yoast_head_json":{"title":"Precios para telc Deutsch preparaci\u00f3n y telc Deutsch examen","description":"Precios para la preparaci\u00f3n y el examen de telc Deutsch. Descuentos para el examen al reservar el curso de preparaci\u00f3n de telc Deutsch. Precios de los cursos de preparaci\u00f3n telc Deutsch online y precios de las clases presenciales en la escuela en un aula real.","robots":{"index":"index","follow":"follow","max-snippet":"max-snippet:-1","max-image-preview":"max-image-preview:large","max-video-preview":"max-video-preview:-1"},"canonical":"https:\/\/kapitel-zwei.de\/es\/precios-telc-deutsch\/","og_locale":"es_ES","og_type":"article","og_title":"Precios telc Deutsch","og_description":"Precios para la preparaci\u00f3n y el examen de telc Deutsch. Descuentos para el examen al reservar el curso de preparaci\u00f3n de telc Deutsch. Precios de los cursos de preparaci\u00f3n telc Deutsch online y precios de las clases presenciales en la escuela en un aula real.","og_url":"https:\/\/kapitel-zwei.de\/es\/precios-telc-deutsch\/","og_site_name":"Kapitel Zwei Berlin","article_publisher":"https:\/\/www.facebook.com\/kapitelzwei\/","article_modified_time":"2025-07-07T15:14:19+00:00","twitter_card":"summary_large_image","twitter_site":"@kapitelzwei","twitter_misc":{"Tiempo de lectura":"2 minutos"},"schema":{"@context":"https:\/\/schema.org","@graph":[{"@type":"WebPage","@id":"https:\/\/kapitel-zwei.de\/es\/precios-telc-deutsch\/","url":"https:\/\/kapitel-zwei.de\/es\/precios-telc-deutsch\/","name":"Precios para telc Deutsch preparaci\u00f3n y telc Deutsch examen","isPartOf":{"@id":"https:\/\/kapitel-zwei.de\/es\/#website"},"datePublished":"2021-08-17T11:13:24+00:00","dateModified":"2025-07-07T15:14:19+00:00","description":"Precios para la preparaci\u00f3n y el examen de telc Deutsch. Descuentos para el examen al reservar el curso de preparaci\u00f3n de telc Deutsch. Precios de los cursos de preparaci\u00f3n telc Deutsch online y precios de las clases presenciales en la escuela en un aula real.","breadcrumb":{"@id":"https:\/\/kapitel-zwei.de\/es\/precios-telc-deutsch\/#breadcrumb"},"inLanguage":"es","potentialAction":[{"@type":"ReadAction","target":["https:\/\/kapitel-zwei.de\/es\/precios-telc-deutsch\/"]}]},{"@type":"BreadcrumbList","@id":"https:\/\/kapitel-zwei.de\/es\/precios-telc-deutsch\/#breadcrumb","itemListElement":[{"@type":"ListItem","position":1,"name":"Startseite","item":"https:\/\/kapitel-zwei.de\/es\/"},{"@type":"ListItem","position":2,"name":"Precios telc Deutsch"}]},{"@type":"WebSite","@id":"https:\/\/kapitel-zwei.de\/es\/#website","url":"https:\/\/kapitel-zwei.de\/es\/","name":"Kapitel Zwei Berlin","description":"Deutschkurs Berlin | Sprachschule Berlin | German language school Berlin | telc Berlin | Deutsch Pr\u00fcfung Berlin | Intensive German courses Berlin | TestDaF Pr\u00fcfung | Online Kurse","publisher":{"@id":"https:\/\/kapitel-zwei.de\/es\/#organization"},"potentialAction":[{"@type":"SearchAction","target":{"@type":"EntryPoint","urlTemplate":"https:\/\/kapitel-zwei.de\/es\/?s={search_term_string}"},"query-input":{"@type":"PropertyValueSpecification","valueRequired":true,"valueName":"search_term_string"}}],"inLanguage":"es"},{"@type":"Organization","@id":"https:\/\/kapitel-zwei.de\/es\/#organization","name":"Kapitel Zwei. Deutsch-Sprachschule Berlin GmbH","url":"https:\/\/kapitel-zwei.de\/es\/","logo":{"@type":"ImageObject","inLanguage":"es","@id":"https:\/\/kapitel-zwei.de\/es\/#\/schema\/logo\/image\/","url":"https:\/\/kapitel-zwei.de\/wp-content\/uploads\/2018\/08\/Kapitel-Zwei-Berlin-Sprachschule-Deutsch-Deutschkurse-Berlin.jpg","contentUrl":"https:\/\/kapitel-zwei.de\/wp-content\/uploads\/2018\/08\/Kapitel-Zwei-Berlin-Sprachschule-Deutsch-Deutschkurse-Berlin.jpg","width":350,"height":101,"caption":"Kapitel Zwei. Deutsch-Sprachschule Berlin GmbH"},"image":{"@id":"https:\/\/kapitel-zwei.de\/es\/#\/schema\/logo\/image\/"},"sameAs":["https:\/\/www.facebook.com\/kapitelzwei\/","https:\/\/x.com\/kapitelzwei"]}]}},"_links":{"self":[{"href":"https:\/\/kapitel-zwei.de\/es\/wp-json\/wp\/v2\/pages\/100805","targetHints":{"allow":["GET"]}}],"collection":[{"href":"https:\/\/kapitel-zwei.de\/es\/wp-json\/wp\/v2\/pages"}],"about":[{"href":"https:\/\/kapitel-zwei.de\/es\/wp-json\/wp\/v2\/types\/page"}],"author":[{"embeddable":true,"href":"https:\/\/kapitel-zwei.de\/es\/wp-json\/wp\/v2\/users\/16"}],"replies":[{"embeddable":true,"href":"https:\/\/kapitel-zwei.de\/es\/wp-json\/wp\/v2\/comments?post=100805"}],"version-history":[{"count":5,"href":"https:\/\/kapitel-zwei.de\/es\/wp-json\/wp\/v2\/pages\/100805\/revisions"}],"predecessor-version":[{"id":124147,"href":"https:\/\/kapitel-zwei.de\/es\/wp-json\/wp\/v2\/pages\/100805\/revisions\/124147"}],"wp:attachment":[{"href":"https:\/\/kapitel-zwei.de\/es\/wp-json\/wp\/v2\/media?parent=100805"}],"curies":[{"name":"wp","href":"https:\/\/api.w.org\/{rel}","templated":true}]}}