{"id":3506,"date":"2015-10-14T18:17:33","date_gmt":"2015-10-14T16:17:33","guid":{"rendered":"http:\/\/relaunch.kapitel-zwei.de\/es\/lebe-in-berlin\/"},"modified":"2025-03-13T17:45:58","modified_gmt":"2025-03-13T16:45:58","slug":"vivir-en-berlin","status":"publish","type":"page","link":"https:\/\/kapitel-zwei.de\/es\/vivir-en-berlin\/","title":{"rendered":"Vivir en Berl\u00edn"},"content":{"rendered":"\n<style type=\"text\/css\" data-created_by=\"avia_inline_auto\" id=\"style-css-av-2onbrya-7e19ebbff0030897fc2d261ef271e435\">\n.flex_column.av-2onbrya-7e19ebbff0030897fc2d261ef271e435{\nborder-radius:0px 0px 0px 0px;\npadding:0px 0px 0px 0px;\n}\n<\/style>\n<div  class='flex_column av-2onbrya-7e19ebbff0030897fc2d261ef271e435 av_one_full  avia-builder-el-0  el_before_av_hr  avia-builder-el-first  first flex_column_div av-zero-column-padding  '     ><section  class='av_textblock_section av-2nq0cxu-f17febe43df2be9e5509d39dd4a2877e '   itemscope=\"itemscope\" itemtype=\"https:\/\/schema.org\/CreativeWork\" ><div class='avia_textblock'  itemprop=\"text\" ><h1><span style=\"color: #ff6600;\">Vivir en Berl\u00edn<\/span><\/h1>\n<\/div><\/section><br \/>\n<section  class='av_textblock_section av-2l7n6qq-2593eb72a1d3aefbe2d3e07c5d47b6b0 '   itemscope=\"itemscope\" itemtype=\"https:\/\/schema.org\/CreativeWork\" ><div class='avia_textblock'  itemprop=\"text\" ><p>Es muy importante aprender alem\u00e1n, es cierto, pero no es lo \u00fanico que puedes hacer. Igual de importante es descubrir la ciudad de Berl\u00edn y visitar muchos lugares interesantes en esta metr\u00f3poli europea. Hay muchas atracciones tur\u00edsticas y tantas cosas para hacer en tu tiempo libre. Aqu\u00ed te informamos sobre todos los temas que te pueden interesar durante tu estancia en Berl\u00edn y que la har\u00e1n a\u00fan m\u00e1s atractiva si cabe. Te respondemos a todas las preguntas que te surjan en cuanto al visado, las familias anfitrionas, los seguros de enfermedad, etc.<\/p>\n<\/div><\/section><\/p><\/div>\n<div  class='hr av-2a61hj6-38efa2c417af0a2c91620f55db64f762 hr-default  avia-builder-el-3  el_after_av_one_full  el_before_av_layout_row  avia-builder-el-last '><span class='hr-inner '><span class=\"hr-inner-style\"><\/span><\/span><\/div>\n<\/div><\/div><\/div><!-- close content main div --><\/div><\/div><div id='av-layout-grid-1'  class='av-layout-grid-container av-28khihe-a82c99da6fc3d54f9bef1a6f9d58b4bf entry-content-wrapper main_color av-flex-cells  avia-builder-el-4  el_after_av_hr  el_before_av_hr  grid-row-not-first  container_wrap fullsize'  >\n\n<style type=\"text\/css\" data-created_by=\"avia_inline_auto\" id=\"style-css-av-25y90uq-5f2d0399eb7cc18c44ec457c446001fe\">\n.flex_cell.av-25y90uq-5f2d0399eb7cc18c44ec457c446001fe{\nvertical-align:top;\n}\n.responsive #top #wrap_all .flex_cell.av-25y90uq-5f2d0399eb7cc18c44ec457c446001fe{\npadding:0 30px 0 30px !important;\n}\n<\/style>\n<div class='flex_cell av-25y90uq-5f2d0399eb7cc18c44ec457c446001fe av-gridrow-cell av_two_fifth no_margin  avia-builder-el-5  el_before_av_cell_three_fifth  avia-builder-el-first '  ><div class='flex_cell_inner'>\n<style type=\"text\/css\" data-created_by=\"avia_inline_auto\" id=\"style-css-av-25an6pu-6fac181c9ef286168ee4e0bfcfce84e7\">\n.avia-image-container.av-25an6pu-6fac181c9ef286168ee4e0bfcfce84e7 img.avia_image{\nbox-shadow:none;\n}\n.avia-image-container.av-25an6pu-6fac181c9ef286168ee4e0bfcfce84e7 .av-image-caption-overlay-center{\ncolor:#ffffff;\n}\n<\/style>\n<div  class='avia-image-container av-25an6pu-6fac181c9ef286168ee4e0bfcfce84e7 av-styling- av-img-linked avia-align-left  avia-builder-el-6  avia-builder-el-no-sibling '   itemprop=\"image\" itemscope=\"itemscope\" itemtype=\"https:\/\/schema.org\/ImageObject\" ><div class=\"avia-image-container-inner\"><div class=\"avia-image-overlay-wrap\"><img decoding=\"async\" fetchpriority=\"high\" class='wp-image-10659 avia-img-lazy-loading-not-10659 avia_image ' src=\"https:\/\/kapitel-zwei.de\/wp-content\/uploads\/2015\/10\/Kapitel-Zwei-Berlin-Aktivit\u00e4ten-und-Freizeit.jpg\" alt='Kapitel Zwei Berlin Aktivit\u00e4ten und Freizeit' title='Kapitel Zwei Berlin Aktivit\u00e4ten und Freizeit'  height=\"735\" width=\"977\"  itemprop=\"thumbnailUrl\" srcset=\"https:\/\/kapitel-zwei.de\/wp-content\/uploads\/2015\/10\/Kapitel-Zwei-Berlin-Aktivit\u00e4ten-und-Freizeit.jpg 977w, https:\/\/kapitel-zwei.de\/wp-content\/uploads\/2015\/10\/Kapitel-Zwei-Berlin-Aktivit\u00e4ten-und-Freizeit-80x60.jpg 80w, https:\/\/kapitel-zwei.de\/wp-content\/uploads\/2015\/10\/Kapitel-Zwei-Berlin-Aktivit\u00e4ten-und-Freizeit-300x226.jpg 300w, https:\/\/kapitel-zwei.de\/wp-content\/uploads\/2015\/10\/Kapitel-Zwei-Berlin-Aktivit\u00e4ten-und-Freizeit-768x578.jpg 768w, https:\/\/kapitel-zwei.de\/wp-content\/uploads\/2015\/10\/Kapitel-Zwei-Berlin-Aktivit\u00e4ten-und-Freizeit-705x530.jpg 705w, https:\/\/kapitel-zwei.de\/wp-content\/uploads\/2015\/10\/Kapitel-Zwei-Berlin-Aktivit\u00e4ten-und-Freizeit-450x339.jpg 450w\" sizes=\"(max-width: 977px) 100vw, 977px\" \/><\/div><\/div><\/div>\n<\/div><\/div>\n<style type=\"text\/css\" data-created_by=\"avia_inline_auto\" id=\"style-css-av-22tavoi-6e11fcb720eff58a591e88b4c29d032a\">\n.flex_cell.av-22tavoi-6e11fcb720eff58a591e88b4c29d032a{\nvertical-align:top;\n}\n.responsive #top #wrap_all .flex_cell.av-22tavoi-6e11fcb720eff58a591e88b4c29d032a{\npadding:0 30px 0 30px !important;\n}\n<\/style>\n<div class='flex_cell av-22tavoi-6e11fcb720eff58a591e88b4c29d032a av-gridrow-cell av_three_fifth no_margin  avia-builder-el-7  el_after_av_cell_two_fifth  avia-builder-el-last '  ><div class='flex_cell_inner'><section  class='av_textblock_section av-210a4pe-414987f42d466de03574b5105a5585fc '   itemscope=\"itemscope\" itemtype=\"https:\/\/schema.org\/CreativeWork\" ><div class='avia_textblock'  itemprop=\"text\" ><h2 class=\"entry-title\"><a href=\"https:\/\/kapitel-zwei.de\/es\/ocio-y-tiempo-libre\/\">Ocio y tiempo libre<\/a><\/h2>\n<\/div><\/section><br \/>\n<section  class='av_textblock_section av-1zwrlaa-04be3d819918f85e5f510d49b1c28bc2 '   itemscope=\"itemscope\" itemtype=\"https:\/\/schema.org\/CreativeWork\" ><div class='avia_textblock'  itemprop=\"text\" ><p>\u00bfQuerr\u00edas descubrir Berl\u00edn y sus alrededores, asistir a eventos y disfrutar de tu tiempo libre con tus compa\u00f1eros\/as de clase y el equipo de \u201cKapitel Zwei\u201d? Cada mes te ofrecemos un variado programa.<\/p>\n<p><a href=\"https:\/\/kapitel-zwei.de\/es\/ocio-y-tiempo-libre\/\">Continua leyendo<\/a><\/p>\n<\/div><\/section><\/p>\n<\/div><\/div>\n<\/div><div id='after_grid_row_1'  class='main_color av_default_container_wrap container_wrap fullsize'  ><div class='container av-section-cont-open' ><div class='template-page content  av-content-full alpha units'><div class='post-entry post-entry-type-page post-entry-3506'><div class='entry-content-wrapper clearfix'>\n<div  class='hr av-1yv5upu-64cdfd15f7ebfa05125c3b09c12e476f hr-default  avia-builder-el-10  el_after_av_layout_row  el_before_av_layout_row  avia-builder-el-no-sibling '><span class='hr-inner '><span class=\"hr-inner-style\"><\/span><\/span><\/div>\n<\/div><\/div><\/div><!-- close content main div --><\/div><\/div><div id='av-layout-grid-2'  class='av-layout-grid-container av-1w81utu-8d79ea3631c51a995d7500a06a6390af entry-content-wrapper main_color av-flex-cells  avia-builder-el-11  el_after_av_hr  el_before_av_hr  grid-row-not-first  container_wrap fullsize'  >\n\n<style type=\"text\/css\" data-created_by=\"avia_inline_auto\" id=\"style-css-av-6q7n0y-e4dce668ee6b0dbd652dda036eb7a9ea\">\n.flex_cell.av-6q7n0y-e4dce668ee6b0dbd652dda036eb7a9ea{\nvertical-align:top;\n}\n.responsive #top #wrap_all .flex_cell.av-6q7n0y-e4dce668ee6b0dbd652dda036eb7a9ea{\npadding:0 30px 0 30px !important;\n}\n<\/style>\n<div class='flex_cell av-6q7n0y-e4dce668ee6b0dbd652dda036eb7a9ea av-gridrow-cell av_two_fifth no_margin  avia-builder-el-12  el_before_av_cell_three_fifth  avia-builder-el-first '  ><div class='flex_cell_inner'>\n<style type=\"text\/css\" data-created_by=\"avia_inline_auto\" id=\"style-css-av-1u4eazm-04239bb1607bb16796cfb2004cd73479\">\n.avia-image-container.av-1u4eazm-04239bb1607bb16796cfb2004cd73479 img.avia_image{\nbox-shadow:none;\n}\n.avia-image-container.av-1u4eazm-04239bb1607bb16796cfb2004cd73479 .av-image-caption-overlay-center{\ncolor:#ffffff;\n}\n<\/style>\n<div  class='avia-image-container av-1u4eazm-04239bb1607bb16796cfb2004cd73479 av-styling- av-img-linked avia-align-left  avia-builder-el-13  avia-builder-el-no-sibling '   itemprop=\"image\" itemscope=\"itemscope\" itemtype=\"https:\/\/schema.org\/ImageObject\" ><div class=\"avia-image-container-inner\"><div class=\"avia-image-overlay-wrap\"><img decoding=\"async\" fetchpriority=\"high\" class='wp-image-10649 avia-img-lazy-loading-not-10649 avia_image ' src=\"https:\/\/kapitel-zwei.de\/wp-content\/uploads\/2015\/10\/Kapitel-Zwei-Berlin-Stammtisch.jpg\" alt='Kapitel Zwei Berlin Stammtisch' title='Kapitel Zwei Berlin Stammtisch'  height=\"716\" width=\"658\"  itemprop=\"thumbnailUrl\" srcset=\"https:\/\/kapitel-zwei.de\/wp-content\/uploads\/2015\/10\/Kapitel-Zwei-Berlin-Stammtisch.jpg 658w, https:\/\/kapitel-zwei.de\/wp-content\/uploads\/2015\/10\/Kapitel-Zwei-Berlin-Stammtisch-74x80.jpg 74w, https:\/\/kapitel-zwei.de\/wp-content\/uploads\/2015\/10\/Kapitel-Zwei-Berlin-Stammtisch-276x300.jpg 276w, https:\/\/kapitel-zwei.de\/wp-content\/uploads\/2015\/10\/Kapitel-Zwei-Berlin-Stammtisch-648x705.jpg 648w, https:\/\/kapitel-zwei.de\/wp-content\/uploads\/2015\/10\/Kapitel-Zwei-Berlin-Stammtisch-450x490.jpg 450w\" sizes=\"(max-width: 658px) 100vw, 658px\" \/><\/div><\/div><\/div>\n<\/div><\/div>\n<style type=\"text\/css\" data-created_by=\"avia_inline_auto\" id=\"style-css-av-1rfmxr6-f6b864ddc138f9b2cf0795e08b91c355\">\n.flex_cell.av-1rfmxr6-f6b864ddc138f9b2cf0795e08b91c355{\nvertical-align:top;\n}\n.responsive #top #wrap_all .flex_cell.av-1rfmxr6-f6b864ddc138f9b2cf0795e08b91c355{\npadding:0 30px 0 30px !important;\n}\n<\/style>\n<div class='flex_cell av-1rfmxr6-f6b864ddc138f9b2cf0795e08b91c355 av-gridrow-cell av_three_fifth no_margin  avia-builder-el-14  el_after_av_cell_two_fifth  avia-builder-el-last '  ><div class='flex_cell_inner'><section  class='av_textblock_section av-1pxh4uq-a41057643c9ea9ec27f7ce4081d830d2 '   itemscope=\"itemscope\" itemtype=\"https:\/\/schema.org\/CreativeWork\" ><div class='avia_textblock'  itemprop=\"text\" ><h2 class=\"entry-title\"><a href=\"https:\/\/kapitel-zwei.de\/es\/ocio-y-tiempo-libre\/quedada\/\">Quedada<\/a><\/h2>\n<\/div><\/section><br \/>\n<section  class='av_textblock_section av-1o3938i-ce512006a86d9a31a790b284096fead2 '   itemscope=\"itemscope\" itemtype=\"https:\/\/schema.org\/CreativeWork\" ><div class='avia_textblock'  itemprop=\"text\" ><p>Aqu\u00ed encuentras las fotos de nuestra divertida tertulia. Si quieres, las puedes colgar en todas las redes serias que creas conveniente.<\/p>\n<p><a href=\"https:\/\/kapitel-zwei.de\/es\/ocio-y-tiempo-libre\/quedada\/\">Continua leyendo<\/a><\/p>\n<\/div><\/section><\/p>\n<\/div><\/div>\n<\/div><div id='after_grid_row_2'  class='main_color av_default_container_wrap container_wrap fullsize'  ><div class='container av-section-cont-open' ><div class='template-page content  av-content-full alpha units'><div class='post-entry post-entry-type-page post-entry-3506'><div class='entry-content-wrapper clearfix'>\n<div  class='hr av-1mco04i-7a4c60e622753684d8bb7d9417215219 hr-default  avia-builder-el-17  el_after_av_layout_row  el_before_av_layout_row  avia-builder-el-no-sibling '><span class='hr-inner '><span class=\"hr-inner-style\"><\/span><\/span><\/div>\n<\/div><\/div><\/div><!-- close content main div --><\/div><\/div><div id='av-layout-grid-3'  class='av-layout-grid-container av-1khrb5u-5132c46aa07696d2b302cdff9561bbdb entry-content-wrapper main_color av-flex-cells  avia-builder-el-18  el_after_av_hr  el_before_av_hr  grid-row-not-first  container_wrap fullsize'  >\n\n<style type=\"text\/css\" data-created_by=\"avia_inline_auto\" id=\"style-css-av-1j95iiq-8e090d7f9eeba6b64c2562ee6111b244\">\n.flex_cell.av-1j95iiq-8e090d7f9eeba6b64c2562ee6111b244{\nvertical-align:top;\n}\n.responsive #top #wrap_all .flex_cell.av-1j95iiq-8e090d7f9eeba6b64c2562ee6111b244{\npadding:0 30px 0 30px !important;\n}\n<\/style>\n<div class='flex_cell av-1j95iiq-8e090d7f9eeba6b64c2562ee6111b244 av-gridrow-cell av_two_fifth no_margin  avia-builder-el-19  el_before_av_cell_three_fifth  avia-builder-el-first '  ><div class='flex_cell_inner'>\n<style type=\"text\/css\" data-created_by=\"avia_inline_auto\" id=\"style-css-av-1hty8hu-41f37df1f3ada54b0aa00a7c910d4e4e\">\n.avia-image-container.av-1hty8hu-41f37df1f3ada54b0aa00a7c910d4e4e img.avia_image{\nbox-shadow:none;\n}\n.avia-image-container.av-1hty8hu-41f37df1f3ada54b0aa00a7c910d4e4e .av-image-caption-overlay-center{\ncolor:#ffffff;\n}\n<\/style>\n<div  class='avia-image-container av-1hty8hu-41f37df1f3ada54b0aa00a7c910d4e4e av-styling- avia-align-left  avia-builder-el-20  avia-builder-el-no-sibling '   itemprop=\"image\" itemscope=\"itemscope\" itemtype=\"https:\/\/schema.org\/ImageObject\" ><div class=\"avia-image-container-inner\"><div class=\"avia-image-overlay-wrap\"><img decoding=\"async\" fetchpriority=\"high\" class='wp-image-10651 avia-img-lazy-loading-not-10651 avia_image ' src=\"https:\/\/kapitel-zwei.de\/wp-content\/uploads\/2015\/10\/Kapitel-Zwei-Berlin-Tandem.jpg\" alt='Kapitel Zwei Berlin Tandem' title='Kapitel Zwei Berlin Tandem'  height=\"2133\" width=\"3200\"  itemprop=\"thumbnailUrl\" srcset=\"https:\/\/kapitel-zwei.de\/wp-content\/uploads\/2015\/10\/Kapitel-Zwei-Berlin-Tandem.jpg 3200w, https:\/\/kapitel-zwei.de\/wp-content\/uploads\/2015\/10\/Kapitel-Zwei-Berlin-Tandem-80x53.jpg 80w, https:\/\/kapitel-zwei.de\/wp-content\/uploads\/2015\/10\/Kapitel-Zwei-Berlin-Tandem-300x200.jpg 300w, https:\/\/kapitel-zwei.de\/wp-content\/uploads\/2015\/10\/Kapitel-Zwei-Berlin-Tandem-768x512.jpg 768w, https:\/\/kapitel-zwei.de\/wp-content\/uploads\/2015\/10\/Kapitel-Zwei-Berlin-Tandem-1030x687.jpg 1030w, https:\/\/kapitel-zwei.de\/wp-content\/uploads\/2015\/10\/Kapitel-Zwei-Berlin-Tandem-1500x1000.jpg 1500w, https:\/\/kapitel-zwei.de\/wp-content\/uploads\/2015\/10\/Kapitel-Zwei-Berlin-Tandem-705x470.jpg 705w, https:\/\/kapitel-zwei.de\/wp-content\/uploads\/2015\/10\/Kapitel-Zwei-Berlin-Tandem-450x300.jpg 450w\" sizes=\"(max-width: 3200px) 100vw, 3200px\" \/><\/div><\/div><\/div>\n<\/div><\/div>\n<style type=\"text\/css\" data-created_by=\"avia_inline_auto\" id=\"style-css-av-1gnuob6-8cd10193847791b13f5a0abc5ae2b89e\">\n.flex_cell.av-1gnuob6-8cd10193847791b13f5a0abc5ae2b89e{\nvertical-align:top;\n}\n.responsive #top #wrap_all .flex_cell.av-1gnuob6-8cd10193847791b13f5a0abc5ae2b89e{\npadding:0 30px 0 30px !important;\n}\n<\/style>\n<div class='flex_cell av-1gnuob6-8cd10193847791b13f5a0abc5ae2b89e av-gridrow-cell av_three_fifth no_margin  avia-builder-el-21  el_after_av_cell_two_fifth  avia-builder-el-last '  ><div class='flex_cell_inner'><section  class='av_textblock_section av-1e8661u-b238fa2898d14e32d3e058f212e44cfd '   itemscope=\"itemscope\" itemtype=\"https:\/\/schema.org\/CreativeWork\" ><div class='avia_textblock'  itemprop=\"text\" ><h2 class=\"entry-title\"><a href=\"https:\/\/kapitel-zwei.de\/es\/aprender-aleman-en-berlin\/tandem\/\">Programa \u201ct\u00e1ndem\u201d<\/a><\/h2>\n<\/div><\/section><br \/>\n<section  class='av_textblock_section av-1d2z6pe-1dbc31af04e98db4392225f907d92463 '   itemscope=\"itemscope\" itemtype=\"https:\/\/schema.org\/CreativeWork\" ><div class='avia_textblock'  itemprop=\"text\" ><p>\u00bfDeseas estudiar alem\u00e1n en t\u00e1ndem con un nativo, conocer la ciudad y conocer a m\u00e1s gente aqu\u00ed en Berl\u00edn? \u00a1Ap\u00fantate al programa t\u00e1ndem!<\/p>\n<p><a href=\"https:\/\/kapitel-zwei.de\/es\/aprender-aleman-en-berlin\/tandem\/\">Continua leyendo<\/a><\/p>\n<\/div><\/section><\/p>\n<\/div><\/div>\n<\/div><div id='after_grid_row_3'  class='main_color av_default_container_wrap container_wrap fullsize'  ><div class='container av-section-cont-open' ><div class='template-page content  av-content-full alpha units'><div class='post-entry post-entry-type-page post-entry-3506'><div class='entry-content-wrapper clearfix'>\n<div  class='hr av-1b5uz36-f181e39be5e52bd9cfb5a7c56052fe94 hr-default  avia-builder-el-24  el_after_av_layout_row  el_before_av_layout_row  avia-builder-el-no-sibling '><span class='hr-inner '><span class=\"hr-inner-style\"><\/span><\/span><\/div>\n<\/div><\/div><\/div><!-- close content main div --><\/div><\/div><div id='av-layout-grid-4'  class='av-layout-grid-container av-19xa1b6-33b40f92d78487aaca4542de9525c26a entry-content-wrapper main_color av-flex-cells  avia-builder-el-25  el_after_av_hr  el_before_av_hr  grid-row-not-first  container_wrap fullsize'  >\n\n<style type=\"text\/css\" data-created_by=\"avia_inline_auto\" id=\"style-css-av-18l852q-07a743a14412f83bf1756d17dfa68ed6\">\n.flex_cell.av-18l852q-07a743a14412f83bf1756d17dfa68ed6{\nvertical-align:top;\n}\n.responsive #top #wrap_all .flex_cell.av-18l852q-07a743a14412f83bf1756d17dfa68ed6{\npadding:0 30px 0 30px !important;\n}\n<\/style>\n<div class='flex_cell av-18l852q-07a743a14412f83bf1756d17dfa68ed6 av-gridrow-cell av_two_fifth no_margin  avia-builder-el-26  el_before_av_cell_three_fifth  avia-builder-el-first '  ><div class='flex_cell_inner'>\n<style type=\"text\/css\" data-created_by=\"avia_inline_auto\" id=\"style-css-av-16plar6-228c7e0cf1f5b11281ba52d3dacabe5a\">\n.avia-image-container.av-16plar6-228c7e0cf1f5b11281ba52d3dacabe5a img.avia_image{\nbox-shadow:none;\n}\n.avia-image-container.av-16plar6-228c7e0cf1f5b11281ba52d3dacabe5a .av-image-caption-overlay-center{\ncolor:#ffffff;\n}\n<\/style>\n<div  class='avia-image-container av-16plar6-228c7e0cf1f5b11281ba52d3dacabe5a av-styling- avia-align-left  avia-builder-el-27  avia-builder-el-no-sibling '   itemprop=\"image\" itemscope=\"itemscope\" itemtype=\"https:\/\/schema.org\/ImageObject\" ><div class=\"avia-image-container-inner\"><div class=\"avia-image-overlay-wrap\"><img decoding=\"async\" fetchpriority=\"high\" class='wp-image-10652 avia-img-lazy-loading-not-10652 avia_image ' src=\"https:\/\/kapitel-zwei.de\/wp-content\/uploads\/2015\/10\/Kapitel-Zwei-Berlin-Visum.jpg\" alt='Kapitel Zwei Berlin Visum' title='Kapitel Zwei Berlin Visum'  height=\"2133\" width=\"3200\"  itemprop=\"thumbnailUrl\" srcset=\"https:\/\/kapitel-zwei.de\/wp-content\/uploads\/2015\/10\/Kapitel-Zwei-Berlin-Visum.jpg 3200w, https:\/\/kapitel-zwei.de\/wp-content\/uploads\/2015\/10\/Kapitel-Zwei-Berlin-Visum-80x53.jpg 80w, https:\/\/kapitel-zwei.de\/wp-content\/uploads\/2015\/10\/Kapitel-Zwei-Berlin-Visum-300x200.jpg 300w, https:\/\/kapitel-zwei.de\/wp-content\/uploads\/2015\/10\/Kapitel-Zwei-Berlin-Visum-768x512.jpg 768w, https:\/\/kapitel-zwei.de\/wp-content\/uploads\/2015\/10\/Kapitel-Zwei-Berlin-Visum-1030x687.jpg 1030w, https:\/\/kapitel-zwei.de\/wp-content\/uploads\/2015\/10\/Kapitel-Zwei-Berlin-Visum-1500x1000.jpg 1500w, https:\/\/kapitel-zwei.de\/wp-content\/uploads\/2015\/10\/Kapitel-Zwei-Berlin-Visum-705x470.jpg 705w, https:\/\/kapitel-zwei.de\/wp-content\/uploads\/2015\/10\/Kapitel-Zwei-Berlin-Visum-450x300.jpg 450w\" sizes=\"(max-width: 3200px) 100vw, 3200px\" \/><\/div><\/div><\/div>\n<\/div><\/div>\n<style type=\"text\/css\" data-created_by=\"avia_inline_auto\" id=\"style-css-av-14gnms2-d41bbc71d0643f12cfa5f4ee4a39adbb\">\n.flex_cell.av-14gnms2-d41bbc71d0643f12cfa5f4ee4a39adbb{\nvertical-align:top;\n}\n.responsive #top #wrap_all .flex_cell.av-14gnms2-d41bbc71d0643f12cfa5f4ee4a39adbb{\npadding:0 30px 0 30px !important;\n}\n<\/style>\n<div class='flex_cell av-14gnms2-d41bbc71d0643f12cfa5f4ee4a39adbb av-gridrow-cell av_three_fifth no_margin  avia-builder-el-28  el_after_av_cell_two_fifth  avia-builder-el-last '  ><div class='flex_cell_inner'><section  class='av_textblock_section av-13efe0y-d3093609c6ab965ba67eb539d4b61308 '   itemscope=\"itemscope\" itemtype=\"https:\/\/schema.org\/CreativeWork\" ><div class='avia_textblock'  itemprop=\"text\" ><h2 class=\"entry-title\"><a href=\"https:\/\/kapitel-zwei.de\/es\/vivir-en-berlin\/visa-alemania\/\">Soporte para solicitar el visado<\/a><\/h2>\n<\/div><\/section><br \/>\n<section  class='av_textblock_section av-11cts82-d486ce8c7471195e45046f76711ba5a0 '   itemscope=\"itemscope\" itemtype=\"https:\/\/schema.org\/CreativeWork\" ><div class='avia_textblock'  itemprop=\"text\" ><p>\u00bfNecesitas un visado para poder vivir en Berl\u00edn? Aqu\u00ed encuentras toda informaci\u00f3n importante.<\/p>\n<p><a href=\"https:\/\/kapitel-zwei.de\/es\/vivir-en-berlin\/visa-alemania\/\">Continua leyendo<\/a><\/p>\n<\/div><\/section><\/p>\n<\/div><\/div>\n<\/div><div id='after_grid_row_4'  class='main_color av_default_container_wrap container_wrap fullsize'  ><div class='container av-section-cont-open' ><div class='template-page content  av-content-full alpha units'><div class='post-entry post-entry-type-page post-entry-3506'><div class='entry-content-wrapper clearfix'>\n<div  class='hr av-o8utua-17a629039f9896d1f8bba70d1481d7e1 hr-default  avia-builder-el-31  el_after_av_layout_row  el_before_av_layout_row  avia-builder-el-no-sibling '><span class='hr-inner '><span class=\"hr-inner-style\"><\/span><\/span><\/div>\n<\/div><\/div><\/div><!-- close content main div --><\/div><\/div><div id='av-layout-grid-5'  class='av-layout-grid-container av-n0vjdu-359bf485914984c1f8bb219599319b09 entry-content-wrapper main_color av-flex-cells  avia-builder-el-32  el_after_av_hr  el_before_av_hr  grid-row-not-first  container_wrap fullsize'  >\n\n<style type=\"text\/css\" data-created_by=\"avia_inline_auto\" id=\"style-css-av-ke1tv6-968bf607bc0faa2ad1e332692f5440e0\">\n.flex_cell.av-ke1tv6-968bf607bc0faa2ad1e332692f5440e0{\nvertical-align:top;\n}\n.responsive #top #wrap_all .flex_cell.av-ke1tv6-968bf607bc0faa2ad1e332692f5440e0{\npadding:0 30px 0 30px !important;\n}\n<\/style>\n<div class='flex_cell av-ke1tv6-968bf607bc0faa2ad1e332692f5440e0 av-gridrow-cell av_two_fifth no_margin  avia-builder-el-33  el_before_av_cell_three_fifth  avia-builder-el-first '  ><div class='flex_cell_inner'>\n<style type=\"text\/css\" data-created_by=\"avia_inline_auto\" id=\"style-css-av-j6j99e-033801d99e9a27b6e89b3f20f88e7aa7\">\n.avia-image-container.av-j6j99e-033801d99e9a27b6e89b3f20f88e7aa7 img.avia_image{\nbox-shadow:none;\n}\n.avia-image-container.av-j6j99e-033801d99e9a27b6e89b3f20f88e7aa7 .av-image-caption-overlay-center{\ncolor:#ffffff;\n}\n<\/style>\n<div  class='avia-image-container av-j6j99e-033801d99e9a27b6e89b3f20f88e7aa7 av-styling- avia-align-left  avia-builder-el-34  avia-builder-el-no-sibling '   itemprop=\"image\" itemscope=\"itemscope\" itemtype=\"https:\/\/schema.org\/ImageObject\" ><div class=\"avia-image-container-inner\"><div class=\"avia-image-overlay-wrap\"><img decoding=\"async\" fetchpriority=\"high\" class='wp-image-10654 avia-img-lazy-loading-not-10654 avia_image ' src=\"https:\/\/kapitel-zwei.de\/wp-content\/uploads\/2015\/10\/Kapitel-Zwei-Berlin-Sehenswuerdigkeiten.jpg\" alt='Kapitel Zwei Berlin Sehenswuerdigkeiten' title='Kapitel Zwei Berlin Sehenswuerdigkeiten'  height=\"733\" width=\"980\"  itemprop=\"thumbnailUrl\" srcset=\"https:\/\/kapitel-zwei.de\/wp-content\/uploads\/2015\/10\/Kapitel-Zwei-Berlin-Sehenswuerdigkeiten.jpg 980w, https:\/\/kapitel-zwei.de\/wp-content\/uploads\/2015\/10\/Kapitel-Zwei-Berlin-Sehenswuerdigkeiten-80x60.jpg 80w, https:\/\/kapitel-zwei.de\/wp-content\/uploads\/2015\/10\/Kapitel-Zwei-Berlin-Sehenswuerdigkeiten-300x224.jpg 300w, https:\/\/kapitel-zwei.de\/wp-content\/uploads\/2015\/10\/Kapitel-Zwei-Berlin-Sehenswuerdigkeiten-768x574.jpg 768w, https:\/\/kapitel-zwei.de\/wp-content\/uploads\/2015\/10\/Kapitel-Zwei-Berlin-Sehenswuerdigkeiten-705x527.jpg 705w, https:\/\/kapitel-zwei.de\/wp-content\/uploads\/2015\/10\/Kapitel-Zwei-Berlin-Sehenswuerdigkeiten-450x337.jpg 450w\" sizes=\"(max-width: 980px) 100vw, 980px\" \/><\/div><\/div><\/div>\n<\/div><\/div>\n<style type=\"text\/css\" data-created_by=\"avia_inline_auto\" id=\"style-css-av-hs0uaq-bed19e2ae2c89001ea4263d1ee382f80\">\n.flex_cell.av-hs0uaq-bed19e2ae2c89001ea4263d1ee382f80{\nvertical-align:top;\n}\n.responsive #top #wrap_all .flex_cell.av-hs0uaq-bed19e2ae2c89001ea4263d1ee382f80{\npadding:0 30px 0 30px !important;\n}\n<\/style>\n<div class='flex_cell av-hs0uaq-bed19e2ae2c89001ea4263d1ee382f80 av-gridrow-cell av_three_fifth no_margin  avia-builder-el-35  el_after_av_cell_two_fifth  avia-builder-el-last '  ><div class='flex_cell_inner'><section  class='av_textblock_section av-gcyhqq-c59e75b1c1d1da2ef628e5ec76902952 '   itemscope=\"itemscope\" itemtype=\"https:\/\/schema.org\/CreativeWork\" ><div class='avia_textblock'  itemprop=\"text\" ><h2 class=\"entry-title\"><a href=\"https:\/\/kapitel-zwei.de\/es\/ocio-y-tiempo-libre\/lugares-de-interes\/\">Lugares de inter\u00e9s<\/a><\/h2>\n<\/div><\/section><br \/>\n<section  class='av_textblock_section av-dhtsc2-eb0b1a721a7c3a85e0aec10771e93c0c '   itemscope=\"itemscope\" itemtype=\"https:\/\/schema.org\/CreativeWork\" ><div class='avia_textblock'  itemprop=\"text\" ><p>Berl\u00edn \u2013 Interfaz entre los sensatos y los frikis. Cada mes organizamos un paseo tem\u00e1tico por Berl\u00edn. Qu\u00e9 lugares de interes no puedes dejar de ver en Berl\u00edn?\u00a0\u00bfQu\u00e9 te interesar\u00eda visitar en primer lugar?<\/p>\n<p><a href=\"https:\/\/kapitel-zwei.de\/es\/ocio-y-tiempo-libre\/lugares-de-interes\/\">Continua leyendo<\/a><\/p>\n<\/div><\/section><\/p>\n<\/div><\/div>\n<\/div><div id='after_grid_row_5'  class='main_color av_default_container_wrap container_wrap fullsize'  ><div class='container av-section-cont-open' ><div class='template-page content  av-content-full alpha units'><div class='post-entry post-entry-type-page post-entry-3506'><div class='entry-content-wrapper clearfix'>\n<div  class='hr av-butauq-416d9de140ae704a753c32279572328a hr-default  avia-builder-el-38  el_after_av_layout_row  el_before_av_layout_row  avia-builder-el-no-sibling '><span class='hr-inner '><span class=\"hr-inner-style\"><\/span><\/span><\/div>\n<\/div><\/div><\/div><!-- close content main div --><\/div><\/div><div id='av-layout-grid-6'  class='av-layout-grid-container av-b9swwy-d36488aee178c697abbfe1b937b1a2ef entry-content-wrapper main_color av-flex-cells  avia-builder-el-39  el_after_av_hr  avia-builder-el-last  grid-row-not-first  container_wrap fullsize'  >\n\n<style type=\"text\/css\" data-created_by=\"avia_inline_auto\" id=\"style-css-av-8ulrnm-427b4357350c8399025440ad794414c1\">\n.flex_cell.av-8ulrnm-427b4357350c8399025440ad794414c1{\nvertical-align:top;\n}\n.responsive #top #wrap_all .flex_cell.av-8ulrnm-427b4357350c8399025440ad794414c1{\npadding:0 30px 0 30px !important;\n}\n<\/style>\n<div class='flex_cell av-8ulrnm-427b4357350c8399025440ad794414c1 av-gridrow-cell av_two_fifth no_margin  avia-builder-el-40  el_before_av_cell_three_fifth  avia-builder-el-first '  ><div class='flex_cell_inner'>\n<style type=\"text\/css\" data-created_by=\"avia_inline_auto\" id=\"style-css-av-72ro6a-ec973ba4fba109c8a6971f6af0cbb11b\">\n.avia-image-container.av-72ro6a-ec973ba4fba109c8a6971f6af0cbb11b img.avia_image{\nbox-shadow:none;\n}\n.avia-image-container.av-72ro6a-ec973ba4fba109c8a6971f6af0cbb11b .av-image-caption-overlay-center{\ncolor:#ffffff;\n}\n<\/style>\n<div  class='avia-image-container av-72ro6a-ec973ba4fba109c8a6971f6af0cbb11b av-styling- avia-align-left  avia-builder-el-41  avia-builder-el-no-sibling '   itemprop=\"image\" itemscope=\"itemscope\" itemtype=\"https:\/\/schema.org\/ImageObject\" ><div class=\"avia-image-container-inner\"><div class=\"avia-image-overlay-wrap\"><img decoding=\"async\" fetchpriority=\"high\" class='wp-image-10655 avia-img-lazy-loading-not-10655 avia_image ' src=\"https:\/\/kapitel-zwei.de\/wp-content\/uploads\/2015\/10\/Kapitel-Zwei-Berlin-Krankenversicherung.jpg\" alt='Kapitel Zwei Berlin Krankenversicherung' title='Kapitel Zwei Berlin Krankenversicherung'  height=\"2133\" width=\"3200\"  itemprop=\"thumbnailUrl\" srcset=\"https:\/\/kapitel-zwei.de\/wp-content\/uploads\/2015\/10\/Kapitel-Zwei-Berlin-Krankenversicherung.jpg 3200w, https:\/\/kapitel-zwei.de\/wp-content\/uploads\/2015\/10\/Kapitel-Zwei-Berlin-Krankenversicherung-80x53.jpg 80w, https:\/\/kapitel-zwei.de\/wp-content\/uploads\/2015\/10\/Kapitel-Zwei-Berlin-Krankenversicherung-300x200.jpg 300w, https:\/\/kapitel-zwei.de\/wp-content\/uploads\/2015\/10\/Kapitel-Zwei-Berlin-Krankenversicherung-768x512.jpg 768w, https:\/\/kapitel-zwei.de\/wp-content\/uploads\/2015\/10\/Kapitel-Zwei-Berlin-Krankenversicherung-1030x687.jpg 1030w, https:\/\/kapitel-zwei.de\/wp-content\/uploads\/2015\/10\/Kapitel-Zwei-Berlin-Krankenversicherung-1500x1000.jpg 1500w, https:\/\/kapitel-zwei.de\/wp-content\/uploads\/2015\/10\/Kapitel-Zwei-Berlin-Krankenversicherung-705x470.jpg 705w, https:\/\/kapitel-zwei.de\/wp-content\/uploads\/2015\/10\/Kapitel-Zwei-Berlin-Krankenversicherung-450x300.jpg 450w\" sizes=\"(max-width: 3200px) 100vw, 3200px\" \/><\/div><\/div><\/div>\n<\/div><\/div>\n<style type=\"text\/css\" data-created_by=\"avia_inline_auto\" id=\"style-css-av-66vhaq-cf4136b65ff6f75eb61750b7ac95acb5\">\n.flex_cell.av-66vhaq-cf4136b65ff6f75eb61750b7ac95acb5{\nvertical-align:top;\n}\n.responsive #top #wrap_all .flex_cell.av-66vhaq-cf4136b65ff6f75eb61750b7ac95acb5{\npadding:0 30px 0 30px !important;\n}\n<\/style>\n<div class='flex_cell av-66vhaq-cf4136b65ff6f75eb61750b7ac95acb5 av-gridrow-cell av_three_fifth no_margin  avia-builder-el-42  el_after_av_cell_two_fifth  avia-builder-el-last '  ><div class='flex_cell_inner'><section  class='av_textblock_section av-4xe6ea-3b6bae2b2764b9ccaea65439e0bd1b9c '   itemscope=\"itemscope\" itemtype=\"https:\/\/schema.org\/CreativeWork\" ><div class='avia_textblock'  itemprop=\"text\" ><h2 class=\"entry-title\"><a href=\"https:\/\/kapitel-zwei.de\/es\/vivir-en-berlin\/seguros-medicos\/\">Seguro de enfermedad<\/a><\/h2>\n<\/div><\/section><br \/>\n<section  class='av_textblock_section av-31ljqq-66a96c7131812bb124f2527a4f13a13a '   itemscope=\"itemscope\" itemtype=\"https:\/\/schema.org\/CreativeWork\" ><div class='avia_textblock'  itemprop=\"text\" ><p>\u00bfYa has podido contratar un seguro de accidentes y enfermedades para tu estancia en Berl\u00edn? Aqu\u00ed encuentras consejos importantes para un seguro de enfermedad adecuado.<\/p>\n<p><a href=\"https:\/\/kapitel-zwei.de\/es\/vivir-en-berlin\/seguros-medicos\/\">Continua leyendo<\/a><\/p>\n<\/div><\/section><\/p>\n<\/div><\/div>\n<\/div>\n","protected":false},"excerpt":{"rendered":"","protected":false},"author":16,"featured_media":0,"parent":0,"menu_order":9,"comment_status":"closed","ping_status":"closed","template":"","meta":{"footnotes":""},"class_list":["post-3506","page","type-page","status-publish","hentry"],"yoast_head":"<!-- This site is optimized with the Yoast SEO Premium plugin v24.4 (Yoast SEO v24.4) - https:\/\/yoast.com\/wordpress\/plugins\/seo\/ -->\n<title>Vivir en Berl\u00edn Cursos de alem\u00e1n, Visado, Seguro m\u00e9dico<\/title>\n<meta name=\"description\" content=\"Vivir en Berl\u00edn. Tu escuela de alem\u00e1n te ofrece ayuda con el visado para Alemania, el seguro m\u00e9dico y trabajo en Berl\u00edn.\" \/>\n<meta name=\"robots\" content=\"index, follow, max-snippet:-1, max-image-preview:large, max-video-preview:-1\" \/>\n<link rel=\"canonical\" href=\"https:\/\/kapitel-zwei.de\/es\/vivir-en-berlin\/\" \/>\n<meta property=\"og:locale\" content=\"es_ES\" \/>\n<meta property=\"og:type\" content=\"article\" \/>\n<meta property=\"og:title\" content=\"Vivir en Berl\u00edn\" \/>\n<meta property=\"og:description\" content=\"Vivir en Berl\u00edn. Tu escuela de alem\u00e1n te ofrece ayuda con el visado para Alemania, el seguro m\u00e9dico y trabajo en Berl\u00edn.\" \/>\n<meta property=\"og:url\" content=\"https:\/\/kapitel-zwei.de\/es\/vivir-en-berlin\/\" \/>\n<meta property=\"og:site_name\" content=\"Kapitel Zwei Berlin\" \/>\n<meta property=\"article:publisher\" content=\"https:\/\/www.facebook.com\/kapitelzwei\/\" \/>\n<meta property=\"article:modified_time\" content=\"2025-03-13T16:45:58+00:00\" \/>\n<meta name=\"twitter:card\" content=\"summary_large_image\" \/>\n<meta name=\"twitter:site\" content=\"@kapitelzwei\" \/>\n<meta name=\"twitter:label1\" content=\"Tiempo de lectura\" \/>\n\t<meta name=\"twitter:data1\" content=\"3 minutos\" \/>\n<script type=\"application\/ld+json\" class=\"yoast-schema-graph\">{\"@context\":\"https:\/\/schema.org\",\"@graph\":[{\"@type\":\"WebPage\",\"@id\":\"https:\/\/kapitel-zwei.de\/es\/vivir-en-berlin\/\",\"url\":\"https:\/\/kapitel-zwei.de\/es\/vivir-en-berlin\/\",\"name\":\"Vivir en Berl\u00edn Cursos de alem\u00e1n, Visado, Seguro m\u00e9dico\",\"isPartOf\":{\"@id\":\"https:\/\/kapitel-zwei.de\/es\/#website\"},\"datePublished\":\"2015-10-14T16:17:33+00:00\",\"dateModified\":\"2025-03-13T16:45:58+00:00\",\"description\":\"Vivir en Berl\u00edn. Tu escuela de alem\u00e1n te ofrece ayuda con el visado para Alemania, el seguro m\u00e9dico y trabajo en Berl\u00edn.\",\"breadcrumb\":{\"@id\":\"https:\/\/kapitel-zwei.de\/es\/vivir-en-berlin\/#breadcrumb\"},\"inLanguage\":\"es\",\"potentialAction\":[{\"@type\":\"ReadAction\",\"target\":[\"https:\/\/kapitel-zwei.de\/es\/vivir-en-berlin\/\"]}]},{\"@type\":\"BreadcrumbList\",\"@id\":\"https:\/\/kapitel-zwei.de\/es\/vivir-en-berlin\/#breadcrumb\",\"itemListElement\":[{\"@type\":\"ListItem\",\"position\":1,\"name\":\"Startseite\",\"item\":\"https:\/\/kapitel-zwei.de\/es\/\"},{\"@type\":\"ListItem\",\"position\":2,\"name\":\"Vivir en Berl\u00edn\"}]},{\"@type\":\"WebSite\",\"@id\":\"https:\/\/kapitel-zwei.de\/es\/#website\",\"url\":\"https:\/\/kapitel-zwei.de\/es\/\",\"name\":\"Kapitel Zwei Berlin\",\"description\":\"Deutschkurs Berlin | Sprachschule Berlin | German language school Berlin | telc Berlin | Deutsch Pr\u00fcfung Berlin | Intensive German courses Berlin | TestDaF Pr\u00fcfung | Online Kurse\",\"publisher\":{\"@id\":\"https:\/\/kapitel-zwei.de\/es\/#organization\"},\"potentialAction\":[{\"@type\":\"SearchAction\",\"target\":{\"@type\":\"EntryPoint\",\"urlTemplate\":\"https:\/\/kapitel-zwei.de\/es\/?s={search_term_string}\"},\"query-input\":{\"@type\":\"PropertyValueSpecification\",\"valueRequired\":true,\"valueName\":\"search_term_string\"}}],\"inLanguage\":\"es\"},{\"@type\":\"Organization\",\"@id\":\"https:\/\/kapitel-zwei.de\/es\/#organization\",\"name\":\"Kapitel Zwei. Deutsch-Sprachschule Berlin GmbH\",\"url\":\"https:\/\/kapitel-zwei.de\/es\/\",\"logo\":{\"@type\":\"ImageObject\",\"inLanguage\":\"es\",\"@id\":\"https:\/\/kapitel-zwei.de\/es\/#\/schema\/logo\/image\/\",\"url\":\"https:\/\/kapitel-zwei.de\/wp-content\/uploads\/2018\/08\/Kapitel-Zwei-Berlin-Sprachschule-Deutsch-Deutschkurse-Berlin.jpg\",\"contentUrl\":\"https:\/\/kapitel-zwei.de\/wp-content\/uploads\/2018\/08\/Kapitel-Zwei-Berlin-Sprachschule-Deutsch-Deutschkurse-Berlin.jpg\",\"width\":350,\"height\":101,\"caption\":\"Kapitel Zwei. Deutsch-Sprachschule Berlin GmbH\"},\"image\":{\"@id\":\"https:\/\/kapitel-zwei.de\/es\/#\/schema\/logo\/image\/\"},\"sameAs\":[\"https:\/\/www.facebook.com\/kapitelzwei\/\",\"https:\/\/x.com\/kapitelzwei\"]}]}<\/script>\n<!-- \/ Yoast SEO Premium plugin. -->","yoast_head_json":{"title":"Vivir en Berl\u00edn Cursos de alem\u00e1n, Visado, Seguro m\u00e9dico","description":"Vivir en Berl\u00edn. Tu escuela de alem\u00e1n te ofrece ayuda con el visado para Alemania, el seguro m\u00e9dico y trabajo en Berl\u00edn.","robots":{"index":"index","follow":"follow","max-snippet":"max-snippet:-1","max-image-preview":"max-image-preview:large","max-video-preview":"max-video-preview:-1"},"canonical":"https:\/\/kapitel-zwei.de\/es\/vivir-en-berlin\/","og_locale":"es_ES","og_type":"article","og_title":"Vivir en Berl\u00edn","og_description":"Vivir en Berl\u00edn. Tu escuela de alem\u00e1n te ofrece ayuda con el visado para Alemania, el seguro m\u00e9dico y trabajo en Berl\u00edn.","og_url":"https:\/\/kapitel-zwei.de\/es\/vivir-en-berlin\/","og_site_name":"Kapitel Zwei Berlin","article_publisher":"https:\/\/www.facebook.com\/kapitelzwei\/","article_modified_time":"2025-03-13T16:45:58+00:00","twitter_card":"summary_large_image","twitter_site":"@kapitelzwei","twitter_misc":{"Tiempo de lectura":"3 minutos"},"schema":{"@context":"https:\/\/schema.org","@graph":[{"@type":"WebPage","@id":"https:\/\/kapitel-zwei.de\/es\/vivir-en-berlin\/","url":"https:\/\/kapitel-zwei.de\/es\/vivir-en-berlin\/","name":"Vivir en Berl\u00edn Cursos de alem\u00e1n, Visado, Seguro m\u00e9dico","isPartOf":{"@id":"https:\/\/kapitel-zwei.de\/es\/#website"},"datePublished":"2015-10-14T16:17:33+00:00","dateModified":"2025-03-13T16:45:58+00:00","description":"Vivir en Berl\u00edn. Tu escuela de alem\u00e1n te ofrece ayuda con el visado para Alemania, el seguro m\u00e9dico y trabajo en Berl\u00edn.","breadcrumb":{"@id":"https:\/\/kapitel-zwei.de\/es\/vivir-en-berlin\/#breadcrumb"},"inLanguage":"es","potentialAction":[{"@type":"ReadAction","target":["https:\/\/kapitel-zwei.de\/es\/vivir-en-berlin\/"]}]},{"@type":"BreadcrumbList","@id":"https:\/\/kapitel-zwei.de\/es\/vivir-en-berlin\/#breadcrumb","itemListElement":[{"@type":"ListItem","position":1,"name":"Startseite","item":"https:\/\/kapitel-zwei.de\/es\/"},{"@type":"ListItem","position":2,"name":"Vivir en Berl\u00edn"}]},{"@type":"WebSite","@id":"https:\/\/kapitel-zwei.de\/es\/#website","url":"https:\/\/kapitel-zwei.de\/es\/","name":"Kapitel Zwei Berlin","description":"Deutschkurs Berlin | Sprachschule Berlin | German language school Berlin | telc Berlin | Deutsch Pr\u00fcfung Berlin | Intensive German courses Berlin | TestDaF Pr\u00fcfung | Online Kurse","publisher":{"@id":"https:\/\/kapitel-zwei.de\/es\/#organization"},"potentialAction":[{"@type":"SearchAction","target":{"@type":"EntryPoint","urlTemplate":"https:\/\/kapitel-zwei.de\/es\/?s={search_term_string}"},"query-input":{"@type":"PropertyValueSpecification","valueRequired":true,"valueName":"search_term_string"}}],"inLanguage":"es"},{"@type":"Organization","@id":"https:\/\/kapitel-zwei.de\/es\/#organization","name":"Kapitel Zwei. Deutsch-Sprachschule Berlin GmbH","url":"https:\/\/kapitel-zwei.de\/es\/","logo":{"@type":"ImageObject","inLanguage":"es","@id":"https:\/\/kapitel-zwei.de\/es\/#\/schema\/logo\/image\/","url":"https:\/\/kapitel-zwei.de\/wp-content\/uploads\/2018\/08\/Kapitel-Zwei-Berlin-Sprachschule-Deutsch-Deutschkurse-Berlin.jpg","contentUrl":"https:\/\/kapitel-zwei.de\/wp-content\/uploads\/2018\/08\/Kapitel-Zwei-Berlin-Sprachschule-Deutsch-Deutschkurse-Berlin.jpg","width":350,"height":101,"caption":"Kapitel Zwei. Deutsch-Sprachschule Berlin GmbH"},"image":{"@id":"https:\/\/kapitel-zwei.de\/es\/#\/schema\/logo\/image\/"},"sameAs":["https:\/\/www.facebook.com\/kapitelzwei\/","https:\/\/x.com\/kapitelzwei"]}]}},"_links":{"self":[{"href":"https:\/\/kapitel-zwei.de\/es\/wp-json\/wp\/v2\/pages\/3506","targetHints":{"allow":["GET"]}}],"collection":[{"href":"https:\/\/kapitel-zwei.de\/es\/wp-json\/wp\/v2\/pages"}],"about":[{"href":"https:\/\/kapitel-zwei.de\/es\/wp-json\/wp\/v2\/types\/page"}],"author":[{"embeddable":true,"href":"https:\/\/kapitel-zwei.de\/es\/wp-json\/wp\/v2\/users\/16"}],"replies":[{"embeddable":true,"href":"https:\/\/kapitel-zwei.de\/es\/wp-json\/wp\/v2\/comments?post=3506"}],"version-history":[{"count":7,"href":"https:\/\/kapitel-zwei.de\/es\/wp-json\/wp\/v2\/pages\/3506\/revisions"}],"predecessor-version":[{"id":122513,"href":"https:\/\/kapitel-zwei.de\/es\/wp-json\/wp\/v2\/pages\/3506\/revisions\/122513"}],"wp:attachment":[{"href":"https:\/\/kapitel-zwei.de\/es\/wp-json\/wp\/v2\/media?parent=3506"}],"curies":[{"name":"wp","href":"https:\/\/api.w.org\/{rel}","templated":true}]}}