{"id":9610,"date":"2015-11-20T00:27:01","date_gmt":"2015-11-19T23:27:01","guid":{"rendered":"http:\/\/relaunch.kapitel-zwei.de\/es\/cursos-de-aleman-en-berlin\/telc-pruefung-b1-deutsch\/"},"modified":"2026-03-01T09:10:36","modified_gmt":"2026-03-01T08:10:36","slug":"examen-telc-deutsch-b1","status":"publish","type":"page","link":"https:\/\/kapitel-zwei.de\/es\/cursos-de-aleman-en-berlin\/examen-telc-deutsch-b1\/","title":{"rendered":"examen telc Deutsch B1"},"content":{"rendered":"\n<style type=\"text\/css\" data-created_by=\"avia_inline_auto\" id=\"style-css-av-1d2yt6-22fcc09fec2497c2e3fc37825759b6fc\">\n.flex_column.av-1d2yt6-22fcc09fec2497c2e3fc37825759b6fc{\nborder-radius:0px 0px 0px 0px;\npadding:0px 0px 0px 0px;\n}\n<\/style>\n<div  class='flex_column av-1d2yt6-22fcc09fec2497c2e3fc37825759b6fc av_two_third  avia-builder-el-0  el_before_av_one_third  avia-builder-el-first  first flex_column_div av-zero-column-padding  '     ><section  class='av_textblock_section av-3rl587e-38eb93a483be1a33af470905b046f3d9 '   itemscope=\"itemscope\" itemtype=\"https:\/\/schema.org\/CreativeWork\" ><div class='avia_textblock'  itemprop=\"text\" ><h1><span style=\"color: #ff6600;\">Examen telc Deutsch B1 en Berlin \u2013 a partir de 169 \u20ac<\/span><\/h1>\n<p>\u00bfYa tienes conocimientos elementales de alem\u00e1n y quieres que se te reconozcan con el ex\u00e1men telc alem\u00e1n B1?<\/p>\n<p>Kapitel Zwei te ofrece el examen telc alem\u00e1n B1 que eval\u00faa tus <strong>conocimientos b\u00e1sicos<\/strong> de alem\u00e1n. Para <strong>obtener la nacionalidad alemana<\/strong> el telc alem\u00e1n B1 es un <strong>t\u00edtulo reconocido<\/strong> que certifica que se tienen conocimientos suficientes del idioma.<\/p>\n<p>Los ex\u00e1menes telc Deutsch B1 se realizan cada mes un viernes y\/o un s\u00e1bado (reservado el derecho de realizar modificaciones; posibilidad de concretar fechas adicionales). El examen es tanto para los alumnos de Kapitel Zwei como para alumnos externos de otras escuelas.<\/p>\n<\/div><\/section><br \/>\n<section  class='av_textblock_section av-lyh62g7f-fe8ae5d6af983c53ba64d8518c6ad9f7 '   itemscope=\"itemscope\" itemtype=\"https:\/\/schema.org\/CreativeWork\" ><div class='avia_textblock'  itemprop=\"text\" ><p>*Por favor, ten en cuenta que Kapitel Zwei, como escuela privada de idiomas, no ofrece <a href=\"https:\/\/www.bamf.de\/DE\/Themen\/Integration\/ZugewanderteTeilnehmende\/Integrationskurse\/Abschlusspruefung\/abschlusspruefung-node.html#:~:text=Der%20Test%20%22Leben%20in%20Deutschland,Gleichberechtigung%20von%20Mann%20und%20Frau.\" target=\"_blank\" rel=\"noopener\">el test \u00abLeben in Deutschland\u00bb<\/a>, que es independiente de un certificado telc. Encontrar\u00e1s m\u00e1s informaci\u00f3n sobre ese examen en la p\u00e1gina web de la <a href=\"https:\/\/www.bamf.de\/SharedDocs\/Anlagen\/DE\/Integration\/Einbuergerung\/gesamtfragenkatalog-lebenindeutschland.html?nn=402090\" target=\"_blank\" rel=\"noopener\">BAMF<\/a>.<\/p>\n<\/div><\/section><\/p><\/div>\n\n<style type=\"text\/css\" data-created_by=\"avia_inline_auto\" id=\"style-css-av-3os4tpm-0345dad0e03a24f902c08a91e1c6ca75\">\n.flex_column.av-3os4tpm-0345dad0e03a24f902c08a91e1c6ca75{\nborder-radius:0px 0px 0px 0px;\npadding:15px 15px 15px 15px;\nbackground-color:#fffdf3;\n}\n<\/style>\n<div  class='flex_column av-3os4tpm-0345dad0e03a24f902c08a91e1c6ca75 av_one_third  avia-builder-el-3  el_after_av_two_third  el_before_av_one_full  flex_column_div  '     ><section  class='av_textblock_section av-3mypi1m-c1dc4e5db73d66034158abbf1a100432 '   itemscope=\"itemscope\" itemtype=\"https:\/\/schema.org\/CreativeWork\" ><div class='avia_textblock'  itemprop=\"text\" ><p class=\"intro\">Ap\u00fantate hoy para el examen telc Deutsch B1 en Berlin en \u201cKapitel Zwei, escuela de idioma alem\u00e1n\u201d en el centro de Berl\u00edn, entre Heinrich-Heine-Stra\u00dfe (U8) y M\u00e4rkisches Museum (U2)<\/p>\n<\/div><\/section><br \/>\n\n<style type=\"text\/css\" data-created_by=\"avia_inline_auto\" id=\"style-css-av-3liruy2-726f9c073d35282bed271e897b07a7d7\">\n.avia-image-container.av-3liruy2-726f9c073d35282bed271e897b07a7d7 img.avia_image{\nbox-shadow:none;\n}\n.avia-image-container.av-3liruy2-726f9c073d35282bed271e897b07a7d7 .av-image-caption-overlay-center{\ncolor:#ffffff;\n}\n<\/style>\n<div  class='avia-image-container av-3liruy2-726f9c073d35282bed271e897b07a7d7 av-styling- avia-align-center  avia-builder-el-5  el_after_av_textblock  avia-builder-el-last '   itemprop=\"image\" itemscope=\"itemscope\" itemtype=\"https:\/\/schema.org\/ImageObject\" ><div class=\"avia-image-container-inner\"><div class=\"avia-image-overlay-wrap\"><img decoding=\"async\" fetchpriority=\"high\" class='wp-image-120852 avia-img-lazy-loading-not-120852 avia_image ' src=\"https:\/\/kapitel-zwei.de\/wp-content\/uploads\/2024\/10\/\u0418\u0437\u0443\u0447\u0435\u043d\u0438\u0435-\u043d\u0435\u043c\u0435\u0446\u043a\u043e\u0433\u043e-\u044f\u0437\u044b\u043a\u0430-\u043e\u0444\u043b\u0430\u0439\u043d-\u0432-\u0411\u0435\u0440\u043b\u0438\u043d\u0435.jpg\" alt='Online Deutsch' title='Online Deutsch'  height=\"1279\" width=\"1920\"  itemprop=\"thumbnailUrl\" srcset=\"https:\/\/kapitel-zwei.de\/wp-content\/uploads\/2024\/10\/\u0418\u0437\u0443\u0447\u0435\u043d\u0438\u0435-\u043d\u0435\u043c\u0435\u0446\u043a\u043e\u0433\u043e-\u044f\u0437\u044b\u043a\u0430-\u043e\u0444\u043b\u0430\u0439\u043d-\u0432-\u0411\u0435\u0440\u043b\u0438\u043d\u0435.jpg 1920w, https:\/\/kapitel-zwei.de\/wp-content\/uploads\/2024\/10\/\u0418\u0437\u0443\u0447\u0435\u043d\u0438\u0435-\u043d\u0435\u043c\u0435\u0446\u043a\u043e\u0433\u043e-\u044f\u0437\u044b\u043a\u0430-\u043e\u0444\u043b\u0430\u0439\u043d-\u0432-\u0411\u0435\u0440\u043b\u0438\u043d\u0435-300x200.jpg 300w, https:\/\/kapitel-zwei.de\/wp-content\/uploads\/2024\/10\/\u0418\u0437\u0443\u0447\u0435\u043d\u0438\u0435-\u043d\u0435\u043c\u0435\u0446\u043a\u043e\u0433\u043e-\u044f\u0437\u044b\u043a\u0430-\u043e\u0444\u043b\u0430\u0439\u043d-\u0432-\u0411\u0435\u0440\u043b\u0438\u043d\u0435-1030x686.jpg 1030w, https:\/\/kapitel-zwei.de\/wp-content\/uploads\/2024\/10\/\u0418\u0437\u0443\u0447\u0435\u043d\u0438\u0435-\u043d\u0435\u043c\u0435\u0446\u043a\u043e\u0433\u043e-\u044f\u0437\u044b\u043a\u0430-\u043e\u0444\u043b\u0430\u0439\u043d-\u0432-\u0411\u0435\u0440\u043b\u0438\u043d\u0435-80x53.jpg 80w, https:\/\/kapitel-zwei.de\/wp-content\/uploads\/2024\/10\/\u0418\u0437\u0443\u0447\u0435\u043d\u0438\u0435-\u043d\u0435\u043c\u0435\u0446\u043a\u043e\u0433\u043e-\u044f\u0437\u044b\u043a\u0430-\u043e\u0444\u043b\u0430\u0439\u043d-\u0432-\u0411\u0435\u0440\u043b\u0438\u043d\u0435-768x512.jpg 768w, https:\/\/kapitel-zwei.de\/wp-content\/uploads\/2024\/10\/\u0418\u0437\u0443\u0447\u0435\u043d\u0438\u0435-\u043d\u0435\u043c\u0435\u0446\u043a\u043e\u0433\u043e-\u044f\u0437\u044b\u043a\u0430-\u043e\u0444\u043b\u0430\u0439\u043d-\u0432-\u0411\u0435\u0440\u043b\u0438\u043d\u0435-1536x1023.jpg 1536w, https:\/\/kapitel-zwei.de\/wp-content\/uploads\/2024\/10\/\u0418\u0437\u0443\u0447\u0435\u043d\u0438\u0435-\u043d\u0435\u043c\u0435\u0446\u043a\u043e\u0433\u043e-\u044f\u0437\u044b\u043a\u0430-\u043e\u0444\u043b\u0430\u0439\u043d-\u0432-\u0411\u0435\u0440\u043b\u0438\u043d\u0435-1500x999.jpg 1500w, https:\/\/kapitel-zwei.de\/wp-content\/uploads\/2024\/10\/\u0418\u0437\u0443\u0447\u0435\u043d\u0438\u0435-\u043d\u0435\u043c\u0435\u0446\u043a\u043e\u0433\u043e-\u044f\u0437\u044b\u043a\u0430-\u043e\u0444\u043b\u0430\u0439\u043d-\u0432-\u0411\u0435\u0440\u043b\u0438\u043d\u0435-705x470.jpg 705w\" sizes=\"(max-width: 1920px) 100vw, 1920px\" \/><\/div><\/div><\/div><\/p><\/div>\n\n<style type=\"text\/css\" data-created_by=\"avia_inline_auto\" id=\"style-css-av-3ke9ydm-a797b9b4b06f2579850610265b3ab61d\">\n.flex_column.av-3ke9ydm-a797b9b4b06f2579850610265b3ab61d{\nborder-radius:0px 0px 0px 0px;\npadding:0px 0px 0px 0px;\n}\n<\/style>\n<div  class='flex_column av-3ke9ydm-a797b9b4b06f2579850610265b3ab61d av_one_full  avia-builder-el-6  el_after_av_one_third  el_before_av_one_full  first flex_column_div av-zero-column-padding  column-top-margin'     ><section  class='av_textblock_section av-3ipf0x6-cb5eb889239bdee172a7aef4541fc101 '   itemscope=\"itemscope\" itemtype=\"https:\/\/schema.org\/CreativeWork\" ><div class='avia_textblock'  itemprop=\"text\" ><h2><span style=\"color: #ff6600;\">Kapitel Zwei Berlin &#8211; Centro oficial de ex\u00e1menes\u00a0<\/span><\/h2>\n<\/div><\/section><\/div>\n\n<style type=\"text\/css\" data-created_by=\"avia_inline_auto\" id=\"style-css-av-3os4tpm-9-983899b2908491ae0e90a49f5ffc9b1b\">\n.flex_column.av-3os4tpm-9-983899b2908491ae0e90a49f5ffc9b1b{\nborder-radius:0px 0px 0px 0px;\npadding:15px 15px 15px 15px;\nbackground-color:#fffdf3;\n}\n<\/style>\n<div  class='flex_column av-3os4tpm-9-983899b2908491ae0e90a49f5ffc9b1b av_one_full  avia-builder-el-8  el_after_av_one_full  el_before_av_hr  first flex_column_div  column-top-margin'     ><section  class='av_textblock_section av-3hkjeiy-fc6f4ebe47f18f4d2e0582e028e57f66 '   itemscope=\"itemscope\" itemtype=\"https:\/\/schema.org\/CreativeWork\" ><div class='avia_textblock'  itemprop=\"text\" ><p>Kapitel Zwei Berl\u00edn es un <strong>centro oficial de ex\u00e1menes <\/strong>y un <strong>socio licenciatario telc. <\/strong>Tu escuela de idiomas ha sido condecorada por la organizaci\u00f3n telc con la <strong>calificaci\u00f3n de \u201cejemplar \u2013 mejores pr\u00e1cticas\u201d<\/strong> para la organizaci\u00f3n y ejecuci\u00f3n del examen.<\/p>\n<p>telc es la abreviatura de \u201c<em>The European Language Certificates\u201d \u2013 \u201c<\/em>Certificados ling\u00fc\u00edsticos europeos\u201d.<\/p>\n<\/div><\/section><\/div>\n\n<style type=\"text\/css\" data-created_by=\"avia_inline_auto\" id=\"style-css-av-333peiy-66fb435c8afc6bc3734ac321514bfc22\">\n#top .hr.hr-invisible.av-333peiy-66fb435c8afc6bc3734ac321514bfc22{\nheight:10px;\n}\n<\/style>\n<div  class='hr av-333peiy-66fb435c8afc6bc3734ac321514bfc22 hr-invisible  avia-builder-el-10  el_after_av_one_full  el_before_av_one_full '><span class='hr-inner '><span class=\"hr-inner-style\"><\/span><\/span><\/div>\n\n<style type=\"text\/css\" data-created_by=\"avia_inline_auto\" id=\"style-css-av-3s0oka-6aad1131aedd59e60ef46a221a1e8db4\">\n.flex_column.av-3s0oka-6aad1131aedd59e60ef46a221a1e8db4{\nborder-radius:0px 0px 0px 0px;\npadding:0px 0px 0px 0px;\n}\n<\/style>\n<div  class='flex_column av-3s0oka-6aad1131aedd59e60ef46a221a1e8db4 av_one_full  avia-builder-el-11  el_after_av_hr  el_before_av_layout_row  avia-builder-el-last  first flex_column_div av-zero-column-padding  '     ><section  class='av_textblock_section av-31mr3ze-0760b7b0779b19ac982b37511852524c '   itemscope=\"itemscope\" itemtype=\"https:\/\/schema.org\/CreativeWork\" ><div class='avia_textblock'  itemprop=\"text\" ><h2><span style=\"color: #ff6600;\">Examen telc Deutsch B1 en Berl\u00edn en un vistazo<\/span><\/h2>\n<\/div><\/section><\/div>\n<\/div><\/div><\/div><!-- close content main div --><\/div><\/div><div id='av-layout-grid-1'  class='av-layout-grid-container av-309hhoa-e8b189e1aa3b19a5ffae495fd5731515 entry-content-wrapper main_color av-flex-cells  avia-builder-el-13  el_after_av_one_full  el_before_av_one_full  custom-icon-list grid-row-not-first  container_wrap fullsize'  >\n\n<style type=\"text\/css\" data-created_by=\"avia_inline_auto\" id=\"style-css-av-2z9gjuy-cb2536a492e3959a7a998fc99cc42867\">\n.flex_cell.av-2z9gjuy-cb2536a492e3959a7a998fc99cc42867{\nvertical-align:top;\n}\n.responsive #top #wrap_all .flex_cell.av-2z9gjuy-cb2536a492e3959a7a998fc99cc42867{\npadding:30px 30px 30px 30px !important;\n}\n<\/style>\n<div class='flex_cell av-2z9gjuy-cb2536a492e3959a7a998fc99cc42867 av-gridrow-cell av_one_half no_margin  avia-builder-el-14  el_before_av_cell_one_half  avia-builder-el-first '  ><div class='flex_cell_inner'>\n<style type=\"text\/css\" data-created_by=\"avia_inline_auto\" id=\"style-css-av-2x2fwga-29dccbf34fc9f185d757e761b6aeb0b3\">\n.flex_column.av-2x2fwga-29dccbf34fc9f185d757e761b6aeb0b3{\nborder-radius:0px 0px 0px 0px;\npadding:0px 0px 0px 0px;\n}\n<\/style>\n<div  class='flex_column av-2x2fwga-29dccbf34fc9f185d757e761b6aeb0b3 av_one_full  avia-builder-el-15  avia-builder-el-no-sibling  course-info first flex_column_div av-zero-column-padding  '     ><div  class='avia-icon-list-container av-2v1vdiy-4235130c3a54df9065ff2796ed7f7d2f  avia-builder-el-16  avia-builder-el-no-sibling  course-info new'><ul class='avia-icon-list avia_animate_when_almost_visible avia-icon-list-left av-iconlist-big av-2v1vdiy-4235130c3a54df9065ff2796ed7f7d2f avia-iconlist-animate'>\n<li><div class='iconlist_icon av-2oyna2-e19561fe2b2817c9fcc32187ad421fab avia-font-entypo-fontello'><span class='iconlist-char' aria-hidden='true' data-av_icon='\ue85b' data-av_iconfont='entypo-fontello'><\/span><\/div><article class=\"article-icon-entry \"  itemscope=\"itemscope\" itemtype=\"https:\/\/schema.org\/CreativeWork\" ><div class=\"iconlist_content_wrap\"><header class=\"entry-content-header\" aria-label=\"Icon: Duraci\u00f3n del examen\"><h4 class='av_iconlist_title iconlist_title  '  itemprop=\"headline\" >Duraci\u00f3n del examen<\/h4><\/header><div class='iconlist_content '  itemprop=\"text\" ><p>1 d\u00eda, viernes o s\u00e1bado<\/p>\n<\/div><\/div><footer class=\"entry-footer\"><\/footer><\/article><div class=\"iconlist-timeline\"><\/div><\/li>\n<li><div class='iconlist_icon av-2smg322-5faa1ee567d4cf8ebd31a36cc741c4a7 avia-font-entypo-fontello'><span class='iconlist-char' aria-hidden='true' data-av_icon='\ue862' data-av_iconfont='entypo-fontello'><\/span><\/div><article class=\"article-icon-entry \"  itemscope=\"itemscope\" itemtype=\"https:\/\/schema.org\/CreativeWork\" ><div class=\"iconlist_content_wrap\"><header class=\"entry-content-header\" aria-label=\"Icon: Comienzo del examen\"><h4 class='av_iconlist_title iconlist_title  '  itemprop=\"headline\" >Comienzo del examen<\/h4><\/header><div class='iconlist_content '  itemprop=\"text\" ><p>a las 9h<\/p>\n<\/div><\/div><footer class=\"entry-footer\"><\/footer><\/article><div class=\"iconlist-timeline\"><\/div><\/li>\n<li><div class='iconlist_icon av-32ayy2-d4085b48e339d2946809e620978cff38 avia-font-entypo-fontello'><span class='iconlist-char' aria-hidden='true' data-av_icon='\ue80b' data-av_iconfont='entypo-fontello'><\/span><\/div><article class=\"article-icon-entry \"  itemscope=\"itemscope\" itemtype=\"https:\/\/schema.org\/CreativeWork\" ><div class=\"iconlist_content_wrap\"><header class=\"entry-content-header\" aria-label=\"Icon: Tama\u00f1o del grupo\"><h4 class='av_iconlist_title iconlist_title  '  itemprop=\"headline\" >Tama\u00f1o del grupo<\/h4><\/header><div class='iconlist_content '  itemprop=\"text\" ><p>5 &#8211; 10 personas (dependiendo de la sala)<\/p>\n<\/div><\/div><footer class=\"entry-footer\"><\/footer><\/article><div class=\"iconlist-timeline\"><\/div><\/li>\n<li><div class='iconlist_icon av-2v9euy-d5fc5832d3fc8b00c8310f07a6477500 avia-font-entypo-fontello'><span class='iconlist-char' aria-hidden='true' data-av_icon='\ue83f' data-av_iconfont='entypo-fontello'><\/span><\/div><article class=\"article-icon-entry \"  itemscope=\"itemscope\" itemtype=\"https:\/\/schema.org\/CreativeWork\" ><div class=\"iconlist_content_wrap\"><header class=\"entry-content-header\" aria-label=\"Icon: Precio\"><h4 class='av_iconlist_title iconlist_title  '  itemprop=\"headline\" >Precio<\/h4><\/header><div class='iconlist_content '  itemprop=\"text\" ><ul>\n<li>Examen completo: 199\u20ac<\/li>\n<li>s\u00f3lo escrito \/ s\u00f3lo oral: 169\u20ac<\/li>\n<li>Inscripci\u00f3n de \u00faltima hora: gratuita<\/li>\n<\/ul>\n<\/div><\/div><footer class=\"entry-footer\"><\/footer><\/article><div class=\"iconlist-timeline\"><\/div><\/li>\n<\/ul><\/div><\/div>\n<\/div><\/div>\n<style type=\"text\/css\" data-created_by=\"avia_inline_auto\" id=\"style-css-av-2pj18mi-8136c2d6df33f4b081fa1b9697d0773f\">\n.flex_cell.av-2pj18mi-8136c2d6df33f4b081fa1b9697d0773f{\nvertical-align:top;\n}\n.responsive #top #wrap_all .flex_cell.av-2pj18mi-8136c2d6df33f4b081fa1b9697d0773f{\npadding:30px 30px 30px 30px !important;\n}\n<\/style>\n<div class='flex_cell av-2pj18mi-8136c2d6df33f4b081fa1b9697d0773f av-gridrow-cell av_one_half no_margin  avia-builder-el-17  el_after_av_cell_one_half  avia-builder-el-last '  ><div class='flex_cell_inner'>\n<style type=\"text\/css\" data-created_by=\"avia_inline_auto\" id=\"style-css-av-2n1cxhm-27fc0ee8fbbbe49e084f8fa34fc68cc5\">\n.flex_column.av-2n1cxhm-27fc0ee8fbbbe49e084f8fa34fc68cc5{\nborder-radius:0px 0px 0px 0px;\npadding:0px 0px 0px 0px;\n}\n<\/style>\n<div  class='flex_column av-2n1cxhm-27fc0ee8fbbbe49e084f8fa34fc68cc5 av_one_full  avia-builder-el-18  avia-builder-el-no-sibling  course-info first flex_column_div av-zero-column-padding  '     ><div  class='avia-icon-list-container av-2lg9gkq-4f23628d910ff321010669a68491e5a8  avia-builder-el-19  avia-builder-el-no-sibling  course-info new'><ul class='avia-icon-list avia_animate_when_almost_visible avia-icon-list-left av-iconlist-big av-2lg9gkq-4f23628d910ff321010669a68491e5a8 avia-iconlist-animate'>\n<li><div class='iconlist_icon av-2jw5s8q-060a65cf50e7a314d0517cbe8f415771 avia-font-entypo-fontello'><span class='iconlist-char' aria-hidden='true' data-av_icon='\ue8c9' data-av_iconfont='entypo-fontello'><\/span><\/div><article class=\"article-icon-entry \"  itemscope=\"itemscope\" itemtype=\"https:\/\/schema.org\/CreativeWork\" ><div class=\"iconlist_content_wrap\"><header class=\"entry-content-header\" aria-label=\"Icon: Nivel\"><h4 class='av_iconlist_title iconlist_title  '  itemprop=\"headline\" >Nivel<\/h4><\/header><div class='iconlist_content '  itemprop=\"text\" ><p>como m\u00ednimo B1<\/p>\n<\/div><\/div><footer class=\"entry-footer\"><\/footer><\/article><div class=\"iconlist-timeline\"><\/div><\/li>\n<li><div class='iconlist_icon av-2hr9ngq-47e3b79a381403f45c2c8a4246bbd7d1 avia-font-entypo-fontello'><span class='iconlist-char' aria-hidden='true' data-av_icon='\ue841' data-av_iconfont='entypo-fontello'><\/span><\/div><article class=\"article-icon-entry \"  itemscope=\"itemscope\" itemtype=\"https:\/\/schema.org\/CreativeWork\" ><div class=\"iconlist_content_wrap\"><header class=\"entry-content-header\" aria-label=\"Icon: Reglamento de examenes.\"><h4 class='av_iconlist_title iconlist_title  '  itemprop=\"headline\" >Reglamento de examenes.<\/h4><\/header><div class='iconlist_content '  itemprop=\"text\" ><p><a href=\"https:\/\/kapitel-zwei.de\/teilnahme-telc-deutsch-pruefung-berlin\/\" target=\"_blank\" rel=\"noopener\">Aqu\u00ed<\/a><\/p>\n<\/div><\/div><footer class=\"entry-footer\"><\/footer><\/article><div class=\"iconlist-timeline\"><\/div><\/li>\n<li><div class='iconlist_icon av-2grzpve-68f804e5c4a1fbad3aa8924d52551e92 avia-font-entypo-fontello'><span class='iconlist-char' aria-hidden='true' data-av_icon='\ue845' data-av_iconfont='entypo-fontello'><\/span><\/div><article class=\"article-icon-entry \"  itemscope=\"itemscope\" itemtype=\"https:\/\/schema.org\/CreativeWork\" ><div class=\"iconlist_content_wrap\"><header class=\"entry-content-header\" aria-label=\"Icon: Centro de ex\u00e1menes\"><h4 class='av_iconlist_title iconlist_title  '  itemprop=\"headline\" >Centro de ex\u00e1menes<\/h4><\/header><div class='iconlist_content '  itemprop=\"text\" ><p><a href=\"https:\/\/kapitel-zwei.de\/es\/#ubicaci\u00f3n\">Kapitel Zwei Berlin<\/a><\/p>\n<\/div><\/div><footer class=\"entry-footer\"><\/footer><\/article><div class=\"iconlist-timeline\"><\/div><\/li>\n<\/ul><\/div><\/div>\n<\/div><\/div>\n<\/div><div id='after_grid_row_1'  class='main_color av_default_container_wrap container_wrap fullsize'  ><div class='container av-section-cont-open' ><div class='template-page content  av-content-full alpha units'><div class='post-entry post-entry-type-page post-entry-9610'><div class='entry-content-wrapper clearfix'>\n\n<style type=\"text\/css\" data-created_by=\"avia_inline_auto\" id=\"style-css-av-knkfqbex-80868038f1353823621e9d4dede2536d\">\n.flex_column.av-knkfqbex-80868038f1353823621e9d4dede2536d{\nborder-radius:0px 0px 0px 0px;\npadding:15px 15px 15px 15px;\nbackground-color:#fffdf3;\n}\n<\/style>\n<div  class='flex_column av-knkfqbex-80868038f1353823621e9d4dede2536d av_one_full  avia-builder-el-20  el_after_av_layout_row  el_before_av_one_full  avia-builder-el-first  cta-section first flex_column_div  '     ><section  class='av_textblock_section av-knkfmihw-50b2387b9c6e0db93b4b910b50dda755 '   itemscope=\"itemscope\" itemtype=\"https:\/\/schema.org\/CreativeWork\" ><div class='avia_textblock cta-slogan'  itemprop=\"text\" ><p style=\"text-align: center;\"><strong>\u00bfQuieres aprobar el examen telc Deutsch B1?<\/strong><\/p>\n<\/div><\/section><br \/>\n<div  class='avia-button-wrap av-knkfnc9f-9f6d380b3c22eff0285813f38e51c1ef-wrap avia-button-center  avia-builder-el-22  el_after_av_textblock  avia-builder-el-last  cta-button'><a href='https:\/\/booking.kapitel-zwei.de\/' class='avia-button av-knkfnc9f-9f6d380b3c22eff0285813f38e51c1ef av-link-btn avia-icon_select-no avia-size-medium avia-position-center avia-color-theme-color' target=\"_blank\" rel=\"noopener noreferrer\" aria-label=\"Reserva ahora\"><span class='avia_iconbox_title' >Reserva ahora<\/span><\/a><\/div><\/p><\/div>\n<style type=\"text\/css\" data-created_by=\"avia_inline_auto\" id=\"style-css-av-29q423e-9ec495a2762d4e957d5c3abc1c444798\">\n.flex_column.av-29q423e-9ec495a2762d4e957d5c3abc1c444798{\nborder-radius:0px 0px 0px 0px;\npadding:0px 0px 0px 0px;\n}\n<\/style>\n<div  class='flex_column av-29q423e-9ec495a2762d4e957d5c3abc1c444798 av_one_full  avia-builder-el-23  el_after_av_one_full  el_before_av_one_full  first flex_column_div av-zero-column-padding  column-top-margin'     ><style type=\"text\/css\" data-created_by=\"avia_inline_auto\" id=\"style-css-av-288x6wq-d2ef077a8f9599482b0e62f9c696bf42\">\n#top .av_textblock_section.av-288x6wq-d2ef077a8f9599482b0e62f9c696bf42 .avia_textblock{\nfont-size:17px;\n}\n<\/style>\n<section  class='av_textblock_section av-288x6wq-d2ef077a8f9599482b0e62f9c696bf42 '   itemscope=\"itemscope\" itemtype=\"https:\/\/schema.org\/CreativeWork\" ><div class='avia_textblock'  itemprop=\"text\" ><h2><span style=\"color: #ff6600;\"><a style=\"color: #ff6600;\" title=\"Qu\u00e9 es lo que sabes en el nivel B1?\" href=\"https:\/\/kapitel-zwei.de\/es\/contenido-de-los-cursos\/\">Qu\u00e9 es lo que sabes en el nivel B1?<\/a><\/span><\/h2>\n<p>En el nivel B1 puedes comunicarte de una manera sencilla y coherente en distintas situaciones de la vida cotidiana, en viajes o en \u00e1reas de otro inter\u00e9s.\u00a0 Puedes compartir experiencias, describir objetivos y justificar opiniones. Adem\u00e1s puedes utilizar correctamente las estructuras gramaticales m\u00e1s importantes en general.<\/p>\n<\/div><\/section><\/div><\/p>\n\n<style type=\"text\/css\" data-created_by=\"avia_inline_auto\" id=\"style-css-av-29q423e-5-12259b8a70d9aae0b305cf014d34fcca\">\n.flex_column.av-29q423e-5-12259b8a70d9aae0b305cf014d34fcca{\nborder-radius:0px 0px 0px 0px;\npadding:0px 0px 0px 0px;\n}\n<\/style>\n<div  class='flex_column av-29q423e-5-12259b8a70d9aae0b305cf014d34fcca av_one_full  avia-builder-el-25  el_after_av_one_full  el_before_av_one_full  first flex_column_div av-zero-column-padding  column-top-margin'     ><style type=\"text\/css\" data-created_by=\"avia_inline_auto\" id=\"style-css-av-288x6wq-4-428a59af8d9c22788cc329de62d0e4d6\">\n#top .av_textblock_section.av-288x6wq-4-428a59af8d9c22788cc329de62d0e4d6 .avia_textblock{\nfont-size:17px;\n}\n<\/style>\n<section  class='av_textblock_section av-288x6wq-4-428a59af8d9c22788cc329de62d0e4d6 '   itemscope=\"itemscope\" itemtype=\"https:\/\/schema.org\/CreativeWork\" ><div class='avia_textblock'  itemprop=\"text\" ><h3><span style=\"color: #ff6600;\">\u00bfC\u00f3mo est\u00e1 estructurado el examen?<\/span><\/h3>\n<p>El examen consiste en una parte escrita y una parte oral. La parte escrita dura 2 horas y 30 minutos. Antes del examen oral hay 20 minutos de tiempo de preparaci\u00f3n. El examen escrito y oral normalmente tienen lugar el mismo d\u00eda.<\/p>\n<p>El <strong>examen escrito<\/strong> se compone de:<\/p>\n<ul>\n<li>comprensi\u00f3n de lectura, vocabulario y gram\u00e1tica (90 min.)<\/li>\n<li>comprensi\u00f3n auditiva (30 min.)<\/li>\n<li>expresi\u00f3n escrita (30 min.)<\/li>\n<\/ul>\n<p>Finalmente, despu\u00e9s de un descanso, sigue el <strong>examen oral, <\/strong>que normalmente tiene lugar con otro estudiante. Entonces, estar\u00e1is dos personas que est\u00e1n examinadas durante 15 minutos.<\/p>\n<\/div><\/section><\/div>\n\n<style type=\"text\/css\" data-created_by=\"avia_inline_auto\" id=\"style-css-av-269aj4a-baa080ed74ede885ecd23f33e065036c\">\n.flex_column.av-269aj4a-baa080ed74ede885ecd23f33e065036c{\nborder-radius:0px 0px 0px 0px;\npadding:0px 0px 0px 0px;\n}\n<\/style>\n<div  class='flex_column av-269aj4a-baa080ed74ede885ecd23f33e065036c av_one_full  avia-builder-el-27  el_after_av_one_full  el_before_av_one_full  first flex_column_div av-zero-column-padding  column-top-margin'     ><section  class='av_textblock_section av-24ln40q-cd97cb7a9aecb0541d96f616fa823a0a '   itemscope=\"itemscope\" itemtype=\"https:\/\/schema.org\/CreativeWork\" ><div class='avia_textblock'  itemprop=\"text\" ><h2><span style=\"color: #ff6600;\">Fechas del examen \u2013 telc Deutsch B1 en Berl\u00edn<\/span><\/h2>\n<\/div><\/section><\/div>\n\n<style type=\"text\/css\" data-created_by=\"avia_inline_auto\" id=\"style-css-av-269aj4a-3-f9918311a3e1d63847e2de63bf06a5d8\">\n.flex_column.av-269aj4a-3-f9918311a3e1d63847e2de63bf06a5d8{\nborder-radius:0px 0px 0px 0px;\npadding:0px 0px 0px 0px;\n}\n<\/style>\n<div  class='flex_column av-269aj4a-3-f9918311a3e1d63847e2de63bf06a5d8 av_one_full  avia-builder-el-29  el_after_av_one_full  el_before_av_one_full  first flex_column_div av-zero-column-padding  column-top-margin'     ><section  class='av_textblock_section av-23qckgq-ca29698f4a8cb34090610274c02d6e28 '   itemscope=\"itemscope\" itemtype=\"https:\/\/schema.org\/CreativeWork\" ><div class='avia_textblock tablepress_scroll-if-too-large'  itemprop=\"text\" >\n<table id=\"tablepress-451\" class=\"tablepress tablepress-id-451 tablepress-all-center\">\n<thead>\n<tr class=\"row-1\">\n\t<th class=\"column-1\">Exam telc Deutsch B1<\/th>\n<\/tr>\n<\/thead>\n<tbody class=\"row-striping\">\n<tr class=\"row-2\">\n\t<td class=\"column-1\">Here you will find our upcoming exam dates. When registering, please indicate your <b>preferred date<\/b>. We will immediately check the vacancies and send you a reservation with a payment request. <br \/>\n<br \/>\nIf the exam is fully booked, we will contact you (by email or phone) to inquire about alternative exam dates.<\/td>\n<\/tr>\n<tr class=\"row-3\">\n\t<td class=\"column-1\">28th April 2026 (Tuesday)<\/td>\n<\/tr>\n<tr class=\"row-4\">\n\t<td class=\"column-1\">5th June 2026 (Friday)<\/td>\n<\/tr>\n<tr class=\"row-5\">\n\t<td class=\"column-1\">17th+18th June 2026(Wednesday and Thursday)<\/td>\n<\/tr>\n<tr class=\"row-6\">\n\t<td class=\"column-1\"><b>27th June 2026 (Saturday) <\/b><\/td>\n<\/tr>\n<tr class=\"row-7\">\n\t<td class=\"column-1\">3rd July 2026 (Friday)<\/td>\n<\/tr>\n<tr class=\"row-8\">\n\t<td class=\"column-1\">15th +16th July 2026 (Wednesday and Thursday)<\/td>\n<\/tr>\n<tr class=\"row-9\">\n\t<td class=\"column-1\"><b>25th July 2026 (Saturday) <\/b><\/td>\n<\/tr>\n<tr class=\"row-10\">\n\t<td class=\"column-1\">31st July 2026 (Friday)<\/td>\n<\/tr>\n<tr class=\"row-11\">\n\t<td class=\"column-1\">12th+13th August (Wednesday and Thursday)<\/td>\n<\/tr>\n<tr class=\"row-12\">\n\t<td class=\"column-1\">14th August 2026 (Friday)<\/td>\n<\/tr>\n<tr class=\"row-13\">\n\t<td class=\"column-1\"><b>22nd August 2026 (Saturday) <\/b><\/td>\n<\/tr>\n<tr class=\"row-14\">\n\t<td class=\"column-1\">28th August 2026 (Friday)<\/td>\n<\/tr>\n<tr class=\"row-15\">\n\t<td class=\"column-1\">4th September 2026 (Friday)<\/td>\n<\/tr>\n<tr class=\"row-16\">\n\t<td class=\"column-1\">18th September 2026 (Friday)<\/td>\n<\/tr>\n<tr class=\"row-17\">\n\t<td class=\"column-1\"><b>26th September 2026 (Saturday) <\/b><\/td>\n<\/tr>\n<tr class=\"row-18\">\n\t<td class=\"column-1\">2nd October 2026 (Friday)<\/td>\n<\/tr>\n<tr class=\"row-19\">\n\t<td class=\"column-1\">16th October 2026 (Friday)<\/td>\n<\/tr>\n<tr class=\"row-20\">\n\t<td class=\"column-1\"><b>24th October 2026 (Saturday) <\/b><\/td>\n<\/tr>\n<tr class=\"row-21\">\n\t<td class=\"column-1\">30th October 2026 (Friday)<\/td>\n<\/tr>\n<\/tbody>\n<\/table>\n<!-- #tablepress-451 from cache -->\n<\/div><\/section><\/div>\n\n<style type=\"text\/css\" data-created_by=\"avia_inline_auto\" id=\"style-css-av-knkfqbex-8-ca209633a5f179985ddbdbe87adea2da\">\n.flex_column.av-knkfqbex-8-ca209633a5f179985ddbdbe87adea2da{\nborder-radius:0px 0px 0px 0px;\npadding:15px 15px 15px 15px;\nbackground-color:#fffdf3;\n}\n<\/style>\n<div  class='flex_column av-knkfqbex-8-ca209633a5f179985ddbdbe87adea2da av_one_full  avia-builder-el-31  el_after_av_one_full  el_before_av_one_full  cta-section first flex_column_div  column-top-margin'     ><div  class='avia-button-wrap av-knkfnc9f-6-8b4130eac2784429fbaa29896ede1b43-wrap avia-button-center  avia-builder-el-32  avia-builder-el-no-sibling  cta-button'><a href='https:\/\/booking.kapitel-zwei.de\/' class='avia-button av-knkfnc9f-6-8b4130eac2784429fbaa29896ede1b43 av-link-btn avia-icon_select-no avia-size-medium avia-position-center avia-color-theme-color' target=\"_blank\" rel=\"noopener noreferrer\" aria-label=\"Reserva ahora\"><span class='avia_iconbox_title' >Reserva ahora<\/span><\/a><\/div><\/div>\n<style type=\"text\/css\" data-created_by=\"avia_inline_auto\" id=\"style-css-av-23oeei-0b8d1d031aea4a0241d087ca6c9427c9\">\n.flex_column.av-23oeei-0b8d1d031aea4a0241d087ca6c9427c9{\nborder-radius:0px 0px 0px 0px;\npadding:0px 0px 0px 0px;\n}\n<\/style>\n<div  class='flex_column av-23oeei-0b8d1d031aea4a0241d087ca6c9427c9 av_one_full  avia-builder-el-33  el_after_av_one_full  el_before_av_one_half  first flex_column_div av-zero-column-padding  column-top-margin'     ><section  class='av_textblock_section av-1xd3tp6-a5abf8074cf1cbea4d61a330f5d5d475 '   itemscope=\"itemscope\" itemtype=\"https:\/\/schema.org\/CreativeWork\" ><div class='avia_textblock'  itemprop=\"text\" ><h2><span style=\"color: #ff6600;\">Curso de preparaci\u00f3n telc Deutsch B1 en Berl\u00edn<\/span><\/h2>\n<\/div><\/section><\/div><\/p>\n\n<style type=\"text\/css\" data-created_by=\"avia_inline_auto\" id=\"style-css-av-1ums356-06814f37b0c7a4606affc62072d9522c\">\n.flex_column.av-1ums356-06814f37b0c7a4606affc62072d9522c{\nborder-radius:0px 0px 0px 0px;\npadding:0px 0px 0px 0px;\n}\n<\/style>\n<div  class='flex_column av-1ums356-06814f37b0c7a4606affc62072d9522c av_one_half  avia-builder-el-35  el_after_av_one_full  el_before_av_one_half  first flex_column_div av-zero-column-padding  column-top-margin'     ><p><div  class='avia-table av-1sxav7u-57bba54a8261fef38332b93c12a099e0 main_color avia-pricing-table-container avia_pricing_default  avia-builder-el-36  el_before_av_table  avia-builder-el-first  price-desktop avia-table-1'  itemscope=\"itemscope\" itemtype=\"https:\/\/schema.org\/Table\" ><div class=\"pricing-table-wrap\"><ul class='pricing-table avia-highlight-col'><li class='avia-heading-row'><div class='first-table-item'>Preparaci\u00f3n telc B1<\/div><span class='pricing-extra'><\/span><\/li><li class='avia-pricing-row'>a partir de 162 <span class=\"currency-symbol\">\u20ac<\/span><\/li><li class=''>A toda velocidad<\/li><li class=''>Viernes 9-13.20 h (incl. pausa)<\/li><li class=''>Examenes de modelo<\/li><li class='avia-button-row'><div  class='avia-button-wrap av-4g7ive-3f6bc9d2cfd74b58129d5d746ca0a155-wrap avia-button-center  avia-builder-el-37  avia-builder-el-no-sibling '><a href='https:\/\/kapitel-zwei.de\/es\/preparacion-telc-deutsch-b1\/'  class='avia-button av-4g7ive-3f6bc9d2cfd74b58129d5d746ca0a155 av-link-btn avia-icon_select-no avia-size-large avia-position-center avia-color-theme-color'   aria-label=\"M\u00e1s informaci\u00f3n\"><span class='avia_iconbox_title' >M\u00e1s informaci\u00f3n<\/span><\/a><\/div><br \/><\/li><\/ul><\/div><\/div><br \/>\n<div  class='avia-table av-15uj14a-b8f0c7874c0138ba498a973cb3f86bfc main_color avia-pricing-table-container avia_pricing_default  avia-builder-el-38  el_after_av_table  avia-builder-el-last  price-mobile avia-table-2'  itemscope=\"itemscope\" itemtype=\"https:\/\/schema.org\/Table\" ><div class=\"pricing-table-wrap\"><ul class='pricing-table avia-highlight-col'><li class='avia-heading-row'><div class='first-table-item'>Preparaci\u00f3n telc B1<\/div><span class='pricing-extra'><\/span><\/li><li class='avia-pricing-row'>a partir de 162 <span class=\"currency-symbol\">\u20ac<\/span><\/li><li class=''>A toda velocidad<\/li><li class=''>Viernes 9-13.20 h (incl. pausa)<\/li><li class=''>Examenes de modelo<\/li><li class='avia-button-row'><div  class='avia-button-wrap av-kma65m-75c0d020421f77f5cf44bcf5ac152c1a-wrap avia-button-center  avia-builder-el-39  avia-builder-el-no-sibling '><a href='https:\/\/kapitel-zwei.de\/es\/preparacion-telc-deutsch-b1\/'  class='avia-button av-kma65m-75c0d020421f77f5cf44bcf5ac152c1a av-link-btn avia-icon_select-no avia-size-large avia-position-center avia-color-theme-color'   aria-label=\"M\u00e1s informaci\u00f3n\"><span class='avia_iconbox_title' >M\u00e1s informaci\u00f3n<\/span><\/a><\/div><br \/><\/li><\/ul><\/div><\/div><\/p><\/div>\n\n<style type=\"text\/css\" data-created_by=\"avia_inline_auto\" id=\"style-css-av-ie9aqi-12595ae354ce33c3e1ffab86d2650ddb\">\n.flex_column.av-ie9aqi-12595ae354ce33c3e1ffab86d2650ddb{\nborder-radius:0px 0px 0px 0px;\npadding:0px 0px 0px 0px;\n}\n<\/style>\n<div  class='flex_column av-ie9aqi-12595ae354ce33c3e1ffab86d2650ddb av_one_half  avia-builder-el-40  el_after_av_one_half  el_before_av_hr  flex_column_div av-zero-column-padding  column-top-margin'     ><style type=\"text\/css\" data-created_by=\"avia_inline_auto\" id=\"style-css-av-hcap7e-4b431e16c98a1e09105e0652090cc391\">\n#top .av_textblock_section.av-hcap7e-4b431e16c98a1e09105e0652090cc391 .avia_textblock{\nfont-size:17px;\n}\n<\/style>\n<section  class='av_textblock_section av-hcap7e-4b431e16c98a1e09105e0652090cc391 '   itemscope=\"itemscope\" itemtype=\"https:\/\/schema.org\/CreativeWork\" ><div class='avia_textblock'  itemprop=\"text\" ><h2><span style=\"color: #ff6600;\">M\u00e1s informaci\u00f3n<\/span><\/h2>\n<ul>\n<li><a href=\"https:\/\/kapitel-zwei.de\/es\/inscripcion-academia-aleman\/\">Inscripci\u00f3n para el examen Deutsch B1<\/a><\/li>\n<li><a href=\"https:\/\/kapitel-zwei.de\/es\/fechas-examen-telc-berlin\/#B1\">Fechas de examenes telc Deutsch B1<\/a><\/li>\n<li><a href=\"https:\/\/www.telc.net\/pruefungsteilnehmende\/warum-telc.html\" target=\"_blank\" rel=\"noopener\">\u00bfPor qu\u00e9 hacer el examen telc?<\/a><\/li>\n<\/ul>\n<\/div><\/section><\/div>\n<div  class='hr av-fco1ey-feb3dcf49abfb09c2bd303f56181adc0 hr-default  avia-builder-el-42  el_after_av_one_half  el_before_av_one_full '><span class='hr-inner '><span class=\"hr-inner-style\"><\/span><\/span><\/div>\n\n<style type=\"text\/css\" data-created_by=\"avia_inline_auto\" id=\"style-css-av-djjn9m-3be90f66f40100a26b404cfb6d81fa4b\">\n.flex_column.av-djjn9m-3be90f66f40100a26b404cfb6d81fa4b{\nborder-radius:0px 0px 0px 0px;\npadding:0px 0px 0px 0px;\n}\n<\/style>\n<div  class='flex_column av-djjn9m-3be90f66f40100a26b404cfb6d81fa4b av_one_full  avia-builder-el-43  el_after_av_hr  el_before_av_one_full  first flex_column_div av-zero-column-padding  '     ><section  class='av_textblock_section av-128vlm-61262ef3795cbd3345aad66b569ad1f3 '   itemscope=\"itemscope\" itemtype=\"https:\/\/schema.org\/CreativeWork\" ><div class='avia_textblock tablepress_scroll-if-too-large'  itemprop=\"text\" ><h2 id=\"tablepress-91-name\" class=\"tablepress-table-name tablepress-table-name-id-91\">Precios de los ex\u00e1menes telc Deutsch<\/h2>\n\n<table id=\"tablepress-91\" class=\"tablepress tablepress-id-91 tbody-has-connected-cells\" aria-labelledby=\"tablepress-91-name\">\n<thead>\n<tr class=\"row-1\">\n\t<th class=\"column-1\"><p style=\"color:white !important;\">Nivel<\/p><\/th><th class=\"column-2\"><p style=\"color:white !important;\">Ex\u00e1menes telc<\/p><\/th><th class=\"column-3\"><p style=\"color:white !important;\">Precios<\/p><\/th><th class=\"column-4\"><p style=\"color:white !important; text-align: center;\">...<\/p><\/th>\n<\/tr>\n<\/thead>\n<tbody class=\"row-striping\">\n<tr class=\"row-2\">\n\t<td colspan=\"2\" class=\"column-1\">Inscripci\u00f3n de \u00faltima hora<\/td><td class=\"column-3\">gratis<\/td><td class=\"column-4\"><\/td>\n<\/tr>\n<tr class=\"row-3\">\n\t<td class=\"column-1\"><p style=\"font-size:110%;\"><span style=\"color:#f15f16\";>Nivel A1 <\/span><\/p><\/td><td class=\"column-2\">Completo<br \/>\n<\/td><td class=\"column-3\">149 \u20ac<\/td><td class=\"column-4\"><p style=\"text-decoration:underline; text-align: center;\"><a href=\"https:\/\/kapitel-zwei.de\/es\/cursos-de-aleman-en-berlin\/examen-telc-deutsch-a1\/\">M\u00e1s informaci\u00f3n<\/a><\/p><\/td>\n<\/tr>\n<tr class=\"row-4\">\n\t<td class=\"column-1\"><p style=\"font-size:110%;\"><span style=\"color:#f15f16\";>Nivel A2 <\/span><\/p><\/td><td class=\"column-2\">Completo<br \/>\n<\/td><td class=\"column-3\">149 \u20ac<\/td><td class=\"column-4\"><p style=\"text-decoration:underline; text-align: center;\"><a href=\"https:\/\/kapitel-zwei.de\/es\/cursos-de-aleman-en-berlin\/examen-telc-deutsch-a2\/\">M\u00e1s informaci\u00f3n<\/a><\/p><\/td>\n<\/tr>\n<tr class=\"row-5\">\n\t<td rowspan=\"2\" class=\"column-1\"><p style=\"font-size:110%;\"><span style=\"color:#f15f16\";>Nivel B1 <\/span><\/p><\/td><td class=\"column-2\">Completo<br \/>\n<\/td><td class=\"column-3\">199 \u20ac<\/td><td rowspan=\"2\" class=\"column-4\"><p style=\"text-decoration:underline; text-align: center;\"><a href=\"https:\/\/kapitel-zwei.de\/es\/cursos-de-aleman-en-berlin\/examen-telc-deutsch-b1\/\">M\u00e1s informaci\u00f3n<\/a><\/p><\/td>\n<\/tr>\n<tr class=\"row-6\">\n\t<td class=\"column-2\">S\u00f3lo escrito \/ oral<\/td><td class=\"column-3\">169 \u20ac<\/td>\n<\/tr>\n<tr class=\"row-7\">\n\t<td rowspan=\"2\" class=\"column-1\"><p style=\"font-size:110%;\"><span style=\"color:#f15f16\";>Nivel B2 <\/span><\/p><br \/>\n<\/td><td class=\"column-2\">Completo<br \/>\n<\/td><td class=\"column-3\">199 \u20ac<\/td><td rowspan=\"2\" class=\"column-4\"><p style=\"text-decoration:underline; text-align: center;\"><a href=\"https:\/\/kapitel-zwei.de\/es\/cursos-de-aleman-en-berlin\/examen-telc-deutsch-b2\/\">M\u00e1s informaci\u00f3n<\/a><\/p><\/td>\n<\/tr>\n<tr class=\"row-8\">\n\t<td class=\"column-2\">S\u00f3lo escrito \/ oral<\/td><td class=\"column-3\">169 \u20ac<\/td>\n<\/tr>\n<tr class=\"row-9\">\n\t<td rowspan=\"2\" class=\"column-1\"><p style=\"font-size:110%;\"><span style=\"color:#f15f16\";>C1 Hochschule<\/span><\/p><br \/>\n<\/td><td class=\"column-2\">Completo<br \/>\n<\/td><td class=\"column-3\">199 \u20ac<\/td><td rowspan=\"2\" class=\"column-4\"><p style=\"text-decoration:underline; text-align: center;\"><a href=\"https:\/\/kapitel-zwei.de\/es\/cursos-de-aleman-en-berlin\/examen-telc-deutsch-c1-hochschule\/\">M\u00e1s informaci\u00f3n<\/a><\/p><\/td>\n<\/tr>\n<tr class=\"row-10\">\n\t<td class=\"column-2\">S\u00f3lo escrito \/ oral<\/td><td class=\"column-3\">169 \u20ac<\/td>\n<\/tr>\n<tr class=\"row-11\">\n\t<td rowspan=\"2\" class=\"column-1\"><p style=\"font-size:110%;\"><span style=\"color:#f15f16\";>C1<\/span><\/p><br \/>\n<\/td><td class=\"column-2\">Completo<\/td><td class=\"column-3\">199 \u20ac<\/td><td rowspan=\"2\" class=\"column-4\"><p style=\"text-decoration:underline; text-align: center;\"><a href=\"https:\/\/kapitel-zwei.de\/telc-deutsch-c1-pruefung\/\">M\u00e1s informaci\u00f3n<\/a><\/p><\/td>\n<\/tr>\n<tr class=\"row-12\">\n\t<td class=\"column-2\">S\u00f3lo escrito \/ oral<\/td><td class=\"column-3\">169 \u20ac<\/td>\n<\/tr>\n<\/tbody>\n<\/table>\n<!-- #tablepress-91 from cache -->\n<\/div><\/section><\/div>\n\n<style type=\"text\/css\" data-created_by=\"avia_inline_auto\" id=\"style-css-av-knkfqbex-2-4e963426631b334e253ee661c1bf10eb\">\n.flex_column.av-knkfqbex-2-4e963426631b334e253ee661c1bf10eb{\nborder-radius:0px 0px 0px 0px;\npadding:15px 15px 15px 15px;\nbackground-color:#fffdf3;\n}\n<\/style>\n<div  class='flex_column av-knkfqbex-2-4e963426631b334e253ee661c1bf10eb av_one_full  avia-builder-el-45  el_after_av_one_full  el_before_av_one_full  cta-section first flex_column_div  column-top-margin'     ><section  class='av_textblock_section av-knkfmihw-7-fdefdde2a535f6348fab64fb37e0db7d '   itemscope=\"itemscope\" itemtype=\"https:\/\/schema.org\/CreativeWork\" ><div class='avia_textblock cta-slogan'  itemprop=\"text\" ><p style=\"text-align: center;\"><strong>\u00bfQuieres aprobar el examen telc Deutsch B1?<\/strong><\/p>\n<\/div><\/section><br \/>\n<div  class='avia-button-wrap av-knkfnc9f-1-ff9699412a556f6edb22e786b8284ec1-wrap avia-button-center  avia-builder-el-47  el_after_av_textblock  avia-builder-el-last  cta-button'><a href='https:\/\/booking.kapitel-zwei.de\/' class='avia-button av-knkfnc9f-1-ff9699412a556f6edb22e786b8284ec1 av-link-btn avia-icon_select-no avia-size-medium avia-position-center avia-color-theme-color' target=\"_blank\" rel=\"noopener noreferrer\" aria-label=\"Reserva ahora\"><span class='avia_iconbox_title' >Reserva ahora<\/span><\/a><\/div><\/p><\/div>\n<style type=\"text\/css\" data-created_by=\"avia_inline_auto\" id=\"style-css-av-3wsd4a-4baec9753b977d47dac0d8f8bd3f026b\">\n.flex_column.av-3wsd4a-4baec9753b977d47dac0d8f8bd3f026b{\nborder-radius:0px 0px 0px 0px;\npadding:0px 0px 0px 0px;\n}\n<\/style>\n<div  class='flex_column av-3wsd4a-4baec9753b977d47dac0d8f8bd3f026b av_one_full  avia-builder-el-48  el_after_av_one_full  avia-builder-el-last  first flex_column_div av-zero-column-padding  column-top-margin'     ><section  class='av_textblock_section av-2q70i2-2583b0dc385260c3058483be530a0617 '   itemscope=\"itemscope\" itemtype=\"https:\/\/schema.org\/CreativeWork\" ><div class='avia_textblock'  itemprop=\"text\" ><p>Si tienes m\u00e1s preguntas sobre tu examen telc Deutsch B1 en Berl\u00edn, escribe a: berlin[at]kapitel-zwei.de<\/p>\n<\/div><\/section><\/div><\/p>\n","protected":false},"excerpt":{"rendered":"","protected":false},"author":16,"featured_media":0,"parent":9212,"menu_order":9,"comment_status":"closed","ping_status":"closed","template":"","meta":{"footnotes":""},"class_list":["post-9610","page","type-page","status-publish","hentry"],"yoast_head":"<!-- This site is optimized with the Yoast SEO Premium plugin v24.4 (Yoast SEO v24.4) - https:\/\/yoast.com\/wordpress\/plugins\/seo\/ -->\n<title>Examen Telc Deutsch B1 Examen \u2013 Escuela de idiomas Berl\u00edn<\/title>\n<meta name=\"description\" content=\"Examen telc Deutsch B1 Examen en escuela de idiomas de alem\u00e1n. Kapitel Zwei es un socio experto del Instituto telc reconocido por su excelencia. Curso de preparaci\u00f3n.\" \/>\n<meta name=\"robots\" content=\"index, follow, max-snippet:-1, max-image-preview:large, max-video-preview:-1\" \/>\n<link rel=\"canonical\" href=\"https:\/\/kapitel-zwei.de\/es\/cursos-de-aleman-en-berlin\/examen-telc-deutsch-b1\/\" \/>\n<meta property=\"og:locale\" content=\"es_ES\" \/>\n<meta property=\"og:type\" content=\"article\" \/>\n<meta property=\"og:title\" content=\"examen telc Deutsch B1\" \/>\n<meta property=\"og:description\" content=\"Examen telc Deutsch B1 Examen en escuela de idiomas de alem\u00e1n. Kapitel Zwei es un socio experto del Instituto telc reconocido por su excelencia. Curso de preparaci\u00f3n.\" \/>\n<meta property=\"og:url\" content=\"https:\/\/kapitel-zwei.de\/es\/cursos-de-aleman-en-berlin\/examen-telc-deutsch-b1\/\" \/>\n<meta property=\"og:site_name\" content=\"Kapitel Zwei Berlin\" \/>\n<meta property=\"article:publisher\" content=\"https:\/\/www.facebook.com\/kapitelzwei\/\" \/>\n<meta property=\"article:modified_time\" content=\"2026-03-01T08:10:36+00:00\" \/>\n<meta name=\"twitter:card\" content=\"summary_large_image\" \/>\n<meta name=\"twitter:site\" content=\"@kapitelzwei\" \/>\n<meta name=\"twitter:label1\" content=\"Tiempo de lectura\" \/>\n\t<meta name=\"twitter:data1\" content=\"4 minutos\" \/>\n<script type=\"application\/ld+json\" class=\"yoast-schema-graph\">{\"@context\":\"https:\/\/schema.org\",\"@graph\":[{\"@type\":\"WebPage\",\"@id\":\"https:\/\/kapitel-zwei.de\/es\/cursos-de-aleman-en-berlin\/examen-telc-deutsch-b1\/\",\"url\":\"https:\/\/kapitel-zwei.de\/es\/cursos-de-aleman-en-berlin\/examen-telc-deutsch-b1\/\",\"name\":\"Examen Telc Deutsch B1 Examen \u2013 Escuela de idiomas Berl\u00edn\",\"isPartOf\":{\"@id\":\"https:\/\/kapitel-zwei.de\/es\/#website\"},\"datePublished\":\"2015-11-19T23:27:01+00:00\",\"dateModified\":\"2026-03-01T08:10:36+00:00\",\"description\":\"Examen telc Deutsch B1 Examen en escuela de idiomas de alem\u00e1n. Kapitel Zwei es un socio experto del Instituto telc reconocido por su excelencia. Curso de preparaci\u00f3n.\",\"breadcrumb\":{\"@id\":\"https:\/\/kapitel-zwei.de\/es\/cursos-de-aleman-en-berlin\/examen-telc-deutsch-b1\/#breadcrumb\"},\"inLanguage\":\"es\",\"potentialAction\":[{\"@type\":\"ReadAction\",\"target\":[\"https:\/\/kapitel-zwei.de\/es\/cursos-de-aleman-en-berlin\/examen-telc-deutsch-b1\/\"]}]},{\"@type\":\"BreadcrumbList\",\"@id\":\"https:\/\/kapitel-zwei.de\/es\/cursos-de-aleman-en-berlin\/examen-telc-deutsch-b1\/#breadcrumb\",\"itemListElement\":[{\"@type\":\"ListItem\",\"position\":1,\"name\":\"Startseite\",\"item\":\"https:\/\/kapitel-zwei.de\/es\/\"},{\"@type\":\"ListItem\",\"position\":2,\"name\":\"Aprender alem\u00e1n\",\"item\":\"https:\/\/kapitel-zwei.de\/es\/cursos-de-aleman-en-berlin\/\"},{\"@type\":\"ListItem\",\"position\":3,\"name\":\"examen telc Deutsch B1\"}]},{\"@type\":\"WebSite\",\"@id\":\"https:\/\/kapitel-zwei.de\/es\/#website\",\"url\":\"https:\/\/kapitel-zwei.de\/es\/\",\"name\":\"Kapitel Zwei Berlin\",\"description\":\"Deutschkurs Berlin | Sprachschule Berlin | German language school Berlin | telc Berlin | Deutsch Pr\u00fcfung Berlin | Intensive German courses Berlin | TestDaF Pr\u00fcfung | Online Kurse\",\"publisher\":{\"@id\":\"https:\/\/kapitel-zwei.de\/es\/#organization\"},\"potentialAction\":[{\"@type\":\"SearchAction\",\"target\":{\"@type\":\"EntryPoint\",\"urlTemplate\":\"https:\/\/kapitel-zwei.de\/es\/?s={search_term_string}\"},\"query-input\":{\"@type\":\"PropertyValueSpecification\",\"valueRequired\":true,\"valueName\":\"search_term_string\"}}],\"inLanguage\":\"es\"},{\"@type\":\"Organization\",\"@id\":\"https:\/\/kapitel-zwei.de\/es\/#organization\",\"name\":\"Kapitel Zwei. Deutsch-Sprachschule Berlin GmbH\",\"url\":\"https:\/\/kapitel-zwei.de\/es\/\",\"logo\":{\"@type\":\"ImageObject\",\"inLanguage\":\"es\",\"@id\":\"https:\/\/kapitel-zwei.de\/es\/#\/schema\/logo\/image\/\",\"url\":\"https:\/\/kapitel-zwei.de\/wp-content\/uploads\/2018\/08\/Kapitel-Zwei-Berlin-Sprachschule-Deutsch-Deutschkurse-Berlin.jpg\",\"contentUrl\":\"https:\/\/kapitel-zwei.de\/wp-content\/uploads\/2018\/08\/Kapitel-Zwei-Berlin-Sprachschule-Deutsch-Deutschkurse-Berlin.jpg\",\"width\":350,\"height\":101,\"caption\":\"Kapitel Zwei. Deutsch-Sprachschule Berlin GmbH\"},\"image\":{\"@id\":\"https:\/\/kapitel-zwei.de\/es\/#\/schema\/logo\/image\/\"},\"sameAs\":[\"https:\/\/www.facebook.com\/kapitelzwei\/\",\"https:\/\/x.com\/kapitelzwei\"]}]}<\/script>\n<!-- \/ Yoast SEO Premium plugin. -->","yoast_head_json":{"title":"Examen Telc Deutsch B1 Examen \u2013 Escuela de idiomas Berl\u00edn","description":"Examen telc Deutsch B1 Examen en escuela de idiomas de alem\u00e1n. Kapitel Zwei es un socio experto del Instituto telc reconocido por su excelencia. Curso de preparaci\u00f3n.","robots":{"index":"index","follow":"follow","max-snippet":"max-snippet:-1","max-image-preview":"max-image-preview:large","max-video-preview":"max-video-preview:-1"},"canonical":"https:\/\/kapitel-zwei.de\/es\/cursos-de-aleman-en-berlin\/examen-telc-deutsch-b1\/","og_locale":"es_ES","og_type":"article","og_title":"examen telc Deutsch B1","og_description":"Examen telc Deutsch B1 Examen en escuela de idiomas de alem\u00e1n. Kapitel Zwei es un socio experto del Instituto telc reconocido por su excelencia. Curso de preparaci\u00f3n.","og_url":"https:\/\/kapitel-zwei.de\/es\/cursos-de-aleman-en-berlin\/examen-telc-deutsch-b1\/","og_site_name":"Kapitel Zwei Berlin","article_publisher":"https:\/\/www.facebook.com\/kapitelzwei\/","article_modified_time":"2026-03-01T08:10:36+00:00","twitter_card":"summary_large_image","twitter_site":"@kapitelzwei","twitter_misc":{"Tiempo de lectura":"4 minutos"},"schema":{"@context":"https:\/\/schema.org","@graph":[{"@type":"WebPage","@id":"https:\/\/kapitel-zwei.de\/es\/cursos-de-aleman-en-berlin\/examen-telc-deutsch-b1\/","url":"https:\/\/kapitel-zwei.de\/es\/cursos-de-aleman-en-berlin\/examen-telc-deutsch-b1\/","name":"Examen Telc Deutsch B1 Examen \u2013 Escuela de idiomas Berl\u00edn","isPartOf":{"@id":"https:\/\/kapitel-zwei.de\/es\/#website"},"datePublished":"2015-11-19T23:27:01+00:00","dateModified":"2026-03-01T08:10:36+00:00","description":"Examen telc Deutsch B1 Examen en escuela de idiomas de alem\u00e1n. Kapitel Zwei es un socio experto del Instituto telc reconocido por su excelencia. Curso de preparaci\u00f3n.","breadcrumb":{"@id":"https:\/\/kapitel-zwei.de\/es\/cursos-de-aleman-en-berlin\/examen-telc-deutsch-b1\/#breadcrumb"},"inLanguage":"es","potentialAction":[{"@type":"ReadAction","target":["https:\/\/kapitel-zwei.de\/es\/cursos-de-aleman-en-berlin\/examen-telc-deutsch-b1\/"]}]},{"@type":"BreadcrumbList","@id":"https:\/\/kapitel-zwei.de\/es\/cursos-de-aleman-en-berlin\/examen-telc-deutsch-b1\/#breadcrumb","itemListElement":[{"@type":"ListItem","position":1,"name":"Startseite","item":"https:\/\/kapitel-zwei.de\/es\/"},{"@type":"ListItem","position":2,"name":"Aprender alem\u00e1n","item":"https:\/\/kapitel-zwei.de\/es\/cursos-de-aleman-en-berlin\/"},{"@type":"ListItem","position":3,"name":"examen telc Deutsch B1"}]},{"@type":"WebSite","@id":"https:\/\/kapitel-zwei.de\/es\/#website","url":"https:\/\/kapitel-zwei.de\/es\/","name":"Kapitel Zwei Berlin","description":"Deutschkurs Berlin | Sprachschule Berlin | German language school Berlin | telc Berlin | Deutsch Pr\u00fcfung Berlin | Intensive German courses Berlin | TestDaF Pr\u00fcfung | Online Kurse","publisher":{"@id":"https:\/\/kapitel-zwei.de\/es\/#organization"},"potentialAction":[{"@type":"SearchAction","target":{"@type":"EntryPoint","urlTemplate":"https:\/\/kapitel-zwei.de\/es\/?s={search_term_string}"},"query-input":{"@type":"PropertyValueSpecification","valueRequired":true,"valueName":"search_term_string"}}],"inLanguage":"es"},{"@type":"Organization","@id":"https:\/\/kapitel-zwei.de\/es\/#organization","name":"Kapitel Zwei. Deutsch-Sprachschule Berlin GmbH","url":"https:\/\/kapitel-zwei.de\/es\/","logo":{"@type":"ImageObject","inLanguage":"es","@id":"https:\/\/kapitel-zwei.de\/es\/#\/schema\/logo\/image\/","url":"https:\/\/kapitel-zwei.de\/wp-content\/uploads\/2018\/08\/Kapitel-Zwei-Berlin-Sprachschule-Deutsch-Deutschkurse-Berlin.jpg","contentUrl":"https:\/\/kapitel-zwei.de\/wp-content\/uploads\/2018\/08\/Kapitel-Zwei-Berlin-Sprachschule-Deutsch-Deutschkurse-Berlin.jpg","width":350,"height":101,"caption":"Kapitel Zwei. Deutsch-Sprachschule Berlin GmbH"},"image":{"@id":"https:\/\/kapitel-zwei.de\/es\/#\/schema\/logo\/image\/"},"sameAs":["https:\/\/www.facebook.com\/kapitelzwei\/","https:\/\/x.com\/kapitelzwei"]}]}},"_links":{"self":[{"href":"https:\/\/kapitel-zwei.de\/es\/wp-json\/wp\/v2\/pages\/9610","targetHints":{"allow":["GET"]}}],"collection":[{"href":"https:\/\/kapitel-zwei.de\/es\/wp-json\/wp\/v2\/pages"}],"about":[{"href":"https:\/\/kapitel-zwei.de\/es\/wp-json\/wp\/v2\/types\/page"}],"author":[{"embeddable":true,"href":"https:\/\/kapitel-zwei.de\/es\/wp-json\/wp\/v2\/users\/16"}],"replies":[{"embeddable":true,"href":"https:\/\/kapitel-zwei.de\/es\/wp-json\/wp\/v2\/comments?post=9610"}],"version-history":[{"count":51,"href":"https:\/\/kapitel-zwei.de\/es\/wp-json\/wp\/v2\/pages\/9610\/revisions"}],"predecessor-version":[{"id":125756,"href":"https:\/\/kapitel-zwei.de\/es\/wp-json\/wp\/v2\/pages\/9610\/revisions\/125756"}],"up":[{"embeddable":true,"href":"https:\/\/kapitel-zwei.de\/es\/wp-json\/wp\/v2\/pages\/9212"}],"wp:attachment":[{"href":"https:\/\/kapitel-zwei.de\/es\/wp-json\/wp\/v2\/media?parent=9610"}],"curies":[{"name":"wp","href":"https:\/\/api.w.org\/{rel}","templated":true}]}}