{"id":9703,"date":"2015-11-20T00:42:34","date_gmt":"2015-11-19T23:42:34","guid":{"rendered":"http:\/\/relaunch.kapitel-zwei.de\/es\/cursos-de-aleman-en-berlin\/aussprachetraining-deutsch\/"},"modified":"2024-09-27T16:13:03","modified_gmt":"2024-09-27T14:13:03","slug":"curso-de-pronunciacion-alemana","status":"publish","type":"page","link":"https:\/\/kapitel-zwei.de\/es\/cursos-de-aleman-en-berlin\/curso-de-pronunciacion-alemana\/","title":{"rendered":"Curso de pronunciaci\u00f3n"},"content":{"rendered":"\n<style type=\"text\/css\" data-created_by=\"avia_inline_auto\" id=\"style-css-av-21xk6hj-10d15fdfe07842f5052c026f2565a2ae\">\n.flex_column.av-21xk6hj-10d15fdfe07842f5052c026f2565a2ae{\nborder-radius:0px 0px 0px 0px;\npadding:0px 0px 0px 0px;\n}\n<\/style>\n<div  class='flex_column av-21xk6hj-10d15fdfe07842f5052c026f2565a2ae av_one_full  avia-builder-el-0  el_before_av_one_full  avia-builder-el-first  first flex_column_div av-zero-column-padding  '     ><section  class='av_textblock_section av-kjyojd7k-bb6516da01b1b0919d174ab4183889bc '   itemscope=\"itemscope\" itemtype=\"https:\/\/schema.org\/CreativeWork\" ><div class='avia_textblock'  itemprop=\"text\" ><h1><span style=\"color: #ff6600;\">Curso de pronunciaci\u00f3n en Berl\u00edn o curso online! <\/span><\/h1>\n<h2><span style=\"color: #ff6600;\">Desde principiantes hasta avanzados (A2 -C1)<\/span><\/h2>\n<\/div><\/section><\/div>\n\n<style type=\"text\/css\" data-created_by=\"avia_inline_auto\" id=\"style-css-av-1ztn753-0635dae756397de3a321fe42444aad38\">\n.flex_column.av-1ztn753-0635dae756397de3a321fe42444aad38{\nborder-radius:0px 0px 0px 0px;\npadding:15px 15px 15px 15px;\nbackground-color:#dfffdd;\n}\n<\/style>\n<div  class='flex_column av-1ztn753-0635dae756397de3a321fe42444aad38 av_one_full  avia-builder-el-2  el_after_av_one_full  el_before_av_one_half  first flex_column_div  column-top-margin'     ><section  class='av_textblock_section av-1xpt7tj-451a1983b3f69813ca24928b774baeca '   itemscope=\"itemscope\" itemtype=\"https:\/\/schema.org\/CreativeWork\" ><div class='avia_textblock'  itemprop=\"text\" ><h3>Los nuevos cursos de pronunciaci\u00f3n en l\u00ednea (online) y en el aula real comienzan cada mes en Berl\u00edn en Kapitel Zwei.<\/h3>\n<p>Ya sean clases\u00a0<strong>virtuales<\/strong>\u00a0o\u00a0<strong>reales<\/strong>\u00a0\u2013 nuestros cursos de alem\u00e1n siguen siendo de alta calidad, profesionales y confiables.<\/p>\n<\/div><\/section><\/div>\n\n<style type=\"text\/css\" data-created_by=\"avia_inline_auto\" id=\"style-css-av-1udm0hz-c6d43ef38a4c700752776c1e36bcb89a\">\n.flex_column.av-1udm0hz-c6d43ef38a4c700752776c1e36bcb89a{\nborder-radius:0px 0px 0px 0px;\npadding:0px 0px 0px 0px;\n}\n<\/style>\n<div  class='flex_column av-1udm0hz-c6d43ef38a4c700752776c1e36bcb89a av_one_half  avia-builder-el-4  el_after_av_one_full  el_before_av_one_half  first flex_column_div av-zero-column-padding  column-top-margin'     ><p><section  class='av_textblock_section av-1u5589z-bcf7ea7728b9a0cc89d172db602bbdbb '   itemscope=\"itemscope\" itemtype=\"https:\/\/schema.org\/CreativeWork\" ><div class='avia_textblock'  itemprop=\"text\" ><p>\u00bfQuieres mejorar tu pronunciaci\u00f3n en alem\u00e1n? \u00bfQuieres trabajar en esos sonidos que no existen en tu idioma?<\/p>\n<\/div><\/section><br \/>\n<section  class='av_textblock_section av-1u5589z-bcf7ea7728b9a0cc89d172db602bbdbb '   itemscope=\"itemscope\" itemtype=\"https:\/\/schema.org\/CreativeWork\" ><div class='avia_textblock'  itemprop=\"text\" ><p>En este curso de alem\u00e1n entrenamos tu pronunciaci\u00f3n alemana (la fon\u00e9tica) en palabras y frases. Practicamos intesamente los sonidos de la lengua alemana que quiz\u00e1s no existen en tu lengua materna y que son dificiles para t\u00ed. Aprendemos juntos c\u00f3mo dar la entonaci\u00f3n y c\u00f3mo suena la melod\u00eda.<\/p>\n<\/div><\/section><\/p><\/div>\n\n<style type=\"text\/css\" data-created_by=\"avia_inline_auto\" id=\"style-css-av-1ztn753-3cf2d8361b52141571a0cb6960b13166\">\n.flex_column.av-1ztn753-3cf2d8361b52141571a0cb6960b13166{\nborder-radius:0px 0px 0px 0px;\npadding:15px 15px 15px 15px;\nbackground-color:#fff8ed;\n}\n<\/style>\n<div  class='flex_column av-1ztn753-3cf2d8361b52141571a0cb6960b13166 av_one_half  avia-builder-el-7  el_after_av_one_half  el_before_av_hr  flex_column_div  column-top-margin'     ><section  class='av_textblock_section av-1xpt7tj-f6dd1e4ff218ebcf79071e38c431b5a7 '   itemscope=\"itemscope\" itemtype=\"https:\/\/schema.org\/CreativeWork\" ><div class='avia_textblock'  itemprop=\"text\" ><h3><span style=\"color: #ff6600 !important;\">Ense\u00f1anza<\/span><\/h3>\n<h3><span style=\"color: #ff6600 !important;\">\u2013 presencial en un aula real (#offline): 82 \u20ac!<\/span><\/h3>\n<h3><span style=\"color: #ff6600 !important;\">\u2013 en aulas virtuales (#online): 82 \u20ac!<\/span><\/h3>\n<\/div><\/section><\/div><div  class='hr av-1we9qv-449d68b86421471631695b63abd92900 hr-default  avia-builder-el-9  el_after_av_one_half  el_before_av_hr '><span class='hr-inner '><span class=\"hr-inner-style\"><\/span><\/span><\/div><\/p>\n\n<style type=\"text\/css\" data-created_by=\"avia_inline_auto\" id=\"style-css-av-1k1dldj-2004798abe337c670d30b5a36464aa4b\">\n#top .hr.hr-invisible.av-1k1dldj-2004798abe337c670d30b5a36464aa4b{\nheight:10px;\n}\n<\/style>\n<div  class='hr av-1k1dldj-2004798abe337c670d30b5a36464aa4b hr-invisible  avia-builder-el-10  el_after_av_hr  el_before_av_hr '><span class='hr-inner '><span class=\"hr-inner-style\"><\/span><\/span><\/div>\n\n<style type=\"text\/css\" data-created_by=\"avia_inline_auto\" id=\"style-css-av-1k1dldj-2004798abe337c670d30b5a36464aa4b\">\n#top .hr.hr-invisible.av-1k1dldj-2004798abe337c670d30b5a36464aa4b{\nheight:10px;\n}\n<\/style>\n<div  class='hr av-1k1dldj-2004798abe337c670d30b5a36464aa4b hr-invisible  avia-builder-el-11  el_after_av_hr  el_before_av_hr '><span class='hr-inner '><span class=\"hr-inner-style\"><\/span><\/span><\/div>\n\n<style type=\"text\/css\" data-created_by=\"avia_inline_auto\" id=\"style-css-av-1k1dldj-2004798abe337c670d30b5a36464aa4b\">\n#top .hr.hr-invisible.av-1k1dldj-2004798abe337c670d30b5a36464aa4b{\nheight:10px;\n}\n<\/style>\n<div  class='hr av-1k1dldj-2004798abe337c670d30b5a36464aa4b hr-invisible  avia-builder-el-12  el_after_av_hr  el_before_av_textblock '><span class='hr-inner '><span class=\"hr-inner-style\"><\/span><\/span><\/div>\n<section  class='av_textblock_section av-1hg11fr-724ebba69a8c63d96f6785b1f17473ff '   itemscope=\"itemscope\" itemtype=\"https:\/\/schema.org\/CreativeWork\" ><div class='avia_textblock tablepress_scroll-if-too-large'  itemprop=\"text\" ><h2 id=\"tablepress-274-name\" class=\"tablepress-table-name tablepress-table-name-id-274\">Curso de pronunciaci\u00f3n - Visi\u00f3n general de los cursos offline y online<\/h2>\n\n<table id=\"tablepress-274\" class=\"tablepress tablepress-id-274 tablepress_too_large tbody-has-connected-cells\" aria-labelledby=\"tablepress-274-name\">\n<thead>\n<tr class=\"row-1\">\n\t<th class=\"column-1\"><p style=\"color:white !important;\">Curso de pronunciaci\u00f3n <\/p><\/th><th class=\"column-2\"><p style=\"background-color:#f60 !important; color:white !important; text-align: center;\"><br \/>\nCursos offline<br \/>\naula real<br \/>\n<br \/>\nLos cursos comienzan cada mes<br \/>\n(4 semanas)<br \/>\n<br \/>\n<\/p><\/th><th class=\"column-3\"><p style=\"background-color:#f60 !important; color:white !important; text-align: center;\"><br \/>\nCursos online<br \/>\naula virtual<br \/>\n<br \/>\nLos cursos comienzan cada mes<br \/>\n(4 semanas)<br \/>\n<br \/>\n<\/p><\/th>\n<\/tr>\n<\/thead>\n<tbody class=\"row-striping\">\n<tr class=\"row-2\">\n\t<td class=\"column-1\"><p style=\"text-align: center; background-color:#FFEEE6 !important; \"><br \/>\nInicio del curso<br \/>\n<br \/>\n<\/p><\/td><td colspan=\"2\" class=\"column-2\"><p style=\"text-align: center; background-color:#FFEEE6 !important; \"><br \/>\n<a href=\"https:\/\/kapitel-zwei.de\/es\/fechas-del-curso\/\">Los cursos de alem\u00e1n comienzan cada mes, durante todo el a\u00f1o (fechas de los cursos)<\/a><br \/>\n<br \/>\n <\/p><\/td>\n<\/tr>\n<tr class=\"row-3\">\n\t<td class=\"column-1\"><p style=\"text-align: center; background-color:#FFEEE6 !important; \"><br \/>\n<br \/>\nPrecios<br \/>\n<br \/>\n<br \/>\n<\/p><\/td><td class=\"column-2\"><p style=\"text-align: center; background-color:#FFEEE6 !important; \"><br \/>\n<br \/>\n<b>82 \u20ac<\/b><br \/>\n<br \/>\n<br \/>\n<\/p><\/td><td class=\"column-3\"><p style=\"text-align: center; background-color:#FFEEE6 !important; \"><br \/>\n<br \/>\n<b>82 \u20ac<\/b><br \/>\n<br \/>\n<br \/>\n<\/p><\/td>\n<\/tr>\n<tr class=\"row-4\">\n\t<td class=\"column-1\"><p style=\"text-align: center; background-color:#FFEEE6 !important; \"><br \/>\nHorario, <br \/>\nD\u00eda de la semana<br \/>\n<br \/>\n<\/p><\/td><td class=\"column-2\"><br \/>\n12-15 h | Viernes<br \/>\n<br \/>\n<br \/>\n<\/td><td class=\"column-3\"><br \/>\n12-14 h | Viernes<br \/>\n<br \/>\n<br \/>\n<br \/>\n<br \/>\n<\/td>\n<\/tr>\n<tr class=\"row-5\">\n\t<td class=\"column-1\"><p style=\"text-align: center; background-color:#FFEEE6 !important; \"><br \/>\nUnidades lectivas<br \/>\n<br \/>\n<\/p><\/td><td class=\"column-2\"><br \/>\n4 UL\/ semana<br \/>\n<br \/>\n1 vez por semana<\/td><td class=\"column-3\"><br \/>\n\u2248 3 UL \/ semana<br \/>\n<br \/>\n1 vez por semana<\/td>\n<\/tr>\n<tr class=\"row-6\">\n\t<td class=\"column-1\"><p style=\"text-align: center; background-color:#FFEEE6 !important; \"><br \/>\nTama\u00f1o<br \/>\ndel grupo<br \/>\n<br \/>\n<\/p><\/td><td class=\"column-2\"><br \/>\n5-12 participantes<\/td><td class=\"column-3\"><br \/>\nmax. 9 participantes<br \/>\n<\/td>\n<\/tr>\n<tr class=\"row-7\">\n\t<td class=\"column-1\"><p style=\"text-align: center; background-color:#FFEEE6 !important; \"><br \/>\nNivel<br \/>\n<br \/>\n<\/p><\/td><td colspan=\"2\" class=\"column-2\"><br \/>\nA2 - C1<br \/>\n<br \/>\n<\/td>\n<\/tr>\n<\/tbody>\n<\/table>\n<!-- #tablepress-274 from cache -->\n<\/div><\/section>\n\n<style type=\"text\/css\" data-created_by=\"avia_inline_auto\" id=\"style-css-av-1k1dldj-2004798abe337c670d30b5a36464aa4b\">\n#top .hr.hr-invisible.av-1k1dldj-2004798abe337c670d30b5a36464aa4b{\nheight:10px;\n}\n<\/style>\n<div  class='hr av-1k1dldj-2004798abe337c670d30b5a36464aa4b hr-invisible  avia-builder-el-14  el_after_av_textblock  el_before_av_one_full '><span class='hr-inner '><span class=\"hr-inner-style\"><\/span><\/span><\/div>\n\n<style type=\"text\/css\" data-created_by=\"avia_inline_auto\" id=\"style-css-av-5ib9nr-7a939288e7d5f08227218865badb3542\">\n.flex_column.av-5ib9nr-7a939288e7d5f08227218865badb3542{\nborder-radius:0px 0px 0px 0px;\npadding:0px 0px 0px 0px;\n}\n<\/style>\n<div  class='flex_column av-5ib9nr-7a939288e7d5f08227218865badb3542 av_one_full  avia-builder-el-15  el_after_av_hr  el_before_av_button  first flex_column_div av-zero-column-padding  '     ><section  class='av_textblock_section av-j5st0h-aa22767d48a8d2652ad54d56c890627e '   itemscope=\"itemscope\" itemtype=\"https:\/\/schema.org\/CreativeWork\" ><div class='avia_textblock cta-slogan'  itemprop=\"text\" ><p style=\"text-align: center;\"><strong>\u00bfQuieres mejorar tu pronunciaci\u00f3n en alem\u00e1n?<\/strong><\/p>\n<\/div><\/section><\/div>\n<div  class='avia-button-wrap av-5916p4x-6171fbbeb62e0b57e8465e1c28714629-wrap avia-button-center  avia-builder-el-17  el_after_av_one_full  el_before_av_hr  cta-button'><a href='https:\/\/kapitel-zwei.de\/es\/inscripcion-academia-aleman\/'  class='avia-button av-5916p4x-6171fbbeb62e0b57e8465e1c28714629 av-link-btn avia-icon_select-no avia-size-medium avia-position-center avia-color-theme-color'   aria-label=\"\u00a1Inscr\u00edbete ahora mismo!\"><span class='avia_iconbox_title' >\u00a1Inscr\u00edbete ahora mismo!<\/span><\/a><\/div>\n\n<style type=\"text\/css\" data-created_by=\"avia_inline_auto\" id=\"style-css-av-1k1dldj-2004798abe337c670d30b5a36464aa4b\">\n#top .hr.hr-invisible.av-1k1dldj-2004798abe337c670d30b5a36464aa4b{\nheight:10px;\n}\n<\/style>\n<div  class='hr av-1k1dldj-2004798abe337c670d30b5a36464aa4b hr-invisible  avia-builder-el-18  el_after_av_button  el_before_av_one_full '><span class='hr-inner '><span class=\"hr-inner-style\"><\/span><\/span><\/div>\n\n<style type=\"text\/css\" data-created_by=\"avia_inline_auto\" id=\"style-css-av-4pt17r-653ad1c1173f7df72ad60b450ab40417\">\n.flex_column.av-4pt17r-653ad1c1173f7df72ad60b450ab40417{\nborder-radius:0px 0px 0px 0px;\npadding:0px 0px 0px 0px;\n}\n<\/style>\n<div  class='flex_column av-4pt17r-653ad1c1173f7df72ad60b450ab40417 av_one_full  avia-builder-el-19  el_after_av_hr  el_before_av_one_third  first flex_column_div av-zero-column-padding  '     ><section  class='av_textblock_section av-194sksn-47e14cad12e0aae276a05962c3ecfabb '   itemscope=\"itemscope\" itemtype=\"https:\/\/schema.org\/CreativeWork\" ><div class='avia_textblock'  itemprop=\"text\" ><h1><span style=\"color: #ff6600;\">Estructura del curso de pronunciaci\u00f3n en Berl\u00edn<\/span><\/h1>\n<\/div><\/section><\/div>\n\n<style type=\"text\/css\" data-created_by=\"avia_inline_auto\" id=\"style-css-av-18d4clj-1298dd143d5c0dcfcf24cb5dc895b076\">\n.flex_column.av-18d4clj-1298dd143d5c0dcfcf24cb5dc895b076{\nborder-radius:0px 0px 0px 0px;\npadding:0px 0px 0px 0px;\n}\n<\/style>\n<div  class='flex_column av-18d4clj-1298dd143d5c0dcfcf24cb5dc895b076 av_one_third  avia-builder-el-21  el_after_av_one_full  el_before_av_two_third  first flex_column_div av-zero-column-padding  column-top-margin'     ><style type=\"text\/css\" data-created_by=\"avia_inline_auto\" id=\"style-css-av-16u1jfb-46d59412d04b9123a79fe2a4d3f02b51\">\n.avia-image-container.av-16u1jfb-46d59412d04b9123a79fe2a4d3f02b51 img.avia_image{\nbox-shadow:none;\n}\n.avia-image-container.av-16u1jfb-46d59412d04b9123a79fe2a4d3f02b51 .av-image-caption-overlay-center{\ncolor:#ffffff;\n}\n<\/style>\n<div  class='avia-image-container av-16u1jfb-46d59412d04b9123a79fe2a4d3f02b51 av-styling- avia-align-left  avia-builder-el-22  avia-builder-el-no-sibling '   itemprop=\"image\" itemscope=\"itemscope\" itemtype=\"https:\/\/schema.org\/ImageObject\" ><div class=\"avia-image-container-inner\"><div class=\"avia-image-overlay-wrap\"><img decoding=\"async\" fetchpriority=\"high\" class='wp-image-30479 avia-img-lazy-loading-not-30479 avia_image ' src=\"https:\/\/kapitel-zwei.de\/wp-content\/uploads\/2018\/10\/Curso-de-pronunciaci\u00f3n-en-Berlin-alem\u00e1n2-300x169.jpg\" alt='Curso de pronunciaci\u00f3n en Berlin alem\u00e1n' title='Curso de pronunciaci\u00f3n en Berlin alem\u00e1n'  height=\"169\" width=\"300\"  itemprop=\"thumbnailUrl\" srcset=\"https:\/\/kapitel-zwei.de\/wp-content\/uploads\/2018\/10\/Curso-de-pronunciaci\u00f3n-en-Berlin-alem\u00e1n2-300x169.jpg 300w, https:\/\/kapitel-zwei.de\/wp-content\/uploads\/2018\/10\/Curso-de-pronunciaci\u00f3n-en-Berlin-alem\u00e1n2-80x45.jpg 80w, https:\/\/kapitel-zwei.de\/wp-content\/uploads\/2018\/10\/Curso-de-pronunciaci\u00f3n-en-Berlin-alem\u00e1n2-768x432.jpg 768w, https:\/\/kapitel-zwei.de\/wp-content\/uploads\/2018\/10\/Curso-de-pronunciaci\u00f3n-en-Berlin-alem\u00e1n2-1030x579.jpg 1030w, https:\/\/kapitel-zwei.de\/wp-content\/uploads\/2018\/10\/Curso-de-pronunciaci\u00f3n-en-Berlin-alem\u00e1n2-705x397.jpg 705w, https:\/\/kapitel-zwei.de\/wp-content\/uploads\/2018\/10\/Curso-de-pronunciaci\u00f3n-en-Berlin-alem\u00e1n2-450x253.jpg 450w, https:\/\/kapitel-zwei.de\/wp-content\/uploads\/2018\/10\/Curso-de-pronunciaci\u00f3n-en-Berlin-alem\u00e1n2.jpg 1280w\" sizes=\"(max-width: 300px) 100vw, 300px\" \/><\/div><\/div><\/div><\/div>\n\n<style type=\"text\/css\" data-created_by=\"avia_inline_auto\" id=\"style-css-av-14ui3dj-9ee2253a9c521a5d4b01278511fefa3d\">\n.flex_column.av-14ui3dj-9ee2253a9c521a5d4b01278511fefa3d{\nborder-radius:0px 0px 0px 0px;\npadding:15px 15px 15px 15px;\nbackground-color:#fffdf3;\n}\n<\/style>\n<div  class='flex_column av-14ui3dj-9ee2253a9c521a5d4b01278511fefa3d av_two_third  avia-builder-el-23  el_after_av_one_third  el_before_av_hr  flex_column_div  column-top-margin'     ><section  class='av_textblock_section av-13frj7b-f1478941ecfe8d935b9e23a509617cbc '   itemscope=\"itemscope\" itemtype=\"https:\/\/schema.org\/CreativeWork\" ><div class='avia_textblock'  itemprop=\"text\" ><h3><span style=\"color: #ff6600;\">Semana 1<\/span><\/h3>\n<\/div><\/section><br \/>\n\n<style type=\"text\/css\" data-created_by=\"avia_inline_auto\" id=\"style-css-av-10z9nuf-421e360ac7d1a23c4ad9d5e9aa7fa615\">\n#top .av_textblock_section.av-10z9nuf-421e360ac7d1a23c4ad9d5e9aa7fa615 .avia_textblock{\nfont-size:16px;\n}\n<\/style>\n<section  class='av_textblock_section av-10z9nuf-421e360ac7d1a23c4ad9d5e9aa7fa615 '   itemscope=\"itemscope\" itemtype=\"https:\/\/schema.org\/CreativeWork\" ><div class='avia_textblock'  itemprop=\"text\" ><ul>\n<li>Introducci\u00f3n <strong>te\u00f3rica<\/strong> y <strong>pr\u00e1ctica<\/strong> de todas las caracter\u00edsticas importantes de la pronunciaci\u00f3n en la lengua alemana.<\/li>\n<li>Estudio de las <strong>variantes de pronunciaci\u00f3n<\/strong> individuales de todas las letras (estudio de los <strong>fonemas<\/strong> de la lengua alemana)<\/li>\n<li><strong>An\u00e1lisis de los problemas<\/strong> que puedan surgir a cada estudiante durante este curso.<\/li>\n<li>Ejercicios de 10-15 minutos para posicionar correctamente y <strong>entrenar los m\u00fasculos de la boca y la mand\u00edbula<\/strong>.<\/li>\n<li>Primer <strong>entrenamiento de los tonos<\/strong> que presentan mayor dificultad para todos.<\/li>\n<li>Primeros ejercicios para <strong>enfatizar palabras<\/strong> (por ejemplo, verbos separables vs. no separables, compuestos)<\/li>\n<li>Primeros ejercicios sobre la<strong> melod\u00eda de las frases, \u00e9nfasis en las frases, preguntas<\/strong> &#8230;.<\/li>\n<\/ul>\n<\/div><\/section><\/p><\/div>\n\n<style type=\"text\/css\" data-created_by=\"avia_inline_auto\" id=\"style-css-av-yykulj-c12d4ae5f164edc8bb4c8253026e909e\">\n#top .hr.hr-invisible.av-yykulj-c12d4ae5f164edc8bb4c8253026e909e{\nheight:10px;\n}\n<\/style>\n<div  class='hr av-yykulj-c12d4ae5f164edc8bb4c8253026e909e hr-invisible  avia-builder-el-26  el_after_av_two_third  el_before_av_one_third '><span class='hr-inner '><span class=\"hr-inner-style\"><\/span><\/span><\/div>\n\n<style type=\"text\/css\" data-created_by=\"avia_inline_auto\" id=\"style-css-av-xoz9dj-589a66de404a0bd9b10d68dbd46aa431\">\n.flex_column.av-xoz9dj-589a66de404a0bd9b10d68dbd46aa431{\nborder-radius:0px 0px 0px 0px;\npadding:0px 0px 0px 0px;\n}\n<\/style>\n<div  class='flex_column av-xoz9dj-589a66de404a0bd9b10d68dbd46aa431 av_one_third  avia-builder-el-27  el_after_av_hr  el_before_av_two_third  first flex_column_div av-zero-column-padding  '     ><style type=\"text\/css\" data-created_by=\"avia_inline_auto\" id=\"style-css-av-vxcvo7-0351d2229ccda912323849760ec50674\">\n.avia-image-container.av-vxcvo7-0351d2229ccda912323849760ec50674 img.avia_image{\nbox-shadow:none;\n}\n.avia-image-container.av-vxcvo7-0351d2229ccda912323849760ec50674 .av-image-caption-overlay-center{\ncolor:#ffffff;\n}\n<\/style>\n<div  class='avia-image-container av-vxcvo7-0351d2229ccda912323849760ec50674 av-styling- avia-align-left  avia-builder-el-28  avia-builder-el-no-sibling '   itemprop=\"image\" itemscope=\"itemscope\" itemtype=\"https:\/\/schema.org\/ImageObject\" ><div class=\"avia-image-container-inner\"><div class=\"avia-image-overlay-wrap\"><img decoding=\"async\" fetchpriority=\"high\" class='wp-image-30480 avia-img-lazy-loading-not-30480 avia_image ' src=\"https:\/\/kapitel-zwei.de\/wp-content\/uploads\/2018\/10\/Curso-de-pronunciaci\u00f3n-en-Berlin-alem\u00e1n3-298x300.jpg\" alt='Curso de pronunciaci\u00f3n en Berlin alem\u00e1n' title='Curso de pronunciaci\u00f3n en Berlin alem\u00e1n'  height=\"300\" width=\"298\"  itemprop=\"thumbnailUrl\" srcset=\"https:\/\/kapitel-zwei.de\/wp-content\/uploads\/2018\/10\/Curso-de-pronunciaci\u00f3n-en-Berlin-alem\u00e1n3-298x300.jpg 298w, https:\/\/kapitel-zwei.de\/wp-content\/uploads\/2018\/10\/Curso-de-pronunciaci\u00f3n-en-Berlin-alem\u00e1n3-80x80.jpg 80w, https:\/\/kapitel-zwei.de\/wp-content\/uploads\/2018\/10\/Curso-de-pronunciaci\u00f3n-en-Berlin-alem\u00e1n3-36x36.jpg 36w, https:\/\/kapitel-zwei.de\/wp-content\/uploads\/2018\/10\/Curso-de-pronunciaci\u00f3n-en-Berlin-alem\u00e1n3-180x180.jpg 180w, https:\/\/kapitel-zwei.de\/wp-content\/uploads\/2018\/10\/Curso-de-pronunciaci\u00f3n-en-Berlin-alem\u00e1n3-700x705.jpg 700w, https:\/\/kapitel-zwei.de\/wp-content\/uploads\/2018\/10\/Curso-de-pronunciaci\u00f3n-en-Berlin-alem\u00e1n3-120x120.jpg 120w, https:\/\/kapitel-zwei.de\/wp-content\/uploads\/2018\/10\/Curso-de-pronunciaci\u00f3n-en-Berlin-alem\u00e1n3-450x453.jpg 450w, https:\/\/kapitel-zwei.de\/wp-content\/uploads\/2018\/10\/Curso-de-pronunciaci\u00f3n-en-Berlin-alem\u00e1n3.jpg 714w\" sizes=\"(max-width: 298px) 100vw, 298px\" \/><\/div><\/div><\/div><\/div>\n\n<style type=\"text\/css\" data-created_by=\"avia_inline_auto\" id=\"style-css-av-14ui3dj-9ee2253a9c521a5d4b01278511fefa3d\">\n.flex_column.av-14ui3dj-9ee2253a9c521a5d4b01278511fefa3d{\nborder-radius:0px 0px 0px 0px;\npadding:15px 15px 15px 15px;\nbackground-color:#fffdf3;\n}\n<\/style>\n<div  class='flex_column av-14ui3dj-9ee2253a9c521a5d4b01278511fefa3d av_two_third  avia-builder-el-29  el_after_av_one_third  el_before_av_hr  flex_column_div  '     ><section  class='av_textblock_section av-t9qg7b-ef5bb3ca48d6bed49d0eb4203b6833ea '   itemscope=\"itemscope\" itemtype=\"https:\/\/schema.org\/CreativeWork\" ><div class='avia_textblock'  itemprop=\"text\" ><h3><span style=\"color: #ff6600;\">Cada semana (2-4)<\/span><\/h3>\n<\/div><\/section><br \/>\n\n<style type=\"text\/css\" data-created_by=\"avia_inline_auto\" id=\"style-css-av-rgypav-42183c5a216810aa086649da425e157f\">\n#top .av_textblock_section.av-rgypav-42183c5a216810aa086649da425e157f .avia_textblock{\nfont-size:16px;\n}\n<\/style>\n<section  class='av_textblock_section av-rgypav-42183c5a216810aa086649da425e157f '   itemscope=\"itemscope\" itemtype=\"https:\/\/schema.org\/CreativeWork\" ><div class='avia_textblock'  itemprop=\"text\" ><p><strong>10-15 minutos de ejercicios<\/strong> para posicionar correctamente y entrenar los m\u00fasculos de la boca y la mand\u00edbula que necesitas para una buena pronunciaci\u00f3n en alem\u00e1n.<\/p>\n<h3>Parte 1<\/h3>\n<ul>\n<li>Aprendizaje y pr\u00e1ctica de los <strong>tonos m\u00e1s problem\u00e1ticos<\/strong> seg\u00fan el idioma de origen de los diferentes grupos de hablantes (<strong>p.ej.<\/strong> b\/p-w\/f para castellanoparlantes, r para idiomas de origen asi\u00e1tico).<\/li>\n<\/ul>\n<h3>Parte 2<\/h3>\n<ul>\n<li>Ejercicios para <strong>enfatizar palabras<\/strong> (por ejemplo, verbos separables\/no separables, compuestos).<\/li>\n<li>Ejercicios para la <strong>melod\u00eda de la frase, acentuaci\u00f3n de la frase.<\/strong><\/li>\n<\/ul>\n<\/div><\/section><\/p><\/div>\n\n<style type=\"text\/css\" data-created_by=\"avia_inline_auto\" id=\"style-css-av-pepqg7-acdc331eae5a34634c0016e47f392f22\">\n#top .hr.hr-invisible.av-pepqg7-acdc331eae5a34634c0016e47f392f22{\nheight:10px;\n}\n<\/style>\n<div  class='hr av-pepqg7-acdc331eae5a34634c0016e47f392f22 hr-invisible  avia-builder-el-32  el_after_av_two_third  el_before_av_one_third '><span class='hr-inner '><span class=\"hr-inner-style\"><\/span><\/span><\/div>\n\n<style type=\"text\/css\" data-created_by=\"avia_inline_auto\" id=\"style-css-av-o3pzo7-46030177aa87f86f8f5265b4415b05a0\">\n.flex_column.av-o3pzo7-46030177aa87f86f8f5265b4415b05a0{\nborder-radius:0px 0px 0px 0px;\npadding:0px 0px 0px 0px;\n}\n<\/style>\n<div  class='flex_column av-o3pzo7-46030177aa87f86f8f5265b4415b05a0 av_one_third  avia-builder-el-33  el_after_av_hr  el_before_av_two_third  first flex_column_div av-zero-column-padding  '     ><style type=\"text\/css\" data-created_by=\"avia_inline_auto\" id=\"style-css-av-lpfuon-90f6e5ff4fd128439aa2a7e6046d4a20\">\n.avia-image-container.av-lpfuon-90f6e5ff4fd128439aa2a7e6046d4a20 img.avia_image{\nbox-shadow:none;\n}\n.avia-image-container.av-lpfuon-90f6e5ff4fd128439aa2a7e6046d4a20 .av-image-caption-overlay-center{\ncolor:#ffffff;\n}\n<\/style>\n<div  class='avia-image-container av-lpfuon-90f6e5ff4fd128439aa2a7e6046d4a20 av-styling- avia-align-left  avia-builder-el-34  avia-builder-el-no-sibling '   itemprop=\"image\" itemscope=\"itemscope\" itemtype=\"https:\/\/schema.org\/ImageObject\" ><div class=\"avia-image-container-inner\"><div class=\"avia-image-overlay-wrap\"><img decoding=\"async\" fetchpriority=\"high\" class='wp-image-30481 avia-img-lazy-loading-not-30481 avia_image ' src=\"https:\/\/kapitel-zwei.de\/wp-content\/uploads\/2018\/10\/Curso-de-pronunciaci\u00f3n-en-Berlin-alem\u00e1n4-300x200.jpg\" alt='Curso de pronunciaci\u00f3n en Berlin alem\u00e1n' title='Curso de pronunciaci\u00f3n en Berlin alem\u00e1n'  height=\"200\" width=\"300\"  itemprop=\"thumbnailUrl\" srcset=\"https:\/\/kapitel-zwei.de\/wp-content\/uploads\/2018\/10\/Curso-de-pronunciaci\u00f3n-en-Berlin-alem\u00e1n4-300x200.jpg 300w, https:\/\/kapitel-zwei.de\/wp-content\/uploads\/2018\/10\/Curso-de-pronunciaci\u00f3n-en-Berlin-alem\u00e1n4-80x53.jpg 80w, https:\/\/kapitel-zwei.de\/wp-content\/uploads\/2018\/10\/Curso-de-pronunciaci\u00f3n-en-Berlin-alem\u00e1n4-768x512.jpg 768w, https:\/\/kapitel-zwei.de\/wp-content\/uploads\/2018\/10\/Curso-de-pronunciaci\u00f3n-en-Berlin-alem\u00e1n4-1030x686.jpg 1030w, https:\/\/kapitel-zwei.de\/wp-content\/uploads\/2018\/10\/Curso-de-pronunciaci\u00f3n-en-Berlin-alem\u00e1n4-705x470.jpg 705w, https:\/\/kapitel-zwei.de\/wp-content\/uploads\/2018\/10\/Curso-de-pronunciaci\u00f3n-en-Berlin-alem\u00e1n4-450x300.jpg 450w, https:\/\/kapitel-zwei.de\/wp-content\/uploads\/2018\/10\/Curso-de-pronunciaci\u00f3n-en-Berlin-alem\u00e1n4.jpg 1280w\" sizes=\"(max-width: 300px) 100vw, 300px\" \/><\/div><\/div><\/div><\/div>\n\n<style type=\"text\/css\" data-created_by=\"avia_inline_auto\" id=\"style-css-av-14ui3dj-9ee2253a9c521a5d4b01278511fefa3d\">\n.flex_column.av-14ui3dj-9ee2253a9c521a5d4b01278511fefa3d{\nborder-radius:0px 0px 0px 0px;\npadding:15px 15px 15px 15px;\nbackground-color:#fffdf3;\n}\n<\/style>\n<div  class='flex_column av-14ui3dj-9ee2253a9c521a5d4b01278511fefa3d av_two_third  avia-builder-el-35  el_after_av_one_third  el_before_av_hr  flex_column_div  '     ><section  class='av_textblock_section av-iqm1lz-9052c9338de26a9ea7f0e7b177fc2b02 '   itemscope=\"itemscope\" itemtype=\"https:\/\/schema.org\/CreativeWork\" ><div class='avia_textblock'  itemprop=\"text\" ><h3><span style=\"color: #ff6600;\">De utilidad<\/span><\/h3>\n<\/div><\/section><br \/>\n\n<style type=\"text\/css\" data-created_by=\"avia_inline_auto\" id=\"style-css-av-gvs4yf-a633f7fbcc7b5c28d297fb178baa59b9\">\n#top .av_textblock_section.av-gvs4yf-a633f7fbcc7b5c28d297fb178baa59b9 .avia_textblock{\nfont-size:16px;\n}\n<\/style>\n<section  class='av_textblock_section av-gvs4yf-a633f7fbcc7b5c28d297fb178baa59b9 '   itemscope=\"itemscope\" itemtype=\"https:\/\/schema.org\/CreativeWork\" ><div class='avia_textblock'  itemprop=\"text\" ><p>Recomendamos que, para mantenerte hidratad@, no te olvides de traerte agua o alguna bebida (no alcoh\u00f3lica o no azucarada, que siempre hidratan mejor) para tomar entre los ejercicios.<\/p>\n<\/div><\/section><\/p><\/div>\n\n<style type=\"text\/css\" data-created_by=\"avia_inline_auto\" id=\"style-css-av-pepqg7-acdc331eae5a34634c0016e47f392f22\">\n#top .hr.hr-invisible.av-pepqg7-acdc331eae5a34634c0016e47f392f22{\nheight:10px;\n}\n<\/style>\n<div  class='hr av-pepqg7-acdc331eae5a34634c0016e47f392f22 hr-invisible  avia-builder-el-38  el_after_av_two_third  el_before_av_one_full '><span class='hr-inner '><span class=\"hr-inner-style\"><\/span><\/span><\/div>\n\n<style type=\"text\/css\" data-created_by=\"avia_inline_auto\" id=\"style-css-av-3q1iwn-30babd1a7adeb71e5227f04420eaeeaa\">\n.flex_column.av-3q1iwn-30babd1a7adeb71e5227f04420eaeeaa{\nborder-radius:0px 0px 0px 0px;\npadding:0px 0px 0px 0px;\n}\n<\/style>\n<div  class='flex_column av-3q1iwn-30babd1a7adeb71e5227f04420eaeeaa av_one_full  avia-builder-el-39  el_after_av_hr  el_before_av_button  first flex_column_div av-zero-column-padding  '     ><section  class='av_textblock_section av-j5st0h-aa22767d48a8d2652ad54d56c890627e '   itemscope=\"itemscope\" itemtype=\"https:\/\/schema.org\/CreativeWork\" ><div class='avia_textblock cta-slogan'  itemprop=\"text\" ><p style=\"text-align: center;\"><strong>\u00bfQuieres mejorar tu pronunciaci\u00f3n en alem\u00e1n?<\/strong><\/p>\n<\/div><\/section><\/div>\n<div  class='avia-button-wrap av-5916p4x-6171fbbeb62e0b57e8465e1c28714629-wrap avia-button-center  avia-builder-el-41  el_after_av_one_full  el_before_av_hr  cta-button'><a href='https:\/\/kapitel-zwei.de\/es\/inscripcion-academia-aleman\/'  class='avia-button av-5916p4x-6171fbbeb62e0b57e8465e1c28714629 av-link-btn avia-icon_select-no avia-size-medium avia-position-center avia-color-theme-color'   aria-label=\"\u00a1Inscr\u00edbete ahora mismo!\"><span class='avia_iconbox_title' >\u00a1Inscr\u00edbete ahora mismo!<\/span><\/a><\/div>\n\n<style type=\"text\/css\" data-created_by=\"avia_inline_auto\" id=\"style-css-av-pepqg7-acdc331eae5a34634c0016e47f392f22\">\n#top .hr.hr-invisible.av-pepqg7-acdc331eae5a34634c0016e47f392f22{\nheight:10px;\n}\n<\/style>\n<div  class='hr av-pepqg7-acdc331eae5a34634c0016e47f392f22 hr-invisible  avia-builder-el-42  el_after_av_button  el_before_av_one_half '><span class='hr-inner '><span class=\"hr-inner-style\"><\/span><\/span><\/div>\n\n<style type=\"text\/css\" data-created_by=\"avia_inline_auto\" id=\"style-css-av-g2fgtz-83d07d0f2d685f254f4094f01b58c31a\">\n.flex_column.av-g2fgtz-83d07d0f2d685f254f4094f01b58c31a{\nborder-radius:0px 0px 0px 0px;\npadding:15px 15px 15px 15px;\nbackground-color:#fff8ed;\n}\n<\/style>\n<div  class='flex_column av-g2fgtz-83d07d0f2d685f254f4094f01b58c31a av_one_half  avia-builder-el-43  el_after_av_hr  el_before_av_one_half  first flex_column_div  '     ><style type=\"text\/css\" data-created_by=\"avia_inline_auto\" id=\"style-css-av-eniwlz-00712aa9b9c7353a1216c7f38539cb87\">\n#top .av_textblock_section.av-eniwlz-00712aa9b9c7353a1216c7f38539cb87 .avia_textblock{\nfont-size:16px;\n}\n<\/style>\n<section  class='av_textblock_section av-eniwlz-00712aa9b9c7353a1216c7f38539cb87 '   itemscope=\"itemscope\" itemtype=\"https:\/\/schema.org\/CreativeWork\" ><div class='avia_textblock'  itemprop=\"text\" ><h2><span style=\"color: #ff6600;\">Material did\u00e1ctico para el aprendizaje de la pronunciaci\u00f3n en Berl\u00edn.<\/span><\/h2>\n<\/div><\/section><br \/>\n<section  class='av_textblock_section av-br4z47-ee7bdd4131577a1af61d922a3426d2e4 '   itemscope=\"itemscope\" itemtype=\"https:\/\/schema.org\/CreativeWork\" ><div class='avia_textblock'  itemprop=\"text\" ><p>Los costes de las <strong>copias<\/strong> no est\u00e1n incluidos en el precio del curso. En clase se trabaja con ejercicios de <strong>libros fon\u00e9ticos especiales<\/strong> y con peque\u00f1os textos sencillos. Tu profesora adaptar\u00e1 los <strong>ejercicios para cada curso de forma individual<\/strong> siempre que sea necesario. Trabajar\u00e1s con copias que recibir\u00e1s de tu profesora.<\/p>\n<\/div><\/section><\/p><\/div>\n\n<style type=\"text\/css\" data-created_by=\"avia_inline_auto\" id=\"style-css-av-g2fgtz-0b51ea1c122fe0bfe9a598047f8effb6\">\n.flex_column.av-g2fgtz-0b51ea1c122fe0bfe9a598047f8effb6{\nborder-radius:0px 0px 0px 0px;\npadding:15px 15px 15px 15px;\nbackground-color:#fff8ed;\n}\n<\/style>\n<div  class='flex_column av-g2fgtz-0b51ea1c122fe0bfe9a598047f8effb6 av_one_half  avia-builder-el-46  el_after_av_one_half  el_before_av_one_full  flex_column_div  '     ><style type=\"text\/css\" data-created_by=\"avia_inline_auto\" id=\"style-css-av-8r4atz-ed87e80a6b4389b0858a25c787edf613\">\n#top .av_textblock_section.av-8r4atz-ed87e80a6b4389b0858a25c787edf613 .avia_textblock{\nfont-size:16px;\n}\n<\/style>\n<section  class='av_textblock_section av-8r4atz-ed87e80a6b4389b0858a25c787edf613 '   itemscope=\"itemscope\" itemtype=\"https:\/\/schema.org\/CreativeWork\" ><div class='avia_textblock'  itemprop=\"text\" ><h2><span style=\"color: #ff6600;\">Profesora del curso de pronunciaci\u00f3n en Berl\u00edn<\/span><\/h2>\n<\/div><\/section><br \/>\n<section  class='av_textblock_section av-7hqn3r-b4b2096eb30027b29c50c40ab07978f4 '   itemscope=\"itemscope\" itemtype=\"https:\/\/schema.org\/CreativeWork\" ><div class='avia_textblock'  itemprop=\"text\" ><p>Tu profesora es una hablante nativa de alem\u00e1n y tiene mucha experiencia en el campo de la fon\u00e9tica, tanto en el estudio como en la pr\u00e1ctica de cursos de este idioma. Juntos analizamos las dificultades de pronunciaci\u00f3n alemana y entrenamos constantemente con ejercicios muy efectivos de habla y de comprensi\u00f3n auditiva.<\/p>\n<\/div><\/section><\/p><\/div>\n\n<style type=\"text\/css\" data-created_by=\"avia_inline_auto\" id=\"style-css-av-3rktnb-d539a73a8407807e4b4d1a281d8b2c88\">\n.flex_column.av-3rktnb-d539a73a8407807e4b4d1a281d8b2c88{\nborder-radius:0px 0px 0px 0px;\npadding:0px 0px 0px 0px;\n}\n<\/style>\n<div  class='flex_column av-3rktnb-d539a73a8407807e4b4d1a281d8b2c88 av_one_full  avia-builder-el-49  el_after_av_one_half  el_before_av_one_full  first flex_column_div av-zero-column-padding  column-top-margin'     ><section  class='av_textblock_section av-8tf8n-c13c56dba6886791ef89c7c0fe8b0f77 '   itemscope=\"itemscope\" itemtype=\"https:\/\/schema.org\/CreativeWork\" ><div class='avia_textblock'  itemprop=\"text\" ><p>Te dar\u00e1s cuenta de c\u00f3mo mejora tu pronunciaci\u00f3n y de que cada vez te sientes m\u00e1s seguro. Muy pronto hablar\u00e1s alem\u00e1n con alegr\u00eda y mucha seguridad.<\/p>\n<p>El grupo es muy peque\u00f1o para que el aprendizaje sea mas efectivo y puedas participar e interactuar mucho m\u00e1s.<\/p>\n<p>En caso de tener alguna pregunta acerca de nuestras clases de pronunciaci\u00f3n, escr\u00edbenos un email a: berlin[at]kapitel-zwei.de<\/p>\n<\/div><\/section><\/div>\n\n<style type=\"text\/css\" data-created_by=\"avia_inline_auto\" id=\"style-css-av-2n7mtz-957128ea47513ac7b1b7a19a53afd094\">\n.flex_column.av-2n7mtz-957128ea47513ac7b1b7a19a53afd094{\nborder-radius:0px 0px 0px 0px;\npadding:0px 0px 0px 0px;\n}\n<\/style>\n<div  class='flex_column av-2n7mtz-957128ea47513ac7b1b7a19a53afd094 av_one_full  avia-builder-el-51  el_after_av_one_full  el_before_av_button  first flex_column_div av-zero-column-padding  column-top-margin'     ><section  class='av_textblock_section av-j5st0h-aa22767d48a8d2652ad54d56c890627e '   itemscope=\"itemscope\" itemtype=\"https:\/\/schema.org\/CreativeWork\" ><div class='avia_textblock cta-slogan'  itemprop=\"text\" ><p style=\"text-align: center;\"><strong>\u00bfQuieres mejorar tu pronunciaci\u00f3n en alem\u00e1n?<\/strong><\/p>\n<\/div><\/section><\/div>\n<div  class='avia-button-wrap av-5916p4x-6171fbbeb62e0b57e8465e1c28714629-wrap avia-button-center  avia-builder-el-53  el_after_av_one_full  avia-builder-el-last  cta-button'><a href='https:\/\/kapitel-zwei.de\/es\/inscripcion-academia-aleman\/'  class='avia-button av-5916p4x-6171fbbeb62e0b57e8465e1c28714629 av-link-btn avia-icon_select-no avia-size-medium avia-position-center avia-color-theme-color'   aria-label=\"\u00a1Inscr\u00edbete ahora mismo!\"><span class='avia_iconbox_title' >\u00a1Inscr\u00edbete ahora mismo!<\/span><\/a><\/div>\n","protected":false},"excerpt":{"rendered":"","protected":false},"author":16,"featured_media":0,"parent":9212,"menu_order":1,"comment_status":"closed","ping_status":"closed","template":"","meta":{"footnotes":""},"class_list":["post-9703","page","type-page","status-publish","hentry"],"yoast_head":"<!-- This site is optimized with the Yoast SEO Premium plugin v24.4 (Yoast SEO v24.4) - https:\/\/yoast.com\/wordpress\/plugins\/seo\/ -->\n<title>Entrenar y mejorar tu pronunciaci\u00f3n. Curso de pronunciaci\u00f3n Berl\u00edn o curso online (A2-C1)<\/title>\n<meta name=\"description\" content=\"Curso de pronunciaci\u00f3n en Berl\u00edn o en curso online (A2-C1). Para practicar la pronunciaci\u00f3n y la comprensi\u00f3n auditiva de palabras y oraciones en alem\u00e1n. Trabajamos en peque\u00f1os grupos. Hablar correctamente alem\u00e1n en Berl\u00edn.\" \/>\n<meta name=\"robots\" content=\"index, follow, max-snippet:-1, max-image-preview:large, max-video-preview:-1\" \/>\n<link rel=\"canonical\" href=\"https:\/\/kapitel-zwei.de\/es\/cursos-de-aleman-en-berlin\/curso-de-pronunciacion-alemana\/\" \/>\n<meta property=\"og:locale\" content=\"es_ES\" \/>\n<meta property=\"og:type\" content=\"article\" \/>\n<meta property=\"og:title\" content=\"Curso de pronunciaci\u00f3n\" \/>\n<meta property=\"og:description\" content=\"Curso de pronunciaci\u00f3n en Berl\u00edn o en curso online (A2-C1). Para practicar la pronunciaci\u00f3n y la comprensi\u00f3n auditiva de palabras y oraciones en alem\u00e1n. Trabajamos en peque\u00f1os grupos. Hablar correctamente alem\u00e1n en Berl\u00edn.\" \/>\n<meta property=\"og:url\" content=\"https:\/\/kapitel-zwei.de\/es\/cursos-de-aleman-en-berlin\/curso-de-pronunciacion-alemana\/\" \/>\n<meta property=\"og:site_name\" content=\"Kapitel Zwei Berlin\" \/>\n<meta property=\"article:publisher\" content=\"https:\/\/www.facebook.com\/kapitelzwei\/\" \/>\n<meta property=\"article:modified_time\" content=\"2024-09-27T14:13:03+00:00\" \/>\n<meta name=\"twitter:card\" content=\"summary_large_image\" \/>\n<meta name=\"twitter:site\" content=\"@kapitelzwei\" \/>\n<meta name=\"twitter:label1\" content=\"Tiempo de lectura\" \/>\n\t<meta name=\"twitter:data1\" content=\"5 minutos\" \/>\n<script type=\"application\/ld+json\" class=\"yoast-schema-graph\">{\"@context\":\"https:\/\/schema.org\",\"@graph\":[{\"@type\":\"WebPage\",\"@id\":\"https:\/\/kapitel-zwei.de\/es\/cursos-de-aleman-en-berlin\/curso-de-pronunciacion-alemana\/\",\"url\":\"https:\/\/kapitel-zwei.de\/es\/cursos-de-aleman-en-berlin\/curso-de-pronunciacion-alemana\/\",\"name\":\"Entrenar y mejorar tu pronunciaci\u00f3n. Curso de pronunciaci\u00f3n Berl\u00edn o curso online (A2-C1)\",\"isPartOf\":{\"@id\":\"https:\/\/kapitel-zwei.de\/es\/#website\"},\"datePublished\":\"2015-11-19T23:42:34+00:00\",\"dateModified\":\"2024-09-27T14:13:03+00:00\",\"description\":\"Curso de pronunciaci\u00f3n en Berl\u00edn o en curso online (A2-C1). Para practicar la pronunciaci\u00f3n y la comprensi\u00f3n auditiva de palabras y oraciones en alem\u00e1n. Trabajamos en peque\u00f1os grupos. Hablar correctamente alem\u00e1n en Berl\u00edn.\",\"breadcrumb\":{\"@id\":\"https:\/\/kapitel-zwei.de\/es\/cursos-de-aleman-en-berlin\/curso-de-pronunciacion-alemana\/#breadcrumb\"},\"inLanguage\":\"es\",\"potentialAction\":[{\"@type\":\"ReadAction\",\"target\":[\"https:\/\/kapitel-zwei.de\/es\/cursos-de-aleman-en-berlin\/curso-de-pronunciacion-alemana\/\"]}]},{\"@type\":\"BreadcrumbList\",\"@id\":\"https:\/\/kapitel-zwei.de\/es\/cursos-de-aleman-en-berlin\/curso-de-pronunciacion-alemana\/#breadcrumb\",\"itemListElement\":[{\"@type\":\"ListItem\",\"position\":1,\"name\":\"Startseite\",\"item\":\"https:\/\/kapitel-zwei.de\/es\/\"},{\"@type\":\"ListItem\",\"position\":2,\"name\":\"Aprender alem\u00e1n\",\"item\":\"https:\/\/kapitel-zwei.de\/es\/cursos-de-aleman-en-berlin\/\"},{\"@type\":\"ListItem\",\"position\":3,\"name\":\"Curso de pronunciaci\u00f3n\"}]},{\"@type\":\"WebSite\",\"@id\":\"https:\/\/kapitel-zwei.de\/es\/#website\",\"url\":\"https:\/\/kapitel-zwei.de\/es\/\",\"name\":\"Kapitel Zwei Berlin\",\"description\":\"Deutschkurs Berlin | Sprachschule Berlin | German language school Berlin | telc Berlin | Deutsch Pr\u00fcfung Berlin | Intensive German courses Berlin | TestDaF Pr\u00fcfung | Online Kurse\",\"publisher\":{\"@id\":\"https:\/\/kapitel-zwei.de\/es\/#organization\"},\"potentialAction\":[{\"@type\":\"SearchAction\",\"target\":{\"@type\":\"EntryPoint\",\"urlTemplate\":\"https:\/\/kapitel-zwei.de\/es\/?s={search_term_string}\"},\"query-input\":{\"@type\":\"PropertyValueSpecification\",\"valueRequired\":true,\"valueName\":\"search_term_string\"}}],\"inLanguage\":\"es\"},{\"@type\":\"Organization\",\"@id\":\"https:\/\/kapitel-zwei.de\/es\/#organization\",\"name\":\"Kapitel Zwei. Deutsch-Sprachschule Berlin GmbH\",\"url\":\"https:\/\/kapitel-zwei.de\/es\/\",\"logo\":{\"@type\":\"ImageObject\",\"inLanguage\":\"es\",\"@id\":\"https:\/\/kapitel-zwei.de\/es\/#\/schema\/logo\/image\/\",\"url\":\"https:\/\/kapitel-zwei.de\/wp-content\/uploads\/2018\/08\/Kapitel-Zwei-Berlin-Sprachschule-Deutsch-Deutschkurse-Berlin.jpg\",\"contentUrl\":\"https:\/\/kapitel-zwei.de\/wp-content\/uploads\/2018\/08\/Kapitel-Zwei-Berlin-Sprachschule-Deutsch-Deutschkurse-Berlin.jpg\",\"width\":350,\"height\":101,\"caption\":\"Kapitel Zwei. Deutsch-Sprachschule Berlin GmbH\"},\"image\":{\"@id\":\"https:\/\/kapitel-zwei.de\/es\/#\/schema\/logo\/image\/\"},\"sameAs\":[\"https:\/\/www.facebook.com\/kapitelzwei\/\",\"https:\/\/x.com\/kapitelzwei\"]}]}<\/script>\n<!-- \/ Yoast SEO Premium plugin. -->","yoast_head_json":{"title":"Entrenar y mejorar tu pronunciaci\u00f3n. Curso de pronunciaci\u00f3n Berl\u00edn o curso online (A2-C1)","description":"Curso de pronunciaci\u00f3n en Berl\u00edn o en curso online (A2-C1). Para practicar la pronunciaci\u00f3n y la comprensi\u00f3n auditiva de palabras y oraciones en alem\u00e1n. Trabajamos en peque\u00f1os grupos. Hablar correctamente alem\u00e1n en Berl\u00edn.","robots":{"index":"index","follow":"follow","max-snippet":"max-snippet:-1","max-image-preview":"max-image-preview:large","max-video-preview":"max-video-preview:-1"},"canonical":"https:\/\/kapitel-zwei.de\/es\/cursos-de-aleman-en-berlin\/curso-de-pronunciacion-alemana\/","og_locale":"es_ES","og_type":"article","og_title":"Curso de pronunciaci\u00f3n","og_description":"Curso de pronunciaci\u00f3n en Berl\u00edn o en curso online (A2-C1). Para practicar la pronunciaci\u00f3n y la comprensi\u00f3n auditiva de palabras y oraciones en alem\u00e1n. Trabajamos en peque\u00f1os grupos. Hablar correctamente alem\u00e1n en Berl\u00edn.","og_url":"https:\/\/kapitel-zwei.de\/es\/cursos-de-aleman-en-berlin\/curso-de-pronunciacion-alemana\/","og_site_name":"Kapitel Zwei Berlin","article_publisher":"https:\/\/www.facebook.com\/kapitelzwei\/","article_modified_time":"2024-09-27T14:13:03+00:00","twitter_card":"summary_large_image","twitter_site":"@kapitelzwei","twitter_misc":{"Tiempo de lectura":"5 minutos"},"schema":{"@context":"https:\/\/schema.org","@graph":[{"@type":"WebPage","@id":"https:\/\/kapitel-zwei.de\/es\/cursos-de-aleman-en-berlin\/curso-de-pronunciacion-alemana\/","url":"https:\/\/kapitel-zwei.de\/es\/cursos-de-aleman-en-berlin\/curso-de-pronunciacion-alemana\/","name":"Entrenar y mejorar tu pronunciaci\u00f3n. Curso de pronunciaci\u00f3n Berl\u00edn o curso online (A2-C1)","isPartOf":{"@id":"https:\/\/kapitel-zwei.de\/es\/#website"},"datePublished":"2015-11-19T23:42:34+00:00","dateModified":"2024-09-27T14:13:03+00:00","description":"Curso de pronunciaci\u00f3n en Berl\u00edn o en curso online (A2-C1). Para practicar la pronunciaci\u00f3n y la comprensi\u00f3n auditiva de palabras y oraciones en alem\u00e1n. Trabajamos en peque\u00f1os grupos. Hablar correctamente alem\u00e1n en Berl\u00edn.","breadcrumb":{"@id":"https:\/\/kapitel-zwei.de\/es\/cursos-de-aleman-en-berlin\/curso-de-pronunciacion-alemana\/#breadcrumb"},"inLanguage":"es","potentialAction":[{"@type":"ReadAction","target":["https:\/\/kapitel-zwei.de\/es\/cursos-de-aleman-en-berlin\/curso-de-pronunciacion-alemana\/"]}]},{"@type":"BreadcrumbList","@id":"https:\/\/kapitel-zwei.de\/es\/cursos-de-aleman-en-berlin\/curso-de-pronunciacion-alemana\/#breadcrumb","itemListElement":[{"@type":"ListItem","position":1,"name":"Startseite","item":"https:\/\/kapitel-zwei.de\/es\/"},{"@type":"ListItem","position":2,"name":"Aprender alem\u00e1n","item":"https:\/\/kapitel-zwei.de\/es\/cursos-de-aleman-en-berlin\/"},{"@type":"ListItem","position":3,"name":"Curso de pronunciaci\u00f3n"}]},{"@type":"WebSite","@id":"https:\/\/kapitel-zwei.de\/es\/#website","url":"https:\/\/kapitel-zwei.de\/es\/","name":"Kapitel Zwei Berlin","description":"Deutschkurs Berlin | Sprachschule Berlin | German language school Berlin | telc Berlin | Deutsch Pr\u00fcfung Berlin | Intensive German courses Berlin | TestDaF Pr\u00fcfung | Online Kurse","publisher":{"@id":"https:\/\/kapitel-zwei.de\/es\/#organization"},"potentialAction":[{"@type":"SearchAction","target":{"@type":"EntryPoint","urlTemplate":"https:\/\/kapitel-zwei.de\/es\/?s={search_term_string}"},"query-input":{"@type":"PropertyValueSpecification","valueRequired":true,"valueName":"search_term_string"}}],"inLanguage":"es"},{"@type":"Organization","@id":"https:\/\/kapitel-zwei.de\/es\/#organization","name":"Kapitel Zwei. Deutsch-Sprachschule Berlin GmbH","url":"https:\/\/kapitel-zwei.de\/es\/","logo":{"@type":"ImageObject","inLanguage":"es","@id":"https:\/\/kapitel-zwei.de\/es\/#\/schema\/logo\/image\/","url":"https:\/\/kapitel-zwei.de\/wp-content\/uploads\/2018\/08\/Kapitel-Zwei-Berlin-Sprachschule-Deutsch-Deutschkurse-Berlin.jpg","contentUrl":"https:\/\/kapitel-zwei.de\/wp-content\/uploads\/2018\/08\/Kapitel-Zwei-Berlin-Sprachschule-Deutsch-Deutschkurse-Berlin.jpg","width":350,"height":101,"caption":"Kapitel Zwei. Deutsch-Sprachschule Berlin GmbH"},"image":{"@id":"https:\/\/kapitel-zwei.de\/es\/#\/schema\/logo\/image\/"},"sameAs":["https:\/\/www.facebook.com\/kapitelzwei\/","https:\/\/x.com\/kapitelzwei"]}]}},"_links":{"self":[{"href":"https:\/\/kapitel-zwei.de\/es\/wp-json\/wp\/v2\/pages\/9703","targetHints":{"allow":["GET"]}}],"collection":[{"href":"https:\/\/kapitel-zwei.de\/es\/wp-json\/wp\/v2\/pages"}],"about":[{"href":"https:\/\/kapitel-zwei.de\/es\/wp-json\/wp\/v2\/types\/page"}],"author":[{"embeddable":true,"href":"https:\/\/kapitel-zwei.de\/es\/wp-json\/wp\/v2\/users\/16"}],"replies":[{"embeddable":true,"href":"https:\/\/kapitel-zwei.de\/es\/wp-json\/wp\/v2\/comments?post=9703"}],"version-history":[{"count":27,"href":"https:\/\/kapitel-zwei.de\/es\/wp-json\/wp\/v2\/pages\/9703\/revisions"}],"predecessor-version":[{"id":120729,"href":"https:\/\/kapitel-zwei.de\/es\/wp-json\/wp\/v2\/pages\/9703\/revisions\/120729"}],"up":[{"embeddable":true,"href":"https:\/\/kapitel-zwei.de\/es\/wp-json\/wp\/v2\/pages\/9212"}],"wp:attachment":[{"href":"https:\/\/kapitel-zwei.de\/es\/wp-json\/wp\/v2\/media?parent=9703"}],"curies":[{"name":"wp","href":"https:\/\/api.w.org\/{rel}","templated":true}]}}