{"id":9930,"date":"2016-03-23T18:35:55","date_gmt":"2016-03-23T17:35:55","guid":{"rendered":"http:\/\/relaunch.kapitel-zwei.de\/es\/?page_id=9930"},"modified":"2019-09-11T13:20:47","modified_gmt":"2019-09-11T11:20:47","slug":"lugares-de-interes","status":"publish","type":"page","link":"https:\/\/kapitel-zwei.de\/es\/lugares-de-interes\/","title":{"rendered":"Lugares de inter\u00e9s"},"content":{"rendered":"\n<style type=\"text\/css\" data-created_by=\"avia_inline_auto\" id=\"style-css-av-av_one_third-352b07ef7d3bc99b2e9f92e7a9e06bdb\">\n.flex_column.av-av_one_third-352b07ef7d3bc99b2e9f92e7a9e06bdb{\nborder-radius:0px 0px 0px 0px;\npadding:0px 0px 0px 0px;\n}\n<\/style>\n<div  class='flex_column av-av_one_third-352b07ef7d3bc99b2e9f92e7a9e06bdb av_one_third  avia-builder-el-0  el_before_av_two_third  avia-builder-el-first  first flex_column_div av-zero-column-padding  '     ><section  class='av_textblock_section av-av_textblock-35972167d9f102c5ddaec0c531c98b9e '   itemscope=\"itemscope\" itemtype=\"https:\/\/schema.org\/CreativeWork\" ><div class='avia_textblock'  itemprop=\"text\" ><p class=\"intro\">Berl\u00edn \u2013 Interfaz entre los sensatos y los frikis. \u00bfQu\u00e9 lugares de interes no puedes dejar de ver en Berl\u00edn?<\/p>\n<\/div><\/section><br \/>\n\n<style type=\"text\/css\" data-created_by=\"avia_inline_auto\" id=\"style-css-av-av_image-3de7e7b596ef66c40b8179bc191a58ed\">\n.avia-image-container.av-av_image-3de7e7b596ef66c40b8179bc191a58ed img.avia_image{\nbox-shadow:none;\n}\n.avia-image-container.av-av_image-3de7e7b596ef66c40b8179bc191a58ed .av-image-caption-overlay-center{\ncolor:#ffffff;\n}\n<\/style>\n<div  class='avia-image-container av-av_image-3de7e7b596ef66c40b8179bc191a58ed av-styling- avia-align-left  avia-builder-el-2  el_after_av_textblock  avia-builder-el-last '   itemprop=\"image\" itemscope=\"itemscope\" itemtype=\"https:\/\/schema.org\/ImageObject\" ><div class=\"avia-image-container-inner\"><div class=\"avia-image-overlay-wrap\"><img decoding=\"async\" fetchpriority=\"high\" class='wp-image-10926 avia-img-lazy-loading-not-10926 avia_image ' src=\"https:\/\/kapitel-zwei.de\/wp-content\/uploads\/2016\/03\/Kapitel-Zwei-Berlin-Sehenswuerdigkeiten.jpg\" alt='Kapitel Zwei Berlin Sehenswuerdigkeiten' title='Kapitel Zwei Berlin Sehenswuerdigkeiten'  height=\"733\" width=\"980\"  itemprop=\"thumbnailUrl\" srcset=\"https:\/\/kapitel-zwei.de\/wp-content\/uploads\/2016\/03\/Kapitel-Zwei-Berlin-Sehenswuerdigkeiten.jpg 980w, https:\/\/kapitel-zwei.de\/wp-content\/uploads\/2016\/03\/Kapitel-Zwei-Berlin-Sehenswuerdigkeiten-80x60.jpg 80w, https:\/\/kapitel-zwei.de\/wp-content\/uploads\/2016\/03\/Kapitel-Zwei-Berlin-Sehenswuerdigkeiten-300x224.jpg 300w, https:\/\/kapitel-zwei.de\/wp-content\/uploads\/2016\/03\/Kapitel-Zwei-Berlin-Sehenswuerdigkeiten-768x574.jpg 768w, https:\/\/kapitel-zwei.de\/wp-content\/uploads\/2016\/03\/Kapitel-Zwei-Berlin-Sehenswuerdigkeiten-705x527.jpg 705w, https:\/\/kapitel-zwei.de\/wp-content\/uploads\/2016\/03\/Kapitel-Zwei-Berlin-Sehenswuerdigkeiten-450x337.jpg 450w\" sizes=\"(max-width: 980px) 100vw, 980px\" \/><\/div><\/div><\/div><\/p><\/div>\n\n<style type=\"text\/css\" data-created_by=\"avia_inline_auto\" id=\"style-css-av-av_two_third-2a64de42b738552fe666ca889af77e28\">\n.flex_column.av-av_two_third-2a64de42b738552fe666ca889af77e28{\nborder-radius:0px 0px 0px 0px;\npadding:0px 0px 0px 0px;\n}\n<\/style>\n<div  class='flex_column av-av_two_third-2a64de42b738552fe666ca889af77e28 av_two_third  avia-builder-el-3  el_after_av_one_third  el_before_av_one_full  flex_column_div av-zero-column-padding  '     ><section  class='av_textblock_section av-av_textblock-35972167d9f102c5ddaec0c531c98b9e '   itemscope=\"itemscope\" itemtype=\"https:\/\/schema.org\/CreativeWork\" ><div class='avia_textblock'  itemprop=\"text\" ><h1>Berl\u00edn \u2013 Lugares de inter\u00e9s despu\u00e9s de tu curso de alem\u00e1n<\/h1>\n<\/div><\/section><br \/>\n<section  class='av_textblock_section av-av_textblock-35972167d9f102c5ddaec0c531c98b9e '   itemscope=\"itemscope\" itemtype=\"https:\/\/schema.org\/CreativeWork\" ><div class='avia_textblock'  itemprop=\"text\" ><p>El segundo cap\u00edtulo de tu vida ahora lo empiezas en Berl\u00edn, la capital de Alemania. Ser\u00e1s uno\/a de 3,4 millones de habitantes en una de las ciudades m\u00e1s visitadas de Europa. En todo el mundo Berl\u00edn es conocida no solamente por su vida diaria y nocturna, sino tambi\u00e9n por su muy diversa vida cultural y por sus actividades pol\u00edticas.<\/p>\n<p>El instituto de idioma alem\u00e1n, el \u201cCap\u00edtulo Dos\u201d (Kapitel Zwei. Deutsch-Sprachschule Berlin) se encuentra en el centro de Berl\u00edn, entre Heinrich-Heine-Stra\u00dfe (U8) y M\u00e4rkisches Museum (U2). Desde aqu\u00ed llegas muy r\u00e1pido a tu alojamiento, a tu universidad o a tu puesto de trabajo. En Berl\u00edn-Mitte encuentras los bares y clubs que realmente est\u00e1n en boga adem\u00e1s de las tiendas m\u00e1s atrayentes, las galer\u00edas interesantes y los hostales c\u00f3modos.<\/p>\n<\/div><\/section><\/p><\/div>\n<style type=\"text\/css\" data-created_by=\"avia_inline_auto\" id=\"style-css-av-av_one_full-352b07ef7d3bc99b2e9f92e7a9e06bdb\">\n.flex_column.av-av_one_full-352b07ef7d3bc99b2e9f92e7a9e06bdb{\nborder-radius:0px 0px 0px 0px;\npadding:0px 0px 0px 0px;\n}\n<\/style>\n<div  class='flex_column av-av_one_full-352b07ef7d3bc99b2e9f92e7a9e06bdb av_one_full  avia-builder-el-6  el_after_av_two_third  el_before_av_hr  first flex_column_div av-zero-column-padding  column-top-margin'     ><section  class='av_textblock_section av-av_textblock-35972167d9f102c5ddaec0c531c98b9e '   itemscope=\"itemscope\" itemtype=\"https:\/\/schema.org\/CreativeWork\" ><div class='avia_textblock'  itemprop=\"text\" ><p>Nuestro instituto de alem\u00e1n es el punto de partida ideal para descubrir toda la ciudad. Estamos a 5 minutos a pi\u00e9 del metro y del tranv\u00eda. Al norte la escuela limita con el distrito vivo: <a title=\"Prenzlauer Berg Berl\u00edn\" href=\"http:\/\/wikitravel.org\/es\/Berl%C3%ADn\/Prenzlauer_Berg\" target=\"_blank\" rel=\"noopener\">Prenzlauer Berg<\/a>, al sur con <a title=\"Kreuzberg Berl\u00edn\" href=\"http:\/\/es.wikipedia.org\/wiki\/Kreuzberg\" target=\"_blank\" rel=\"noopener\">Kreuzberg <\/a>y <a title=\"Berl\u00edn Friedrichshain\" href=\"http:\/\/es.wikipedia.org\/wiki\/Friedrichshain\" target=\"_blank\" rel=\"noopener\">Friedrichshain<\/a>.<\/p>\n<p>\u00a1Ven a visitarnos! \u00a1Nos alegrar\u00eda mucho poder recibirte pronto!<\/p>\n<\/div><\/section><\/div>\n<style type=\"text\/css\" data-created_by=\"avia_inline_auto\" id=\"style-css-av-av_hr-b30e41aaa4ee0c8f0a9002998d6d6e97\">\n#top .hr.hr-invisible.av-av_hr-b30e41aaa4ee0c8f0a9002998d6d6e97{\nheight:20px;\n}\n<\/style>\n<div  class='hr av-av_hr-b30e41aaa4ee0c8f0a9002998d6d6e97 hr-invisible  avia-builder-el-8  el_after_av_one_full  el_before_av_textblock '><span class='hr-inner '><span class=\"hr-inner-style\"><\/span><\/span><\/div><\/p>\n<section  class='av_textblock_section av-av_textblock-1353ade33dfa3298ce38e12af415ebb2 '   itemscope=\"itemscope\" itemtype=\"https:\/\/schema.org\/CreativeWork\" ><div class='avia_textblock'  itemprop=\"text\" ><h3>En las inmediaciones de monumentos<\/h3>\n<p>Despu\u00e9s de tu clase de alem\u00e1n puedes comenzar numerosas actividades y excursiones en Berl\u00edn y sus alrededores. Los mejores te los presentamos a continuaci\u00f3n:<\/p>\n<h3>Berl\u00edn &#8211; Alexanderplatz<\/h3>\n<ul>\n<li>Dentro de pocos minutos llegas a la gran plaza <a title=\"Alexanderplatz Berl\u00edn\" href=\"http:\/\/es.wikipedia.org\/wiki\/Alexanderplatz\" target=\"_blank\" rel=\"noopener\">Alexanderplatz<\/a> con la<a title=\"Torre de televisi\u00f3n Berl\u00edn\" href=\"http:\/\/es.wikipedia.org\/wiki\/Fernsehturm_de_Berl%C3%ADn\" target=\"_blank\" rel=\"noopener\"> torre de televisi\u00f3n<\/a> m\u00e1s alta de la Uni\u00f3n Europea. Este s\u00edmbolo destacado de Berl\u00edn tiene una altura de 368 metros, lo que te promete una vista maravillosa sobre toda la ciudad.<\/li>\n<\/ul>\n<h3>Berl\u00edn &#8211; Hackescher Markt y la Isla de los Museos<\/h3>\n<ul>\n<li>Si te interesa mucho la cultura visita a continuaci\u00f3n el <a title=\"Hackescher Markt Berlin\" href=\"http:\/\/www.visitberlin.de\/es\/category\/2101?parent=3037\" target=\"_blank\" rel=\"noopener\">Hackescher Markt<\/a> y <a title=\"Isla de los Museos Berlin\" href=\"http:\/\/es.wikipedia.org\/wiki\/Isla_de_los_Museos\" target=\"_blank\" rel=\"noopener\">la Isla de los Museos<\/a>. Desde el a\u00f1o 1999 esa \u00faltima pertenece a la lista de Patrimonio de la Humanidad de la UNESCO. \u00bfQuiz\u00e1 la estructura te recuerde al complejo del museo del Louvre en Par\u00eds, a los Museos del Vaticano en Roma, a la Ermita de San Petersburgo o al Museo Brit\u00e1nico en Londres?<\/li>\n<li>Aqu\u00ed en Berl\u00edn te dan la bienvenida la <a title=\"Catedral de Berl\u00edn \" href=\"http:\/\/es.wikipedia.org\/wiki\/Catedral_de_Berl%C3%ADn\" target=\"_blank\" rel=\"noopener\">Catedral de Berl\u00edn<\/a>, el <a title=\"Lustgarten Berl\u00edn jard\u00edn de las delicias\" href=\"http:\/\/es.encydia.com\/fr\/Lustgarten_%28Berl%C3%ADn%29\" target=\"_blank\" rel=\"noopener\">Jard\u00edn de las delicias<\/a> (el <strong>Lustgarten<\/strong>) y famosos museos como el <a title=\"Museo Antiguo de Berl\u00edn\" href=\"http:\/\/www.guiadeberlin.de\/index.php?article_id=19\" target=\"_blank\" rel=\"noopener\">Museo Antiguo y Nuevo<\/a>, la <a title=\"Antigua Galer\u00eda Nacional de Berl\u00edn\" href=\"http:\/\/www.disfrutaberlin.com\/antigua-galeria-nacional\" target=\"_blank\" rel=\"noopener\">Galer\u00eda Nacional Antigua<\/a>, adem\u00e1s del <a title=\"Mueseo de P\u00e9rgamo Berl\u00edn\" href=\"http:\/\/es.wikipedia.org\/wiki\/Museo_de_P%C3%A9rgamo\" target=\"_blank\" rel=\"noopener\">Museo de P\u00e9rgamo<\/a> y <a title=\"Museo Bode Berl\u00edn\" href=\"http:\/\/es.wikipedia.org\/wiki\/Museo_Bode\" target=\"_blank\" rel=\"noopener\">Bode<\/a>.<\/li>\n<li>Durante el verano d\u00e9jate llevar por la m\u00fasica de <a title=\"Tango argentino Berl\u00edn\" href=\"http:\/\/www.malajunta.de\/\" target=\"_blank\" rel=\"noopener\">tango argentino<\/a> que oyes en el Parque Monbijou. D\u00e9jate inspirar e invitar a un baile en el aire libre. <a title=\"museos Berl\u00edn\" href=\"http:\/\/www.disfrutaberlin.com\/museos\" target=\"_blank\" rel=\"noopener\">M\u00e1s informaci\u00f3n<\/a>.<\/li>\n<\/ul>\n<h3>Berl\u00edn &#8211; Mitte<\/h3>\n<ul>\n<li>A la <a title=\"Puerta de Brandeburgo Berl\u00edn\" href=\"http:\/\/es.wikipedia.org\/wiki\/Puerta_de_Brandeburgo\" target=\"_blank\" rel=\"noopener\">Puerta de Brandenburgo<\/a> (1788 &#8211; 1791), como monumento m\u00e1s famoso, llegas en 15 minutos con el autob\u00fas (TXL, 100) o el tren urbano. Quiz\u00e1 ya estuviste aqu\u00ed para el festival de m\u00fasica electr\u00f3nica, la <a title=\"Love Parade Berl\u00edn\" href=\"http:\/\/es.wikipedia.org\/wiki\/Love_Parade\" target=\"_blank\" rel=\"noopener\">Love Parade<\/a>, o para la Copa Mundial de F\u00fatbol, para celebrar el A\u00f1o Nuevo o en una de las numerosas manifestaciones.Desde el punto de vista hist\u00f3rico la Puerta de Brandenburgo era el s\u00edmbolo de la divisi\u00f3n de Alemania hasta 1989. Hoy en d\u00eda es el s\u00edmbolo nacional de la <a title=\"aprender la historia de Alemania con Kapitel Zwei escuela de idioma aleman Berlin\" href=\"http:\/\/es.wikipedia.org\/wiki\/Reunificaci%C3%B3n_alemana\" target=\"_blank\" rel=\"noopener\">reunificaci\u00f3n<\/a>.<\/li>\n<li>Si sigues caminando, llegas a la famosa plaza <a title=\"Potsdamer Platz Berl\u00edn\" href=\"http:\/\/es.wikipedia.org\/wiki\/Potsdamer_Platz\" target=\"_blank\" rel=\"noopener\">Potsdamer Platz<\/a> que ahora une el \u00e1rea donde antes se divid\u00edan el protectorado sovi\u00e9tico y el norteamericano. Hoy en d\u00eda la arquitectura de la Potsdamer Platz representa el nuevo Berl\u00edn moderno. Las arcadas de enfrente te ofrecen buenas posibilidades para hacer shopping. Si tienes suerte tambi\u00e9n podr\u00e1s dar la mano a las estrellas de cine durante el Festival de Cine de Berl\u00edn (la <a title=\"Berlinale\" href=\"http:\/\/es.wikipedia.org\/wiki\/Berlinale\" target=\"_blank\" rel=\"noopener\">Berlinale<\/a>).<\/li>\n<li>Para aprender m\u00e1s sobre la historia de Berl\u00edn, visita el <a title=\"Checkpoint Charlie\" href=\"http:\/\/es.wikipedia.org\/wiki\/Checkpoint_Charlie\" target=\"_blank\" rel=\"noopener\">Checkpoint Charlie<\/a>. Era el paso fronterizo m\u00e1s popular entre Berl\u00edn Este y Oeste entre 1961 y 1990. Es sabido que aqu\u00ed los funcionarios de la Rep\u00fablica Democr\u00e1tica Alemana (<a title=\"Rep\u00fablica Democr\u00e1tica Alemana Wikipedia\" href=\"http:\/\/es.wikipedia.org\/wiki\/RDA\" target=\"_blank\" rel=\"noopener\">RDA<\/a>) hac\u00edan contrabando de chocolate, cigarrillos, m\u00fasica del oeste y pantis para sus amantes. Para informaciones m\u00e1s detalladas sobre la construcci\u00f3n del muro, la Guerra Fr\u00eda y la lucha por democracia visita el <a title=\"Checkpoint Charlie Berl\u00edn\" href=\"http:\/\/www.berlin.de\/mauer\/museen\/mauermuseum\/index.es.html\" target=\"_blank\" rel=\"noopener\">Museo del Muro del Checkpoint Charlie<\/a>.<\/li>\n<li>Si est\u00e1s interesado\/a en la pol\u00edtica alemana visita la <a title=\"Canciller\u00eda Federal Berl\u00edn\" href=\"http:\/\/es.wikipedia.org\/wiki\/Canciller%C3%ADa_Federal_%28Alemania%29\" target=\"_blank\" rel=\"noopener\">Canciller\u00eda Federal<\/a> (el <strong>Kanzleramt<\/strong>) cerca de la estaci\u00f3n central y intenta llamar a la puerta de la oficina de <a title=\"Angela Merkel\" href=\"http:\/\/es.wikipedia.org\/wiki\/Angela_Merkel\" target=\"_blank\" rel=\"noopener\">Angela Merkel<\/a>. Despu\u00e9s vale mucho la pena darse un paseo por el <a title=\"Barrio del Gobierno Berl\u00edn\" href=\"http:\/\/www.expogaysmagazine.com\/__n2251948__La_elegancia_del_poder3A_el_Barrio_del_Gobierno_en_Berlin.html\" target=\"_blank\" rel=\"noopener\">Barrio del Gobierno<\/a> con el <a title=\"Edificio del Reichstag Berl\u00edn\" href=\"http:\/\/es.wikipedia.org\/wiki\/Edificio_del_Reichstag\" target=\"_blank\" rel=\"noopener\">Reichstag <\/a>(la <strong>Dieta Imperial<\/strong>) directamente al lado del r\u00edo Spree hasta la calle comercial <a title=\"Friedrichstrasse Berl\u00edn\" href=\"http:\/\/es.wikipedia.org\/wiki\/Friedrichstra%C3%9Fe\" target=\"_blank\" rel=\"noopener\">Friedrichstra\u00dfe<\/a>. Desde el punto de vista hist\u00f3rico es muy interesante que el 9 de noviembre de 1918 el pol\u00edtico socialdem\u00f3crata Philipp Scheidemann proclam\u00f3 la Rep\u00fablica desde el balc\u00f3n del parlamento s\u00f3lo para anticiparse a <a title=\"Karl Liebknecht \" href=\"http:\/\/es.wikipedia.org\/wiki\/Karl_Liebknecht\" target=\"_blank\" rel=\"noopener\">Karl Liebknecht<\/a>.<\/li>\n<li>Tampoco deber\u00edas perderte el <a title=\"Mercado de los gendarmes\" href=\"http:\/\/es.wikipedia.org\/wiki\/Gendarmenmarkt\" target=\"_blank\" rel=\"noopener\">Mercado de los Gendarmes<\/a> (el <strong>Gendarmenmarkt<\/strong>) como lugar del triunfo pol\u00edtico en Prusia y Alemania. Te toca a ti adivinar cual de los edificios es la <a title=\"Catedral Francesa Berl\u00edn\" href=\"http:\/\/www.dondeviajar.es\/guias-para-viajar\/el-gendarmenmarkt-la-plaza-mas-bonita-de-berlin.html\" target=\"_blank\" rel=\"noopener\">Catedral Francesa<\/a> (la <strong>Franz\u00f6sischer Dom<\/strong>) y la <a title=\"Catedral alemana Berl\u00edn\" href=\"http:\/\/www.disfrutaberlin.com\/gendarmenmarkt\" target=\"_blank\" rel=\"noopener\">Catedral Alemana<\/a> (la <strong>Deutscher Dom<\/strong>). A continuaci\u00f3n varios caf\u00e9s bonitos te invitan para quedarte un rato m\u00e1s.<\/li>\n<\/ul>\n<h3>Viajes en barco<\/h3>\n<ul>\n<li>Adem\u00e1s te recomendamos hacer un <a title=\"Berl\u00edn en barco \" href=\"http:\/\/www.berlin.es\/barcos.htm\" target=\"_blank\" rel=\"noopener\">viaje en los barcos fluviales<\/a> desde las estaciones de tren urbano Jannowitzbr\u00fccke o Hackescher Markt. A lo largo de 44 kil\u00f3metros puedes relajarte encontrando interesantes lugares para hacer fotos y descubriendo Berl\u00edn desde el agua.<\/li>\n<li>Adem\u00e1s te recomendamos que des un paseo a lo largo de la \u201c<a title=\"historia alemana con Kapitel Zwei. escuela de idioma alem\u00e1n en Berl\u00edn\" href=\"http:\/\/es.wikipedia.org\/wiki\/East_Side_Gallery\" target=\"_blank\" rel=\"noopener\">East Side Gallery<\/a>\u201d, que es una galer\u00eda de arte al aire libre pintada sobre los restos del <a title=\"historia de Alemania con Kapitel Zwei. escuela de idioma alem\u00e1n Berlin\" href=\"http:\/\/es.wikipedia.org\/wiki\/Muro_de_Berl%C3%ADn\" target=\"_blank\" rel=\"noopener\">muro de Berl\u00edn<\/a>, teniendo una longitud de 1.316 metros. Este recorrido comienza directamente en la <a title=\"historia de Alemania con Kapitel Zwei, escuela de idioma aleman en Berl\u00edn\" href=\"http:\/\/www.berlin.de\/mauer\/grenzuebergaenge\/oberbaumbruecke\/index.es.php\" target=\"_blank\" rel=\"noopener\">Oberbaumbr\u00fccke<\/a>(estaci\u00f3n \u00abWarschauer Stra\u00dfe\u00bb).<\/li>\n<\/ul>\n<h3>Palacios y parques de Berl\u00edn<\/h3>\n<ul>\n<li>Berl\u00edn tambi\u00e9n est\u00e1 lleno de parques y hermosos castillos en los que encuentras suficiente espacio de quietud y tiempo para relajar y pensar. Durante todo el a\u00f1o se te muestran unos espect\u00e1culos naturales de colores maravillosos. El <a title=\"Palacio de Bellevue Berl\u00edn\" href=\"http:\/\/es.wikipedia.org\/wiki\/Palacio_de_Bellevue\" target=\"_blank\" rel=\"noopener\">Palacio de Bellevue<\/a> (el <strong>Schloss Bellevue<\/strong>) como residencia oficial del presidente de Alemania o el <a title=\"Palacio de Charlottenburg Berl\u00edn\" href=\"https:\/\/es.wikipedia.org\/wiki\/Palacio_de_Charlottenburg\" target=\"_blank\" rel=\"noopener\">Palacio y Museo de Charlottenburg<\/a> (el <strong>Schloss Charlottenburg<\/strong>) tambi\u00e9n valen mucho la pena.<\/li>\n<li>Despu\u00e9s de haber conocido los principales parques de Berl\u00edn, el <a title=\"Tiergarten\" href=\"http:\/\/es.wikipedia.org\/wiki\/Tiergarten\" target=\"_blank\" rel=\"noopener\">Tiergarten<\/a>, o el <a title=\"Treptower Park berl\u00edn\" href=\"http:\/\/www.visitberlin.de\/es\/sitio\/treptower-park\" target=\"_blank\" rel=\"noopener\">Treptower Park<\/a>, aprender\u00e1s a extra\u00f1ar la salchicha t\u00edpica de la cocina alemana<\/li>\n<\/ul>\n<h3>Excursiones en los alrededores de Berl\u00edn<\/h3>\n<ul>\n<li>Por \u00faltimo t\u00f3mate un tiempo para hacer una excursi\u00f3n en los alrededores de Berl\u00edn que est\u00e1n llenos de lagos bonitos. Visita <a title=\"Potsdam\" href=\"http:\/\/es.wikipedia.org\/wiki\/Potsdam\" target=\"_blank\" rel=\"noopener\">Potsdam <\/a>con su <a title=\"Palacio de Sanssouci\" href=\"http:\/\/es.wikipedia.org\/wiki\/Palacio_de_Sanssouci\" target=\"_blank\" rel=\"noopener\">Palacio de Sanssouci<\/a> o haz un viaje a la<a title=\"Pfaueninsel Berl\u00edn\" href=\"http:\/\/www.berlin-incentives.com\/sp\/lex_dat\/pfaueninsel.htm\" target=\"_blank\" rel=\"noopener\"> Isla de los Pavos Reales<\/a> (la <strong>Pfaueninsel<\/strong>) como Patrimonio de la Humanidad por la UNESCO en el a\u00f1o 1990.<\/li>\n<\/ul>\n<h3>Cercan\u00eda a las universidades<\/h3>\n<p>Desde la estaci\u00f3n de tren \u201eAlexanderplatz\u201c llegas de manera muy c\u00f3moda a tu universidad.<\/p>\n<ul>\n<li>la <a href=\"https:\/\/www.hu-berlin.de\/en\">Universidad de Humboldt <\/a>(HU) a 15 min con el autob\u00fas (TXL, Bus 100)<\/li>\n<li>la <a title=\"Ayuda para estudiantes internacionales de la TU Berl\u00edn\" href=\"http:\/\/www.tu-berlin.de\/menue\/internationales\/an_der_tu_berlin\/parameter\/en\/\" target=\"_blank\" rel=\"noopener\">Universidad T\u00e9cnica<\/a> (TU) a 35 min con el tren urbano (S5, S7)<\/li>\n<li>La <a title=\"ayuda para estudiantes internacionales en la UDK Berl\u00edn\" href=\"http:\/\/www.udk-berlin.de\/sites\/content\/topics\/home\/index_eng.html\" target=\"_blank\" rel=\"noopener\">Universidad del Arte<\/a> (UdK) a 35 min con el tren urbano (S7, S75) y el metro (U2)<\/li>\n<li>La <a title=\"Universidad Libre Berl\u00edn\" href=\"http:\/\/www.fu-berlin.de\/\" target=\"_blank\" rel=\"noopener\">Universidad Libre<\/a> (FU) a 40 min con el tren urbano (S7, S75) y los metros (U9 y U3)<\/li>\n<\/ul>\n<h3>Cercan\u00eda a las bibliotecas<\/h3>\n<p>A nuestros lectores aplicados se les ofrece dos grandes bibliotecas.<\/p>\n<ul>\n<li>La <a title=\"Biblioteca estatal de Berl\u00edn\" href=\"http:\/\/es.wikipedia.org\/wiki\/Biblioteca_Estatal_de_Berl%C3%ADn\" target=\"_blank\" rel=\"noopener\">Biblioteca Estatal de Berl\u00edn<\/a> (Staatsbibliothek Berlin) en la <a title=\"googlemaps Potsdamer Platz\" href=\"http:\/\/maps.google.de\/maps?hl=de&amp;client=firefox-a&amp;hs=afQ&amp;rls=org.mozilla:de:official&amp;bav=on.2,or.r_gc.r_pw.r_qf.,cf.osb&amp;biw=1024&amp;bih=629&amp;q=Potsdamer+Stra%C3%9Fe+33&amp;um=1&amp;ie=UTF-8&amp;hq=&amp;hnear=0x47a851ca0bd7a11f:0x711aa5321b729cca,Potsdamer+Stra%C3%9Fe+33,+D-10785+Berlin&amp;gl=de&amp;ei=ogOMT8mTFYOLswaf4JSADA&amp;sa=X&amp;oi=geocode_result&amp;ct=image&amp;resnum=2&amp;ved=0CDEQ8gEwAQ\" target=\"_blank\" rel=\"noopener\">Potsdamer Stra\u00dfe 33<\/a> o <a title=\"Unter den Linden 8\" href=\"http:\/\/maps.google.de\/maps?hl=de&amp;client=firefox-a&amp;hs=ogQ&amp;rls=org.mozilla:de:official&amp;bav=on.2,or.r_gc.r_pw.r_qf.,cf.osb&amp;biw=1024&amp;bih=629&amp;q=Unter+den+Linden+8&amp;um=1&amp;ie=UTF-8&amp;hq=&amp;hnear=0x47a851dc9d371c35:0x24035f48c484860e,Unter+den+Linden+8,+D-10117+Berlin&amp;gl=de&amp;ei=5AOMT9X8C9HPsgaj1oD8Cw&amp;sa=X&amp;oi=geocode_result&amp;ct=image&amp;resnum=1&amp;ved=0CCgQ8gEwAA\" target=\"_blank\" rel=\"noopener\">Unter den Linden 8<\/a><\/li>\n<li><a style=\"outline: 1px dotted; outline-offset: 0px;\" title=\"centro biblioteca Grimm Berl\u00edn\" href=\"https:\/\/bauten.hu-berlin.de\/de\/grimm\" target=\"_blank\" rel=\"noopener\">El centro Grimm<\/a>, biblioteca central de la Universidad de Humboldt, <a title=\"Standort Grimm Bibliothek Berlin \" href=\"http:\/\/www.ub.hu-berlin.de\/standorte\/jacob-und-wilhelm-grimm-zentrum\/jacob-und-wilhelm-grimm-zentrum\/standort-im-stadtplan\" target=\"_blank\" rel=\"noopener\">Geschwister-Scholl-Stra\u00dfe 1\/3<\/a><\/li>\n<\/ul>\n<h3>Vida nocturna<\/h3>\n<p>Desde siempre la vida nocturna de Berl\u00edn disfruta de una reputaci\u00f3n legendaria. Los numerosos bares, bodegones, clubs y discotecas forman el escenario perfecto para crear nuevas ideas y nuevas tendencias. Regularmente se abren nuevas localidades que ahora te est\u00e1n esperando ya. Todo lo que tienes que saber sobre la vida cultural y la vida nocturna lo puedes encontrar por las p\u00e1ginas web siguientes:<\/p>\n<ul>\n<li><a title=\"Berl\u00edn 030 eventos conciertos fiesta Berlin Cap\u00edtulo Dos escuela de idiomas Alexanderplatz\" href=\"http:\/\/www.berlin030.de\/\" target=\"_blank\" rel=\"noopener\">Berl\u00edn 030<\/a><\/li>\n<li><a title=\"Tip Berlin eventos conciertos fiesta Berlin Cap\u00edtulo Dos escuela de idiomas Alexanderplatz\" href=\"http:\/\/www.tip-berlin.de\" target=\"_blank\" rel=\"noopener\">Tip Berl\u00edn<\/a><\/li>\n<li><a title=\"Gratis en Berl\u00edn conciertos fiesta eventos Cap\u00edtulo Dos escuela de idiomas Alexanderplatz\" href=\"http:\/\/www.gratis-in-berlin.de\" target=\"_blank\" rel=\"noopener\">Gratis in Berl\u00edn<\/a><\/li>\n<li><a title=\"Prinz Berl\u00edn eventos conciertos fiesta Berlin Cap\u00edtulo Dos escuela de idiomas Alexanderplatz\" href=\"http:\/\/berlin.prinz.de\/\" target=\"_blank\" rel=\"noopener\">PRINZ Berl\u00edn<\/a><\/li>\n<li><a title=\"proyectos culturales en Berl\u00edn\" href=\"http:\/\/www.kulturprojekte-berlin.de\/en\/home\/\" target=\"_blank\" rel=\"noopener\">Kulturprojekte Berl\u00edn<\/a><\/li>\n<\/ul>\n<h3>Rastros<\/h3>\n<ul>\n<li>Si necesitas una bicicleta, un instrumento de m\u00fasica, ropa, enseres dom\u00e9sticos o otras cosas b\u00fascalas en uno de los numerosos rastros de Berl\u00edn. El m\u00e1s famoso est\u00e1 en el \u201c<a title=\"Mauerpark mercado de las pulgas\" href=\"http:\/\/www.mauerpark.info\/kultur\/flohmarkt\/\" target=\"_blank\" rel=\"noopener\">Mauerpark<\/a>\u201d que tiene lugar cada domingo. Se encuentra cerca de la estaci\u00f3n de metro \u201cEberswalder Stra\u00dfe en el distrito \u201cPrenzlauer Berg\u201d. Es muy interesante que aqu\u00ed tambi\u00e9n puedes presentarte como cantante (no-) dotado de karaoke en un anfiteatro. Todo Berl\u00edn te animar\u00e1. Para m\u00e1s informaci\u00f3n haz click <a title=\"mercados de las pulgas\" href=\"http:\/\/www.berlin.de\/special\/shopping\/flohmaerkte\/\" target=\"_blank\" rel=\"noopener\">aqu\u00ed<\/a>.<\/li>\n<\/ul>\n<h3>Infraestructura<\/h3>\n<p>Por \u00faltimo Berl\u00edn te ofrece una perfecta infraestructura p\u00fablica. Encuentras m\u00e1s informaciones sobre todos los tipos de billetes y conexiones aqu\u00ed:<\/p>\n<ul>\n<li><a title=\"bvg para llegar a tu escuela de idioma aleman Kapitel Zwei en Berl\u00edn\" href=\"http:\/\/www.bvg.de\/index.php\/en\/index.html\" target=\"_blank\" rel=\"noopener\">Berliner Verkehrsbetriebe (bvg)<\/a><\/li>\n<li><a title=\"Deutsche Bahn para llegar a tu escuela de idioma aleman Kapitel Zwei en Berl\u00edn\" href=\"http:\/\/www.bahn.de\/i\/view\/ESP\/es\/index.shtml\" target=\"_blank\" rel=\"noopener\">Deutsche Bahn<\/a><\/li>\n<\/ul>\n<\/div><\/section>\n","protected":false},"excerpt":{"rendered":"","protected":false},"author":16,"featured_media":0,"parent":0,"menu_order":0,"comment_status":"closed","ping_status":"closed","template":"","meta":{"footnotes":""},"class_list":["post-9930","page","type-page","status-publish","hentry"],"yoast_head":"<!-- This site is optimized with the Yoast SEO Premium plugin v24.4 (Yoast SEO v24.4) - https:\/\/yoast.com\/wordpress\/plugins\/seo\/ -->\n<title>Atracciones tur\u00edsticas en Berl\u00edn y alrededores - Kapitel Zwei<\/title>\n<meta name=\"description\" content=\"Despu\u00e9s del curso de alem\u00e1n tienes tiempo libre para descubrir Berl\u00edn, ya sea el mercado de Hacke, la isla de los museos o el parque.-\" \/>\n<meta name=\"robots\" content=\"index, follow, max-snippet:-1, max-image-preview:large, max-video-preview:-1\" \/>\n<link rel=\"canonical\" href=\"https:\/\/kapitel-zwei.de\/es\/lugares-de-interes\/\" \/>\n<meta property=\"og:locale\" content=\"es_ES\" \/>\n<meta property=\"og:type\" content=\"article\" \/>\n<meta property=\"og:title\" content=\"Lugares de inter\u00e9s\" \/>\n<meta property=\"og:description\" content=\"Despu\u00e9s del curso de alem\u00e1n tienes tiempo libre para descubrir Berl\u00edn, ya sea el mercado de Hacke, la isla de los museos o el parque.-\" \/>\n<meta property=\"og:url\" content=\"https:\/\/kapitel-zwei.de\/es\/lugares-de-interes\/\" \/>\n<meta property=\"og:site_name\" content=\"Kapitel Zwei Berlin\" \/>\n<meta property=\"article:publisher\" content=\"https:\/\/www.facebook.com\/kapitelzwei\/\" \/>\n<meta property=\"article:modified_time\" content=\"2019-09-11T11:20:47+00:00\" \/>\n<meta name=\"twitter:card\" content=\"summary_large_image\" \/>\n<meta name=\"twitter:site\" content=\"@kapitelzwei\" \/>\n<meta name=\"twitter:label1\" content=\"Tiempo de lectura\" \/>\n\t<meta name=\"twitter:data1\" content=\"9 minutos\" \/>\n<script type=\"application\/ld+json\" class=\"yoast-schema-graph\">{\"@context\":\"https:\/\/schema.org\",\"@graph\":[{\"@type\":\"WebPage\",\"@id\":\"https:\/\/kapitel-zwei.de\/es\/lugares-de-interes\/\",\"url\":\"https:\/\/kapitel-zwei.de\/es\/lugares-de-interes\/\",\"name\":\"Atracciones tur\u00edsticas en Berl\u00edn y alrededores - Kapitel Zwei\",\"isPartOf\":{\"@id\":\"https:\/\/kapitel-zwei.de\/es\/#website\"},\"datePublished\":\"2016-03-23T17:35:55+00:00\",\"dateModified\":\"2019-09-11T11:20:47+00:00\",\"description\":\"Despu\u00e9s del curso de alem\u00e1n tienes tiempo libre para descubrir Berl\u00edn, ya sea el mercado de Hacke, la isla de los museos o el parque.-\",\"breadcrumb\":{\"@id\":\"https:\/\/kapitel-zwei.de\/es\/lugares-de-interes\/#breadcrumb\"},\"inLanguage\":\"es\",\"potentialAction\":[{\"@type\":\"ReadAction\",\"target\":[\"https:\/\/kapitel-zwei.de\/es\/lugares-de-interes\/\"]}]},{\"@type\":\"BreadcrumbList\",\"@id\":\"https:\/\/kapitel-zwei.de\/es\/lugares-de-interes\/#breadcrumb\",\"itemListElement\":[{\"@type\":\"ListItem\",\"position\":1,\"name\":\"Startseite\",\"item\":\"https:\/\/kapitel-zwei.de\/es\/\"},{\"@type\":\"ListItem\",\"position\":2,\"name\":\"Lugares de inter\u00e9s\"}]},{\"@type\":\"WebSite\",\"@id\":\"https:\/\/kapitel-zwei.de\/es\/#website\",\"url\":\"https:\/\/kapitel-zwei.de\/es\/\",\"name\":\"Kapitel Zwei Berlin\",\"description\":\"Deutschkurs Berlin | Sprachschule Berlin | German language school Berlin | telc Berlin | Deutsch Pr\u00fcfung Berlin | Intensive German courses Berlin | TestDaF Pr\u00fcfung | Online Kurse\",\"publisher\":{\"@id\":\"https:\/\/kapitel-zwei.de\/es\/#organization\"},\"potentialAction\":[{\"@type\":\"SearchAction\",\"target\":{\"@type\":\"EntryPoint\",\"urlTemplate\":\"https:\/\/kapitel-zwei.de\/es\/?s={search_term_string}\"},\"query-input\":{\"@type\":\"PropertyValueSpecification\",\"valueRequired\":true,\"valueName\":\"search_term_string\"}}],\"inLanguage\":\"es\"},{\"@type\":\"Organization\",\"@id\":\"https:\/\/kapitel-zwei.de\/es\/#organization\",\"name\":\"Kapitel Zwei. Deutsch-Sprachschule Berlin GmbH\",\"url\":\"https:\/\/kapitel-zwei.de\/es\/\",\"logo\":{\"@type\":\"ImageObject\",\"inLanguage\":\"es\",\"@id\":\"https:\/\/kapitel-zwei.de\/es\/#\/schema\/logo\/image\/\",\"url\":\"https:\/\/kapitel-zwei.de\/wp-content\/uploads\/2018\/08\/Kapitel-Zwei-Berlin-Sprachschule-Deutsch-Deutschkurse-Berlin.jpg\",\"contentUrl\":\"https:\/\/kapitel-zwei.de\/wp-content\/uploads\/2018\/08\/Kapitel-Zwei-Berlin-Sprachschule-Deutsch-Deutschkurse-Berlin.jpg\",\"width\":350,\"height\":101,\"caption\":\"Kapitel Zwei. Deutsch-Sprachschule Berlin GmbH\"},\"image\":{\"@id\":\"https:\/\/kapitel-zwei.de\/es\/#\/schema\/logo\/image\/\"},\"sameAs\":[\"https:\/\/www.facebook.com\/kapitelzwei\/\",\"https:\/\/x.com\/kapitelzwei\"]}]}<\/script>\n<!-- \/ Yoast SEO Premium plugin. -->","yoast_head_json":{"title":"Atracciones tur\u00edsticas en Berl\u00edn y alrededores - Kapitel Zwei","description":"Despu\u00e9s del curso de alem\u00e1n tienes tiempo libre para descubrir Berl\u00edn, ya sea el mercado de Hacke, la isla de los museos o el parque.-","robots":{"index":"index","follow":"follow","max-snippet":"max-snippet:-1","max-image-preview":"max-image-preview:large","max-video-preview":"max-video-preview:-1"},"canonical":"https:\/\/kapitel-zwei.de\/es\/lugares-de-interes\/","og_locale":"es_ES","og_type":"article","og_title":"Lugares de inter\u00e9s","og_description":"Despu\u00e9s del curso de alem\u00e1n tienes tiempo libre para descubrir Berl\u00edn, ya sea el mercado de Hacke, la isla de los museos o el parque.-","og_url":"https:\/\/kapitel-zwei.de\/es\/lugares-de-interes\/","og_site_name":"Kapitel Zwei Berlin","article_publisher":"https:\/\/www.facebook.com\/kapitelzwei\/","article_modified_time":"2019-09-11T11:20:47+00:00","twitter_card":"summary_large_image","twitter_site":"@kapitelzwei","twitter_misc":{"Tiempo de lectura":"9 minutos"},"schema":{"@context":"https:\/\/schema.org","@graph":[{"@type":"WebPage","@id":"https:\/\/kapitel-zwei.de\/es\/lugares-de-interes\/","url":"https:\/\/kapitel-zwei.de\/es\/lugares-de-interes\/","name":"Atracciones tur\u00edsticas en Berl\u00edn y alrededores - Kapitel Zwei","isPartOf":{"@id":"https:\/\/kapitel-zwei.de\/es\/#website"},"datePublished":"2016-03-23T17:35:55+00:00","dateModified":"2019-09-11T11:20:47+00:00","description":"Despu\u00e9s del curso de alem\u00e1n tienes tiempo libre para descubrir Berl\u00edn, ya sea el mercado de Hacke, la isla de los museos o el parque.-","breadcrumb":{"@id":"https:\/\/kapitel-zwei.de\/es\/lugares-de-interes\/#breadcrumb"},"inLanguage":"es","potentialAction":[{"@type":"ReadAction","target":["https:\/\/kapitel-zwei.de\/es\/lugares-de-interes\/"]}]},{"@type":"BreadcrumbList","@id":"https:\/\/kapitel-zwei.de\/es\/lugares-de-interes\/#breadcrumb","itemListElement":[{"@type":"ListItem","position":1,"name":"Startseite","item":"https:\/\/kapitel-zwei.de\/es\/"},{"@type":"ListItem","position":2,"name":"Lugares de inter\u00e9s"}]},{"@type":"WebSite","@id":"https:\/\/kapitel-zwei.de\/es\/#website","url":"https:\/\/kapitel-zwei.de\/es\/","name":"Kapitel Zwei Berlin","description":"Deutschkurs Berlin | Sprachschule Berlin | German language school Berlin | telc Berlin | Deutsch Pr\u00fcfung Berlin | Intensive German courses Berlin | TestDaF Pr\u00fcfung | Online Kurse","publisher":{"@id":"https:\/\/kapitel-zwei.de\/es\/#organization"},"potentialAction":[{"@type":"SearchAction","target":{"@type":"EntryPoint","urlTemplate":"https:\/\/kapitel-zwei.de\/es\/?s={search_term_string}"},"query-input":{"@type":"PropertyValueSpecification","valueRequired":true,"valueName":"search_term_string"}}],"inLanguage":"es"},{"@type":"Organization","@id":"https:\/\/kapitel-zwei.de\/es\/#organization","name":"Kapitel Zwei. Deutsch-Sprachschule Berlin GmbH","url":"https:\/\/kapitel-zwei.de\/es\/","logo":{"@type":"ImageObject","inLanguage":"es","@id":"https:\/\/kapitel-zwei.de\/es\/#\/schema\/logo\/image\/","url":"https:\/\/kapitel-zwei.de\/wp-content\/uploads\/2018\/08\/Kapitel-Zwei-Berlin-Sprachschule-Deutsch-Deutschkurse-Berlin.jpg","contentUrl":"https:\/\/kapitel-zwei.de\/wp-content\/uploads\/2018\/08\/Kapitel-Zwei-Berlin-Sprachschule-Deutsch-Deutschkurse-Berlin.jpg","width":350,"height":101,"caption":"Kapitel Zwei. Deutsch-Sprachschule Berlin GmbH"},"image":{"@id":"https:\/\/kapitel-zwei.de\/es\/#\/schema\/logo\/image\/"},"sameAs":["https:\/\/www.facebook.com\/kapitelzwei\/","https:\/\/x.com\/kapitelzwei"]}]}},"_links":{"self":[{"href":"https:\/\/kapitel-zwei.de\/es\/wp-json\/wp\/v2\/pages\/9930","targetHints":{"allow":["GET"]}}],"collection":[{"href":"https:\/\/kapitel-zwei.de\/es\/wp-json\/wp\/v2\/pages"}],"about":[{"href":"https:\/\/kapitel-zwei.de\/es\/wp-json\/wp\/v2\/types\/page"}],"author":[{"embeddable":true,"href":"https:\/\/kapitel-zwei.de\/es\/wp-json\/wp\/v2\/users\/16"}],"replies":[{"embeddable":true,"href":"https:\/\/kapitel-zwei.de\/es\/wp-json\/wp\/v2\/comments?post=9930"}],"version-history":[{"count":6,"href":"https:\/\/kapitel-zwei.de\/es\/wp-json\/wp\/v2\/pages\/9930\/revisions"}],"predecessor-version":[{"id":68439,"href":"https:\/\/kapitel-zwei.de\/es\/wp-json\/wp\/v2\/pages\/9930\/revisions\/68439"}],"wp:attachment":[{"href":"https:\/\/kapitel-zwei.de\/es\/wp-json\/wp\/v2\/media?parent=9930"}],"curies":[{"name":"wp","href":"https:\/\/api.w.org\/{rel}","templated":true}]}}