{"id":10313,"date":"2015-11-11T10:56:40","date_gmt":"2015-11-11T09:56:40","guid":{"rendered":"http:\/\/relaunch.kapitel-zwei.de\/fr\/preise\/"},"modified":"2024-10-10T13:30:49","modified_gmt":"2024-10-10T11:30:49","slug":"prix","status":"publish","type":"page","link":"https:\/\/kapitel-zwei.de\/fr\/prix\/","title":{"rendered":"Prix (cours en pr\u00e9sentiel)"},"content":{"rendered":"<\/p>\n\n<style type=\"text\/css\" data-created_by=\"avia_inline_auto\" id=\"style-css-av-hsiuj7t-eb46ebba8b4891b7cc82ef88ca0f8697\">\n.flex_column.av-hsiuj7t-eb46ebba8b4891b7cc82ef88ca0f8697{\nborder-radius:0px 0px 0px 0px;\npadding:0px 0px 0px 0px;\n}\n<\/style>\n<div  class='flex_column av-hsiuj7t-eb46ebba8b4891b7cc82ef88ca0f8697 av_one_full  avia-builder-el-0  el_before_av_two_third  avia-builder-el-first  first flex_column_div av-zero-column-padding  '     ><section  class='av_textblock_section av-h5b031l-cee5b578a8510032d3b3c95b6f99d8b9 '   itemscope=\"itemscope\" itemtype=\"https:\/\/schema.org\/CreativeWork\" ><div class='avia_textblock'  itemprop=\"text\" ><h1><span style=\"color: #ff6600;\">Prix de ton \u00e9cole de langue allemande \u00e0 Berlin<\/span><\/h1>\n<\/div><\/section><\/div>\n\n<style type=\"text\/css\" data-created_by=\"avia_inline_auto\" id=\"style-css-av-grl2vl5-a6a2760df3057dd3c8b360f2e054f259\">\n.flex_column.av-grl2vl5-a6a2760df3057dd3c8b360f2e054f259{\nborder-radius:0px 0px 0px 0px;\npadding:0px 0px 0px 0px;\n}\n<\/style>\n<div  class='flex_column av-grl2vl5-a6a2760df3057dd3c8b360f2e054f259 av_two_third  avia-builder-el-2  el_after_av_one_full  el_before_av_one_third  first flex_column_div av-zero-column-padding  column-top-margin'     ><section  class='av_textblock_section av-labna8xl-52c88de6a982a427dde5fea7610761a1 '   itemscope=\"itemscope\" itemtype=\"https:\/\/schema.org\/CreativeWork\" ><div class='avia_textblock'  itemprop=\"text\" ><h2>Prix pour cours d&rsquo;allemand \u00e0 Berlin &#8211; telc Deutsch \u00e0 Berlin<\/h2>\n<\/div><\/section><br \/>\n<section  class='av_textblock_section av-labnafrl-95003d85f52521f3f2a86bdf5f713fc5 '   itemscope=\"itemscope\" itemtype=\"https:\/\/schema.org\/CreativeWork\" ><div class='avia_textblock'  itemprop=\"text\" ><p>Combien co\u00fbte un cours d\u2019allemand pendant 4 semaines en petits groupes avec un tel emplacement central\u00a0? Que payeras-tu pour un logement ou un examen\u00a0? Quelles sont nos offres sp\u00e9ciales ? Tu trouveras ici tous les tarifs.<\/p>\n<ul>\n<li><a href=\"#Frais\">Frais de service<\/a><\/li>\n<li><a href=\"https:\/\/kapitel-zwei.de\/fr\/prix\/#CoursAllemandBerlin\">Cours d&rsquo;allemand \u00e0 Berlin<\/a><\/li>\n<li><a href=\"https:\/\/kapitel-zwei.de\/fr\/prix\/#CoursSpeciauxBerlin\">Cours sp\u00e9ciaux (grammaire, conversation, phon\u00e9tique)<\/a><\/li>\n<li><a href=\"https:\/\/kapitel-zwei.de\/fr\/prix\/#Pr\u00e9parationTelcBerlin\">Cours de pr\u00e9paration telc Deutsch<\/a><\/li>\n<li><a href=\"https:\/\/kapitel-zwei.de\/fr\/prix\/#ExamensTelcBerlin\">Examens telc Deutsch<\/a><\/li>\n<li><a href=\"https:\/\/kapitel-zwei.de\/fr\/prix\/#ParticuliersBerlin\">Cours particuliers<\/a><\/li>\n<li><a href=\"https:\/\/kapitel-zwei.de\/fr\/prix\/#ProfessionnelsBerlin\">Professionnels<\/a><\/li>\n<\/ul>\n<\/div><\/section><\/p><\/div>\n<style type=\"text\/css\" data-created_by=\"avia_inline_auto\" id=\"style-css-av-ga4s4w9-ad2338b26bc7c2f845c96ea172c6d399\">\n.flex_column.av-ga4s4w9-ad2338b26bc7c2f845c96ea172c6d399{\nborder-radius:0px 0px 0px 0px;\npadding:0px 0px 0px 0px;\n}\n<\/style>\n<div  class='flex_column av-ga4s4w9-ad2338b26bc7c2f845c96ea172c6d399 av_one_third  avia-builder-el-5  el_after_av_two_third  el_before_av_one_full  flex_column_div av-zero-column-padding  column-top-margin'     ><p>\n<style type=\"text\/css\" data-created_by=\"avia_inline_auto\" id=\"style-css-av-fqsseq1-460ac36f94a7685c8778a6aea167e6d7\">\n.avia-image-container.av-fqsseq1-460ac36f94a7685c8778a6aea167e6d7 img.avia_image{\nbox-shadow:none;\n}\n.avia-image-container.av-fqsseq1-460ac36f94a7685c8778a6aea167e6d7 .av-image-caption-overlay-center{\ncolor:#ffffff;\n}\n<\/style>\n<div  class='avia-image-container av-fqsseq1-460ac36f94a7685c8778a6aea167e6d7 av-styling- avia-align-center  avia-builder-el-6  el_before_av_textblock  avia-builder-el-first '   itemprop=\"image\" itemscope=\"itemscope\" itemtype=\"https:\/\/schema.org\/ImageObject\" ><div class=\"avia-image-container-inner\"><div class=\"avia-image-overlay-wrap\"><img decoding=\"async\" fetchpriority=\"high\" class='wp-image-10522 avia-img-lazy-loading-not-10522 avia_image ' src=\"https:\/\/kapitel-zwei.de\/wp-content\/uploads\/2015\/10\/Kapitel-Zwei-Berlin-Preise-300x200.jpg\" alt='Kapitel Zwei Berlin Preise' title='Kapitel Zwei Berlin Preise'  height=\"200\" width=\"300\"  itemprop=\"thumbnailUrl\" srcset=\"https:\/\/kapitel-zwei.de\/wp-content\/uploads\/2015\/10\/Kapitel-Zwei-Berlin-Preise-300x200.jpg 300w, https:\/\/kapitel-zwei.de\/wp-content\/uploads\/2015\/10\/Kapitel-Zwei-Berlin-Preise-80x53.jpg 80w, https:\/\/kapitel-zwei.de\/wp-content\/uploads\/2015\/10\/Kapitel-Zwei-Berlin-Preise-768x512.jpg 768w, https:\/\/kapitel-zwei.de\/wp-content\/uploads\/2015\/10\/Kapitel-Zwei-Berlin-Preise-1030x687.jpg 1030w, https:\/\/kapitel-zwei.de\/wp-content\/uploads\/2015\/10\/Kapitel-Zwei-Berlin-Preise-1500x1000.jpg 1500w, https:\/\/kapitel-zwei.de\/wp-content\/uploads\/2015\/10\/Kapitel-Zwei-Berlin-Preise-705x470.jpg 705w, https:\/\/kapitel-zwei.de\/wp-content\/uploads\/2015\/10\/Kapitel-Zwei-Berlin-Preise-450x300.jpg 450w\" sizes=\"(max-width: 300px) 100vw, 300px\" \/><\/div><\/div><\/div><br \/>\n<section  class='av_textblock_section av-fm861yh-810f01e23909683e22209cd8b3ff15fa '   itemscope=\"itemscope\" itemtype=\"https:\/\/schema.org\/CreativeWork\" ><div class='avia_textblock'  itemprop=\"text\" ><p class=\"intro\">Apprendre l\u2019allemand \u00e0 Berlin avec \u00ab Kapitel Zwei, \u00e9cole de langue allemande \u00bb entre Heinrich-Heine-Stra\u00dfe (U8) et M\u00e4rkisches Museum (U2).<\/p>\n<\/div><\/section><\/p><\/div><\/p>\n\n<style type=\"text\/css\" data-created_by=\"avia_inline_auto\" id=\"style-css-av-f2ywx61-d535e8b6031a7a73410543be5a51a323\">\n.flex_column.av-f2ywx61-d535e8b6031a7a73410543be5a51a323{\nborder-radius:0px 0px 0px 0px;\npadding:0px 0px 0px 0px;\n}\n<\/style>\n<div  class='flex_column av-f2ywx61-d535e8b6031a7a73410543be5a51a323 av_one_full  avia-builder-el-8  el_after_av_one_third  el_before_av_hr  first flex_column_div av-zero-column-padding  column-top-margin'     ><p><section  class='av_textblock_section av-edlyu5l-058f8cf3df88cb4225130b44dc78e3f5 '   itemscope=\"itemscope\" itemtype=\"https:\/\/schema.org\/CreativeWork\" ><div class='avia_textblock'  itemprop=\"text\" ><p><a name=\"Frais\"><\/a><\/p>\n<\/div><\/section><br \/>\n<section  class='av_textblock_section av-1e1b6p5-ed155b77ed8d01026dd6445ec9fc2481 '   itemscope=\"itemscope\" itemtype=\"https:\/\/schema.org\/CreativeWork\" ><div class='avia_textblock tablepress_scroll-if-too-large'  itemprop=\"text\" ><h2 id=\"tablepress-529-name\" class=\"tablepress-table-name tablepress-table-name-id-529\">Frais de service<\/h2>\n\n<table id=\"tablepress-529\" class=\"tablepress tablepress-id-529 tbody-has-connected-cells\" aria-labelledby=\"tablepress-529-name\">\n<thead>\n<tr class=\"row-1\">\n\t<th class=\"column-1\">SERVICES  <\/th><th class=\"column-2\">PRIX<\/th>\n<\/tr>\n<\/thead>\n<tbody class=\"row-striping\">\n<tr class=\"row-2\">\n\t<td colspan=\"2\" class=\"column-1\"><p style=\"text-align: center; background-color:#FFEEE6 !important;\"><br \/>\nCe sont les services que nous offrons gratuitement :<br \/>\n<br \/>\n<\/p><\/td>\n<\/tr>\n<tr class=\"row-3\">\n\t<td class=\"column-1\">Pas de frais d'inscription<\/td><td class=\"column-2\"> \u2713<\/td>\n<\/tr>\n<tr class=\"row-4\">\n\t<td class=\"column-1\">Certificats de participation gratuits \u00e0 la fin d'un cours intensif (A1-C2)<\/td><td class=\"column-2\"> \u2713<\/td>\n<\/tr>\n<tr class=\"row-5\">\n\t<td class=\"column-1\">Des offres sp\u00e9ciales sont r\u00e9guli\u00e8rement propos\u00e9es<\/td><td class=\"column-2\"> \u2713<\/td>\n<\/tr>\n<tr class=\"row-6\">\n\t<td colspan=\"2\" class=\"column-1\"><p style=\"text-align: center; background-color:#FFEEE6 !important;\"><br \/>\nLes services suivants ont une valeur :<br \/>\n<br \/>\n<\/p><\/td>\n<\/tr>\n<tr class=\"row-7\">\n\t<td class=\"column-1\">Confirmation de l'enregistrement officiel pour la demande de visa (y compris 1 correction)<\/td><td class=\"column-2\">20,00 \u20ac<\/td>\n<\/tr>\n<tr class=\"row-8\">\n\t<td class=\"column-1\">Changement de cours dans le m\u00eame mois de cours (si des places sont disponibles)<br \/>\n<br \/>\n*Tu ne peux utiliser cette option que dans le tarif Classic <br \/>\n(apr\u00e8s le d\u00e9but du cours dans le cadre de nos cas de complaisance).<\/td><td class=\"column-2\">20,00 \u20ac<\/td>\n<\/tr>\n<tr class=\"row-9\">\n\t<td class=\"column-1\">Clients B2B<\/td><td class=\"column-2\">+ 20,00 \u20ac<\/td>\n<\/tr>\n<tr class=\"row-10\">\n\t<td class=\"column-1\">Fichier de factures par unit\u00e9<\/td><td class=\"column-2\">10,00 \u20ac<\/td>\n<\/tr>\n<tr class=\"row-11\">\n\t<td class=\"column-1\">Correction de facture (#annulation \/ Note de cr\u00e9dit\/ r\u00e9\u00e9dition) par unit\u00e9<\/td><td class=\"column-2\">10,00 \u20ac<\/td>\n<\/tr>\n<tr class=\"row-12\">\n\t<td class=\"column-1\">Manuels et cahiers d'exercices<\/td><td class=\"column-2\">20 - 30 \u20ac<\/td>\n<\/tr>\n<\/tbody>\n<\/table>\n<!-- #tablepress-529 from cache -->\n<\/div><\/section><\/p><\/div>\n\n<style type=\"text\/css\" data-created_by=\"avia_inline_auto\" id=\"style-css-av-drvgts9-706af03539edf56427140bce757c3d99\">\n#top .hr.hr-invisible.av-drvgts9-706af03539edf56427140bce757c3d99{\nheight:10px;\n}\n<\/style>\n<div  class='hr av-drvgts9-706af03539edf56427140bce757c3d99 hr-invisible  avia-builder-el-11  el_after_av_one_full  el_before_av_one_full '><span class='hr-inner '><span class=\"hr-inner-style\"><\/span><\/span><\/div>\n\n<style type=\"text\/css\" data-created_by=\"avia_inline_auto\" id=\"style-css-av-f2ywx61-d535e8b6031a7a73410543be5a51a323\">\n.flex_column.av-f2ywx61-d535e8b6031a7a73410543be5a51a323{\nborder-radius:0px 0px 0px 0px;\npadding:0px 0px 0px 0px;\n}\n<\/style>\n<div  class='flex_column av-f2ywx61-d535e8b6031a7a73410543be5a51a323 av_one_full  avia-builder-el-12  el_after_av_hr  el_before_av_hr  first flex_column_div av-zero-column-padding  '     ><p><section  class='av_textblock_section av-edlyu5l-a5f98dc41b24b408e62638233f214151 '   itemscope=\"itemscope\" itemtype=\"https:\/\/schema.org\/CreativeWork\" ><div class='avia_textblock'  itemprop=\"text\" ><p><a name=\"CoursAllemandBerlin\"><\/a><\/p>\n<\/div><\/section><br \/>\n<section  class='av_textblock_section av-1e1b6p5-0dbb4cc2903d559346d3734553ef8b01 '   itemscope=\"itemscope\" itemtype=\"https:\/\/schema.org\/CreativeWork\" ><div class='avia_textblock tablepress_scroll-if-too-large'  itemprop=\"text\" ><h2 id=\"tablepress-337-name\" class=\"tablepress-table-name tablepress-table-name-id-337\">Prix des cours d'allemand \u00e0 Berlin (4 semaines) et des examens telc dans des classes r\u00e9elles<\/h2>\n\n<table id=\"tablepress-337\" class=\"tablepress tablepress-id-337 tbody-has-connected-cells\" aria-labelledby=\"tablepress-337-name\">\n<thead>\n<tr class=\"row-1\">\n\t<th class=\"column-1\"><p style=\"background-color:#f60 !important; color:white !important; text-align: center;\">Lundi<\/p><\/th><th class=\"column-2\"><p style=\"background-color:#f60 !important; color:white !important; text-align: center;\">Mardi<\/p><\/th><th class=\"column-3\"><p style=\"background-color:#f60 !important; color:white !important; text-align: center;\">Mercredi<\/p><\/th><th class=\"column-4\"><p style=\"background-color:#f60 !important; color:white !important; text-align: center;\">Jeudi<\/p><\/th><th class=\"column-5\"><p style=\"background-color:#f60 !important; color:white !important; text-align: center;\">Vendredi<\/p><\/th><th class=\"column-6\"><p style=\"background-color:#f60 !important; color:white !important; text-align: center;\">Samedi<\/p><\/th>\n<\/tr>\n<\/thead>\n<tbody>\n<tr class=\"row-2\">\n\t<td colspan=\"4\" class=\"column-1\"><p style=\"text-align: center; background-color:#FFEEE6 !important; \"><a href=https:\/\/kapitel-zwei.de\/fr\/cours-d-allemand-berlin\/cours-allemand-intensif\/><br \/>\n<b>Cours d\u2019allemand intensif<\/b><\/a><br \/>\n<br \/>\n<a href=https:\/\/kapitel-zwei.de\/fr\/tarif-classique\/>Tarif classique<\/a><br \/>\n<br \/>\n<b>319 \u20ac<\/b> <br \/>\n<br \/>\n<a href=https:\/\/kapitel-zwei.de\/fr\/reservation-3-mois\/>R\u00e9servation de 3 mois (897 \u20ac)<\/a> ou<br \/>\n<a href=https:\/\/kapitel-zwei.de\/fr\/tarif-amis\/>Tarif amis<\/a><br \/>\n<br \/>\n<b>299 \u20ac<\/b> <br \/>\n<br \/>\n<\/p><br \/>\n<\/td><td class=\"column-5\"><p style=\"text-align: center; background-color:#FFEEE6 !important;\"><br \/>\n<a href=\"https:\/\/kapitel-zwei.de\/fr\/cours-d-allemand-berlin\/cours-de-grammaire-allemande\/\"><b>Cours de grammaire<\/b><\/a><br \/>\n<br \/>\n<br \/>\n<b>82 \u20ac<\/b><br \/>\n<br \/>\n<br \/>\n<br \/>\n<br \/>\n<br \/>\n<br \/>\n<br \/>\n<\/p><\/td><td rowspan=\"5\" class=\"column-6\"><p style=\"text-align: center; center; background-color:#FFEEE6 !important;\"><br \/>\n<a href=\"https:\/\/kapitel-zwei.de\/fr\/telc-deutsch-berlin\/\"><b>Examens telc Deutsch <\/b><br \/>\n<br \/>\n<b>\u00e0 partir de 169 \u20ac<\/b><br \/>\n<br \/>\nExamen B1<br \/>\n<br \/>\nExamen  B2 <br \/>\n<br \/>\nExamen C1 Allgemein<br \/>\n<br \/>\nExamen C1 Hochschule<br \/>\n<br \/>\n<br \/>\n<br \/>\n<br \/>\n<br \/>\n<br \/>\n<br \/>\n<br \/>\n<br \/>\n<br \/>\n<br \/>\n<br \/>\n<br \/>\n<br \/>\n<br \/>\n<br \/>\n<br \/>\n<br \/>\n<br \/>\n<br \/>\n<br \/>\n<br \/>\n<br \/>\n<br \/>\n<br \/>\n<br \/>\n<br \/>\n<br \/>\n<br \/>\n<br \/>\n<br \/>\n<br \/>\n<br \/>\n<br \/>\n<br \/>\n<br \/>\n<br \/>\n<br \/>\n<br \/>\n<br \/>\n<br \/>\n<br \/>\n<br \/>\n<br \/>\n<br \/>\n<br \/>\n<br \/>\n<br \/>\n<br \/>\n<\/p><\/td>\n<\/tr>\n<tr class=\"row-3\">\n\t<td colspan=\"4\" class=\"column-1\"><p style=\"text-align: center; background-color:#FFEEE6 !important;\"><br \/>\n<a href=\"https:\/\/kapitel-zwei.de\/fr\/telc-deutsch-c1-hochschule-berlin\/\">telc Deutsch<br \/>\n<b>C1 Hochschule<\/b><br \/>\nPr\u00e9paration intensive<\/a><br \/>\n<br \/>\n<b>319 \u20ac<\/b><a href=\"https:\/\/kapitel-zwei.de\/fr\/tarif-classique\/\"><br \/>\nTarif classique<\/a><br \/>\n<br \/>\n<\/p><br \/>\n<\/td><td class=\"column-5\"><p style=\"text-align: center; background-color:#FFEEE6 !important;\"><br \/>\n<a href=\"https:\/\/kapitel-zwei.de\/fr\/cours-d-allemand-berlin\/cours-de-conversation-allemand\/\"><b><br \/>\nCours de conversation<\/b><\/a><br \/>\n<br \/>\n<b>82 \u20ac<\/b><br \/>\n<br \/>\n<br \/>\n<br \/>\n<\/p><\/td>\n<\/tr>\n<tr class=\"row-4\">\n\t<td colspan=\"4\" class=\"column-1\"><p style=\"text-align: center; background-color:#FFEEE6 !important;\"><br \/>\n<a href=\"https:\/\/kapitel-zwei.de\/fr\/fachsprachpruefung-aerztekammer\/\">Pr\u00e9paration intensive <br \/>\n<b>\u00e0 l\u2019examen \"Fachsprachpr\u00fcfung\" de<br \/>\nl\u2019Ordre des m\u00e9decins<\/b><\/a><br \/>\n<br \/>\n<b>499 \u20ac<\/b><br \/>\n<a href=\"https:\/\/kapitel-zwei.de\/fr\/tarif-classique\/\">Tarif classique<\/a><br \/>\n<br \/>\n<b>449 \u20ac<\/b><br \/>\n<a href=\"https:\/\/kapitel-zwei.de\/fr\/tarif-reservations-en-avance\/\">Tarif\u00a0 pour les r\u00e9servations en avance<\/a><br \/>\n<br \/>\n<\/p><\/td><td class=\"column-5\"><p style=\"text-align: center; center; background-color:#FFEEE6 !important;\"><br \/>\n<a href=\"https:\/\/kapitel-zwei.de\/fr\/cours-d-allemand-berlin\/cours-d-expression\/\"><b><br \/>\nCours d\u2019expression<\/b><\/a><br \/>\n<br \/>\n<br \/>\n<b>82 \u20ac<\/b><br \/>\n<br \/>\n<br \/>\n<br \/>\n<br \/>\n<br \/>\n<\/p><\/td>\n<\/tr>\n<tr class=\"row-5\">\n\t<td colspan=\"4\" class=\"column-1\"><p style=\"text-align: center; background-color:#FFEEE6 !important;\"><br \/>\n<a href=\"https:\/\/kapitel-zwei.de\/fr\/cours-d-allemand-berlin\/cours-de-preparation-au-testdaf\/\"><br \/>\n<b>TestDaF<\/b><br \/>\nPr\u00e9paration intensive <\/a><br \/>\n<br \/>\n<b>319 \u20ac<\/b> <a href=\"https:\/\/kapitel-zwei.de\/fr\/tarif-classique\/\"><br \/>\nTarif classique<\/a><br \/>\n<br \/>\n<\/p><br \/>\n<\/td><td class=\"column-5\"><p style=\"text-align: center; center; background-color:#FFEEE6 !important;\"><br \/>\n<a href=\"https:\/\/kapitel-zwei.de\/fr\/telc-deutsch-berlin\/\">telc Deutsch<br \/>\n<b>B1 | B2 | C1 Hochschule<\/b> Pr\u00e9paration express<\/a><br \/>\n<br \/>\n<b>162 \u20ac<\/b><br \/>\n<br \/>\n<br \/>\n<\/p><\/td>\n<\/tr>\n<tr class=\"row-6\">\n\t<td class=\"column-1\"><p style=\"text-align: center; background-color:#FFEEE6 !important;\"><br \/>\n<a href=\"https:\/\/kapitel-zwei.de\/fr\/cours-d-allemand-berlin\/cours-de-grammaire-allemande\/\"><b>Cours de grammaire<\/b><\/a><br \/>\n<br \/>\n<br \/>\n<b>82 \u20ac<\/b><br \/>\n<br \/>\n<br \/>\n<br \/>\n<br \/>\n<br \/>\n<br \/>\n<br \/>\n<\/p><\/td><td class=\"column-2\"><p style=\"text-align: center; center; background-color:#FFEEE6 !important;\"><br \/>\n<a href=\"https:\/\/kapitel-zwei.de\/fr\/preparation-telc-deutsch-b2\/\">telc Deutsch<br \/>\n<b>B1 &amp; B2 <\/b>Pr\u00e9paration <b>express<\/b><\/a><br \/>\n<br \/>\n<b>162 \u20ac<\/b> <br \/>\n<br \/>\n<br \/>\n<br \/>\n<br \/>\n<br \/>\n<br \/>\n<br \/>\n<\/p><\/td><td class=\"column-3\"><p style=\"text-align: center; background-color:#FFEEE6 !important;\"><br \/>\n<a href=\"https:\/\/kapitel-zwei.de\/fr\/cours-d-allemand-berlin\/cours-de-conversation-allemand\/\"><b>Cours de conversation<\/b><\/a><br \/>\n<br \/>\n<br \/>\n<b>82 \u20ac<\/b><br \/>\n<br \/>\n<br \/>\n<br \/>\n<br \/>\n<br \/>\n<br \/>\n<br \/>\n<\/p><\/td><td class=\"column-4\"><p style=\"text-align: center; center; background-color:#FFEEE6 !important;\"><br \/>\n<a href=\"https:\/\/kapitel-zwei.de\/fr\/preparation-telc-deutsch-b2\/\">telc Deutsch<br \/>\n<b>B1 &amp; B2 <\/b>Pr\u00e9paration <b>express<\/b><\/a><br \/>\n<br \/>\n<b>162 \u20ac<\/b><br \/>\n<br \/>\n<br \/>\n<br \/>\n<br \/>\n<br \/>\n<br \/>\n<br \/>\n<\/p><\/td><td class=\"column-5\"><p style=\"text-align: center; center; background-color:#FFEEE6 !important;\"><br \/>\n<a href=\"https:\/\/kapitel-zwei.de\/fr\/telc-deutsch-berlin\/\">telc Deutsch <br \/>\n<b>Examen<\/b><br \/>\n<br \/>\n<br \/>\n<b>\u00e0 partir de 149\u20ac<\/b><br \/>\nA1, A2<br \/>\n<br \/>\n<b>\u00e0 partir de 169 \u20ac<\/b><br \/>\nB1, B2 <br \/>\nC1 Allgemein, <br \/>\nC1 Hochschule<br \/>\n<br \/>\n<\/p><\/td>\n<\/tr>\n<tr class=\"row-7\">\n\t<td colspan=\"6\" class=\"column-1\"><p style=\"background-color:#f15f16 !important; color:white !important; text-align: center;\"><br \/>\nPour plus d'informations sur les tarifs, clique sur le tarif de ton choix.<br \/>\n<br \/>\nTu peux sp\u00e9cifier le tarif de ton choix dans le champ \"commentaires\" du formulaire d'inscription.<br \/>\n<br \/>\n<\/p><\/td>\n<\/tr>\n<\/tbody>\n<\/table>\n<!-- #tablepress-337 from cache -->\n<\/div><\/section><\/p><\/div>\n\n<style type=\"text\/css\" data-created_by=\"avia_inline_auto\" id=\"style-css-av-drvgts9-706af03539edf56427140bce757c3d99\">\n#top .hr.hr-invisible.av-drvgts9-706af03539edf56427140bce757c3d99{\nheight:10px;\n}\n<\/style>\n<div  class='hr av-drvgts9-706af03539edf56427140bce757c3d99 hr-invisible  avia-builder-el-15  el_after_av_one_full  el_before_av_one_full '><span class='hr-inner '><span class=\"hr-inner-style\"><\/span><\/span><\/div>\n\n<style type=\"text\/css\" data-created_by=\"avia_inline_auto\" id=\"style-css-av-d4csaeh-5a5ca028ca2f3b8fae0d8d524e3b582e\">\n.flex_column.av-d4csaeh-5a5ca028ca2f3b8fae0d8d524e3b582e{\nborder-radius:0px 0px 0px 0px;\npadding:0px 0px 0px 0px;\n}\n<\/style>\n<div  class='flex_column av-d4csaeh-5a5ca028ca2f3b8fae0d8d524e3b582e av_one_full  avia-builder-el-16  el_after_av_hr  el_before_av_hr  first flex_column_div av-zero-column-padding  '     ><p><section  class='av_textblock_section av-clk7ajt-edce3e6daadc6248e5a624dd15621a39 '   itemscope=\"itemscope\" itemtype=\"https:\/\/schema.org\/CreativeWork\" ><div class='avia_textblock'  itemprop=\"text\" ><p><a name=\"CoursSpeciauxBerlin\"><\/a><\/p>\n<\/div><\/section><br \/>\n<section  class='av_textblock_section av-c9g7k95-154621b3e4e514b13e42f5eb4fad9fbe '   itemscope=\"itemscope\" itemtype=\"https:\/\/schema.org\/CreativeWork\" ><div class='avia_textblock tablepress_scroll-if-too-large'  itemprop=\"text\" ><h2 id=\"tablepress-338-name\" class=\"tablepress-table-name tablepress-table-name-id-338\">Prix des cours d'allemand sp\u00e9ciaux<\/h2>\n\n<table id=\"tablepress-338\" class=\"tablepress tablepress-id-338 tablepress_too_large tbody-has-connected-cells\" aria-labelledby=\"tablepress-338-name\">\n<thead>\n<tr class=\"row-1\">\n\t<th class=\"column-1\"><p style=\"color:white !important;\">Cours sp\u00e9ciaux<\/p><\/th><th class=\"column-2\"><p style=\"color:white !important; text-align: center;\"><br \/>\nCours en pr\u00e9sentiel<br \/>\nvraies salles de classe<br \/>\n<br \/>\nDes nouveaux cours commencent \u00e0 chaque d\u00e9but de mois<br \/>\n(4 semaines)<br \/>\n<br \/>\n<\/p><\/th><th class=\"column-3\"><p style=\"color:white !important;\">\t<br \/>\nFr\u00e9quence<\/p><\/th>\n<\/tr>\n<\/thead>\n<tbody class=\"row-striping\">\n<tr class=\"row-2\">\n\t<td rowspan=\"2\" class=\"column-1\"><span style=\"color:#f15f16\";><br \/>\n<br \/>\n<br \/>\n<a href=\"https:\/\/kapitel-zwei.de\/fr\/cours-d-allemand-berlin\/cours-de-grammaire-allemande\/\"><b>Cours de grammaire<\/b><\/a><\/span><\/td><td rowspan=\"2\" class=\"column-2\"><p style=\"text-align: center; background-color:#FFEEE6 !important; \"><br \/>\n<br \/>\n<b>82 \u20ac<\/b><br \/>\n<br \/>\n<br \/>\n<\/p><\/td><td class=\"column-3\">1 x <b>par semaine<\/b><\/td>\n<\/tr>\n<tr class=\"row-3\">\n\t<td class=\"column-3\">18-21 h | Lundi ou<br \/>\n<br \/>\no9-12 h | Vendredi<\/td>\n<\/tr>\n<tr class=\"row-4\">\n\t<td rowspan=\"2\" class=\"column-1\"><span style=\"color:#f15f16\";><br \/>\n<br \/>\n<br \/>\n<a href=\"https:\/\/kapitel-zwei.de\/fr\/cours-d-allemand-berlin\/cours-de-conversation-allemand\/\"><b>Cours de conversation<\/b><\/a><\/span><\/td><td rowspan=\"2\" class=\"column-2\"><p style=\"text-align: center; background-color:#FFEEE6 !important; \"><br \/>\n<br \/>\n<b>82 \u20ac<\/b><br \/>\n<br \/>\n<br \/>\n<\/p><\/td><td class=\"column-3\">1 x <b>par semaine<\/b><\/td>\n<\/tr>\n<tr class=\"row-5\">\n\t<td class=\"column-3\">18-21 h | Mercredi ou<br \/>\n<br \/>\n12-15 h | Vendredi<\/td>\n<\/tr>\n<tr class=\"row-6\">\n\t<td rowspan=\"2\" class=\"column-1\"><span style=\"color:#f15f16\";><br \/>\n<br \/>\n<br \/>\n<a href=\"https:\/\/kapitel-zwei.de\/fr\/cours-d-allemand-berlin\/cours-d-expression\/\"><b>Cours d\u2019expression<\/b><\/a><\/span><\/td><td rowspan=\"2\" class=\"column-2\"><p style=\"text-align: center; background-color:#FFEEE6 !important; \"><br \/>\n<br \/>\n<b>82 \u20ac<\/b><br \/>\n<br \/>\n<br \/>\n<\/p><\/td><td class=\"column-3\">1 x <b>par semaine<\/b><\/td>\n<\/tr>\n<tr class=\"row-7\">\n\t<td class=\"column-3\">12-15 h | Vendredi<br \/>\n<\/td>\n<\/tr>\n<\/tbody>\n<\/table>\n<!-- #tablepress-338 from cache -->\n<\/div><\/section><\/p><\/div>\n\n<style type=\"text\/css\" data-created_by=\"avia_inline_auto\" id=\"style-css-av-bt104jt-ca0709430d455b88841c9e28e3fe9886\">\n#top .hr.hr-invisible.av-bt104jt-ca0709430d455b88841c9e28e3fe9886{\nheight:10px;\n}\n<\/style>\n<div  class='hr av-bt104jt-ca0709430d455b88841c9e28e3fe9886 hr-invisible  avia-builder-el-19  el_after_av_one_full  el_before_av_one_full '><span class='hr-inner '><span class=\"hr-inner-style\"><\/span><\/span><\/div>\n\n<style type=\"text\/css\" data-created_by=\"avia_inline_auto\" id=\"style-css-av-baj97wp-08c347295eed1c63795b85bef6c5e83f\">\n.flex_column.av-baj97wp-08c347295eed1c63795b85bef6c5e83f{\nborder-radius:0px 0px 0px 0px;\npadding:0px 0px 0px 0px;\n}\n<\/style>\n<div  class='flex_column av-baj97wp-08c347295eed1c63795b85bef6c5e83f av_one_full  avia-builder-el-20  el_after_av_hr  el_before_av_hr  first flex_column_div av-zero-column-padding  '     ><p><section  class='av_textblock_section av-auxegbt-c0e5d3ee72ed8fdb7a3bd2dca71130d1 '   itemscope=\"itemscope\" itemtype=\"https:\/\/schema.org\/CreativeWork\" ><div class='avia_textblock'  itemprop=\"text\" ><p><a name=\"Pr\u00e9parationTelcBerlin\"><\/a><\/p>\n<\/div><\/section><br \/>\n<section  class='av_textblock_section av-11wnvmx-95d8985f57d52830decec6cbed32f2fe '   itemscope=\"itemscope\" itemtype=\"https:\/\/schema.org\/CreativeWork\" ><div class='avia_textblock tablepress_scroll-if-too-large'  itemprop=\"text\" ><h2 id=\"tablepress-339-name\" class=\"tablepress-table-name tablepress-table-name-id-339\">Prix pour les cours de pr\u00e9paration telc Deutsch (4 semaines)<\/h2>\n\n<table id=\"tablepress-339\" class=\"tablepress tablepress-id-339 tablepress_too_large tbody-has-connected-cells\" aria-labelledby=\"tablepress-339-name\">\n<thead>\n<tr class=\"row-1\">\n\t<th class=\"column-1\"><p style=\"color:white !important;\">Pr\u00e9paration telc <\/p><\/th><th class=\"column-2\"><p style=\"color:white !important;\">Type du cours<\/p><\/th><th class=\"column-3\"><p style=\"color:white !important; text-align: center;\"><br \/>\nCours en pr\u00e9sentiel<br \/>\nvraies salles de classe<br \/>\n<br \/>\nDes nouveaux cours<br \/>\ncommencent chaque mois<br \/>\n(4 semaines)<br \/>\n<br \/>\n<\/p><\/th><th class=\"column-4\"><p style=\"color:white !important;\">Fr\u00e9quence<\/p><\/th>\n<\/tr>\n<\/thead>\n<tbody class=\"row-striping\">\n<tr class=\"row-2\">\n\t<td class=\"column-1\"><span style=\"color:#f15f16\";><br \/>\n<br \/>\n<br \/>\n<br \/>\n<a href=\"https:\/\/kapitel-zwei.de\/fr\/preparation-telc-deutsch-b1\/\"><b>Niveau B1 <\/b><\/a><\/span><\/td><td class=\"column-2\"><br \/>\n<br \/>\n<br \/>\n<br \/>\n<b>Pr\u00e9paration express<\/b><\/td><td class=\"column-3\"><p style=\"text-align: center; background-color:#FFEEE6 !important; \"><br \/>\n<br \/>\n<br \/>\n<b>162 \u20ac<\/b> <br \/>\n<br \/>\n<br \/>\n<br \/>\n<br \/>\n<\/p><\/td><td class=\"column-4\"><b>16 heures<\/b><br \/>\n<br \/>\nMardi + jeudi<br \/>\n16-18 h ou<br \/>\n18-20 h <br \/>\n<br \/>\nou<br \/>\n<br \/>\nVendredi<br \/>\no9-13.20 h<br \/>\n<\/td>\n<\/tr>\n<tr class=\"row-3\">\n\t<td class=\"column-1\"><span style=\"color:#f15f16\";><br \/>\n<br \/>\n<br \/>\n<br \/>\n<a href=\"https:\/\/kapitel-zwei.de\/fr\/preparation-telc-deutsch-b2\/\"><b>Niveau B2 <\/b><\/a><\/span><\/td><td class=\"column-2\"><br \/>\n<br \/>\n<br \/>\n<br \/>\n<b>Pr\u00e9paration express<\/b><\/td><td class=\"column-3\"><p style=\"text-align: center; background-color:#FFEEE6 !important; \"><br \/>\n<br \/>\n<br \/>\n<b>162 \u20ac<\/b><br \/>\n<br \/>\n<br \/>\n<br \/>\n<\/p><\/td><td class=\"column-4\"><b>16 heures<\/b><br \/>\n<br \/>\n18-20 h<br \/>\nMardi + jeudi<br \/>\n<br \/>\nou<br \/>\n<br \/>\no9-13.20 h<br \/>\nVendredi<\/td>\n<\/tr>\n<tr class=\"row-4\">\n\t<td rowspan=\"2\" class=\"column-1\"><span style=\"color:#f15f16\";><br \/>\n<br \/>\n<br \/>\n<br \/>\n<a href=\"https:\/\/kapitel-zwei.de\/fr\/telc-deutsch-c1-hochschule-berlin\/\"><b>C1 Hochschule<\/b><\/a><\/span><\/td><td class=\"column-2\"><br \/>\n<br \/>\n<br \/>\n<br \/>\n<b>Pr\u00e9paration express<\/b><\/td><td class=\"column-3\"><p style=\"text-align: center; background-color:#FFEEE6 !important; \"><br \/>\n<br \/>\n<br \/>\n<b>162 \u20ac<\/b> <br \/>\n<br \/>\n<br \/>\n<\/p><\/td><td class=\"column-4\"><br \/>\n<b>16 heures<\/b><br \/>\n<br \/>\no9-13.20 h<br \/>\nVendredi<\/td>\n<\/tr>\n<tr class=\"row-5\">\n\t<td class=\"column-2\"><p style=\"text-align: center; background-color:#FFEEE6 !important; \"><br \/>\n<br \/>\n<br \/>\n<b>Cours intensif<\/b><br \/>\n<br \/>\n<br \/>\n<br \/>\n<br \/>\n<\/p><\/td><td class=\"column-3\"><p style=\"text-align: center; background-color:#FFEEE6 !important; \"><br \/>\n<br \/>\n<br \/>\n<b>319 \u20ac<\/b> <a href=\"https:\/\/kapitel-zwei.de\/fr\/tarif-classique\/\"><br \/>\nTarif classique<\/a><br \/>\n<br \/>\n<br \/>\n<br \/>\n<\/p><\/td><td class=\"column-4\"><b>48 heures<\/b><br \/>\n<br \/>\n09-12 h<br \/>\n12-15  h<br \/>\n15-18 h<br \/>\n18-21 h<br \/>\n<br \/>\nDu lundi au<br \/>\njeudi<\/td>\n<\/tr>\n<tr class=\"row-6\">\n\t<td class=\"column-1\"><span style=\"color:#f15f16\";><br \/>\n<br \/>\n<br \/>\n<a href=\"https:\/\/kapitel-zwei.de\/fr\/fachsprachpruefung-aerztekammer\/\"><b>Pr\u00e9paration \u00e0 l\u2019examen<br \/>\nFachsprachpr\u00fcfung <br \/>\nde l\u2019Ordre<br \/>\ndes m\u00e9decins <\/b><\/a><\/span><\/td><td class=\"column-2\"><p style=\"text-align: center; background-color:#FFEEE6 !important; \"><br \/>\n<br \/>\n<br \/>\n<b>Cours intensif<\/b><br \/>\n<br \/>\n<br \/>\n<br \/>\n<\/p><\/td><td class=\"column-3\"><p style=\"text-align: center; background-color:#FFEEE6 !important; \"><br \/>\n<b>499 \u20ac<\/b><a href=\"https:\/\/kapitel-zwei.de\/fr\/tarif-classique\/\"><br \/>\nTarif classique<\/a><br \/>\n<br \/>\n<b>449 \u20ac<\/b><br \/>\n<a href=\"https:\/\/kapitel-zwei.de\/fr\/tarif-reservations-en-avance\/\">Tarif\u00a0 pour les r\u00e9servations en avance<\/a><br \/>\n<br \/>\n<\/p><\/td><td class=\"column-4\"><br \/>\n<b>48 heures<\/b><br \/>\n<br \/>\n15-18 h<br \/>\n<br \/>\nDu lundi au<br \/>\njeudi<\/td>\n<\/tr>\n<\/tbody>\n<\/table>\n\n<\/div><\/section><\/p><\/div>\n\n<style type=\"text\/css\" data-created_by=\"avia_inline_auto\" id=\"style-css-av-a1j4gjt-9d030ed53a74e466fcc3d69ffd6cdb71\">\n#top .hr.hr-invisible.av-a1j4gjt-9d030ed53a74e466fcc3d69ffd6cdb71{\nheight:10px;\n}\n<\/style>\n<div  class='hr av-a1j4gjt-9d030ed53a74e466fcc3d69ffd6cdb71 hr-invisible  avia-builder-el-23  el_after_av_one_full  el_before_av_one_full '><span class='hr-inner '><span class=\"hr-inner-style\"><\/span><\/span><\/div>\n\n<style type=\"text\/css\" data-created_by=\"avia_inline_auto\" id=\"style-css-av-9lkpg3t-eb48b19e24a766662fac62c5625196df\">\n.flex_column.av-9lkpg3t-eb48b19e24a766662fac62c5625196df{\nborder-radius:0px 0px 0px 0px;\npadding:0px 0px 0px 0px;\n}\n<\/style>\n<div  class='flex_column av-9lkpg3t-eb48b19e24a766662fac62c5625196df av_one_full  avia-builder-el-24  el_after_av_hr  el_before_av_textblock  first flex_column_div av-zero-column-padding  '     ><p><section  class='av_textblock_section av-8tn011l-75f660b5e4b83779531be360ad61a7cd '   itemscope=\"itemscope\" itemtype=\"https:\/\/schema.org\/CreativeWork\" ><div class='avia_textblock'  itemprop=\"text\" ><p><a name=\"ExamensTelcBerlin\"><\/a><\/p>\n<\/div><\/section><br \/>\n<section  class='av_textblock_section av-8dsowo9-ad3452aaa2be3a922b729e0f110f0e86 '   itemscope=\"itemscope\" itemtype=\"https:\/\/schema.org\/CreativeWork\" ><div class='avia_textblock tablepress_scroll-if-too-large'  itemprop=\"text\" ><h2 id=\"tablepress-92-name\" class=\"tablepress-table-name tablepress-table-name-id-92\">Prix des examens telc Deutsch<\/h2>\n\n<table id=\"tablepress-92\" class=\"tablepress tablepress-id-92 tbody-has-connected-cells\" aria-labelledby=\"tablepress-92-name\">\n<thead>\n<tr class=\"row-1\">\n\t<th class=\"column-1\"><p style=\"color:white !important;\">Niveau<\/p><\/th><th class=\"column-2\"><p style=\"color:white !important;\">Examens telc <\/p><\/th><th class=\"column-3\"><p style=\"color:white !important;\">Prix<\/p><\/th><th class=\"column-4\"><p style=\"color:white !important; text-align: center;\">...<\/p><\/th>\n<\/tr>\n<\/thead>\n<tbody class=\"row-striping\">\n<tr class=\"row-2\">\n\t<td colspan=\"2\" class=\"column-1\">Inscription de derni\u00e8re minute<\/td><td class=\"column-3\">gratuite<\/td><td class=\"column-4\"><\/td>\n<\/tr>\n<tr class=\"row-3\">\n\t<td class=\"column-1\"><p style=\"font-size:110%;\"><span style=\"color:#f15f16\";>Niveau A1 <\/span><\/p><\/td><td class=\"column-2\">Complet<br \/>\n<\/td><td class=\"column-3\">149 \u20ac<\/td><td class=\"column-4\"><p style=\"text-decoration:underline; text-align: center;\"><a href=\"https:\/\/kapitel-zwei.de\/fr\/cours-d-allemand-berlin\/examen-telc-deutsch-a1\/\">Plus d'information<\/a><\/p><\/td>\n<\/tr>\n<tr class=\"row-4\">\n\t<td class=\"column-1\"><p style=\"font-size:110%;\"><span style=\"color:#f15f16\";>Niveau A2 <\/span><\/p><\/td><td class=\"column-2\">Complet<br \/>\n<\/td><td class=\"column-3\">149 \u20ac<\/td><td class=\"column-4\"><p style=\"text-decoration:underline; text-align: center;\"><a href=\"https:\/\/kapitel-zwei.de\/fr\/cours-d-allemand-berlin\/examen-telc-deutsch-a2\/\">Plus d'information<\/a><\/p><\/td>\n<\/tr>\n<tr class=\"row-5\">\n\t<td rowspan=\"2\" class=\"column-1\"><p style=\"font-size:110%;\"><span style=\"color:#f15f16\";>Niveau B1 <\/span><\/p><\/td><td class=\"column-2\">Complet<br \/>\n<\/td><td class=\"column-3\">199 \u20ac<\/td><td rowspan=\"2\" class=\"column-4\"><p style=\"text-decoration:underline; text-align: center;\"><a href=\"https:\/\/kapitel-zwei.de\/fr\/cours-d-allemand-berlin\/examen-telc-deutsch-b1\/\">Plus d'information<\/a><\/p><\/td>\n<\/tr>\n<tr class=\"row-6\">\n\t<td class=\"column-2\">Seulement \u00e9crit \/ oral <\/td><td class=\"column-3\">169 \u20ac<\/td>\n<\/tr>\n<tr class=\"row-7\">\n\t<td rowspan=\"2\" class=\"column-1\"><p style=\"font-size:110%;\"><span style=\"color:#f15f16\";>Niveau B2 <\/span><\/p><br \/>\n<\/td><td class=\"column-2\">Complet<br \/>\n<\/td><td class=\"column-3\">199 \u20ac<\/td><td rowspan=\"2\" class=\"column-4\"><p style=\"text-decoration:underline; text-align: center;\"><a href=\"https:\/\/kapitel-zwei.de\/deutsch-lernen-berlin\/pruefung-telc-deutsch-b2\/\">Plus d'information<\/a><\/p><\/td>\n<\/tr>\n<tr class=\"row-8\">\n\t<td class=\"column-2\">Seulement \u00e9crit \/ oral <\/td><td class=\"column-3\">169 \u20ac<\/td>\n<\/tr>\n<tr class=\"row-9\">\n\t<td rowspan=\"2\" class=\"column-1\"><p style=\"font-size:110%;\"><span style=\"color:#f15f16\";>C1 Hochschule<\/span><\/p><br \/>\n<\/td><td class=\"column-2\">Complet<br \/>\n<\/td><td class=\"column-3\">199 \u20ac<\/td><td rowspan=\"2\" class=\"column-4\"><p style=\"text-decoration:underline; text-align: center;\"><a href=\"https:\/\/kapitel-zwei.de\/fr\/cours-d-allemand-berlin\/examen-telc-c1-hochschule\/\">Plus d'information<\/a><\/p><\/td>\n<\/tr>\n<tr class=\"row-10\">\n\t<td class=\"column-2\">Seulement \u00e9crit \/ oral <\/td><td class=\"column-3\">169 \u20ac<\/td>\n<\/tr>\n<tr class=\"row-11\">\n\t<td rowspan=\"2\" class=\"column-1\"><p style=\"font-size:110%;\"><span style=\"color:#f15f16\";>C1<\/span><\/p><br \/>\n<\/td><td class=\"column-2\">Complet<\/td><td class=\"column-3\">199 \u20ac<\/td><td rowspan=\"2\" class=\"column-4\"><p style=\"text-decoration:underline; text-align: center;\"><a href=\"https:\/\/kapitel-zwei.de\/telc-deutsch-c1-pruefung\/\">Plus d'information<\/a><\/p><\/td>\n<\/tr>\n<tr class=\"row-12\">\n\t<td class=\"column-2\">Seulement \u00e9crit \/ oral <\/td><td class=\"column-3\">169 \u20ac<\/td>\n<\/tr>\n<\/tbody>\n<\/table>\n<!-- #tablepress-92 from cache -->\n<\/div><\/section><\/p><\/div>\n<section  class='av_textblock_section av-trk6ix-2de77f34cbdd59522a11c9dd1a57db9d '   itemscope=\"itemscope\" itemtype=\"https:\/\/schema.org\/CreativeWork\" ><div class='avia_textblock'  itemprop=\"text\" ><p>Tu souhaites recevoir de plus amples informations\u00a0? Clique <a href=\"https:\/\/kapitel-zwei.de\/fr\/telc-deutsch-berlin\/\">ici<\/a>.<\/p>\n<\/div><\/section>\n\n<style type=\"text\/css\" data-created_by=\"avia_inline_auto\" id=\"style-css-av-7r742ix-13681e80f7b218f57142cfcca16bb94a\">\n#top .hr.hr-invisible.av-7r742ix-13681e80f7b218f57142cfcca16bb94a{\nheight:10px;\n}\n<\/style>\n<div  class='hr av-7r742ix-13681e80f7b218f57142cfcca16bb94a hr-invisible  avia-builder-el-28  el_after_av_textblock  el_before_av_textblock '><span class='hr-inner '><span class=\"hr-inner-style\"><\/span><\/span><\/div>\n<section  class='av_textblock_section av-70qvdl5-e2e589483c9cdcac49fee743d67d1929 '   itemscope=\"itemscope\" itemtype=\"https:\/\/schema.org\/CreativeWork\" ><div class='avia_textblock'  itemprop=\"text\" ><p><a name=\"ParticuliersBerlin\"><\/a><\/p>\n<\/div><\/section>\n<section  class='av_textblock_section av-nglqq1-9e401f7ccc0eb4d9ef5cd8b403fadc81 '   itemscope=\"itemscope\" itemtype=\"https:\/\/schema.org\/CreativeWork\" ><div class='avia_textblock'  itemprop=\"text\" ><h2>Apprendre l\u2019allemand dans nos cours particuliers<\/h2>\n<\/div><\/section>\n<\/div><\/div><\/div><!-- close content main div --><\/div><\/div><div id='av-layout-grid-1'  class='av-layout-grid-container av-697knd5-a7cb5c1e7aaea8eb9b1a494d748640cb entry-content-wrapper main_color av-flex-cells  avia-builder-el-31  el_after_av_textblock  el_before_av_one_full  custom-icon-list grid-row-not-first  container_wrap fullsize'  >\n\n<style type=\"text\/css\" data-created_by=\"avia_inline_auto\" id=\"style-css-av-5qwhsp5-b8bd8e64030e6ed69370d3d2d548ba28\">\n.flex_cell.av-5qwhsp5-b8bd8e64030e6ed69370d3d2d548ba28{\nvertical-align:top;\n}\n.responsive #top #wrap_all .flex_cell.av-5qwhsp5-b8bd8e64030e6ed69370d3d2d548ba28{\npadding:30px 30px 30px 30px !important;\n}\n<\/style>\n<div class='flex_cell av-5qwhsp5-b8bd8e64030e6ed69370d3d2d548ba28 av-gridrow-cell av_one_full no_margin  avia-builder-el-32  avia-builder-el-no-sibling '  ><div class='flex_cell_inner'>\n<style type=\"text\/css\" data-created_by=\"avia_inline_auto\" id=\"style-css-av-5dpv18p-fce1619b90ab2e03f95cacb676707fdc\">\n.flex_column.av-5dpv18p-fce1619b90ab2e03f95cacb676707fdc{\nborder-radius:0px 0px 0px 0px;\npadding:0px 0px 0px 0px;\n}\n<\/style>\n<div  class='flex_column av-5dpv18p-fce1619b90ab2e03f95cacb676707fdc av_one_full  avia-builder-el-33  avia-builder-el-no-sibling  course-info new first flex_column_div av-zero-column-padding  '     ><div  class='avia-icon-list-container av-50d7skp-8e5f394dd11cb8e76730208c0f434ef0  avia-builder-el-34  avia-builder-el-no-sibling '><ul class='avia-icon-list avia_animate_when_almost_visible avia-icon-list-left av-iconlist-big av-50d7skp-8e5f394dd11cb8e76730208c0f434ef0 avia-iconlist-animate'>\n<li><div class='iconlist_icon av-47fysp5-09586180f2edfaf709a2bbba5280f292 avia-font-entypo-fontello'><span class='iconlist-char' aria-hidden='true' data-av_icon='\ue827' data-av_iconfont='entypo-fontello'><\/span><\/div><article class=\"article-icon-entry \"  itemscope=\"itemscope\" itemtype=\"https:\/\/schema.org\/CreativeWork\" ><div class=\"iconlist_content_wrap\"><header class=\"entry-content-header\" aria-label=\"Icon: Prix: r\u00e9servation pour un seul cours\"><h4 class='av_iconlist_title iconlist_title  '  itemprop=\"headline\" >Prix: r\u00e9servation pour un seul cours<\/h4><\/header><div class='iconlist_content '  itemprop=\"text\" ><p>1 x 60 min. = 52 \u20ac<br \/>\n1 x 90 min. = 82 \u20ac<\/p>\n<\/div><\/div><footer class=\"entry-footer\"><\/footer><\/article><div class=\"iconlist-timeline\"><\/div><\/li>\n<li><div class='iconlist_icon av-3uiz98p-edde07d43c7e11a83b17a524220bb4b9 avia-font-entypo-fontello'><span class='iconlist-char' aria-hidden='true' data-av_icon='\ue83f' data-av_iconfont='entypo-fontello'><\/span><\/div><article class=\"article-icon-entry \"  itemscope=\"itemscope\" itemtype=\"https:\/\/schema.org\/CreativeWork\" ><div class=\"iconlist_content_wrap\"><header class=\"entry-content-header\" aria-label=\"Icon: Prix des forfaits (packages)\"><h4 class='av_iconlist_title iconlist_title  '  itemprop=\"headline\" >Prix des forfaits (packages)<\/h4><\/header><div class='iconlist_content '  itemprop=\"text\" ><p><strong>~ 11 % de r\u00e9duction<\/strong><br \/>\n5 x 60 min. = 232 \u20ac<br \/>\n10 x 60 min. = 462 \u20ac<\/p>\n<p><strong>~ 12 % de r\u00e9duction<\/strong><br \/>\n5\u00a0x 90 min. = 362 \u20ac<br \/>\n10 x 90 min. = 722 \u20ac<\/p>\n<\/div><\/div><footer class=\"entry-footer\"><\/footer><\/article><div class=\"iconlist-timeline\"><\/div><\/li>\n<li><div class='iconlist_icon av-3ercl3d-84b601684fe6e3039ec0a96429ac1e6b avia-font-entypo-fontello'><span class='iconlist-char' aria-hidden='true' data-av_icon='\ue808' data-av_iconfont='entypo-fontello'><\/span><\/div><article class=\"article-icon-entry \"  itemscope=\"itemscope\" itemtype=\"https:\/\/schema.org\/CreativeWork\" ><div class=\"iconlist_content_wrap\"><header class=\"entry-content-header\" aria-label=\"Icon: Prix: cours d\u2019essai\"><h4 class='av_iconlist_title iconlist_title  '  itemprop=\"headline\" >Prix: cours d\u2019essai<\/h4><\/header><div class='iconlist_content '  itemprop=\"text\" ><p>1 Le\u00e7on d&rsquo;essai \u00e0 60 min. = 52 \u20ac<\/p>\n<p>Si tu r\u00e9serves un cours d\u2019essai (1x 60 minutes = 52\u20ac) et ensuite le pack de 10 heures, tu ne devras payer que pour les 9 heures restantes.<\/p>\n<p>(ex : forfait de 10 heures = 410\u20ac pour les 9 x 60 min restantes)<\/p>\n<\/div><\/div><footer class=\"entry-footer\"><\/footer><\/article><div class=\"iconlist-timeline\"><\/div><\/li>\n<\/ul><\/div><\/div>\n<\/div><\/div>\n<\/div><div id='after_grid_row_1'  class='main_color av_default_container_wrap container_wrap fullsize'  ><div class='container av-section-cont-open' ><div class='template-page content  av-content-full alpha units'><div class='post-entry post-entry-type-page post-entry-10313'><div class='entry-content-wrapper clearfix'>\n\n<style type=\"text\/css\" data-created_by=\"avia_inline_auto\" id=\"style-css-av-355qgfd-56b21f83fd34c330aec373f644289bab\">\n.flex_column.av-355qgfd-56b21f83fd34c330aec373f644289bab{\nborder-radius:0px 0px 0px 0px;\npadding:0px 0px 0px 0px;\n}\n<\/style>\n<div  class='flex_column av-355qgfd-56b21f83fd34c330aec373f644289bab av_one_full  avia-builder-el-35  el_after_av_layout_row  el_before_av_hr  avia-builder-el-first  first flex_column_div av-zero-column-padding  '     ><section  class='av_textblock_section av-2ezqf3d-523523b8f18c196aa7cf158f623cf07a '   itemscope=\"itemscope\" itemtype=\"https:\/\/schema.org\/CreativeWork\" ><div class='avia_textblock'  itemprop=\"text\" ><p>Tu souhaites recevoir de plus amples informations ? Clique <a href=\"https:\/\/kapitel-zwei.de\/fr\/cours-d-allemand-berlin\/cours-particuliers-allemand\/\">ici<\/a>.<\/p>\n<\/div><\/section><\/div>\n\n<style type=\"text\/css\" data-created_by=\"avia_inline_auto\" id=\"style-css-av-28mc3pl-ce10bd09dc132211b3e336cb3b745c6c\">\n#top .hr.hr-invisible.av-28mc3pl-ce10bd09dc132211b3e336cb3b745c6c{\nheight:10px;\n}\n<\/style>\n<div  class='hr av-28mc3pl-ce10bd09dc132211b3e336cb3b745c6c hr-invisible  avia-builder-el-37  el_after_av_one_full  el_before_av_one_full '><span class='hr-inner '><span class=\"hr-inner-style\"><\/span><\/span><\/div>\n\n<style type=\"text\/css\" data-created_by=\"avia_inline_auto\" id=\"style-css-av-1qvz4w9-7695e14232f0cd12d6a03ad32894b047\">\n.flex_column.av-1qvz4w9-7695e14232f0cd12d6a03ad32894b047{\nborder-radius:0px 0px 0px 0px;\npadding:0px 0px 0px 0px;\n}\n<\/style>\n<div  class='flex_column av-1qvz4w9-7695e14232f0cd12d6a03ad32894b047 av_one_full  avia-builder-el-38  el_after_av_hr  avia-builder-el-last  first flex_column_div av-zero-column-padding  '     ><p><section  class='av_textblock_section av-1d34wkp-bb68db87ea0047f24df31a8ed388356e '   itemscope=\"itemscope\" itemtype=\"https:\/\/schema.org\/CreativeWork\" ><div class='avia_textblock'  itemprop=\"text\" ><p><a name=\"ProfessionnelsBerlin\"><\/a><\/p>\n<h2 style=\"text-align: left;\">Professionnels<\/h2>\n<\/div><\/section><br \/>\n<section  class='av_textblock_section av-1vehmx-e20b5ba5c61b99649e843d372815e154 '   itemscope=\"itemscope\" itemtype=\"https:\/\/schema.org\/CreativeWork\" ><div class='avia_textblock'  itemprop=\"text\" ><p>Pour toute demande sp\u00e9cifique de cours collectifs, merci de nous contacter par e-mail \u00e0 company@kapitel-zwei.de avec les informations suivantes\u00a0:<\/p>\n<ul>\n<li>Si\u00e8ge social (adresse | page d\u2019accueil)<\/li>\n<li>Nombre de participants<\/li>\n<li>Niveau estim\u00e9 (d\u00e9butant, interm\u00e9diaire, avanc\u00e9)<\/li>\n<li>Nombre de cours et d\u2019heures par semaine (par exemple 1 x 90 min, min 2 x 60, 3 x 120 minutes, etc..)<\/li>\n<li>La p\u00e9riode pr\u00e9vue<\/li>\n<\/ul>\n<p>Tu souhaites recevoir de plus amples informations\u00a0? Clique <a title=\"Professionnels Cours d'allemand \u00e0 Berlin Kapitel Zwei Deutsch-Sprachschule Alexanderplatz\" href=\"https:\/\/kapitel-zwei.de\/fr\/cours-d-allemand-berlin\/professionnels-allemagne-course\/\">ici<\/a>.<\/p>\n<\/div><\/section><\/p><\/div>\n","protected":false},"excerpt":{"rendered":"","protected":false},"author":16,"featured_media":0,"parent":0,"menu_order":19,"comment_status":"closed","ping_status":"closed","template":"","meta":{"footnotes":""},"class_list":["post-10313","page","type-page","status-publish","hentry"],"yoast_head":"<!-- This site is optimized with the Yoast SEO Premium plugin v24.4 (Yoast SEO v24.4) - https:\/\/yoast.com\/wordpress\/plugins\/seo\/ -->\n<title>Prix des cours d&#039;allemand \u00e0 Berlin. examen telc. pr\u00e9paration telc<\/title>\n<meta name=\"description\" content=\"Prix des cours d&#039;allemand \u00e0 Berlin. Examen telc Deutsch. Pr\u00e9paration telc Deutsch. R\u00e9ductions cours d&#039;allemand \u00e0 Berlin. Apprendre l&#039;allemand\" \/>\n<meta name=\"robots\" content=\"index, follow, max-snippet:-1, max-image-preview:large, max-video-preview:-1\" \/>\n<link rel=\"canonical\" href=\"https:\/\/kapitel-zwei.de\/fr\/prix\/\" \/>\n<meta property=\"og:locale\" content=\"fr_FR\" \/>\n<meta property=\"og:type\" content=\"article\" \/>\n<meta property=\"og:title\" content=\"Prix (cours en pr\u00e9sentiel)\" \/>\n<meta property=\"og:description\" content=\"Prix des cours d&#039;allemand \u00e0 Berlin. Examen telc Deutsch. Pr\u00e9paration telc Deutsch. R\u00e9ductions cours d&#039;allemand \u00e0 Berlin. Apprendre l&#039;allemand\" \/>\n<meta property=\"og:url\" content=\"https:\/\/kapitel-zwei.de\/fr\/prix\/\" \/>\n<meta property=\"og:site_name\" content=\"Kapitel Zwei Berlin\" \/>\n<meta property=\"article:publisher\" content=\"https:\/\/www.facebook.com\/kapitelzwei\/\" \/>\n<meta property=\"article:modified_time\" content=\"2024-10-10T11:30:49+00:00\" \/>\n<meta name=\"twitter:card\" content=\"summary_large_image\" \/>\n<meta name=\"twitter:site\" content=\"@kapitelzwei\" \/>\n<meta name=\"twitter:label1\" content=\"Dur\u00e9e de lecture estim\u00e9e\" \/>\n\t<meta name=\"twitter:data1\" content=\"6 minutes\" \/>\n<script type=\"application\/ld+json\" class=\"yoast-schema-graph\">{\"@context\":\"https:\/\/schema.org\",\"@graph\":[{\"@type\":\"WebPage\",\"@id\":\"https:\/\/kapitel-zwei.de\/fr\/prix\/\",\"url\":\"https:\/\/kapitel-zwei.de\/fr\/prix\/\",\"name\":\"Prix des cours d'allemand \u00e0 Berlin. examen telc. pr\u00e9paration telc\",\"isPartOf\":{\"@id\":\"https:\/\/kapitel-zwei.de\/es\/#website\"},\"datePublished\":\"2015-11-11T09:56:40+00:00\",\"dateModified\":\"2024-10-10T11:30:49+00:00\",\"description\":\"Prix des cours d'allemand \u00e0 Berlin. Examen telc Deutsch. Pr\u00e9paration telc Deutsch. R\u00e9ductions cours d'allemand \u00e0 Berlin. Apprendre l'allemand\",\"breadcrumb\":{\"@id\":\"https:\/\/kapitel-zwei.de\/fr\/prix\/#breadcrumb\"},\"inLanguage\":\"fr-FR\",\"potentialAction\":[{\"@type\":\"ReadAction\",\"target\":[\"https:\/\/kapitel-zwei.de\/fr\/prix\/\"]}]},{\"@type\":\"BreadcrumbList\",\"@id\":\"https:\/\/kapitel-zwei.de\/fr\/prix\/#breadcrumb\",\"itemListElement\":[{\"@type\":\"ListItem\",\"position\":1,\"name\":\"Startseite\",\"item\":\"https:\/\/kapitel-zwei.de\/fr\/\"},{\"@type\":\"ListItem\",\"position\":2,\"name\":\"Prix (cours en pr\u00e9sentiel)\"}]},{\"@type\":\"WebSite\",\"@id\":\"https:\/\/kapitel-zwei.de\/es\/#website\",\"url\":\"https:\/\/kapitel-zwei.de\/es\/\",\"name\":\"Kapitel Zwei Berlin\",\"description\":\"Deutschkurs Berlin | Sprachschule Berlin | German language school Berlin | telc Berlin | Deutsch Pr\u00fcfung Berlin | Intensive German courses Berlin | TestDaF Pr\u00fcfung | Online Kurse\",\"publisher\":{\"@id\":\"https:\/\/kapitel-zwei.de\/es\/#organization\"},\"potentialAction\":[{\"@type\":\"SearchAction\",\"target\":{\"@type\":\"EntryPoint\",\"urlTemplate\":\"https:\/\/kapitel-zwei.de\/es\/?s={search_term_string}\"},\"query-input\":{\"@type\":\"PropertyValueSpecification\",\"valueRequired\":true,\"valueName\":\"search_term_string\"}}],\"inLanguage\":\"fr-FR\"},{\"@type\":\"Organization\",\"@id\":\"https:\/\/kapitel-zwei.de\/es\/#organization\",\"name\":\"Kapitel Zwei. Deutsch-Sprachschule Berlin GmbH\",\"url\":\"https:\/\/kapitel-zwei.de\/es\/\",\"logo\":{\"@type\":\"ImageObject\",\"inLanguage\":\"fr-FR\",\"@id\":\"https:\/\/kapitel-zwei.de\/es\/#\/schema\/logo\/image\/\",\"url\":\"https:\/\/kapitel-zwei.de\/wp-content\/uploads\/2018\/08\/Kapitel-Zwei-Berlin-Sprachschule-Deutsch-Deutschkurse-Berlin.jpg\",\"contentUrl\":\"https:\/\/kapitel-zwei.de\/wp-content\/uploads\/2018\/08\/Kapitel-Zwei-Berlin-Sprachschule-Deutsch-Deutschkurse-Berlin.jpg\",\"width\":350,\"height\":101,\"caption\":\"Kapitel Zwei. Deutsch-Sprachschule Berlin GmbH\"},\"image\":{\"@id\":\"https:\/\/kapitel-zwei.de\/es\/#\/schema\/logo\/image\/\"},\"sameAs\":[\"https:\/\/www.facebook.com\/kapitelzwei\/\",\"https:\/\/x.com\/kapitelzwei\"]}]}<\/script>\n<!-- \/ Yoast SEO Premium plugin. -->","yoast_head_json":{"title":"Prix des cours d'allemand \u00e0 Berlin. examen telc. pr\u00e9paration telc","description":"Prix des cours d'allemand \u00e0 Berlin. Examen telc Deutsch. Pr\u00e9paration telc Deutsch. R\u00e9ductions cours d'allemand \u00e0 Berlin. Apprendre l'allemand","robots":{"index":"index","follow":"follow","max-snippet":"max-snippet:-1","max-image-preview":"max-image-preview:large","max-video-preview":"max-video-preview:-1"},"canonical":"https:\/\/kapitel-zwei.de\/fr\/prix\/","og_locale":"fr_FR","og_type":"article","og_title":"Prix (cours en pr\u00e9sentiel)","og_description":"Prix des cours d'allemand \u00e0 Berlin. Examen telc Deutsch. Pr\u00e9paration telc Deutsch. R\u00e9ductions cours d'allemand \u00e0 Berlin. Apprendre l'allemand","og_url":"https:\/\/kapitel-zwei.de\/fr\/prix\/","og_site_name":"Kapitel Zwei Berlin","article_publisher":"https:\/\/www.facebook.com\/kapitelzwei\/","article_modified_time":"2024-10-10T11:30:49+00:00","twitter_card":"summary_large_image","twitter_site":"@kapitelzwei","twitter_misc":{"Dur\u00e9e de lecture estim\u00e9e":"6 minutes"},"schema":{"@context":"https:\/\/schema.org","@graph":[{"@type":"WebPage","@id":"https:\/\/kapitel-zwei.de\/fr\/prix\/","url":"https:\/\/kapitel-zwei.de\/fr\/prix\/","name":"Prix des cours d'allemand \u00e0 Berlin. examen telc. pr\u00e9paration telc","isPartOf":{"@id":"https:\/\/kapitel-zwei.de\/es\/#website"},"datePublished":"2015-11-11T09:56:40+00:00","dateModified":"2024-10-10T11:30:49+00:00","description":"Prix des cours d'allemand \u00e0 Berlin. Examen telc Deutsch. Pr\u00e9paration telc Deutsch. R\u00e9ductions cours d'allemand \u00e0 Berlin. Apprendre l'allemand","breadcrumb":{"@id":"https:\/\/kapitel-zwei.de\/fr\/prix\/#breadcrumb"},"inLanguage":"fr-FR","potentialAction":[{"@type":"ReadAction","target":["https:\/\/kapitel-zwei.de\/fr\/prix\/"]}]},{"@type":"BreadcrumbList","@id":"https:\/\/kapitel-zwei.de\/fr\/prix\/#breadcrumb","itemListElement":[{"@type":"ListItem","position":1,"name":"Startseite","item":"https:\/\/kapitel-zwei.de\/fr\/"},{"@type":"ListItem","position":2,"name":"Prix (cours en pr\u00e9sentiel)"}]},{"@type":"WebSite","@id":"https:\/\/kapitel-zwei.de\/es\/#website","url":"https:\/\/kapitel-zwei.de\/es\/","name":"Kapitel Zwei Berlin","description":"Deutschkurs Berlin | Sprachschule Berlin | German language school Berlin | telc Berlin | Deutsch Pr\u00fcfung Berlin | Intensive German courses Berlin | TestDaF Pr\u00fcfung | Online Kurse","publisher":{"@id":"https:\/\/kapitel-zwei.de\/es\/#organization"},"potentialAction":[{"@type":"SearchAction","target":{"@type":"EntryPoint","urlTemplate":"https:\/\/kapitel-zwei.de\/es\/?s={search_term_string}"},"query-input":{"@type":"PropertyValueSpecification","valueRequired":true,"valueName":"search_term_string"}}],"inLanguage":"fr-FR"},{"@type":"Organization","@id":"https:\/\/kapitel-zwei.de\/es\/#organization","name":"Kapitel Zwei. Deutsch-Sprachschule Berlin GmbH","url":"https:\/\/kapitel-zwei.de\/es\/","logo":{"@type":"ImageObject","inLanguage":"fr-FR","@id":"https:\/\/kapitel-zwei.de\/es\/#\/schema\/logo\/image\/","url":"https:\/\/kapitel-zwei.de\/wp-content\/uploads\/2018\/08\/Kapitel-Zwei-Berlin-Sprachschule-Deutsch-Deutschkurse-Berlin.jpg","contentUrl":"https:\/\/kapitel-zwei.de\/wp-content\/uploads\/2018\/08\/Kapitel-Zwei-Berlin-Sprachschule-Deutsch-Deutschkurse-Berlin.jpg","width":350,"height":101,"caption":"Kapitel Zwei. Deutsch-Sprachschule Berlin GmbH"},"image":{"@id":"https:\/\/kapitel-zwei.de\/es\/#\/schema\/logo\/image\/"},"sameAs":["https:\/\/www.facebook.com\/kapitelzwei\/","https:\/\/x.com\/kapitelzwei"]}]}},"_links":{"self":[{"href":"https:\/\/kapitel-zwei.de\/fr\/wp-json\/wp\/v2\/pages\/10313","targetHints":{"allow":["GET"]}}],"collection":[{"href":"https:\/\/kapitel-zwei.de\/fr\/wp-json\/wp\/v2\/pages"}],"about":[{"href":"https:\/\/kapitel-zwei.de\/fr\/wp-json\/wp\/v2\/types\/page"}],"author":[{"embeddable":true,"href":"https:\/\/kapitel-zwei.de\/fr\/wp-json\/wp\/v2\/users\/16"}],"replies":[{"embeddable":true,"href":"https:\/\/kapitel-zwei.de\/fr\/wp-json\/wp\/v2\/comments?post=10313"}],"version-history":[{"count":35,"href":"https:\/\/kapitel-zwei.de\/fr\/wp-json\/wp\/v2\/pages\/10313\/revisions"}],"predecessor-version":[{"id":121038,"href":"https:\/\/kapitel-zwei.de\/fr\/wp-json\/wp\/v2\/pages\/10313\/revisions\/121038"}],"wp:attachment":[{"href":"https:\/\/kapitel-zwei.de\/fr\/wp-json\/wp\/v2\/media?parent=10313"}],"curies":[{"name":"wp","href":"https:\/\/api.w.org\/{rel}","templated":true}]}}