{"id":9700,"date":"2015-11-20T00:42:34","date_gmt":"2015-11-19T23:42:34","guid":{"rendered":"http:\/\/relaunch.kapitel-zwei.de\/fr\/cours-d-allemand-berlin\/aussprachetraining-deutsch\/"},"modified":"2024-09-27T16:13:29","modified_gmt":"2024-09-27T14:13:29","slug":"cours-d-expression","status":"publish","type":"page","link":"https:\/\/kapitel-zwei.de\/fr\/cours-d-allemand-berlin\/cours-d-expression\/","title":{"rendered":"Cours d&rsquo;expression"},"content":{"rendered":"\n<style type=\"text\/css\" data-created_by=\"avia_inline_auto\" id=\"style-css-av-231y0g4-65c0b30655fccd64e3e07ca85e459d07\">\n.flex_column.av-231y0g4-65c0b30655fccd64e3e07ca85e459d07{\nborder-radius:0px 0px 0px 0px;\npadding:0px 0px 0px 0px;\n}\n<\/style>\n<div  class='flex_column av-231y0g4-65c0b30655fccd64e3e07ca85e459d07 av_one_full  avia-builder-el-0  el_before_av_one_full  avia-builder-el-first  first flex_column_div av-zero-column-padding  '     ><section  class='av_textblock_section av-kjyomfl8-74ac26bbbca3aacd595c0fa6ab875929 '   itemscope=\"itemscope\" itemtype=\"https:\/\/schema.org\/CreativeWork\" ><div class='avia_textblock'  itemprop=\"text\" ><h1><span style=\"color: #ff6600;\">Cours d&rsquo;expression en langue allemande \u00e0 Berlin ou cours en ligne!<\/span><\/h1>\n<h2><span style=\"color: #ff6600;\">Du niveau d\u00e9butant au niveau avanc\u00e9\u00a0(A2 &#8211; C1)<\/span><\/h2>\n<\/div><\/section><\/div>\n\n<style type=\"text\/css\" data-created_by=\"avia_inline_auto\" id=\"style-css-av-219xp78-1b7a37c92e26e16a4c8136304e1943b8\">\n.flex_column.av-219xp78-1b7a37c92e26e16a4c8136304e1943b8{\nborder-radius:0px 0px 0px 0px;\npadding:15px 15px 15px 15px;\nbackground-color:#dfffdd;\n}\n<\/style>\n<div  class='flex_column av-219xp78-1b7a37c92e26e16a4c8136304e1943b8 av_one_full  avia-builder-el-2  el_after_av_one_full  el_before_av_one_half  first flex_column_div  column-top-margin'     ><section  class='av_textblock_section av-206xld0-42427aecc2ca86b801595c508d25c765 '   itemscope=\"itemscope\" itemtype=\"https:\/\/schema.org\/CreativeWork\" ><div class='avia_textblock'  itemprop=\"text\" ><h3>Des nouveaux cours d\u2019expression en ligne en direct et dans une vraie salle de classe commencent chaque mois chez Kapitel Zwei \u00e0 Berlin.<\/h3>\n<p>Qu\u2019il s\u2019agisse de cours <strong>virtuels<\/strong> ou en <strong>pr\u00e9sentiel<\/strong>, nos cours d\u2019allemand restent de haute qualit\u00e9, professionnels, ainsi que solides et fiables.<\/p>\n<\/div><\/section><\/div>\n\n<style type=\"text\/css\" data-created_by=\"avia_inline_auto\" id=\"style-css-av-1wxzmpw-220d943351f7f8740097a5fb36057621\">\n.flex_column.av-1wxzmpw-220d943351f7f8740097a5fb36057621{\nborder-radius:0px 0px 0px 0px;\npadding:0px 0px 0px 0px;\n}\n<\/style>\n<div  class='flex_column av-1wxzmpw-220d943351f7f8740097a5fb36057621 av_one_half  avia-builder-el-4  el_after_av_one_full  el_before_av_one_half  first flex_column_div av-zero-column-padding  column-top-margin'     ><p><section  class='av_textblock_section av-1v9spgk-4b6469c32765a38679e87392cf244143 '   itemscope=\"itemscope\" itemtype=\"https:\/\/schema.org\/CreativeWork\" ><div class='avia_textblock'  itemprop=\"text\" ><p>Voudrais-tu am\u00e9liorer ta prononciation de l\u2019allemand? Ou apprivoiser des sons qui n\u2019existent peut-\u00eatre pas dans ta langue maternelle?<\/p>\n<\/div><\/section><br \/>\n<section  class='av_textblock_section av-1v9spgk-4b6469c32765a38679e87392cf244143 '   itemscope=\"itemscope\" itemtype=\"https:\/\/schema.org\/CreativeWork\" ><div class='avia_textblock'  itemprop=\"text\" ><p>Dans ce cours d&rsquo;expression, tu as l\u2019occasion d\u2019am\u00e9liorer ta prononciation (phon\u00e9tique) des mots allemands et des constructions grammaticales. Notre attention est toute particuli\u00e8re sur les sons de la langue allemande, qui, dans ta langue maternelle, n\u2019existent peut-\u00eatre pas, et sont difficiles \u00e0 articuler ou \u00e0 entendre pour toi. Nous t\u2019apprenons \u00e0 la fois o\u00f9 se trouve l\u2019accent dans une phrase et comment sa m\u00e9lodie sonne.<\/p>\n<\/div><\/section><\/p><\/div>\n\n<style type=\"text\/css\" data-created_by=\"avia_inline_auto\" id=\"style-css-av-219xp78-6555812c90cc8f2877a3c5a8b3521741\">\n.flex_column.av-219xp78-6555812c90cc8f2877a3c5a8b3521741{\nborder-radius:0px 0px 0px 0px;\npadding:15px 15px 15px 15px;\nbackground-color:#fff8ed;\n}\n<\/style>\n<div  class='flex_column av-219xp78-6555812c90cc8f2877a3c5a8b3521741 av_one_half  avia-builder-el-7  el_after_av_one_half  el_before_av_hr  flex_column_div  column-top-margin'     ><section  class='av_textblock_section av-206xld0-2030b9e13bc679dd286d850549a13194 '   itemscope=\"itemscope\" itemtype=\"https:\/\/schema.org\/CreativeWork\" ><div class='avia_textblock'  itemprop=\"text\" ><h3><span style=\"color: #ff6600 !important;\">Cours d\u2019allemand<\/span><\/h3>\n<h3><span style=\"color: #ff6600 !important;\">\u2013 en pr\u00e9sentiel dans une vraie salle de classe (#offline): 82 \u20ac !<\/span><\/h3>\n<h3><span style=\"color: #ff6600 !important;\">\u2013 en ligne avec des le\u00e7ons en direct (#online): 82 \u20ac !<\/span><\/h3>\n<\/div><\/section><\/div>\n<style type=\"text\/css\" data-created_by=\"avia_inline_auto\" id=\"style-css-av-1o72eac-8dcfd56e40d9226bccbf4dcc5fa5d345\">\n#top .hr.hr-invisible.av-1o72eac-8dcfd56e40d9226bccbf4dcc5fa5d345{\nheight:10px;\n}\n<\/style>\n<div  class='hr av-1o72eac-8dcfd56e40d9226bccbf4dcc5fa5d345 hr-invisible  avia-builder-el-9  el_after_av_one_half  el_before_av_hr '><span class='hr-inner '><span class=\"hr-inner-style\"><\/span><\/span><\/div><\/p>\n<div  class='hr av-1kr2nuc-856ff33ebba09689a7f32c63aae1e8e0 hr-default  avia-builder-el-10  el_after_av_hr  el_before_av_textblock '><span class='hr-inner '><span class=\"hr-inner-style\"><\/span><\/span><\/div>\n<section  class='av_textblock_section av-5hx4ec-daf47d5e16330ec310fcbb415ef907a4 '   itemscope=\"itemscope\" itemtype=\"https:\/\/schema.org\/CreativeWork\" ><div class='avia_textblock tablepress_scroll-if-too-large'  itemprop=\"text\" ><h2 id=\"tablepress-347-name\" class=\"tablepress-table-name tablepress-table-name-id-347\">Cours d\u2019expression - Aper\u00e7u des cours en pr\u00e9sentiel et en ligne<\/h2>\n\n<table id=\"tablepress-347\" class=\"tablepress tablepress-id-347 tablepress_too_large tbody-has-connected-cells\" aria-labelledby=\"tablepress-347-name\">\n<thead>\n<tr class=\"row-1\">\n\t<th class=\"column-1\"><p style=\"color:white !important;\">Cours d\u2019expression<\/p><\/th><th class=\"column-2\"><p style=\"background-color:#f60 !important; color:white !important; text-align: center;\"><br \/>\nCours en pr\u00e9sentiel<br \/>\nvraies salles de classe<br \/>\n<br \/>\nDes nouveaux cours<br \/>\ncommencent chaque mois<br \/>\n(4 semaines)<br \/>\n<br \/>\n<\/p><\/th><th class=\"column-3\"><p style=\"background-color:#f60 !important; color:white !important; text-align: center;\"><br \/>\nCours en ligne<br \/>\nclasse virtuelle<br \/>\n<br \/>\nDes nouveaux cours<br \/>\ncommencent chaque mois<br \/>\n(4 semaines)<br \/>\n<br \/>\n<\/p><\/th>\n<\/tr>\n<\/thead>\n<tbody class=\"row-striping\">\n<tr class=\"row-2\">\n\t<td class=\"column-1\"><p style=\"text-align: center; background-color:#FFEEE6 !important; \"><br \/>\nD\u00e9but du cours<br \/>\n<br \/>\n<\/p><\/td><td colspan=\"2\" class=\"column-2\"><p style=\"text-align: center; background-color:#FFEEE6 !important; \"><br \/>\n<a href=\"https:\/\/kapitel-zwei.de\/fr\/dates-de-cours\/\">Des nouveaux cours d\u2019allemand commencent chaque mois (pendant toute l'ann\u00e9e). <\/a><br \/>\n<br \/>\n <\/p><\/td>\n<\/tr>\n<tr class=\"row-3\">\n\t<td class=\"column-1\"><p style=\"text-align: center; background-color:#FFEEE6 !important; \"><br \/>\nPrix<br \/>\n<br \/>\n<br \/>\n<\/p><\/td><td class=\"column-2\"><p style=\"text-align: center; background-color:#FFEEE6 !important; \"><br \/>\n<b>82 \u20ac<\/b><br \/>\n<br \/>\n<br \/>\n<\/p><\/td><td class=\"column-3\"><p style=\"text-align: center; background-color:#FFEEE6 !important; \"><br \/>\n<b>82 \u20ac<\/b><br \/>\n<br \/>\n<br \/>\n<\/p><\/td>\n<\/tr>\n<tr class=\"row-4\">\n\t<td class=\"column-1\"><p style=\"text-align: center; background-color:#FFEEE6 !important; \"><br \/>\nHoraires des cours, <br \/>\nJour de la semaine <br \/>\n<br \/>\n<\/p><\/td><td class=\"column-2\"><br \/>\n12-15 h | Vendredi<br \/>\n<\/td><td class=\"column-3\"><br \/>\n12-14 h | Vendredi<br \/>\n<br \/>\n<br \/>\n<br \/>\n<br \/>\n<\/td>\n<\/tr>\n<tr class=\"row-5\">\n\t<td class=\"column-1\"><p style=\"text-align: center; background-color:#FFEEE6 !important; \"><br \/>\n<br \/>\nHoraire hebdomadaire<br \/>\n<br \/>\n<\/p><\/td><td class=\"column-2\"><br \/>\n4 HH \/ semaine<br \/>\n<br \/>\n1 fois par semaine<\/td><td class=\"column-3\"><br \/>\n\u2248 3 HH\/ semaine<br \/>\n<br \/>\n1 fois par semaine<\/td>\n<\/tr>\n<tr class=\"row-6\">\n\t<td class=\"column-1\"><p style=\"text-align: center; background-color:#FFEEE6 !important; \"><br \/>\nNombre de participants<br \/>\n<br \/>\n<\/p><\/td><td class=\"column-2\"><br \/>\n5-12 personnes<\/td><td class=\"column-3\"><br \/>\nmax. 9 personnes<br \/>\n<\/td>\n<\/tr>\n<tr class=\"row-7\">\n\t<td class=\"column-1\"><p style=\"text-align: center; background-color:#FFEEE6 !important; \"><br \/>\nNiveau<br \/>\n<br \/>\n<\/p><\/td><td colspan=\"2\" class=\"column-2\"><br \/>\nA2 - C1<\/td>\n<\/tr>\n<\/tbody>\n<\/table>\n<!-- #tablepress-347 from cache -->\n<\/div><\/section>\n<div  class='hr av-1hqfwt0-dc4f6959a8deaf023d536edf709b87d9 hr-default  avia-builder-el-12  el_after_av_textblock  el_before_av_one_full '><span class='hr-inner '><span class=\"hr-inner-style\"><\/span><\/span><\/div>\n\n<style type=\"text\/css\" data-created_by=\"avia_inline_auto\" id=\"style-css-av-6f3lxw-87a4617b404b45d76cad9d025cf258a7\">\n.flex_column.av-6f3lxw-87a4617b404b45d76cad9d025cf258a7{\nborder-radius:0px 0px 0px 0px;\npadding:0px 0px 0px 0px;\n}\n<\/style>\n<div  class='flex_column av-6f3lxw-87a4617b404b45d76cad9d025cf258a7 av_one_full  avia-builder-el-13  el_after_av_hr  el_before_av_button  first flex_column_div av-zero-column-padding  '     ><section  class='av_textblock_section av-5arwpoy-0bae00e5d703e042e31c2d1987024bde '   itemscope=\"itemscope\" itemtype=\"https:\/\/schema.org\/CreativeWork\" ><div class='avia_textblock cta-slogan'  itemprop=\"text\" ><p style=\"text-align: center;\"><strong>Tu veux t\u2019inscrire \u00e0 un cours d\u2019expression ?<\/strong><\/p>\n<\/div><\/section><\/div>\n<div  class='avia-button-wrap av-5a32ic2-e37e6f095f3dbd882df45b717ade836e-wrap avia-button-center  avia-builder-el-15  el_after_av_one_full  el_before_av_hr  cta-button'><a href='https:\/\/kapitel-zwei.de\/fr\/inscription-ecole-allemande\/'  class='avia-button av-5a32ic2-e37e6f095f3dbd882df45b717ade836e av-link-btn avia-icon_select-no avia-size-medium avia-position-center avia-color-theme-color'   aria-label=\"Inscris-toi!\"><span class='avia_iconbox_title' >Inscris-toi!<\/span><\/a><\/div>\n<div  class='hr av-1hqfwt0-dc4f6959a8deaf023d536edf709b87d9 hr-default  avia-builder-el-16  el_after_av_button  el_before_av_one_full '><span class='hr-inner '><span class=\"hr-inner-style\"><\/span><\/span><\/div>\n\n<style type=\"text\/css\" data-created_by=\"avia_inline_auto\" id=\"style-css-av-1atm08k-2b4492e6fecc53813542f05ead9e03e6\">\n.flex_column.av-1atm08k-2b4492e6fecc53813542f05ead9e03e6{\nborder-radius:0px 0px 0px 0px;\npadding:0px 0px 0px 0px;\n}\n<\/style>\n<div  class='flex_column av-1atm08k-2b4492e6fecc53813542f05ead9e03e6 av_one_full  avia-builder-el-17  el_after_av_hr  el_before_av_one_third  first flex_column_div av-zero-column-padding  '     ><section  class='av_textblock_section av-4ltfgk-8351dd13c3ee5e69483effe8c09d5ba7 '   itemscope=\"itemscope\" itemtype=\"https:\/\/schema.org\/CreativeWork\" ><div class='avia_textblock'  itemprop=\"text\" ><h1><span style=\"color: #ff6600;\">Structure du cours d\u2019expression en langue allemande \u00e0 Berlin<\/span><\/h1>\n<\/div><\/section><\/div>\n\n<style type=\"text\/css\" data-created_by=\"avia_inline_auto\" id=\"style-css-av-18fad8k-ac618fd03872f396127d44bda5f27f16\">\n.flex_column.av-18fad8k-ac618fd03872f396127d44bda5f27f16{\nborder-radius:0px 0px 0px 0px;\npadding:0px 0px 0px 0px;\n}\n<\/style>\n<div  class='flex_column av-18fad8k-ac618fd03872f396127d44bda5f27f16 av_one_third  avia-builder-el-19  el_after_av_one_full  el_before_av_two_third  first flex_column_div av-zero-column-padding  column-top-margin'     ><style type=\"text\/css\" data-created_by=\"avia_inline_auto\" id=\"style-css-av-15o2wpg-4a113b9718081ee378ac746c737ff421\">\n.avia-image-container.av-15o2wpg-4a113b9718081ee378ac746c737ff421 img.avia_image{\nbox-shadow:none;\n}\n.avia-image-container.av-15o2wpg-4a113b9718081ee378ac746c737ff421 .av-image-caption-overlay-center{\ncolor:#ffffff;\n}\n<\/style>\n<div  class='avia-image-container av-15o2wpg-4a113b9718081ee378ac746c737ff421 av-styling- avia-align-left  avia-builder-el-20  avia-builder-el-no-sibling '   itemprop=\"image\" itemscope=\"itemscope\" itemtype=\"https:\/\/schema.org\/ImageObject\" ><div class=\"avia-image-container-inner\"><div class=\"avia-image-overlay-wrap\"><img decoding=\"async\" fetchpriority=\"high\" class='wp-image-30844 avia-img-lazy-loading-not-30844 avia_image ' src=\"https:\/\/kapitel-zwei.de\/wp-content\/uploads\/2018\/11\/Cours-d\u2019expression-en-langue-allemande-\u00e0-Berlin-02-300x169.jpg\" alt='Cours d\u2019expression en langue allemande \u00e0 Berlin' title='Cours d\u2019expression en langue allemande \u00e0 Berlin'  height=\"169\" width=\"300\"  itemprop=\"thumbnailUrl\" srcset=\"https:\/\/kapitel-zwei.de\/wp-content\/uploads\/2018\/11\/Cours-d\u2019expression-en-langue-allemande-\u00e0-Berlin-02-300x169.jpg 300w, https:\/\/kapitel-zwei.de\/wp-content\/uploads\/2018\/11\/Cours-d\u2019expression-en-langue-allemande-\u00e0-Berlin-02-80x45.jpg 80w, https:\/\/kapitel-zwei.de\/wp-content\/uploads\/2018\/11\/Cours-d\u2019expression-en-langue-allemande-\u00e0-Berlin-02-768x432.jpg 768w, https:\/\/kapitel-zwei.de\/wp-content\/uploads\/2018\/11\/Cours-d\u2019expression-en-langue-allemande-\u00e0-Berlin-02-1030x579.jpg 1030w, https:\/\/kapitel-zwei.de\/wp-content\/uploads\/2018\/11\/Cours-d\u2019expression-en-langue-allemande-\u00e0-Berlin-02-705x397.jpg 705w, https:\/\/kapitel-zwei.de\/wp-content\/uploads\/2018\/11\/Cours-d\u2019expression-en-langue-allemande-\u00e0-Berlin-02-450x253.jpg 450w, https:\/\/kapitel-zwei.de\/wp-content\/uploads\/2018\/11\/Cours-d\u2019expression-en-langue-allemande-\u00e0-Berlin-02.jpg 1280w\" sizes=\"(max-width: 300px) 100vw, 300px\" \/><\/div><\/div><\/div><\/div>\n\n<style type=\"text\/css\" data-created_by=\"avia_inline_auto\" id=\"style-css-av-14lbl84-b8b6ca6d9ef176cebfbab978c9b31b69\">\n.flex_column.av-14lbl84-b8b6ca6d9ef176cebfbab978c9b31b69{\nborder-radius:0px 0px 0px 0px;\npadding:15px 15px 15px 15px;\nbackground-color:#fffdf3;\n}\n<\/style>\n<div  class='flex_column av-14lbl84-b8b6ca6d9ef176cebfbab978c9b31b69 av_two_third  avia-builder-el-21  el_after_av_one_third  el_before_av_hr  flex_column_div  column-top-margin'     ><section  class='av_textblock_section av-12tizr8-1d9675fd111fcddafb6c07a4caffb6b3 '   itemscope=\"itemscope\" itemtype=\"https:\/\/schema.org\/CreativeWork\" ><div class='avia_textblock'  itemprop=\"text\" ><h3><span style=\"color: #ff6600;\">Semaine 1<\/span><\/h3>\n<\/div><\/section><br \/>\n\n<style type=\"text\/css\" data-created_by=\"avia_inline_auto\" id=\"style-css-av-1142ues-6fa846ffb079cbc6244545c5d9f45ec7\">\n#top .av_textblock_section.av-1142ues-6fa846ffb079cbc6244545c5d9f45ec7 .avia_textblock{\nfont-size:16px;\n}\n<\/style>\n<section  class='av_textblock_section av-1142ues-6fa846ffb079cbc6244545c5d9f45ec7 '   itemscope=\"itemscope\" itemtype=\"https:\/\/schema.org\/CreativeWork\" ><div class='avia_textblock'  itemprop=\"text\" ><ul>\n<li>Introduction <strong>th\u00e9orique<\/strong> et <strong>pratique<\/strong> de toutes les caract\u00e9ristiques importantes de la prononciation de la langue allemande.<\/li>\n<li>Apprentissage des <strong>variantes de prononciations<\/strong> individuelles de toutes les lettres (apprentissage des <strong>phon\u00e8mes<\/strong> de la langue allemande)<\/li>\n<li><strong>Analyse des probl\u00e8mes<\/strong> de chaque participant du cours d&rsquo;expression<\/li>\n<li>10-15 minutes d&rsquo;exercices pour construire et <strong>entra\u00eener les muscles<\/strong> de la bouche et de la m\u00e2choire.<\/li>\n<li>Premier <strong>entra\u00eenement de sons difficiles<\/strong> pour tout le monde<\/li>\n<li>Premiers exercices pour mettre <strong>l&rsquo;accent sur les mots (p. ex. les verbes s\u00e9parables ou non-s\u00e9parables, les composites)<\/strong><\/li>\n<\/ul>\n<\/div><\/section><\/p><\/div>\n\n<style type=\"text\/css\" data-created_by=\"avia_inline_auto\" id=\"style-css-av-10ae66s-e56775c5f4aeb58a66c9a2defe759504\">\n#top .hr.hr-invisible.av-10ae66s-e56775c5f4aeb58a66c9a2defe759504{\nheight:10px;\n}\n<\/style>\n<div  class='hr av-10ae66s-e56775c5f4aeb58a66c9a2defe759504 hr-invisible  avia-builder-el-24  el_after_av_two_third  el_before_av_one_third '><span class='hr-inner '><span class=\"hr-inner-style\"><\/span><\/span><\/div>\n\n<style type=\"text\/css\" data-created_by=\"avia_inline_auto\" id=\"style-css-av-xcg338-128fff864fc7b41791d09c953a1197cb\">\n.flex_column.av-xcg338-128fff864fc7b41791d09c953a1197cb{\nborder-radius:0px 0px 0px 0px;\npadding:0px 0px 0px 0px;\n}\n<\/style>\n<div  class='flex_column av-xcg338-128fff864fc7b41791d09c953a1197cb av_one_third  avia-builder-el-25  el_after_av_hr  el_before_av_two_third  first flex_column_div av-zero-column-padding  '     ><style type=\"text\/css\" data-created_by=\"avia_inline_auto\" id=\"style-css-av-35scwk-3343ea884f4a644fc94062bd2b865609\">\n.avia-image-container.av-35scwk-3343ea884f4a644fc94062bd2b865609 img.avia_image{\nbox-shadow:none;\n}\n.avia-image-container.av-35scwk-3343ea884f4a644fc94062bd2b865609 .av-image-caption-overlay-center{\ncolor:#ffffff;\n}\n<\/style>\n<div  class='avia-image-container av-35scwk-3343ea884f4a644fc94062bd2b865609 av-styling- avia-align-left  avia-builder-el-26  avia-builder-el-no-sibling '   itemprop=\"image\" itemscope=\"itemscope\" itemtype=\"https:\/\/schema.org\/ImageObject\" ><div class=\"avia-image-container-inner\"><div class=\"avia-image-overlay-wrap\"><img decoding=\"async\" fetchpriority=\"high\" class='wp-image-30845 avia-img-lazy-loading-not-30845 avia_image ' src=\"https:\/\/kapitel-zwei.de\/wp-content\/uploads\/2018\/11\/Cours-d\u2019expression-en-langue-allemande-\u00e0-Berlin-03-298x300.jpg\" alt='Cours d\u2019expression en langue allemande \u00e0 Berlin' title='Cours d\u2019expression en langue allemande \u00e0 Berlin'  height=\"300\" width=\"298\"  itemprop=\"thumbnailUrl\" srcset=\"https:\/\/kapitel-zwei.de\/wp-content\/uploads\/2018\/11\/Cours-d\u2019expression-en-langue-allemande-\u00e0-Berlin-03-298x300.jpg 298w, https:\/\/kapitel-zwei.de\/wp-content\/uploads\/2018\/11\/Cours-d\u2019expression-en-langue-allemande-\u00e0-Berlin-03-80x80.jpg 80w, https:\/\/kapitel-zwei.de\/wp-content\/uploads\/2018\/11\/Cours-d\u2019expression-en-langue-allemande-\u00e0-Berlin-03-36x36.jpg 36w, https:\/\/kapitel-zwei.de\/wp-content\/uploads\/2018\/11\/Cours-d\u2019expression-en-langue-allemande-\u00e0-Berlin-03-180x180.jpg 180w, https:\/\/kapitel-zwei.de\/wp-content\/uploads\/2018\/11\/Cours-d\u2019expression-en-langue-allemande-\u00e0-Berlin-03-700x705.jpg 700w, https:\/\/kapitel-zwei.de\/wp-content\/uploads\/2018\/11\/Cours-d\u2019expression-en-langue-allemande-\u00e0-Berlin-03-120x120.jpg 120w, https:\/\/kapitel-zwei.de\/wp-content\/uploads\/2018\/11\/Cours-d\u2019expression-en-langue-allemande-\u00e0-Berlin-03-450x453.jpg 450w, https:\/\/kapitel-zwei.de\/wp-content\/uploads\/2018\/11\/Cours-d\u2019expression-en-langue-allemande-\u00e0-Berlin-03.jpg 714w\" sizes=\"(max-width: 298px) 100vw, 298px\" \/><\/div><\/div><\/div><\/div>\n\n<style type=\"text\/css\" data-created_by=\"avia_inline_auto\" id=\"style-css-av-14lbl84-b8b6ca6d9ef176cebfbab978c9b31b69\">\n.flex_column.av-14lbl84-b8b6ca6d9ef176cebfbab978c9b31b69{\nborder-radius:0px 0px 0px 0px;\npadding:15px 15px 15px 15px;\nbackground-color:#fffdf3;\n}\n<\/style>\n<div  class='flex_column av-14lbl84-b8b6ca6d9ef176cebfbab978c9b31b69 av_two_third  avia-builder-el-27  el_after_av_one_third  el_before_av_hr  flex_column_div  '     ><section  class='av_textblock_section av-t3w6r8-24b53c252fa36c113f5f5ce6bdb9dddf '   itemscope=\"itemscope\" itemtype=\"https:\/\/schema.org\/CreativeWork\" ><div class='avia_textblock'  itemprop=\"text\" ><h3><span style=\"color: #ff6600;\">Chaque semaine (2-4)<\/span><\/h3>\n<\/div><\/section><br \/>\n\n<style type=\"text\/css\" data-created_by=\"avia_inline_auto\" id=\"style-css-av-r44lhw-600b24aab9bd1161b8c9a60ce8296a2c\">\n#top .av_textblock_section.av-r44lhw-600b24aab9bd1161b8c9a60ce8296a2c .avia_textblock{\nfont-size:16px;\n}\n<\/style>\n<section  class='av_textblock_section av-r44lhw-600b24aab9bd1161b8c9a60ce8296a2c '   itemscope=\"itemscope\" itemtype=\"https:\/\/schema.org\/CreativeWork\" ><div class='avia_textblock'  itemprop=\"text\" ><p><strong>10-15 minutes d&rsquo;exerci<\/strong>ces pour construire et entra\u00eener les muscles de la bouche et de la m\u00e2choire dont tu as besoin pour la prononciation allemande.<\/p>\n<h3>Partie 1<\/h3>\n<ul>\n<li>Apprentissage cibl\u00e9 et pratique des <strong>sons probl\u00e9matiqu<\/strong>es des diff\u00e9rents groupes de locuteurs (<strong>par ex.<\/strong> b\/p-w-w\/f pour les hispanophones natifs, r pour les locuteurs natifs asiatiques)<\/li>\n<\/ul>\n<h3>Partie 2<\/h3>\n<ul>\n<li>Exercices pour mettre l&rsquo;<strong>accent sur les mots<\/strong> (p. ex. verbes s\u00e9parables\/non s\u00e9parables, composites)<\/li>\n<li>Exercices pour la <strong>m\u00e9lodie de la phrase, accentuation de la phrase<\/strong><\/li>\n<\/ul>\n<\/div><\/section><\/p><\/div>\n\n<style type=\"text\/css\" data-created_by=\"avia_inline_auto\" id=\"style-css-av-pmhfw4-87ccdb027148d380ed302926d5690658\">\n#top .hr.hr-invisible.av-pmhfw4-87ccdb027148d380ed302926d5690658{\nheight:10px;\n}\n<\/style>\n<div  class='hr av-pmhfw4-87ccdb027148d380ed302926d5690658 hr-invisible  avia-builder-el-30  el_after_av_two_third  el_before_av_one_third '><span class='hr-inner '><span class=\"hr-inner-style\"><\/span><\/span><\/div>\n\n<style type=\"text\/css\" data-created_by=\"avia_inline_auto\" id=\"style-css-av-2gh7z8-271858ac5198fa0fe9c1e61f9987b0b7\">\n.flex_column.av-2gh7z8-271858ac5198fa0fe9c1e61f9987b0b7{\nborder-radius:0px 0px 0px 0px;\npadding:0px 0px 0px 0px;\n}\n<\/style>\n<div  class='flex_column av-2gh7z8-271858ac5198fa0fe9c1e61f9987b0b7 av_one_third  avia-builder-el-31  el_after_av_hr  el_before_av_two_third  first flex_column_div av-zero-column-padding  '     ><style type=\"text\/css\" data-created_by=\"avia_inline_auto\" id=\"style-css-av-n0nqo4-1fc0cf39de21b97caddb4f1486586925\">\n.avia-image-container.av-n0nqo4-1fc0cf39de21b97caddb4f1486586925 img.avia_image{\nbox-shadow:none;\n}\n.avia-image-container.av-n0nqo4-1fc0cf39de21b97caddb4f1486586925 .av-image-caption-overlay-center{\ncolor:#ffffff;\n}\n<\/style>\n<div  class='avia-image-container av-n0nqo4-1fc0cf39de21b97caddb4f1486586925 av-styling- avia-align-left  avia-builder-el-32  avia-builder-el-no-sibling '   itemprop=\"image\" itemscope=\"itemscope\" itemtype=\"https:\/\/schema.org\/ImageObject\" ><div class=\"avia-image-container-inner\"><div class=\"avia-image-overlay-wrap\"><img decoding=\"async\" fetchpriority=\"high\" class='wp-image-30846 avia-img-lazy-loading-not-30846 avia_image ' src=\"https:\/\/kapitel-zwei.de\/wp-content\/uploads\/2018\/11\/Cours-d\u2019expression-en-langue-allemande-\u00e0-Berlin-04-300x200.jpg\" alt='Cours d\u2019expression en langue allemande \u00e0 Berlin' title='Cours d\u2019expression en langue allemande \u00e0 Berlin 04'  height=\"200\" width=\"300\"  itemprop=\"thumbnailUrl\" srcset=\"https:\/\/kapitel-zwei.de\/wp-content\/uploads\/2018\/11\/Cours-d\u2019expression-en-langue-allemande-\u00e0-Berlin-04-300x200.jpg 300w, https:\/\/kapitel-zwei.de\/wp-content\/uploads\/2018\/11\/Cours-d\u2019expression-en-langue-allemande-\u00e0-Berlin-04-80x53.jpg 80w, https:\/\/kapitel-zwei.de\/wp-content\/uploads\/2018\/11\/Cours-d\u2019expression-en-langue-allemande-\u00e0-Berlin-04-768x512.jpg 768w, https:\/\/kapitel-zwei.de\/wp-content\/uploads\/2018\/11\/Cours-d\u2019expression-en-langue-allemande-\u00e0-Berlin-04-1030x686.jpg 1030w, https:\/\/kapitel-zwei.de\/wp-content\/uploads\/2018\/11\/Cours-d\u2019expression-en-langue-allemande-\u00e0-Berlin-04-705x470.jpg 705w, https:\/\/kapitel-zwei.de\/wp-content\/uploads\/2018\/11\/Cours-d\u2019expression-en-langue-allemande-\u00e0-Berlin-04-450x300.jpg 450w, https:\/\/kapitel-zwei.de\/wp-content\/uploads\/2018\/11\/Cours-d\u2019expression-en-langue-allemande-\u00e0-Berlin-04.jpg 1280w\" sizes=\"(max-width: 300px) 100vw, 300px\" \/><\/div><\/div><\/div><\/div>\n\n<style type=\"text\/css\" data-created_by=\"avia_inline_auto\" id=\"style-css-av-14lbl84-b8b6ca6d9ef176cebfbab978c9b31b69\">\n.flex_column.av-14lbl84-b8b6ca6d9ef176cebfbab978c9b31b69{\nborder-radius:0px 0px 0px 0px;\npadding:15px 15px 15px 15px;\nbackground-color:#fffdf3;\n}\n<\/style>\n<div  class='flex_column av-14lbl84-b8b6ca6d9ef176cebfbab978c9b31b69 av_two_third  avia-builder-el-33  el_after_av_one_third  el_before_av_hr  flex_column_div  '     ><section  class='av_textblock_section av-1wucg4-56934974bcb07abb64979e20d4f416a8 '   itemscope=\"itemscope\" itemtype=\"https:\/\/schema.org\/CreativeWork\" ><div class='avia_textblock'  itemprop=\"text\" ><h3><span style=\"color: #ff6600;\">Utile<\/span><\/h3>\n<\/div><\/section><br \/>\n\n<style type=\"text\/css\" data-created_by=\"avia_inline_auto\" id=\"style-css-av-hdecqs-1b44bb181f1c4a7cad8bfe6ad369a4b3\">\n#top .av_textblock_section.av-hdecqs-1b44bb181f1c4a7cad8bfe6ad369a4b3 .avia_textblock{\nfont-size:16px;\n}\n<\/style>\n<section  class='av_textblock_section av-hdecqs-1b44bb181f1c4a7cad8bfe6ad369a4b3 '   itemscope=\"itemscope\" itemtype=\"https:\/\/schema.org\/CreativeWork\" ><div class='avia_textblock'  itemprop=\"text\" ><p>Merci d&rsquo;apporter une boisson (eau) pour boire un verre entre les exercices.<\/p>\n<\/div><\/section><\/p><\/div>\n\n<style type=\"text\/css\" data-created_by=\"avia_inline_auto\" id=\"style-css-av-pmhfw4-87ccdb027148d380ed302926d5690658\">\n#top .hr.hr-invisible.av-pmhfw4-87ccdb027148d380ed302926d5690658{\nheight:10px;\n}\n<\/style>\n<div  class='hr av-pmhfw4-87ccdb027148d380ed302926d5690658 hr-invisible  avia-builder-el-36  el_after_av_two_third  el_before_av_one_full '><span class='hr-inner '><span class=\"hr-inner-style\"><\/span><\/span><\/div>\n\n<style type=\"text\/css\" data-created_by=\"avia_inline_auto\" id=\"style-css-av-4ne0hw-7cda51bd798c93aadfb04f19ca010749\">\n.flex_column.av-4ne0hw-7cda51bd798c93aadfb04f19ca010749{\nborder-radius:0px 0px 0px 0px;\npadding:0px 0px 0px 0px;\n}\n<\/style>\n<div  class='flex_column av-4ne0hw-7cda51bd798c93aadfb04f19ca010749 av_one_full  avia-builder-el-37  el_after_av_hr  el_before_av_button  first flex_column_div av-zero-column-padding  '     ><section  class='av_textblock_section av-5arwpoy-0bae00e5d703e042e31c2d1987024bde '   itemscope=\"itemscope\" itemtype=\"https:\/\/schema.org\/CreativeWork\" ><div class='avia_textblock cta-slogan'  itemprop=\"text\" ><p style=\"text-align: center;\"><strong>Tu veux t\u2019inscrire \u00e0 un cours d\u2019expression ?<\/strong><\/p>\n<\/div><\/section><\/div>\n<div  class='avia-button-wrap av-5a32ic2-e37e6f095f3dbd882df45b717ade836e-wrap avia-button-center  avia-builder-el-39  el_after_av_one_full  el_before_av_hr  cta-button'><a href='https:\/\/kapitel-zwei.de\/fr\/inscription-ecole-allemande\/'  class='avia-button av-5a32ic2-e37e6f095f3dbd882df45b717ade836e av-link-btn avia-icon_select-no avia-size-medium avia-position-center avia-color-theme-color'   aria-label=\"Inscris-toi!\"><span class='avia_iconbox_title' >Inscris-toi!<\/span><\/a><\/div>\n\n<style type=\"text\/css\" data-created_by=\"avia_inline_auto\" id=\"style-css-av-pmhfw4-87ccdb027148d380ed302926d5690658\">\n#top .hr.hr-invisible.av-pmhfw4-87ccdb027148d380ed302926d5690658{\nheight:10px;\n}\n<\/style>\n<div  class='hr av-pmhfw4-87ccdb027148d380ed302926d5690658 hr-invisible  avia-builder-el-40  el_after_av_button  el_before_av_one_half '><span class='hr-inner '><span class=\"hr-inner-style\"><\/span><\/span><\/div>\n\n<style type=\"text\/css\" data-created_by=\"avia_inline_auto\" id=\"style-css-av-1ky3s4-cf203bd34f367eb4a7c61a2440976b3b\">\n.flex_column.av-1ky3s4-cf203bd34f367eb4a7c61a2440976b3b{\nborder-radius:0px 0px 0px 0px;\npadding:15px 15px 15px 15px;\nbackground-color:#fff8ed;\n}\n<\/style>\n<div  class='flex_column av-1ky3s4-cf203bd34f367eb4a7c61a2440976b3b av_one_half  avia-builder-el-41  el_after_av_hr  el_before_av_one_half  first flex_column_div  '     ><style type=\"text\/css\" data-created_by=\"avia_inline_auto\" id=\"style-css-av-e6sesk-e7a1d617cbbb19b3bec815b45c9dc12e\">\n#top .av_textblock_section.av-e6sesk-e7a1d617cbbb19b3bec815b45c9dc12e .avia_textblock{\nfont-size:16px;\n}\n<\/style>\n<section  class='av_textblock_section av-e6sesk-e7a1d617cbbb19b3bec815b45c9dc12e '   itemscope=\"itemscope\" itemtype=\"https:\/\/schema.org\/CreativeWork\" ><div class='avia_textblock'  itemprop=\"text\" ><h2><span style=\"color: #ff6600;\">Mat\u00e9riel didactique pour l&rsquo;apprentissage de la prononciation\u00a0<\/span><\/h2>\n<\/div><\/section><br \/>\n<section  class='av_textblock_section av-d5btes-ec599b76b82a1923a88df8dc9ec92d33 '   itemscope=\"itemscope\" itemtype=\"https:\/\/schema.org\/CreativeWork\" ><div class='avia_textblock'  itemprop=\"text\" ><p>Le co\u00fbt des <strong>copies<\/strong> n&rsquo;est pas inclus dans le prix du cours. En classe, tu travailles avec des exercices \u00e0 partir de <strong>livres de phon\u00e9tiques sp\u00e9ciaux<\/strong> et de petits textes simples. Le professeur adaptera <strong>\u00e0 chaque fois les exercices n\u00e9cessaires au cours<\/strong>. Tu travailles avec des copies que tu recevras de ton professeur.<\/p>\n<\/div><\/section><\/p><\/div>\n\n<style type=\"text\/css\" data-created_by=\"avia_inline_auto\" id=\"style-css-av-1ky3s4-696ff96f69fffe322913bb7d23a394d6\">\n.flex_column.av-1ky3s4-696ff96f69fffe322913bb7d23a394d6{\nborder-radius:0px 0px 0px 0px;\npadding:15px 15px 15px 15px;\nbackground-color:#fff8ed;\n}\n<\/style>\n<div  class='flex_column av-1ky3s4-696ff96f69fffe322913bb7d23a394d6 av_one_half  avia-builder-el-44  el_after_av_one_half  el_before_av_one_full  flex_column_div  '     ><style type=\"text\/css\" data-created_by=\"avia_inline_auto\" id=\"style-css-av-923j84-f16d9f06fe9df513c5f9ad3c7425e713\">\n#top .av_textblock_section.av-923j84-f16d9f06fe9df513c5f9ad3c7425e713 .avia_textblock{\nfont-size:16px;\n}\n<\/style>\n<section  class='av_textblock_section av-923j84-f16d9f06fe9df513c5f9ad3c7425e713 '   itemscope=\"itemscope\" itemtype=\"https:\/\/schema.org\/CreativeWork\" ><div class='avia_textblock'  itemprop=\"text\" ><h2><span style=\"color: #ff6600;\">Enseignant(e)s pour ton cours d&rsquo;expression<br \/>\n<\/span><\/h2>\n<\/div><\/section><br \/>\n<section  class='av_textblock_section av-7rav2s-be3c423ae7384e075ffe4bc545c38fca '   itemscope=\"itemscope\" itemtype=\"https:\/\/schema.org\/CreativeWork\" ><div class='avia_textblock'  itemprop=\"text\" ><p>Ton professeur est de langue maternelle allemande et a beaucoup d\u2019exp\u00e9riences dans le domaine de la phon\u00e9tique, aussi bien acquises lors de ses \u00e9tudes qu\u2019\u00e0 force de pratique en cours d\u2019allemand. Nous proposons \u00e0 la fois une analyse des difficult\u00e9s de la prononciation allemande et l\u2019entrainement, au moyen d\u2019exercices efficaces, des qualit\u00e9s oratoires et auditives qu\u2019elle n\u00e9cessite.<\/p>\n<\/div><\/section><\/p><\/div>\n\n<style type=\"text\/css\" data-created_by=\"avia_inline_auto\" id=\"style-css-av-3yfb3o-731003f4a71e80857d41c99b9c9fd079\">\n.flex_column.av-3yfb3o-731003f4a71e80857d41c99b9c9fd079{\nborder-radius:0px 0px 0px 0px;\npadding:0px 0px 0px 0px;\n}\n<\/style>\n<div  class='flex_column av-3yfb3o-731003f4a71e80857d41c99b9c9fd079 av_one_full  avia-builder-el-47  el_after_av_one_half  el_before_av_hr  first flex_column_div av-zero-column-padding  column-top-margin'     ><section  class='av_textblock_section av-2apbes-ad3928d36da6ac1c76c3d9c5da42f185 '   itemscope=\"itemscope\" itemtype=\"https:\/\/schema.org\/CreativeWork\" ><div class='avia_textblock'  itemprop=\"text\" ><p>Tu remarqueras \u00e0 quel point ta prononciation se sera am\u00e9lior\u00e9e et ton discours affermi. Le moment o\u00f9 tu parleras l\u2019allemand avec aisance et plaisir arrivera vite.<\/p>\n<p>Le groupe est tr\u00e8s petit, afin que tu puisses apprendre efficacement et parler tr\u00e8s souvent.<\/p>\n<p>S\u2019il te reste des questions sur les moyens mis en \u0153uvre pour enseigner l\u2019allemand ici, tu peux nous \u00e9crire un email \u00e0 l\u2019adresse: berlin[at]kapitel-zwei.de<\/p>\n<\/div><\/section><\/div>\n\n<style type=\"text\/css\" data-created_by=\"avia_inline_auto\" id=\"style-css-av-pmhfw4-87ccdb027148d380ed302926d5690658\">\n#top .hr.hr-invisible.av-pmhfw4-87ccdb027148d380ed302926d5690658{\nheight:10px;\n}\n<\/style>\n<div  class='hr av-pmhfw4-87ccdb027148d380ed302926d5690658 hr-invisible  avia-builder-el-49  el_after_av_one_full  el_before_av_one_full '><span class='hr-inner '><span class=\"hr-inner-style\"><\/span><\/span><\/div>\n\n<style type=\"text\/css\" data-created_by=\"avia_inline_auto\" id=\"style-css-av-20hqdw-b55f41d3ab0ba7ff8a0d02f49fe62c25\">\n.flex_column.av-20hqdw-b55f41d3ab0ba7ff8a0d02f49fe62c25{\nborder-radius:0px 0px 0px 0px;\npadding:0px 0px 0px 0px;\n}\n<\/style>\n<div  class='flex_column av-20hqdw-b55f41d3ab0ba7ff8a0d02f49fe62c25 av_one_full  avia-builder-el-50  el_after_av_hr  el_before_av_button  first flex_column_div av-zero-column-padding  '     ><section  class='av_textblock_section av-5arwpoy-0bae00e5d703e042e31c2d1987024bde '   itemscope=\"itemscope\" itemtype=\"https:\/\/schema.org\/CreativeWork\" ><div class='avia_textblock cta-slogan'  itemprop=\"text\" ><p style=\"text-align: center;\"><strong>Tu veux t\u2019inscrire \u00e0 un cours d\u2019expression ?<\/strong><\/p>\n<\/div><\/section><\/div>\n<div  class='avia-button-wrap av-5a32ic2-e37e6f095f3dbd882df45b717ade836e-wrap avia-button-center  avia-builder-el-52  el_after_av_one_full  avia-builder-el-last  cta-button'><a href='https:\/\/kapitel-zwei.de\/fr\/inscription-ecole-allemande\/'  class='avia-button av-5a32ic2-e37e6f095f3dbd882df45b717ade836e av-link-btn avia-icon_select-no avia-size-medium avia-position-center avia-color-theme-color'   aria-label=\"Inscris-toi!\"><span class='avia_iconbox_title' >Inscris-toi!<\/span><\/a><\/div>\n","protected":false},"excerpt":{"rendered":"","protected":false},"author":16,"featured_media":0,"parent":9207,"menu_order":1,"comment_status":"closed","ping_status":"closed","template":"","meta":{"footnotes":""},"class_list":["post-9700","page","type-page","status-publish","hentry"],"yoast_head":"<!-- This site is optimized with the Yoast SEO Premium plugin v24.4 (Yoast SEO v24.4) - https:\/\/yoast.com\/wordpress\/plugins\/seo\/ -->\n<title>Cours de prononciation Berlin. Cours d&#039;expression Berlin ou en ligne (A2-C1)<\/title>\n<meta name=\"description\" content=\"Pour s\u2019entra\u00eener \u00e0 la prononciation et \u00e0 l\u2019\u00e9coute des mots et des phrases en allemand. Travail en petits groupes. Cours d&#039;expression \u00e0 Berlin. Parler correctement allemand \u00e0 Berlin ou en ligne (A2-C1).\" \/>\n<meta name=\"robots\" content=\"index, follow, max-snippet:-1, max-image-preview:large, max-video-preview:-1\" \/>\n<link rel=\"canonical\" href=\"https:\/\/www.kapitel-zwei.de\/fr\/cours-d-allemand-berlin\/cours-d-expression\/\" \/>\n<meta property=\"og:locale\" content=\"fr_FR\" \/>\n<meta property=\"og:type\" content=\"article\" \/>\n<meta property=\"og:title\" content=\"Cours d&#039;expression\" \/>\n<meta property=\"og:description\" content=\"Pour s\u2019entra\u00eener \u00e0 la prononciation et \u00e0 l\u2019\u00e9coute des mots et des phrases en allemand. Travail en petits groupes. Cours d&#039;expression \u00e0 Berlin. Parler correctement allemand \u00e0 Berlin ou en ligne (A2-C1).\" \/>\n<meta property=\"og:url\" content=\"https:\/\/www.kapitel-zwei.de\/fr\/cours-d-allemand-berlin\/cours-d-expression\/\" \/>\n<meta property=\"og:site_name\" content=\"Kapitel Zwei Berlin\" \/>\n<meta property=\"article:publisher\" content=\"https:\/\/www.facebook.com\/kapitelzwei\/\" \/>\n<meta property=\"article:modified_time\" content=\"2024-09-27T14:13:29+00:00\" \/>\n<meta name=\"twitter:card\" content=\"summary_large_image\" \/>\n<meta name=\"twitter:site\" content=\"@kapitelzwei\" \/>\n<meta name=\"twitter:label1\" content=\"Dur\u00e9e de lecture estim\u00e9e\" \/>\n\t<meta name=\"twitter:data1\" content=\"5 minutes\" \/>\n<script type=\"application\/ld+json\" class=\"yoast-schema-graph\">{\"@context\":\"https:\/\/schema.org\",\"@graph\":[{\"@type\":\"WebPage\",\"@id\":\"https:\/\/www.kapitel-zwei.de\/fr\/cours-d-allemand-berlin\/cours-d-expression\/\",\"url\":\"https:\/\/www.kapitel-zwei.de\/fr\/cours-d-allemand-berlin\/cours-d-expression\/\",\"name\":\"Cours de prononciation Berlin. Cours d'expression Berlin ou en ligne (A2-C1)\",\"isPartOf\":{\"@id\":\"https:\/\/kapitel-zwei.de\/es\/#website\"},\"datePublished\":\"2015-11-19T23:42:34+00:00\",\"dateModified\":\"2024-09-27T14:13:29+00:00\",\"description\":\"Pour s\u2019entra\u00eener \u00e0 la prononciation et \u00e0 l\u2019\u00e9coute des mots et des phrases en allemand. Travail en petits groupes. Cours d'expression \u00e0 Berlin. Parler correctement allemand \u00e0 Berlin ou en ligne (A2-C1).\",\"breadcrumb\":{\"@id\":\"https:\/\/www.kapitel-zwei.de\/fr\/cours-d-allemand-berlin\/cours-d-expression\/#breadcrumb\"},\"inLanguage\":\"fr-FR\",\"potentialAction\":[{\"@type\":\"ReadAction\",\"target\":[\"https:\/\/www.kapitel-zwei.de\/fr\/cours-d-allemand-berlin\/cours-d-expression\/\"]}]},{\"@type\":\"BreadcrumbList\",\"@id\":\"https:\/\/www.kapitel-zwei.de\/fr\/cours-d-allemand-berlin\/cours-d-expression\/#breadcrumb\",\"itemListElement\":[{\"@type\":\"ListItem\",\"position\":1,\"name\":\"Startseite\",\"item\":\"https:\/\/kapitel-zwei.de\/fr\/\"},{\"@type\":\"ListItem\",\"position\":2,\"name\":\"Apprendre l\u00b4allemand\",\"item\":\"https:\/\/kapitel-zwei.de\/fr\/cours-d-allemand-berlin\/\"},{\"@type\":\"ListItem\",\"position\":3,\"name\":\"Cours d&rsquo;expression\"}]},{\"@type\":\"WebSite\",\"@id\":\"https:\/\/kapitel-zwei.de\/es\/#website\",\"url\":\"https:\/\/kapitel-zwei.de\/es\/\",\"name\":\"Kapitel Zwei Berlin\",\"description\":\"Deutschkurs Berlin | Sprachschule Berlin | German language school Berlin | telc Berlin | Deutsch Pr\u00fcfung Berlin | Intensive German courses Berlin | TestDaF Pr\u00fcfung | Online Kurse\",\"publisher\":{\"@id\":\"https:\/\/kapitel-zwei.de\/es\/#organization\"},\"potentialAction\":[{\"@type\":\"SearchAction\",\"target\":{\"@type\":\"EntryPoint\",\"urlTemplate\":\"https:\/\/kapitel-zwei.de\/es\/?s={search_term_string}\"},\"query-input\":{\"@type\":\"PropertyValueSpecification\",\"valueRequired\":true,\"valueName\":\"search_term_string\"}}],\"inLanguage\":\"fr-FR\"},{\"@type\":\"Organization\",\"@id\":\"https:\/\/kapitel-zwei.de\/es\/#organization\",\"name\":\"Kapitel Zwei. Deutsch-Sprachschule Berlin GmbH\",\"url\":\"https:\/\/kapitel-zwei.de\/es\/\",\"logo\":{\"@type\":\"ImageObject\",\"inLanguage\":\"fr-FR\",\"@id\":\"https:\/\/kapitel-zwei.de\/es\/#\/schema\/logo\/image\/\",\"url\":\"https:\/\/kapitel-zwei.de\/wp-content\/uploads\/2018\/08\/Kapitel-Zwei-Berlin-Sprachschule-Deutsch-Deutschkurse-Berlin.jpg\",\"contentUrl\":\"https:\/\/kapitel-zwei.de\/wp-content\/uploads\/2018\/08\/Kapitel-Zwei-Berlin-Sprachschule-Deutsch-Deutschkurse-Berlin.jpg\",\"width\":350,\"height\":101,\"caption\":\"Kapitel Zwei. Deutsch-Sprachschule Berlin GmbH\"},\"image\":{\"@id\":\"https:\/\/kapitel-zwei.de\/es\/#\/schema\/logo\/image\/\"},\"sameAs\":[\"https:\/\/www.facebook.com\/kapitelzwei\/\",\"https:\/\/x.com\/kapitelzwei\"]}]}<\/script>\n<!-- \/ Yoast SEO Premium plugin. -->","yoast_head_json":{"title":"Cours de prononciation Berlin. Cours d'expression Berlin ou en ligne (A2-C1)","description":"Pour s\u2019entra\u00eener \u00e0 la prononciation et \u00e0 l\u2019\u00e9coute des mots et des phrases en allemand. Travail en petits groupes. Cours d'expression \u00e0 Berlin. Parler correctement allemand \u00e0 Berlin ou en ligne (A2-C1).","robots":{"index":"index","follow":"follow","max-snippet":"max-snippet:-1","max-image-preview":"max-image-preview:large","max-video-preview":"max-video-preview:-1"},"canonical":"https:\/\/www.kapitel-zwei.de\/fr\/cours-d-allemand-berlin\/cours-d-expression\/","og_locale":"fr_FR","og_type":"article","og_title":"Cours d'expression","og_description":"Pour s\u2019entra\u00eener \u00e0 la prononciation et \u00e0 l\u2019\u00e9coute des mots et des phrases en allemand. Travail en petits groupes. Cours d'expression \u00e0 Berlin. Parler correctement allemand \u00e0 Berlin ou en ligne (A2-C1).","og_url":"https:\/\/www.kapitel-zwei.de\/fr\/cours-d-allemand-berlin\/cours-d-expression\/","og_site_name":"Kapitel Zwei Berlin","article_publisher":"https:\/\/www.facebook.com\/kapitelzwei\/","article_modified_time":"2024-09-27T14:13:29+00:00","twitter_card":"summary_large_image","twitter_site":"@kapitelzwei","twitter_misc":{"Dur\u00e9e de lecture estim\u00e9e":"5 minutes"},"schema":{"@context":"https:\/\/schema.org","@graph":[{"@type":"WebPage","@id":"https:\/\/www.kapitel-zwei.de\/fr\/cours-d-allemand-berlin\/cours-d-expression\/","url":"https:\/\/www.kapitel-zwei.de\/fr\/cours-d-allemand-berlin\/cours-d-expression\/","name":"Cours de prononciation Berlin. Cours d'expression Berlin ou en ligne (A2-C1)","isPartOf":{"@id":"https:\/\/kapitel-zwei.de\/es\/#website"},"datePublished":"2015-11-19T23:42:34+00:00","dateModified":"2024-09-27T14:13:29+00:00","description":"Pour s\u2019entra\u00eener \u00e0 la prononciation et \u00e0 l\u2019\u00e9coute des mots et des phrases en allemand. Travail en petits groupes. Cours d'expression \u00e0 Berlin. Parler correctement allemand \u00e0 Berlin ou en ligne (A2-C1).","breadcrumb":{"@id":"https:\/\/www.kapitel-zwei.de\/fr\/cours-d-allemand-berlin\/cours-d-expression\/#breadcrumb"},"inLanguage":"fr-FR","potentialAction":[{"@type":"ReadAction","target":["https:\/\/www.kapitel-zwei.de\/fr\/cours-d-allemand-berlin\/cours-d-expression\/"]}]},{"@type":"BreadcrumbList","@id":"https:\/\/www.kapitel-zwei.de\/fr\/cours-d-allemand-berlin\/cours-d-expression\/#breadcrumb","itemListElement":[{"@type":"ListItem","position":1,"name":"Startseite","item":"https:\/\/kapitel-zwei.de\/fr\/"},{"@type":"ListItem","position":2,"name":"Apprendre l\u00b4allemand","item":"https:\/\/kapitel-zwei.de\/fr\/cours-d-allemand-berlin\/"},{"@type":"ListItem","position":3,"name":"Cours d&rsquo;expression"}]},{"@type":"WebSite","@id":"https:\/\/kapitel-zwei.de\/es\/#website","url":"https:\/\/kapitel-zwei.de\/es\/","name":"Kapitel Zwei Berlin","description":"Deutschkurs Berlin | Sprachschule Berlin | German language school Berlin | telc Berlin | Deutsch Pr\u00fcfung Berlin | Intensive German courses Berlin | TestDaF Pr\u00fcfung | Online Kurse","publisher":{"@id":"https:\/\/kapitel-zwei.de\/es\/#organization"},"potentialAction":[{"@type":"SearchAction","target":{"@type":"EntryPoint","urlTemplate":"https:\/\/kapitel-zwei.de\/es\/?s={search_term_string}"},"query-input":{"@type":"PropertyValueSpecification","valueRequired":true,"valueName":"search_term_string"}}],"inLanguage":"fr-FR"},{"@type":"Organization","@id":"https:\/\/kapitel-zwei.de\/es\/#organization","name":"Kapitel Zwei. Deutsch-Sprachschule Berlin GmbH","url":"https:\/\/kapitel-zwei.de\/es\/","logo":{"@type":"ImageObject","inLanguage":"fr-FR","@id":"https:\/\/kapitel-zwei.de\/es\/#\/schema\/logo\/image\/","url":"https:\/\/kapitel-zwei.de\/wp-content\/uploads\/2018\/08\/Kapitel-Zwei-Berlin-Sprachschule-Deutsch-Deutschkurse-Berlin.jpg","contentUrl":"https:\/\/kapitel-zwei.de\/wp-content\/uploads\/2018\/08\/Kapitel-Zwei-Berlin-Sprachschule-Deutsch-Deutschkurse-Berlin.jpg","width":350,"height":101,"caption":"Kapitel Zwei. Deutsch-Sprachschule Berlin GmbH"},"image":{"@id":"https:\/\/kapitel-zwei.de\/es\/#\/schema\/logo\/image\/"},"sameAs":["https:\/\/www.facebook.com\/kapitelzwei\/","https:\/\/x.com\/kapitelzwei"]}]}},"_links":{"self":[{"href":"https:\/\/kapitel-zwei.de\/fr\/wp-json\/wp\/v2\/pages\/9700","targetHints":{"allow":["GET"]}}],"collection":[{"href":"https:\/\/kapitel-zwei.de\/fr\/wp-json\/wp\/v2\/pages"}],"about":[{"href":"https:\/\/kapitel-zwei.de\/fr\/wp-json\/wp\/v2\/types\/page"}],"author":[{"embeddable":true,"href":"https:\/\/kapitel-zwei.de\/fr\/wp-json\/wp\/v2\/users\/16"}],"replies":[{"embeddable":true,"href":"https:\/\/kapitel-zwei.de\/fr\/wp-json\/wp\/v2\/comments?post=9700"}],"version-history":[{"count":25,"href":"https:\/\/kapitel-zwei.de\/fr\/wp-json\/wp\/v2\/pages\/9700\/revisions"}],"predecessor-version":[{"id":120731,"href":"https:\/\/kapitel-zwei.de\/fr\/wp-json\/wp\/v2\/pages\/9700\/revisions\/120731"}],"up":[{"embeddable":true,"href":"https:\/\/kapitel-zwei.de\/fr\/wp-json\/wp\/v2\/pages\/9207"}],"wp:attachment":[{"href":"https:\/\/kapitel-zwei.de\/fr\/wp-json\/wp\/v2\/media?parent=9700"}],"curies":[{"name":"wp","href":"https:\/\/api.w.org\/{rel}","templated":true}]}}