{"id":9782,"date":"2015-11-14T15:55:25","date_gmt":"2015-11-14T14:55:25","guid":{"rendered":"http:\/\/relaunch.kapitel-zwei.de\/fr\/ecole-de-langue-allemande-berlin\/kontakt\/"},"modified":"2026-01-05T16:50:14","modified_gmt":"2026-01-05T15:50:14","slug":"contacter","status":"publish","type":"page","link":"https:\/\/kapitel-zwei.de\/fr\/ecole-langue-allemande-berlin\/contacter\/","title":{"rendered":"Nous contacter"},"content":{"rendered":"\n<style type=\"text\/css\" data-created_by=\"avia_inline_auto\" id=\"style-css-av-21f7cuu-7266cd33b3409781f964648b37426343\">\n.flex_column.av-21f7cuu-7266cd33b3409781f964648b37426343{\nborder-radius:0px 0px 0px 0px;\npadding:0px 0px 0px 0px;\n}\n<\/style>\n<div  class='flex_column av-21f7cuu-7266cd33b3409781f964648b37426343 av_one_full  avia-builder-el-0  el_before_av_one_half  avia-builder-el-first  first flex_column_div av-zero-column-padding  '     ><section  class='av_textblock_section av-1zj183a-a66907b4d3ced752d42d33ef3cef7692 '   itemscope=\"itemscope\" itemtype=\"https:\/\/schema.org\/CreativeWork\" ><div class='avia_textblock'  itemprop=\"text\" ><h1>Nous contacter<\/h1>\n<\/div><\/section><\/div>\n\n<style type=\"text\/css\" data-created_by=\"avia_inline_auto\" id=\"style-css-av-kkwm1d60-23ce59b5b184b4e6295fbf3028c04657\">\n.flex_column.av-kkwm1d60-23ce59b5b184b4e6295fbf3028c04657{\nborder-radius:0px 0px 0px 0px;\npadding:15px 15px 15px 15px;\nbackground-color:#fff8ed;\n}\n<\/style>\n<div  class='flex_column av-kkwm1d60-23ce59b5b184b4e6295fbf3028c04657 av_one_half  avia-builder-el-2  el_after_av_one_full  el_before_av_one_half  first flex_column_div  column-top-margin'     ><style type=\"text\/css\" data-created_by=\"avia_inline_auto\" id=\"style-css-av-kkwm4ev8-6161a2d66e5282f82ab638f1c1ca3510\">\n.avia-image-container.av-kkwm4ev8-6161a2d66e5282f82ab638f1c1ca3510 img.avia_image{\nbox-shadow:none;\n}\n.avia-image-container.av-kkwm4ev8-6161a2d66e5282f82ab638f1c1ca3510 .av-image-caption-overlay-center{\ncolor:#ffffff;\n}\n<\/style>\n<div  class='avia-image-container av-kkwm4ev8-6161a2d66e5282f82ab638f1c1ca3510 av-styling- avia-align-center  avia-builder-el-3  avia-builder-el-no-sibling '   itemprop=\"image\" itemscope=\"itemscope\" itemtype=\"https:\/\/schema.org\/ImageObject\" ><div class=\"avia-image-container-inner\"><div class=\"avia-image-overlay-wrap\"><img decoding=\"async\" fetchpriority=\"high\" class='wp-image-94774 avia-img-lazy-loading-not-94774 avia_image ' src=\"https:\/\/kapitel-zwei.de\/wp-content\/uploads\/2021\/02\/Email-1003x1030.jpg\" alt='email Kapitel Zwei Berlin' title='Email'  height=\"1030\" width=\"1003\"  itemprop=\"thumbnailUrl\" srcset=\"https:\/\/kapitel-zwei.de\/wp-content\/uploads\/2021\/02\/Email-1003x1030.jpg 1003w, https:\/\/kapitel-zwei.de\/wp-content\/uploads\/2021\/02\/Email-292x300.jpg 292w, https:\/\/kapitel-zwei.de\/wp-content\/uploads\/2021\/02\/Email-78x80.jpg 78w, https:\/\/kapitel-zwei.de\/wp-content\/uploads\/2021\/02\/Email-768x788.jpg 768w, https:\/\/kapitel-zwei.de\/wp-content\/uploads\/2021\/02\/Email-1496x1536.jpg 1496w, https:\/\/kapitel-zwei.de\/wp-content\/uploads\/2021\/02\/Email-1995x2048.jpg 1995w, https:\/\/kapitel-zwei.de\/wp-content\/uploads\/2021\/02\/Email-36x36.jpg 36w, https:\/\/kapitel-zwei.de\/wp-content\/uploads\/2021\/02\/Email-1461x1500.jpg 1461w, https:\/\/kapitel-zwei.de\/wp-content\/uploads\/2021\/02\/Email-687x705.jpg 687w\" sizes=\"(max-width: 1003px) 100vw, 1003px\" \/><\/div><\/div><\/div><\/div>\n\n<style type=\"text\/css\" data-created_by=\"avia_inline_auto\" id=\"style-css-av-kkwm1d60-14-216bf520234b3bb778feacc89f37e0f0\">\n.flex_column.av-kkwm1d60-14-216bf520234b3bb778feacc89f37e0f0{\nborder-radius:0px 0px 0px 0px;\npadding:15px 15px 15px 15px;\nbackground-color:#fff8ed;\n}\n<\/style>\n<div  class='flex_column av-kkwm1d60-14-216bf520234b3bb778feacc89f37e0f0 av_one_half  avia-builder-el-4  el_after_av_one_half  el_before_av_hr  flex_column_div  column-top-margin'     ><section  class='av_textblock_section av-1p49a7q-0cd71cecabcaf83f20b35a4bf7f3f082 '   itemscope=\"itemscope\" itemtype=\"https:\/\/schema.org\/CreativeWork\" ><div class='avia_textblock'  itemprop=\"text\" ><h2>email<\/h2>\n<h3>berlin@kapitel-zwei.de<\/h3>\n<\/div><\/section><\/div>\n<div  class='hr av-1nagvva-6197d4af23bfafacd27ad17295f940d8 hr-default  avia-builder-el-6  el_after_av_one_half  el_before_av_one_half '><span class='hr-inner '><span class=\"hr-inner-style\"><\/span><\/span><\/div>\n\n<style type=\"text\/css\" data-created_by=\"avia_inline_auto\" id=\"style-css-av-kkwmllvs-c5cbd859c1437619cd6d5a6fb758a9e3\">\n.flex_column.av-kkwmllvs-c5cbd859c1437619cd6d5a6fb758a9e3{\nborder-radius:0px 0px 0px 0px;\npadding:15px 15px 15px 15px;\nbackground-color:#dfffdd;\n}\n<\/style>\n<div  class='flex_column av-kkwmllvs-c5cbd859c1437619cd6d5a6fb758a9e3 av_one_half  avia-builder-el-7  el_after_av_hr  el_before_av_one_half  first flex_column_div  '     ><style type=\"text\/css\" data-created_by=\"avia_inline_auto\" id=\"style-css-av-kkwm7azj-4cca515cdcbdac73d88bc395cc61ad5d\">\n.avia-image-container.av-kkwm7azj-4cca515cdcbdac73d88bc395cc61ad5d img.avia_image{\nbox-shadow:none;\n}\n.avia-image-container.av-kkwm7azj-4cca515cdcbdac73d88bc395cc61ad5d .av-image-caption-overlay-center{\ncolor:#ffffff;\n}\n<\/style>\n<div  class='avia-image-container av-kkwm7azj-4cca515cdcbdac73d88bc395cc61ad5d av-styling- avia-align-center  avia-builder-el-8  avia-builder-el-no-sibling '   itemprop=\"image\" itemscope=\"itemscope\" itemtype=\"https:\/\/schema.org\/ImageObject\" ><div class=\"avia-image-container-inner\"><div class=\"avia-image-overlay-wrap\"><img decoding=\"async\" fetchpriority=\"high\" class='wp-image-95051 avia-img-lazy-loading-not-95051 avia_image ' src=\"https:\/\/kapitel-zwei.de\/wp-content\/uploads\/2021\/02\/Telephone-1030x686.jpg\" alt='T\u00e9l\u00e9phone' title='T\u00e9l\u00e9phone'  height=\"686\" width=\"1030\"  itemprop=\"thumbnailUrl\" srcset=\"https:\/\/kapitel-zwei.de\/wp-content\/uploads\/2021\/02\/Telephone-1030x686.jpg 1030w, https:\/\/kapitel-zwei.de\/wp-content\/uploads\/2021\/02\/Telephone-300x200.jpg 300w, https:\/\/kapitel-zwei.de\/wp-content\/uploads\/2021\/02\/Telephone-80x53.jpg 80w, https:\/\/kapitel-zwei.de\/wp-content\/uploads\/2021\/02\/Telephone-768x512.jpg 768w, https:\/\/kapitel-zwei.de\/wp-content\/uploads\/2021\/02\/Telephone-705x470.jpg 705w, https:\/\/kapitel-zwei.de\/wp-content\/uploads\/2021\/02\/Telephone.jpg 1280w\" sizes=\"(max-width: 1030px) 100vw, 1030px\" \/><\/div><\/div><\/div><\/div>\n\n<style type=\"text\/css\" data-created_by=\"avia_inline_auto\" id=\"style-css-av-kkwmllvs-11-a1927058e51536da848da039bbeed905\">\n.flex_column.av-kkwmllvs-11-a1927058e51536da848da039bbeed905{\nborder-radius:0px 0px 0px 0px;\npadding:15px 15px 15px 15px;\nbackground-color:#dfffdd;\n}\n<\/style>\n<div  class='flex_column av-kkwmllvs-11-a1927058e51536da848da039bbeed905 av_one_half  avia-builder-el-9  el_after_av_one_half  el_before_av_hr  flex_column_div  '     ><section  class='av_textblock_section av-4p453q-e657ec121407709753c28f6be6ec1359 '   itemscope=\"itemscope\" itemtype=\"https:\/\/schema.org\/CreativeWork\" ><div class='avia_textblock'  itemprop=\"text\" ><h2>T\u00e9l\u00e9phone<\/h2>\n<h3><strong>Nous te prions de nous \u00e9crire par e-mail pour un meilleur d\u00e9lai de traitement.<\/strong><\/h3>\n<h3><a href=tel:+493054891291>+49 (0)3054891291<\/a><\/h3>\n<h4>Actuellement : disponibilit\u00e9 limit\u00e9e<\/h4>\n<\/div><\/section><\/div>\n<div  class='hr av-19jjgee-9cf6df19b543694c0f208a2d5f8856e8 hr-default  avia-builder-el-11  el_after_av_one_half  el_before_av_one_half '><span class='hr-inner '><span class=\"hr-inner-style\"><\/span><\/span><\/div>\n\n<style type=\"text\/css\" data-created_by=\"avia_inline_auto\" id=\"style-css-av-kkwm1d60-12-94473e437f4539a786e70612e765e35e\">\n.flex_column.av-kkwm1d60-12-94473e437f4539a786e70612e765e35e{\nborder-radius:0px 0px 0px 0px;\npadding:15px 15px 15px 15px;\nbackground-color:#fff8ed;\n}\n<\/style>\n<div  class='flex_column av-kkwm1d60-12-94473e437f4539a786e70612e765e35e av_one_half  avia-builder-el-12  el_after_av_hr  el_before_av_one_half  first flex_column_div  '     ><style type=\"text\/css\" data-created_by=\"avia_inline_auto\" id=\"style-css-av-kkwm4ev8-13-5c88ff82caf7d2e2251a9c8602b8a628\">\n.avia-image-container.av-kkwm4ev8-13-5c88ff82caf7d2e2251a9c8602b8a628 img.avia_image{\nbox-shadow:none;\n}\n.avia-image-container.av-kkwm4ev8-13-5c88ff82caf7d2e2251a9c8602b8a628 .av-image-caption-overlay-center{\ncolor:#ffffff;\n}\n<\/style>\n<div  class='avia-image-container av-kkwm4ev8-13-5c88ff82caf7d2e2251a9c8602b8a628 av-styling- avia-align-center  avia-builder-el-13  avia-builder-el-no-sibling '   itemprop=\"image\" itemscope=\"itemscope\" itemtype=\"https:\/\/schema.org\/ImageObject\" ><div class=\"avia-image-container-inner\"><div class=\"avia-image-overlay-wrap\"><img decoding=\"async\" fetchpriority=\"high\" class='wp-image-111843 avia-img-lazy-loading-not-111843 avia_image ' src=\"https:\/\/kapitel-zwei.de\/wp-content\/uploads\/2023\/04\/Kapitel-Zwei-Deutschkurs-Oeffnungszeiten-office-opening-times-scaled.jpeg\" alt='Kapitel Zwei Deutschkurs \u00d6ffnungszeiten office opening times' title='Kapitel Zwei Deutschkurs \u00d6ffnungszeiten office opening times'  height=\"1570\" width=\"2560\"  itemprop=\"thumbnailUrl\" srcset=\"https:\/\/kapitel-zwei.de\/wp-content\/uploads\/2023\/04\/Kapitel-Zwei-Deutschkurs-Oeffnungszeiten-office-opening-times-scaled.jpeg 2560w, https:\/\/kapitel-zwei.de\/wp-content\/uploads\/2023\/04\/Kapitel-Zwei-Deutschkurs-Oeffnungszeiten-office-opening-times-300x184.jpeg 300w, https:\/\/kapitel-zwei.de\/wp-content\/uploads\/2023\/04\/Kapitel-Zwei-Deutschkurs-Oeffnungszeiten-office-opening-times-1030x632.jpeg 1030w, https:\/\/kapitel-zwei.de\/wp-content\/uploads\/2023\/04\/Kapitel-Zwei-Deutschkurs-Oeffnungszeiten-office-opening-times-80x49.jpeg 80w, https:\/\/kapitel-zwei.de\/wp-content\/uploads\/2023\/04\/Kapitel-Zwei-Deutschkurs-Oeffnungszeiten-office-opening-times-768x471.jpeg 768w, https:\/\/kapitel-zwei.de\/wp-content\/uploads\/2023\/04\/Kapitel-Zwei-Deutschkurs-Oeffnungszeiten-office-opening-times-1536x942.jpeg 1536w, https:\/\/kapitel-zwei.de\/wp-content\/uploads\/2023\/04\/Kapitel-Zwei-Deutschkurs-Oeffnungszeiten-office-opening-times-2048x1256.jpeg 2048w, https:\/\/kapitel-zwei.de\/wp-content\/uploads\/2023\/04\/Kapitel-Zwei-Deutschkurs-Oeffnungszeiten-office-opening-times-1500x920.jpeg 1500w, https:\/\/kapitel-zwei.de\/wp-content\/uploads\/2023\/04\/Kapitel-Zwei-Deutschkurs-Oeffnungszeiten-office-opening-times-705x432.jpeg 705w\" sizes=\"(max-width: 2560px) 100vw, 2560px\" \/><\/div><\/div><\/div><\/div>\n\n<style type=\"text\/css\" data-created_by=\"avia_inline_auto\" id=\"style-css-av-kkwm1d60-7-62e7789afd37c1a6f1496c25abb38303\">\n.flex_column.av-kkwm1d60-7-62e7789afd37c1a6f1496c25abb38303{\nborder-radius:0px 0px 0px 0px;\npadding:15px 15px 15px 15px;\nbackground-color:#fff8ed;\n}\n<\/style>\n<div  class='flex_column av-kkwm1d60-7-62e7789afd37c1a6f1496c25abb38303 av_one_half  avia-builder-el-14  el_after_av_one_half  el_before_av_hr  flex_column_div  '     ><style type=\"text\/css\" data-created_by=\"avia_inline_auto\" id=\"style-css-av-ki7g8ez5-05b3c5b55595fd84ae15bd97a1ddc5c9\">\n#top .av_textblock_section.av-ki7g8ez5-05b3c5b55595fd84ae15bd97a1ddc5c9 .avia_textblock{\nfont-size:17px;\n}\n<\/style>\n<section  class='av_textblock_section av-ki7g8ez5-05b3c5b55595fd84ae15bd97a1ddc5c9 '   itemscope=\"itemscope\" itemtype=\"https:\/\/schema.org\/CreativeWork\" ><div class='avia_textblock'  itemprop=\"text\" ><p><a name=\"Horairedouverture\"><\/a><\/p>\n<h2>Horaires d\u00b4ouverture<\/h2>\n<p>Nous avons optimis\u00e9 la prise de contact par e-mail et nous t\u2019invitons donc \u00e0 nous \u00e9crire : berlin@kapitel-zwei.de.<\/p>\n<p>Les cours et examens peuvent toujours \u00eatre <a href=\"https:\/\/kapitel-zwei.de\/fr\/ecole-langue-allemande-berlin\/donnees-bancaires\/\">pay\u00e9s en ligne<\/a>.<\/p>\n<p>Dans une certaine mesure, les conseils directement dispens\u00e9s sur place sont par cons\u00e9quent limit\u00e9s. Merci de noter qu&rsquo;il peut y avoir un temps d\u2019attente.<\/p>\n<p>Merci de noter qu&rsquo;il peut y <strong>avoir des temps d&rsquo;attente.<\/strong><\/p>\n<p>Lundi<\/p>\n<ul>\n<li>10:00 \u2013 13:00 h<\/li>\n<li>15:00 \u2013 18:30 h<\/li>\n<\/ul>\n<p>Mardi<\/p>\n<ul>\n<li><strong>09:00 \u2013 14:00 h<\/strong><\/li>\n<\/ul>\n<p>Mercredi<\/p>\n<ul>\n<li><strong>14:00 \u2013 19:00 h<\/strong><\/li>\n<\/ul>\n<p>Jeudi<\/p>\n<ul>\n<li>10:00 \u2013 13:00 h<\/li>\n<li>15:00 \u2013 18:30 h<\/li>\n<\/ul>\n<p>Vendredi<\/p>\n<ul>\n<li>9:00 \u2013 14:00 h<\/li>\n<\/ul>\n<p><strong>La derni\u00e8re consultation commence 15 minutes avant la fermeture du bureau. <\/strong><\/p>\n<p>Nous fermons compl\u00e8tement pendant les <strong>jours feri\u00e9s<\/strong>.<\/p>\n<\/div><\/section><\/div>\n<div  class='hr av-19jjgee-8-cd1d6513f4699f8d7f0fc459217d25ca hr-default  avia-builder-el-16  el_after_av_one_half  el_before_av_one_half '><span class='hr-inner '><span class=\"hr-inner-style\"><\/span><\/span><\/div>\n\n<style type=\"text\/css\" data-created_by=\"avia_inline_auto\" id=\"style-css-av-kkwmllvs-9-60f4f8508266c3e62fe145a92ff60b51\">\n.flex_column.av-kkwmllvs-9-60f4f8508266c3e62fe145a92ff60b51{\nborder-radius:0px 0px 0px 0px;\npadding:15px 15px 15px 15px;\nbackground-color:#dfffdd;\n}\n<\/style>\n<div  class='flex_column av-kkwmllvs-9-60f4f8508266c3e62fe145a92ff60b51 av_one_half  avia-builder-el-17  el_after_av_hr  el_before_av_one_half  first flex_column_div  '     ><style type=\"text\/css\" data-created_by=\"avia_inline_auto\" id=\"style-css-av-kkwm7azj-10-66b61a6ec8a5d69d29783f3c854e4e49\">\n.avia-image-container.av-kkwm7azj-10-66b61a6ec8a5d69d29783f3c854e4e49 img.avia_image{\nbox-shadow:none;\n}\n.avia-image-container.av-kkwm7azj-10-66b61a6ec8a5d69d29783f3c854e4e49 .av-image-caption-overlay-center{\ncolor:#ffffff;\n}\n<\/style>\n<div  class='avia-image-container av-kkwm7azj-10-66b61a6ec8a5d69d29783f3c854e4e49 av-styling- avia-align-center  avia-builder-el-18  avia-builder-el-no-sibling '   itemprop=\"image\" itemscope=\"itemscope\" itemtype=\"https:\/\/schema.org\/ImageObject\" ><div class=\"avia-image-container-inner\"><div class=\"avia-image-overlay-wrap\"><img decoding=\"async\" fetchpriority=\"high\" class='wp-image-95037 avia-img-lazy-loading-not-95037 avia_image ' src=\"https:\/\/kapitel-zwei.de\/wp-content\/uploads\/2021\/02\/accesible-1-1030x692.jpg\" alt='accessible' title='accessible'  height=\"692\" width=\"1030\"  itemprop=\"thumbnailUrl\" srcset=\"https:\/\/kapitel-zwei.de\/wp-content\/uploads\/2021\/02\/accesible-1-1030x692.jpg 1030w, https:\/\/kapitel-zwei.de\/wp-content\/uploads\/2021\/02\/accesible-1-300x202.jpg 300w, https:\/\/kapitel-zwei.de\/wp-content\/uploads\/2021\/02\/accesible-1-80x54.jpg 80w, https:\/\/kapitel-zwei.de\/wp-content\/uploads\/2021\/02\/accesible-1-768x516.jpg 768w, https:\/\/kapitel-zwei.de\/wp-content\/uploads\/2021\/02\/accesible-1-1536x1032.jpg 1536w, https:\/\/kapitel-zwei.de\/wp-content\/uploads\/2021\/02\/accesible-1-2048x1376.jpg 2048w, https:\/\/kapitel-zwei.de\/wp-content\/uploads\/2021\/02\/accesible-1-1500x1008.jpg 1500w, https:\/\/kapitel-zwei.de\/wp-content\/uploads\/2021\/02\/accesible-1-705x474.jpg 705w\" sizes=\"(max-width: 1030px) 100vw, 1030px\" \/><\/div><\/div><\/div><\/div>\n\n<style type=\"text\/css\" data-created_by=\"avia_inline_auto\" id=\"style-css-av-kkwmllvs-3-8996b8ef92bdf6f63df9c73036c58ec8\">\n.flex_column.av-kkwmllvs-3-8996b8ef92bdf6f63df9c73036c58ec8{\nborder-radius:0px 0px 0px 0px;\npadding:15px 15px 15px 15px;\nbackground-color:#dfffdd;\n}\n<\/style>\n<div  class='flex_column av-kkwmllvs-3-8996b8ef92bdf6f63df9c73036c58ec8 av_one_half  avia-builder-el-19  el_after_av_one_half  el_before_av_hr  flex_column_div  '     ><style type=\"text\/css\" data-created_by=\"avia_inline_auto\" id=\"style-css-av-ki7g8ez5-4-94ace62093188afaea05f5dbecf5226d\">\n#top .av_textblock_section.av-ki7g8ez5-4-94ace62093188afaea05f5dbecf5226d .avia_textblock{\nfont-size:17px;\n}\n<\/style>\n<section  class='av_textblock_section av-ki7g8ez5-4-94ace62093188afaea05f5dbecf5226d '   itemscope=\"itemscope\" itemtype=\"https:\/\/schema.org\/CreativeWork\" ><div class='avia_textblock'  itemprop=\"text\" ><p><a name=\"Accessible\"><\/a><\/p>\n<h2>Acc\u00e8s et possibilit\u00e9 de circuler<\/h2>\n<h3>Accessible aux personnes en fauteuil roulant<\/h3>\n<\/div><\/section><\/div>\n<div  class='hr av-xrbw5y-4a3c064481b9b021d21316af0d929c48 hr-default  avia-builder-el-21  el_after_av_one_half  el_before_av_one_half '><span class='hr-inner '><span class=\"hr-inner-style\"><\/span><\/span><\/div>\n\n<style type=\"text\/css\" data-created_by=\"avia_inline_auto\" id=\"style-css-av-kkwm1d60-5-fb7a787b3f845bf396e2c5bdf33cb926\">\n.flex_column.av-kkwm1d60-5-fb7a787b3f845bf396e2c5bdf33cb926{\nborder-radius:0px 0px 0px 0px;\npadding:15px 15px 15px 15px;\nbackground-color:#fff8ed;\n}\n<\/style>\n<div  class='flex_column av-kkwm1d60-5-fb7a787b3f845bf396e2c5bdf33cb926 av_one_half  avia-builder-el-22  el_after_av_hr  el_before_av_one_half  first flex_column_div  '     ><style type=\"text\/css\" data-created_by=\"avia_inline_auto\" id=\"style-css-av-kkwm4ev8-6-611639535a7501e2fc31597a29f86512\">\n.avia-image-container.av-kkwm4ev8-6-611639535a7501e2fc31597a29f86512 img.avia_image{\nbox-shadow:none;\n}\n.avia-image-container.av-kkwm4ev8-6-611639535a7501e2fc31597a29f86512 .av-image-caption-overlay-center{\ncolor:#ffffff;\n}\n<\/style>\n<div  class='avia-image-container av-kkwm4ev8-6-611639535a7501e2fc31597a29f86512 av-styling- avia-align-center  avia-builder-el-23  avia-builder-el-no-sibling '   itemprop=\"image\" itemscope=\"itemscope\" itemtype=\"https:\/\/schema.org\/ImageObject\" ><div class=\"avia-image-container-inner\"><div class=\"avia-image-overlay-wrap\"><img decoding=\"async\" fetchpriority=\"high\" class='wp-image-120240 avia-img-lazy-loading-not-120240 avia_image ' src=\"https:\/\/kapitel-zwei.de\/wp-content\/uploads\/2024\/09\/Kapitel-Zwei-Am-Koellnischen-Park-1-Berlin.jpg\" alt='Kapitel Zwei Am Koellnischen Park 1 Berlin' title='Kapitel Zwei Am Koellnischen Park 1 Berlin'  height=\"1011\" width=\"946\"  itemprop=\"thumbnailUrl\" srcset=\"https:\/\/kapitel-zwei.de\/wp-content\/uploads\/2024\/09\/Kapitel-Zwei-Am-Koellnischen-Park-1-Berlin.jpg 946w, https:\/\/kapitel-zwei.de\/wp-content\/uploads\/2024\/09\/Kapitel-Zwei-Am-Koellnischen-Park-1-Berlin-281x300.jpg 281w, https:\/\/kapitel-zwei.de\/wp-content\/uploads\/2024\/09\/Kapitel-Zwei-Am-Koellnischen-Park-1-Berlin-75x80.jpg 75w, https:\/\/kapitel-zwei.de\/wp-content\/uploads\/2024\/09\/Kapitel-Zwei-Am-Koellnischen-Park-1-Berlin-768x821.jpg 768w, https:\/\/kapitel-zwei.de\/wp-content\/uploads\/2024\/09\/Kapitel-Zwei-Am-Koellnischen-Park-1-Berlin-660x705.jpg 660w\" sizes=\"(max-width: 946px) 100vw, 946px\" \/><\/div><\/div><\/div><\/div>\n\n<style type=\"text\/css\" data-created_by=\"avia_inline_auto\" id=\"style-css-av-kkwm1d60-2-58b0d71a979185cda272810077f56d96\">\n.flex_column.av-kkwm1d60-2-58b0d71a979185cda272810077f56d96{\nborder-radius:0px 0px 0px 0px;\npadding:15px 15px 15px 15px;\nbackground-color:#fff8ed;\n}\n<\/style>\n<div  class='flex_column av-kkwm1d60-2-58b0d71a979185cda272810077f56d96 av_one_half  avia-builder-el-24  el_after_av_one_half  el_before_av_hr  flex_column_div  '     ><section  class='av_textblock_section av-lokbdi-bc5c0260744f5395c881069a883d15c6 '   itemscope=\"itemscope\" itemtype=\"https:\/\/schema.org\/CreativeWork\" ><div class='avia_textblock'  itemprop=\"text\" ><p><a name=\"Emplacement\"><\/a><\/p>\n<h2>Emplacement<\/h2>\n<p>Kapitel Zwei Berlin<\/p>\n<p><a href=\"https:\/\/www.google.de\/maps\/place\/Am+K\u00f6llnischen+Park+1,+10179+Berlin\/@52.5118415,13.4133496,17z\/data=!3m1!4b1!4m5!3m4!1s0x47a84e251e4b73f1:0xce601a5dda0c97e6!8m2!3d52.5118383!4d13.4155383\" target=\"_blank\" rel=\"noopener\">Am K\u00f6llnischen Park 1<\/a><\/p>\n<p>Entr\u00e9e s\u00e9par\u00e9e | sur le c\u00f4t\u00e9 gauche du b\u00e2timent<\/p>\n<p>Rez-de-chaus\u00e9e<\/p>\n<p>10179 Berlin<\/p>\n<\/div><\/section><\/div>\n<div  class='hr av-kfw5uu-da2ea502d900ee1b29bfb23020602d96 hr-default  avia-builder-el-26  el_after_av_one_half  el_before_av_two_third '><span class='hr-inner '><span class=\"hr-inner-style\"><\/span><\/span><\/div>\n\n<style type=\"text\/css\" data-created_by=\"avia_inline_auto\" id=\"style-css-av-isrthi-3e8dcbeb0b63950677d19be8054cf861\">\n.flex_column.av-isrthi-3e8dcbeb0b63950677d19be8054cf861{\nborder-radius:0px 0px 0px 0px;\npadding:0px 0px 0px 0px;\n}\n<\/style>\n<div  class='flex_column av-isrthi-3e8dcbeb0b63950677d19be8054cf861 av_two_third  avia-builder-el-27  el_after_av_hr  el_before_av_one_third  first flex_column_div av-zero-column-padding  '     ><section  class='av_textblock_section av-hm5m06-6ea15b4190078b99c0f145d6e04945d9 '   itemscope=\"itemscope\" itemtype=\"https:\/\/schema.org\/CreativeWork\" ><div class='avia_textblock'  itemprop=\"text\" ><h2>Un emplacement id\u00e9al pour ton \u00e9cole de langue \u00e0 Berlin<\/h2>\n<\/div><\/section><br \/>\n<section  class='av_textblock_section av-gadsfa-5e92d8d894a1f2649bda1693c8a02653 '   itemscope=\"itemscope\" itemtype=\"https:\/\/schema.org\/CreativeWork\" ><div class='avia_textblock'  itemprop=\"text\" ><div class=\"brlbs-cmpnt-container brlbs-cmpnt-content-blocker\" data-borlabs-cookie-content-blocker-id=\"default\" data-borlabs-cookie-content=\"PGlmcmFtZSBzdHlsZT0iYm9yZGVyOiAwOyIgc3JjPSJodHRwczovL3d3dy5nb29nbGUuY29tL21hcHMvZW1iZWQ\/cGI9ITFtMTghMW0xMiExbTMhMWQyNDI3LjU3MTA0MDI0Mjg1NyEyZDEzLjM2NDY3NDAxNTgwNzYyITNkNTIuNTIzMTAxNjc5ODE0NzkhMm0zITFmMCEyZjAhM2YwITNtMiExaTEwMjQhMmk3NjghNGYxMy4xITNtMyExbTIhMXMweDAlM0EweDQ2MmRmYTdlMjExNWI5YzYhMnNLYXBpdGVsK1p3ZWkuK0RldXRzY2gtU3ByYWNoc2NodWxlK0JlcmxpbiE1ZTAhM20yITFzZGUhMnN1cyE0djE1MDA2MjM5OTYwODMiIHdpZHRoPSI2MDAiIGhlaWdodD0iNDUwIiBmcmFtZWJvcmRlcj0iMCIgYWxsb3dmdWxsc2NyZWVuPSJhbGxvd2Z1bGxzY3JlZW4iPjwvaWZyYW1lPg==\" >\n<div class=\"brlbs-cmpnt-cb-preset-a\">\n<p class=\"brlbs-cmpnt-cb-description\">Sie sehen gerade einen Platzhalterinhalt von <strong>Standard<\/strong>. Um auf den eigentlichen Inhalt zuzugreifen, klicken Sie auf den Button unten. Bitte beachten Sie, dass dabei Daten an Drittanbieter weitergegeben werden.<\/p>\n<div class=\"brlbs-cmpnt-cb-buttons\"> <a class=\"brlbs-cmpnt-cb-btn\" href=\"#\" data-borlabs-cookie-unblock role=\"button\">Inhalt entsperren<\/a> <a class=\"brlbs-cmpnt-cb-btn\" href=\"#\" data-borlabs-cookie-accept-service role=\"button\" style=\"display: none\">Erforderlichen Service akzeptieren und Inhalte entsperren<\/a> <\/div>\n<p> <a class=\"brlbs-cmpnt-cb-provider-toggle\" href=\"#\" data-borlabs-cookie-show-provider-information role=\"button\">Weitere Informationen<\/a> <\/div>\n<\/div>\n<\/div><\/section><br \/>\n<section  class='av_textblock_section av-enjqfa-5cc6bdb8e032824c1d5e82ac9cd2dc39 '   itemscope=\"itemscope\" itemtype=\"https:\/\/schema.org\/CreativeWork\" ><div class='avia_textblock'  itemprop=\"text\" ><p><span style=\"color: #ff6600;\"><a href=\"https:\/\/www.google.de\/maps\/place\/Am+K\u00f6llnischen+Park+1,+10179+Berlin\/@52.5118415,13.4133496,17z\/data=!3m1!4b1!4m5!3m4!1s0x47a84e251e4b73f1:0xce601a5dda0c97e6!8m2!3d52.5118383!4d13.4155383\" target=\"_blank\" rel=\"noopener\">Am K\u00f6llnischen Park 1<\/a><\/span><\/p>\n<\/div><\/section><\/p><\/div>\n\n<style type=\"text\/css\" data-created_by=\"avia_inline_auto\" id=\"style-css-av-btqtp2-3e6088ddc00c9c5dbbd253667f99c1df\">\n.flex_column.av-btqtp2-3e6088ddc00c9c5dbbd253667f99c1df{\nborder-radius:0px 0px 0px 0px;\npadding:0px 0px 0px 0px;\n}\n<\/style>\n<div  class='flex_column av-btqtp2-3e6088ddc00c9c5dbbd253667f99c1df av_one_third  avia-builder-el-31  el_after_av_two_third  el_before_av_hr  flex_column_div av-zero-column-padding  '     ><section  class='av_textblock_section av-aosezq-1910fe174a5ca85e5b2bb4c6a8b740dd '   itemscope=\"itemscope\" itemtype=\"https:\/\/schema.org\/CreativeWork\" ><div class='avia_textblock'  itemprop=\"text\" ><h2>Nos \u00e9l\u00e8ves sont enthousiastes \u2026<\/h2>\n<\/div><\/section><br \/>\n\n<style type=\"text\/css\" data-created_by=\"avia_inline_auto\" id=\"style-css-av-kkwn6ud3-c807aae48aba8327708e7ee17838d9b7\">\n.avia-image-container.av-kkwn6ud3-c807aae48aba8327708e7ee17838d9b7 img.avia_image{\nbox-shadow:none;\n}\n.avia-image-container.av-kkwn6ud3-c807aae48aba8327708e7ee17838d9b7 .av-image-caption-overlay-center{\ncolor:#ffffff;\n}\n<\/style>\n<div  class='avia-image-container av-kkwn6ud3-c807aae48aba8327708e7ee17838d9b7 av-styling- av-img-linked avia-align-center  avia-builder-el-33  el_after_av_textblock  avia-builder-el-last '   itemprop=\"image\" itemscope=\"itemscope\" itemtype=\"https:\/\/schema.org\/ImageObject\" ><div class=\"avia-image-container-inner\"><div class=\"avia-image-overlay-wrap\"><a href=\"https:\/\/www.google.com\/search?q=google+rezensionen+kapitel+zwei&amp;rlz=1C1CHBF_deDE789DE789&amp;oq=google+rezensionen+kapitel+zwei&amp;aqs=chrome..69i57j69i64l2j69i65.2997j0j7&amp;sourceid=chrome&amp;ie=UTF-8#lrd=0x47a84e1e5db65933:0x462dfa7e2115b9c6,1,,,\" class='avia_image ' target=\"_blank\" rel=\"noopener noreferrer\" aria-label='google reviews'><img decoding=\"async\" fetchpriority=\"high\" class='wp-image-92437 avia-img-lazy-loading-not-92437 avia_image ' src=\"https:\/\/kapitel-zwei.de\/wp-content\/uploads\/2020\/11\/google-reviews-1-300x257.jpg\" alt='google reviews Kapitel Zwei' title='google reviews'  height=\"257\" width=\"300\"  itemprop=\"thumbnailUrl\" srcset=\"https:\/\/kapitel-zwei.de\/wp-content\/uploads\/2020\/11\/google-reviews-1-300x257.jpg 300w, https:\/\/kapitel-zwei.de\/wp-content\/uploads\/2020\/11\/google-reviews-1-80x69.jpg 80w, https:\/\/kapitel-zwei.de\/wp-content\/uploads\/2020\/11\/google-reviews-1-705x605.jpg 705w, https:\/\/kapitel-zwei.de\/wp-content\/uploads\/2020\/11\/google-reviews-1.jpg 719w\" sizes=\"(max-width: 300px) 100vw, 300px\" \/><\/a><\/div><\/div><\/div><\/p><\/div>\n<div  class='hr av-kfw5uu-1-76a5798590ba4b2d5a9ad96152d704cc hr-default  avia-builder-el-34  el_after_av_one_third  el_before_av_one_full '><span class='hr-inner '><span class=\"hr-inner-style\"><\/span><\/span><\/div>\n\n<style type=\"text\/css\" data-created_by=\"avia_inline_auto\" id=\"style-css-av-7n2nmu-9317864682e86e3214d349ac39c8b26c\">\n.flex_column.av-7n2nmu-9317864682e86e3214d349ac39c8b26c{\nborder-radius:0px 0px 0px 0px;\npadding:0px 0px 0px 0px;\n}\n<\/style>\n<div  class='flex_column av-7n2nmu-9317864682e86e3214d349ac39c8b26c av_one_full  avia-builder-el-35  el_after_av_hr  el_before_av_one_full  first flex_column_div av-zero-column-padding  '     ><div id='av-masonry-1' class='av-masonry av-5d4c7q-f4d852289c2de430d1d20dcd10f1124a noHover av-flex-size av-1px-gap av-hover-overlay- av-masonry-animation-active av-masonry-col-5 av-caption-always av-caption-style- av-masonry-gallery ' data-post_id=\"9782\"><div class=\"av-masonry-container isotope av-js-disabled\"><div class='av-masonry-entry isotope-item av-masonry-item-no-image '><\/div><a href=\"https:\/\/kapitel-zwei.de\/wp-content\/uploads\/2019\/07\/German-language-school-Berlin-Kapitel-Zwei-01.jpg\" data-srcset=\"https:\/\/kapitel-zwei.de\/wp-content\/uploads\/2019\/07\/German-language-school-Berlin-Kapitel-Zwei-01.jpg 980w, https:\/\/kapitel-zwei.de\/wp-content\/uploads\/2019\/07\/German-language-school-Berlin-Kapitel-Zwei-01-80x46.jpg 80w, https:\/\/kapitel-zwei.de\/wp-content\/uploads\/2019\/07\/German-language-school-Berlin-Kapitel-Zwei-01-300x174.jpg 300w, https:\/\/kapitel-zwei.de\/wp-content\/uploads\/2019\/07\/German-language-school-Berlin-Kapitel-Zwei-01-768x444.jpg 768w, https:\/\/kapitel-zwei.de\/wp-content\/uploads\/2019\/07\/German-language-school-Berlin-Kapitel-Zwei-01-705x408.jpg 705w, https:\/\/kapitel-zwei.de\/wp-content\/uploads\/2019\/07\/German-language-school-Berlin-Kapitel-Zwei-01-450x260.jpg 450w\" data-sizes=\"(max-width: 980px) 100vw, 980px\"  aria-label=\"image German language school Berlin Kapitel Zwei 01\"  id='av-masonry-1-item-63536' data-av-masonry-item='63536' class='av-masonry-entry isotope-item post-63536 attachment type-attachment status-inherit hentry  av-masonry-item-with-image' title=\"German language school Berlin Kapitel Zwei 01\" alt=\"German language school Berlin Kapitel Zwei\"    itemprop=\"thumbnailUrl\" ><div class='av-inner-masonry-sizer'><\/div><figure class='av-inner-masonry main_color'><div class=\"av-masonry-outerimage-container\"><div class='av-masonry-image-container'  ><img decoding=\"async\" width=\"705\" height=\"408\" fetchpriority=\"high\" class=\"wp-image-63536 avia-img-lazy-loading-not-63536\"  src=\"https:\/\/kapitel-zwei.de\/wp-content\/uploads\/2019\/07\/German-language-school-Berlin-Kapitel-Zwei-01-705x408.jpg\" title=\"German language school Berlin Kapitel Zwei 01\" alt=\"German language school Berlin Kapitel Zwei\" srcset=\"https:\/\/kapitel-zwei.de\/wp-content\/uploads\/2019\/07\/German-language-school-Berlin-Kapitel-Zwei-01-705x408.jpg 705w, https:\/\/kapitel-zwei.de\/wp-content\/uploads\/2019\/07\/German-language-school-Berlin-Kapitel-Zwei-01-80x46.jpg 80w, https:\/\/kapitel-zwei.de\/wp-content\/uploads\/2019\/07\/German-language-school-Berlin-Kapitel-Zwei-01-300x174.jpg 300w, https:\/\/kapitel-zwei.de\/wp-content\/uploads\/2019\/07\/German-language-school-Berlin-Kapitel-Zwei-01-768x444.jpg 768w, https:\/\/kapitel-zwei.de\/wp-content\/uploads\/2019\/07\/German-language-school-Berlin-Kapitel-Zwei-01-450x260.jpg 450w, https:\/\/kapitel-zwei.de\/wp-content\/uploads\/2019\/07\/German-language-school-Berlin-Kapitel-Zwei-01.jpg 980w\" sizes=\"(max-width: 705px) 100vw, 705px\" \/><\/div><\/div><\/figure><\/a><!--end av-masonry entry--><a href=\"https:\/\/kapitel-zwei.de\/wp-content\/uploads\/2019\/07\/German-language-school-Berlin-Kapitel-Zwei-02.jpg\" data-srcset=\"https:\/\/kapitel-zwei.de\/wp-content\/uploads\/2019\/07\/German-language-school-Berlin-Kapitel-Zwei-02.jpg 850w, https:\/\/kapitel-zwei.de\/wp-content\/uploads\/2019\/07\/German-language-school-Berlin-Kapitel-Zwei-02-80x51.jpg 80w, https:\/\/kapitel-zwei.de\/wp-content\/uploads\/2019\/07\/German-language-school-Berlin-Kapitel-Zwei-02-300x191.jpg 300w, https:\/\/kapitel-zwei.de\/wp-content\/uploads\/2019\/07\/German-language-school-Berlin-Kapitel-Zwei-02-768x490.jpg 768w, https:\/\/kapitel-zwei.de\/wp-content\/uploads\/2019\/07\/German-language-school-Berlin-Kapitel-Zwei-02-705x450.jpg 705w, https:\/\/kapitel-zwei.de\/wp-content\/uploads\/2019\/07\/German-language-school-Berlin-Kapitel-Zwei-02-450x287.jpg 450w\" data-sizes=\"(max-width: 850px) 100vw, 850px\"  aria-label=\"image German language school Berlin Kapitel Zwei 02\"  id='av-masonry-1-item-63543' data-av-masonry-item='63543' class='av-masonry-entry isotope-item post-63543 attachment type-attachment status-inherit hentry  av-masonry-item-with-image' title=\"German language school Berlin Kapitel Zwei 02\" alt=\"German language school Berlin Kapitel Zwei\"    itemprop=\"thumbnailUrl\" ><div class='av-inner-masonry-sizer'><\/div><figure class='av-inner-masonry main_color'><div class=\"av-masonry-outerimage-container\"><div class='av-masonry-image-container'  ><img decoding=\"async\" width=\"705\" height=\"450\" fetchpriority=\"high\" class=\"wp-image-63543 avia-img-lazy-loading-not-63543\"  src=\"https:\/\/kapitel-zwei.de\/wp-content\/uploads\/2019\/07\/German-language-school-Berlin-Kapitel-Zwei-02-705x450.jpg\" title=\"German language school Berlin Kapitel Zwei 02\" alt=\"German language school Berlin Kapitel Zwei\" srcset=\"https:\/\/kapitel-zwei.de\/wp-content\/uploads\/2019\/07\/German-language-school-Berlin-Kapitel-Zwei-02-705x450.jpg 705w, https:\/\/kapitel-zwei.de\/wp-content\/uploads\/2019\/07\/German-language-school-Berlin-Kapitel-Zwei-02-80x51.jpg 80w, https:\/\/kapitel-zwei.de\/wp-content\/uploads\/2019\/07\/German-language-school-Berlin-Kapitel-Zwei-02-300x191.jpg 300w, https:\/\/kapitel-zwei.de\/wp-content\/uploads\/2019\/07\/German-language-school-Berlin-Kapitel-Zwei-02-768x490.jpg 768w, https:\/\/kapitel-zwei.de\/wp-content\/uploads\/2019\/07\/German-language-school-Berlin-Kapitel-Zwei-02-450x287.jpg 450w, https:\/\/kapitel-zwei.de\/wp-content\/uploads\/2019\/07\/German-language-school-Berlin-Kapitel-Zwei-02.jpg 850w\" sizes=\"(max-width: 705px) 100vw, 705px\" \/><\/div><\/div><\/figure><\/a><!--end av-masonry entry--><a href=\"https:\/\/kapitel-zwei.de\/wp-content\/uploads\/2019\/07\/German-language-school-Berlin-Kapitel-Zwei-03.jpg\" data-srcset=\"https:\/\/kapitel-zwei.de\/wp-content\/uploads\/2019\/07\/German-language-school-Berlin-Kapitel-Zwei-03.jpg 850w, https:\/\/kapitel-zwei.de\/wp-content\/uploads\/2019\/07\/German-language-school-Berlin-Kapitel-Zwei-03-80x65.jpg 80w, https:\/\/kapitel-zwei.de\/wp-content\/uploads\/2019\/07\/German-language-school-Berlin-Kapitel-Zwei-03-300x245.jpg 300w, https:\/\/kapitel-zwei.de\/wp-content\/uploads\/2019\/07\/German-language-school-Berlin-Kapitel-Zwei-03-768x627.jpg 768w, https:\/\/kapitel-zwei.de\/wp-content\/uploads\/2019\/07\/German-language-school-Berlin-Kapitel-Zwei-03-705x576.jpg 705w, https:\/\/kapitel-zwei.de\/wp-content\/uploads\/2019\/07\/German-language-school-Berlin-Kapitel-Zwei-03-450x367.jpg 450w\" data-sizes=\"(max-width: 850px) 100vw, 850px\"  aria-label=\"image German language school Berlin Kapitel Zwei 03\"  id='av-masonry-1-item-63550' data-av-masonry-item='63550' class='av-masonry-entry isotope-item post-63550 attachment type-attachment status-inherit hentry  av-masonry-item-with-image' title=\"German language school Berlin Kapitel Zwei 03\" alt=\"German language school Berlin Kapitel Zwei\"    itemprop=\"thumbnailUrl\" ><div class='av-inner-masonry-sizer'><\/div><figure class='av-inner-masonry main_color'><div class=\"av-masonry-outerimage-container\"><div class='av-masonry-image-container'  ><img decoding=\"async\" width=\"705\" height=\"576\" fetchpriority=\"high\" class=\"wp-image-63550 avia-img-lazy-loading-not-63550\"  src=\"https:\/\/kapitel-zwei.de\/wp-content\/uploads\/2019\/07\/German-language-school-Berlin-Kapitel-Zwei-03-705x576.jpg\" title=\"German language school Berlin Kapitel Zwei 03\" alt=\"German language school Berlin Kapitel Zwei\" srcset=\"https:\/\/kapitel-zwei.de\/wp-content\/uploads\/2019\/07\/German-language-school-Berlin-Kapitel-Zwei-03-705x576.jpg 705w, https:\/\/kapitel-zwei.de\/wp-content\/uploads\/2019\/07\/German-language-school-Berlin-Kapitel-Zwei-03-80x65.jpg 80w, https:\/\/kapitel-zwei.de\/wp-content\/uploads\/2019\/07\/German-language-school-Berlin-Kapitel-Zwei-03-300x245.jpg 300w, https:\/\/kapitel-zwei.de\/wp-content\/uploads\/2019\/07\/German-language-school-Berlin-Kapitel-Zwei-03-768x627.jpg 768w, https:\/\/kapitel-zwei.de\/wp-content\/uploads\/2019\/07\/German-language-school-Berlin-Kapitel-Zwei-03-450x367.jpg 450w, https:\/\/kapitel-zwei.de\/wp-content\/uploads\/2019\/07\/German-language-school-Berlin-Kapitel-Zwei-03.jpg 850w\" sizes=\"(max-width: 705px) 100vw, 705px\" \/><\/div><\/div><\/figure><\/a><!--end av-masonry entry--><a href=\"https:\/\/kapitel-zwei.de\/wp-content\/uploads\/2019\/07\/German-language-school-Berlin-Kapitel-Zwei-04.jpg\" data-srcset=\"https:\/\/kapitel-zwei.de\/wp-content\/uploads\/2019\/07\/German-language-school-Berlin-Kapitel-Zwei-04.jpg 850w, https:\/\/kapitel-zwei.de\/wp-content\/uploads\/2019\/07\/German-language-school-Berlin-Kapitel-Zwei-04-80x49.jpg 80w, https:\/\/kapitel-zwei.de\/wp-content\/uploads\/2019\/07\/German-language-school-Berlin-Kapitel-Zwei-04-300x184.jpg 300w, https:\/\/kapitel-zwei.de\/wp-content\/uploads\/2019\/07\/German-language-school-Berlin-Kapitel-Zwei-04-768x471.jpg 768w, https:\/\/kapitel-zwei.de\/wp-content\/uploads\/2019\/07\/German-language-school-Berlin-Kapitel-Zwei-04-705x432.jpg 705w, https:\/\/kapitel-zwei.de\/wp-content\/uploads\/2019\/07\/German-language-school-Berlin-Kapitel-Zwei-04-450x276.jpg 450w\" data-sizes=\"(max-width: 850px) 100vw, 850px\"  aria-label=\"image German language school Berlin Kapitel Zwei 04\"  id='av-masonry-1-item-63557' data-av-masonry-item='63557' class='av-masonry-entry isotope-item post-63557 attachment type-attachment status-inherit hentry  av-masonry-item-with-image' title=\"German language school Berlin Kapitel Zwei 04\" alt=\"German language school Berlin Kapitel Zwei\"    itemprop=\"thumbnailUrl\" ><div class='av-inner-masonry-sizer'><\/div><figure class='av-inner-masonry main_color'><div class=\"av-masonry-outerimage-container\"><div class='av-masonry-image-container'  ><img decoding=\"async\" width=\"705\" height=\"432\" fetchpriority=\"high\" class=\"wp-image-63557 avia-img-lazy-loading-not-63557\"  src=\"https:\/\/kapitel-zwei.de\/wp-content\/uploads\/2019\/07\/German-language-school-Berlin-Kapitel-Zwei-04-705x432.jpg\" title=\"German language school Berlin Kapitel Zwei 04\" alt=\"German language school Berlin Kapitel Zwei\" srcset=\"https:\/\/kapitel-zwei.de\/wp-content\/uploads\/2019\/07\/German-language-school-Berlin-Kapitel-Zwei-04-705x432.jpg 705w, https:\/\/kapitel-zwei.de\/wp-content\/uploads\/2019\/07\/German-language-school-Berlin-Kapitel-Zwei-04-80x49.jpg 80w, https:\/\/kapitel-zwei.de\/wp-content\/uploads\/2019\/07\/German-language-school-Berlin-Kapitel-Zwei-04-300x184.jpg 300w, https:\/\/kapitel-zwei.de\/wp-content\/uploads\/2019\/07\/German-language-school-Berlin-Kapitel-Zwei-04-768x471.jpg 768w, https:\/\/kapitel-zwei.de\/wp-content\/uploads\/2019\/07\/German-language-school-Berlin-Kapitel-Zwei-04-450x276.jpg 450w, https:\/\/kapitel-zwei.de\/wp-content\/uploads\/2019\/07\/German-language-school-Berlin-Kapitel-Zwei-04.jpg 850w\" sizes=\"(max-width: 705px) 100vw, 705px\" \/><\/div><\/div><\/figure><\/a><!--end av-masonry entry--><a href=\"https:\/\/kapitel-zwei.de\/wp-content\/uploads\/2019\/07\/German-language-school-Berlin-Kapitel-Zwei-05.jpg\" data-srcset=\"https:\/\/kapitel-zwei.de\/wp-content\/uploads\/2019\/07\/German-language-school-Berlin-Kapitel-Zwei-05.jpg 850w, https:\/\/kapitel-zwei.de\/wp-content\/uploads\/2019\/07\/German-language-school-Berlin-Kapitel-Zwei-05-80x52.jpg 80w, https:\/\/kapitel-zwei.de\/wp-content\/uploads\/2019\/07\/German-language-school-Berlin-Kapitel-Zwei-05-300x196.jpg 300w, https:\/\/kapitel-zwei.de\/wp-content\/uploads\/2019\/07\/German-language-school-Berlin-Kapitel-Zwei-05-768x502.jpg 768w, https:\/\/kapitel-zwei.de\/wp-content\/uploads\/2019\/07\/German-language-school-Berlin-Kapitel-Zwei-05-705x461.jpg 705w, https:\/\/kapitel-zwei.de\/wp-content\/uploads\/2019\/07\/German-language-school-Berlin-Kapitel-Zwei-05-450x294.jpg 450w\" data-sizes=\"(max-width: 850px) 100vw, 850px\"  aria-label=\"image German language school Berlin Kapitel Zwei 05\"  id='av-masonry-1-item-63564' data-av-masonry-item='63564' class='av-masonry-entry isotope-item post-63564 attachment type-attachment status-inherit hentry  av-masonry-item-with-image' title=\"German language school Berlin Kapitel Zwei 05\" alt=\"German language school Berlin Kapitel Zwei\"    itemprop=\"thumbnailUrl\" ><div class='av-inner-masonry-sizer'><\/div><figure class='av-inner-masonry main_color'><div class=\"av-masonry-outerimage-container\"><div class='av-masonry-image-container'  ><img decoding=\"async\" width=\"705\" height=\"461\" fetchpriority=\"high\" class=\"wp-image-63564 avia-img-lazy-loading-not-63564\"  src=\"https:\/\/kapitel-zwei.de\/wp-content\/uploads\/2019\/07\/German-language-school-Berlin-Kapitel-Zwei-05-705x461.jpg\" title=\"German language school Berlin Kapitel Zwei 05\" alt=\"German language school Berlin Kapitel Zwei\" srcset=\"https:\/\/kapitel-zwei.de\/wp-content\/uploads\/2019\/07\/German-language-school-Berlin-Kapitel-Zwei-05-705x461.jpg 705w, https:\/\/kapitel-zwei.de\/wp-content\/uploads\/2019\/07\/German-language-school-Berlin-Kapitel-Zwei-05-80x52.jpg 80w, https:\/\/kapitel-zwei.de\/wp-content\/uploads\/2019\/07\/German-language-school-Berlin-Kapitel-Zwei-05-300x196.jpg 300w, https:\/\/kapitel-zwei.de\/wp-content\/uploads\/2019\/07\/German-language-school-Berlin-Kapitel-Zwei-05-768x502.jpg 768w, https:\/\/kapitel-zwei.de\/wp-content\/uploads\/2019\/07\/German-language-school-Berlin-Kapitel-Zwei-05-450x294.jpg 450w, https:\/\/kapitel-zwei.de\/wp-content\/uploads\/2019\/07\/German-language-school-Berlin-Kapitel-Zwei-05.jpg 850w\" sizes=\"(max-width: 705px) 100vw, 705px\" \/><\/div><\/div><\/figure><\/a><!--end av-masonry entry--><a href=\"https:\/\/kapitel-zwei.de\/wp-content\/uploads\/2019\/07\/German-language-school-Berlin-Kapitel-Zwei-06.jpg\" data-srcset=\"https:\/\/kapitel-zwei.de\/wp-content\/uploads\/2019\/07\/German-language-school-Berlin-Kapitel-Zwei-06.jpg 850w, https:\/\/kapitel-zwei.de\/wp-content\/uploads\/2019\/07\/German-language-school-Berlin-Kapitel-Zwei-06-80x51.jpg 80w, https:\/\/kapitel-zwei.de\/wp-content\/uploads\/2019\/07\/German-language-school-Berlin-Kapitel-Zwei-06-300x192.jpg 300w, https:\/\/kapitel-zwei.de\/wp-content\/uploads\/2019\/07\/German-language-school-Berlin-Kapitel-Zwei-06-768x491.jpg 768w, https:\/\/kapitel-zwei.de\/wp-content\/uploads\/2019\/07\/German-language-school-Berlin-Kapitel-Zwei-06-705x450.jpg 705w, https:\/\/kapitel-zwei.de\/wp-content\/uploads\/2019\/07\/German-language-school-Berlin-Kapitel-Zwei-06-450x287.jpg 450w\" data-sizes=\"(max-width: 850px) 100vw, 850px\"  aria-label=\"image German language school Berlin Kapitel Zwei 06\"  id='av-masonry-1-item-63571' data-av-masonry-item='63571' class='av-masonry-entry isotope-item post-63571 attachment type-attachment status-inherit hentry  av-masonry-item-with-image' title=\"German language school Berlin Kapitel Zwei 06\" alt=\"German language school Berlin Kapitel Zwei\"    itemprop=\"thumbnailUrl\" ><div class='av-inner-masonry-sizer'><\/div><figure class='av-inner-masonry main_color'><div class=\"av-masonry-outerimage-container\"><div class='av-masonry-image-container'  ><img decoding=\"async\" width=\"705\" height=\"450\" fetchpriority=\"high\" class=\"wp-image-63571 avia-img-lazy-loading-not-63571\"  src=\"https:\/\/kapitel-zwei.de\/wp-content\/uploads\/2019\/07\/German-language-school-Berlin-Kapitel-Zwei-06-705x450.jpg\" title=\"German language school Berlin Kapitel Zwei 06\" alt=\"German language school Berlin Kapitel Zwei\" srcset=\"https:\/\/kapitel-zwei.de\/wp-content\/uploads\/2019\/07\/German-language-school-Berlin-Kapitel-Zwei-06-705x450.jpg 705w, https:\/\/kapitel-zwei.de\/wp-content\/uploads\/2019\/07\/German-language-school-Berlin-Kapitel-Zwei-06-80x51.jpg 80w, https:\/\/kapitel-zwei.de\/wp-content\/uploads\/2019\/07\/German-language-school-Berlin-Kapitel-Zwei-06-300x192.jpg 300w, https:\/\/kapitel-zwei.de\/wp-content\/uploads\/2019\/07\/German-language-school-Berlin-Kapitel-Zwei-06-768x491.jpg 768w, https:\/\/kapitel-zwei.de\/wp-content\/uploads\/2019\/07\/German-language-school-Berlin-Kapitel-Zwei-06-450x287.jpg 450w, https:\/\/kapitel-zwei.de\/wp-content\/uploads\/2019\/07\/German-language-school-Berlin-Kapitel-Zwei-06.jpg 850w\" sizes=\"(max-width: 705px) 100vw, 705px\" \/><\/div><\/div><\/figure><\/a><!--end av-masonry entry--><a href=\"https:\/\/kapitel-zwei.de\/wp-content\/uploads\/2019\/07\/German-language-school-Berlin-Kapitel-Zwei-07.jpg\" data-srcset=\"https:\/\/kapitel-zwei.de\/wp-content\/uploads\/2019\/07\/German-language-school-Berlin-Kapitel-Zwei-07.jpg 850w, https:\/\/kapitel-zwei.de\/wp-content\/uploads\/2019\/07\/German-language-school-Berlin-Kapitel-Zwei-07-80x56.jpg 80w, https:\/\/kapitel-zwei.de\/wp-content\/uploads\/2019\/07\/German-language-school-Berlin-Kapitel-Zwei-07-300x210.jpg 300w, https:\/\/kapitel-zwei.de\/wp-content\/uploads\/2019\/07\/German-language-school-Berlin-Kapitel-Zwei-07-768x537.jpg 768w, https:\/\/kapitel-zwei.de\/wp-content\/uploads\/2019\/07\/German-language-school-Berlin-Kapitel-Zwei-07-705x493.jpg 705w, https:\/\/kapitel-zwei.de\/wp-content\/uploads\/2019\/07\/German-language-school-Berlin-Kapitel-Zwei-07-450x314.jpg 450w\" data-sizes=\"(max-width: 850px) 100vw, 850px\"  aria-label=\"image German language school Berlin Kapitel Zwei 07\"  id='av-masonry-1-item-63578' data-av-masonry-item='63578' class='av-masonry-entry isotope-item post-63578 attachment type-attachment status-inherit hentry  av-masonry-item-with-image' title=\"German language school Berlin Kapitel Zwei 07\" alt=\"aGerman language school Berlin Kapitel Zwei\"    itemprop=\"thumbnailUrl\" ><div class='av-inner-masonry-sizer'><\/div><figure class='av-inner-masonry main_color'><div class=\"av-masonry-outerimage-container\"><div class='av-masonry-image-container'  ><img decoding=\"async\" width=\"705\" height=\"493\" fetchpriority=\"high\" class=\"wp-image-63578 avia-img-lazy-loading-not-63578\"  src=\"https:\/\/kapitel-zwei.de\/wp-content\/uploads\/2019\/07\/German-language-school-Berlin-Kapitel-Zwei-07-705x493.jpg\" title=\"German language school Berlin Kapitel Zwei 07\" alt=\"aGerman language school Berlin Kapitel Zwei\" srcset=\"https:\/\/kapitel-zwei.de\/wp-content\/uploads\/2019\/07\/German-language-school-Berlin-Kapitel-Zwei-07-705x493.jpg 705w, https:\/\/kapitel-zwei.de\/wp-content\/uploads\/2019\/07\/German-language-school-Berlin-Kapitel-Zwei-07-80x56.jpg 80w, https:\/\/kapitel-zwei.de\/wp-content\/uploads\/2019\/07\/German-language-school-Berlin-Kapitel-Zwei-07-300x210.jpg 300w, https:\/\/kapitel-zwei.de\/wp-content\/uploads\/2019\/07\/German-language-school-Berlin-Kapitel-Zwei-07-768x537.jpg 768w, https:\/\/kapitel-zwei.de\/wp-content\/uploads\/2019\/07\/German-language-school-Berlin-Kapitel-Zwei-07-450x314.jpg 450w, https:\/\/kapitel-zwei.de\/wp-content\/uploads\/2019\/07\/German-language-school-Berlin-Kapitel-Zwei-07.jpg 850w\" sizes=\"(max-width: 705px) 100vw, 705px\" \/><\/div><\/div><\/figure><\/a><!--end av-masonry entry--><a href=\"https:\/\/kapitel-zwei.de\/wp-content\/uploads\/2019\/07\/German-language-school-Berlin-Kapitel-Zwei-08-603x1030.jpg\" data-srcset=\"https:\/\/kapitel-zwei.de\/wp-content\/uploads\/2019\/07\/German-language-school-Berlin-Kapitel-Zwei-08-603x1030.jpg 603w, https:\/\/kapitel-zwei.de\/wp-content\/uploads\/2019\/07\/German-language-school-Berlin-Kapitel-Zwei-08-47x80.jpg 47w, https:\/\/kapitel-zwei.de\/wp-content\/uploads\/2019\/07\/German-language-school-Berlin-Kapitel-Zwei-08-176x300.jpg 176w, https:\/\/kapitel-zwei.de\/wp-content\/uploads\/2019\/07\/German-language-school-Berlin-Kapitel-Zwei-08-768x1312.jpg 768w, https:\/\/kapitel-zwei.de\/wp-content\/uploads\/2019\/07\/German-language-school-Berlin-Kapitel-Zwei-08-413x705.jpg 413w, https:\/\/kapitel-zwei.de\/wp-content\/uploads\/2019\/07\/German-language-school-Berlin-Kapitel-Zwei-08-450x769.jpg 450w, https:\/\/kapitel-zwei.de\/wp-content\/uploads\/2019\/07\/German-language-school-Berlin-Kapitel-Zwei-08.jpg 850w\" data-sizes=\"(max-width: 603px) 100vw, 603px\"  aria-label=\"image German language school Berlin Kapitel Zwei 08\"  id='av-masonry-1-item-63592' data-av-masonry-item='63592' class='av-masonry-entry isotope-item post-63592 attachment type-attachment status-inherit hentry  av-masonry-item-with-image' title=\"German language school Berlin Kapitel Zwei 08\" alt=\"German language school Berlin Kapitel Zwei\"    itemprop=\"thumbnailUrl\" ><div class='av-inner-masonry-sizer'><\/div><figure class='av-inner-masonry main_color'><div class=\"av-masonry-outerimage-container\"><div class='av-masonry-image-container'  ><img decoding=\"async\" width=\"413\" height=\"705\" fetchpriority=\"high\" class=\"wp-image-63592 avia-img-lazy-loading-not-63592\"  src=\"https:\/\/kapitel-zwei.de\/wp-content\/uploads\/2019\/07\/German-language-school-Berlin-Kapitel-Zwei-08-413x705.jpg\" title=\"German language school Berlin Kapitel Zwei 08\" alt=\"German language school Berlin Kapitel Zwei\" srcset=\"https:\/\/kapitel-zwei.de\/wp-content\/uploads\/2019\/07\/German-language-school-Berlin-Kapitel-Zwei-08-413x705.jpg 413w, https:\/\/kapitel-zwei.de\/wp-content\/uploads\/2019\/07\/German-language-school-Berlin-Kapitel-Zwei-08-47x80.jpg 47w, https:\/\/kapitel-zwei.de\/wp-content\/uploads\/2019\/07\/German-language-school-Berlin-Kapitel-Zwei-08-176x300.jpg 176w, https:\/\/kapitel-zwei.de\/wp-content\/uploads\/2019\/07\/German-language-school-Berlin-Kapitel-Zwei-08-768x1312.jpg 768w, https:\/\/kapitel-zwei.de\/wp-content\/uploads\/2019\/07\/German-language-school-Berlin-Kapitel-Zwei-08-603x1030.jpg 603w, https:\/\/kapitel-zwei.de\/wp-content\/uploads\/2019\/07\/German-language-school-Berlin-Kapitel-Zwei-08-450x769.jpg 450w, https:\/\/kapitel-zwei.de\/wp-content\/uploads\/2019\/07\/German-language-school-Berlin-Kapitel-Zwei-08.jpg 850w\" sizes=\"(max-width: 413px) 100vw, 413px\" \/><\/div><\/div><\/figure><\/a><!--end av-masonry entry--><a href=\"https:\/\/kapitel-zwei.de\/wp-content\/uploads\/2019\/07\/German-language-school-Berlin-Kapitel-Zwei-09.jpg\" data-srcset=\"https:\/\/kapitel-zwei.de\/wp-content\/uploads\/2019\/07\/German-language-school-Berlin-Kapitel-Zwei-09.jpg 567w, https:\/\/kapitel-zwei.de\/wp-content\/uploads\/2019\/07\/German-language-school-Berlin-Kapitel-Zwei-09-47x80.jpg 47w, https:\/\/kapitel-zwei.de\/wp-content\/uploads\/2019\/07\/German-language-school-Berlin-Kapitel-Zwei-09-176x300.jpg 176w, https:\/\/kapitel-zwei.de\/wp-content\/uploads\/2019\/07\/German-language-school-Berlin-Kapitel-Zwei-09-415x705.jpg 415w, https:\/\/kapitel-zwei.de\/wp-content\/uploads\/2019\/07\/German-language-school-Berlin-Kapitel-Zwei-09-450x765.jpg 450w\" data-sizes=\"(max-width: 567px) 100vw, 567px\"  aria-label=\"image German language school Berlin Kapitel Zwei 09\"  id='av-masonry-1-item-63599' data-av-masonry-item='63599' class='av-masonry-entry isotope-item post-63599 attachment type-attachment status-inherit hentry  av-masonry-item-with-image' title=\"German language school Berlin Kapitel Zwei 09\" alt=\"aGerman language school Berlin Kapitel Zwei\"    itemprop=\"thumbnailUrl\" ><div class='av-inner-masonry-sizer'><\/div><figure class='av-inner-masonry main_color'><div class=\"av-masonry-outerimage-container\"><div class='av-masonry-image-container'  ><img decoding=\"async\" width=\"415\" height=\"705\" fetchpriority=\"high\" class=\"wp-image-63599 avia-img-lazy-loading-not-63599\"  src=\"https:\/\/kapitel-zwei.de\/wp-content\/uploads\/2019\/07\/German-language-school-Berlin-Kapitel-Zwei-09-415x705.jpg\" title=\"German language school Berlin Kapitel Zwei 09\" alt=\"aGerman language school Berlin Kapitel Zwei\" srcset=\"https:\/\/kapitel-zwei.de\/wp-content\/uploads\/2019\/07\/German-language-school-Berlin-Kapitel-Zwei-09-415x705.jpg 415w, https:\/\/kapitel-zwei.de\/wp-content\/uploads\/2019\/07\/German-language-school-Berlin-Kapitel-Zwei-09-47x80.jpg 47w, https:\/\/kapitel-zwei.de\/wp-content\/uploads\/2019\/07\/German-language-school-Berlin-Kapitel-Zwei-09-176x300.jpg 176w, https:\/\/kapitel-zwei.de\/wp-content\/uploads\/2019\/07\/German-language-school-Berlin-Kapitel-Zwei-09-450x765.jpg 450w, https:\/\/kapitel-zwei.de\/wp-content\/uploads\/2019\/07\/German-language-school-Berlin-Kapitel-Zwei-09.jpg 567w\" sizes=\"(max-width: 415px) 100vw, 415px\" \/><\/div><\/div><\/figure><\/a><!--end av-masonry entry--><a href=\"https:\/\/kapitel-zwei.de\/wp-content\/uploads\/2019\/07\/German-language-school-Berlin-Kapitel-Zwei-10.jpg\" data-srcset=\"https:\/\/kapitel-zwei.de\/wp-content\/uploads\/2019\/07\/German-language-school-Berlin-Kapitel-Zwei-10.jpg 850w, https:\/\/kapitel-zwei.de\/wp-content\/uploads\/2019\/07\/German-language-school-Berlin-Kapitel-Zwei-10-80x58.jpg 80w, https:\/\/kapitel-zwei.de\/wp-content\/uploads\/2019\/07\/German-language-school-Berlin-Kapitel-Zwei-10-300x219.jpg 300w, https:\/\/kapitel-zwei.de\/wp-content\/uploads\/2019\/07\/German-language-school-Berlin-Kapitel-Zwei-10-768x560.jpg 768w, https:\/\/kapitel-zwei.de\/wp-content\/uploads\/2019\/07\/German-language-school-Berlin-Kapitel-Zwei-10-705x514.jpg 705w, https:\/\/kapitel-zwei.de\/wp-content\/uploads\/2019\/07\/German-language-school-Berlin-Kapitel-Zwei-10-450x328.jpg 450w\" data-sizes=\"(max-width: 850px) 100vw, 850px\"  aria-label=\"image German language school Berlin Kapitel Zwei 10\"  id='av-masonry-1-item-63606' data-av-masonry-item='63606' class='av-masonry-entry isotope-item post-63606 attachment type-attachment status-inherit hentry  av-masonry-item-with-image' title=\"German language school Berlin Kapitel Zwei 10\" alt=\"German language school Berlin Kapitel Zwei\"    itemprop=\"thumbnailUrl\" ><div class='av-inner-masonry-sizer'><\/div><figure class='av-inner-masonry main_color'><div class=\"av-masonry-outerimage-container\"><div class='av-masonry-image-container'  ><img decoding=\"async\" width=\"705\" height=\"514\" fetchpriority=\"high\" class=\"wp-image-63606 avia-img-lazy-loading-not-63606\"  src=\"https:\/\/kapitel-zwei.de\/wp-content\/uploads\/2019\/07\/German-language-school-Berlin-Kapitel-Zwei-10-705x514.jpg\" title=\"German language school Berlin Kapitel Zwei 10\" alt=\"German language school Berlin Kapitel Zwei\" srcset=\"https:\/\/kapitel-zwei.de\/wp-content\/uploads\/2019\/07\/German-language-school-Berlin-Kapitel-Zwei-10-705x514.jpg 705w, https:\/\/kapitel-zwei.de\/wp-content\/uploads\/2019\/07\/German-language-school-Berlin-Kapitel-Zwei-10-80x58.jpg 80w, https:\/\/kapitel-zwei.de\/wp-content\/uploads\/2019\/07\/German-language-school-Berlin-Kapitel-Zwei-10-300x219.jpg 300w, https:\/\/kapitel-zwei.de\/wp-content\/uploads\/2019\/07\/German-language-school-Berlin-Kapitel-Zwei-10-768x560.jpg 768w, https:\/\/kapitel-zwei.de\/wp-content\/uploads\/2019\/07\/German-language-school-Berlin-Kapitel-Zwei-10-450x328.jpg 450w, https:\/\/kapitel-zwei.de\/wp-content\/uploads\/2019\/07\/German-language-school-Berlin-Kapitel-Zwei-10.jpg 850w\" sizes=\"(max-width: 705px) 100vw, 705px\" \/><\/div><\/div><\/figure><\/a><!--end av-masonry entry--><a href=\"https:\/\/kapitel-zwei.de\/wp-content\/uploads\/2019\/07\/German-language-school-Berlin-Kapitel-Zwei-11.jpg\" data-srcset=\"https:\/\/kapitel-zwei.de\/wp-content\/uploads\/2019\/07\/German-language-school-Berlin-Kapitel-Zwei-11.jpg 567w, https:\/\/kapitel-zwei.de\/wp-content\/uploads\/2019\/07\/German-language-school-Berlin-Kapitel-Zwei-11-53x80.jpg 53w, https:\/\/kapitel-zwei.de\/wp-content\/uploads\/2019\/07\/German-language-school-Berlin-Kapitel-Zwei-11-199x300.jpg 199w, https:\/\/kapitel-zwei.de\/wp-content\/uploads\/2019\/07\/German-language-school-Berlin-Kapitel-Zwei-11-467x705.jpg 467w, https:\/\/kapitel-zwei.de\/wp-content\/uploads\/2019\/07\/German-language-school-Berlin-Kapitel-Zwei-11-450x679.jpg 450w\" data-sizes=\"(max-width: 567px) 100vw, 567px\"  aria-label=\"image German language school Berlin Kapitel Zwei 11\"  id='av-masonry-1-item-63613' data-av-masonry-item='63613' class='av-masonry-entry isotope-item post-63613 attachment type-attachment status-inherit hentry  av-masonry-item-with-image' title=\"German language school Berlin Kapitel Zwei 11\" alt=\"aGerman language school Berlin Kapitel Zwei\"    itemprop=\"thumbnailUrl\" ><div class='av-inner-masonry-sizer'><\/div><figure class='av-inner-masonry main_color'><div class=\"av-masonry-outerimage-container\"><div class='av-masonry-image-container'  ><img decoding=\"async\" width=\"467\" height=\"705\" fetchpriority=\"high\" class=\"wp-image-63613 avia-img-lazy-loading-not-63613\"  src=\"https:\/\/kapitel-zwei.de\/wp-content\/uploads\/2019\/07\/German-language-school-Berlin-Kapitel-Zwei-11-467x705.jpg\" title=\"German language school Berlin Kapitel Zwei 11\" alt=\"aGerman language school Berlin Kapitel Zwei\" srcset=\"https:\/\/kapitel-zwei.de\/wp-content\/uploads\/2019\/07\/German-language-school-Berlin-Kapitel-Zwei-11-467x705.jpg 467w, https:\/\/kapitel-zwei.de\/wp-content\/uploads\/2019\/07\/German-language-school-Berlin-Kapitel-Zwei-11-53x80.jpg 53w, https:\/\/kapitel-zwei.de\/wp-content\/uploads\/2019\/07\/German-language-school-Berlin-Kapitel-Zwei-11-199x300.jpg 199w, https:\/\/kapitel-zwei.de\/wp-content\/uploads\/2019\/07\/German-language-school-Berlin-Kapitel-Zwei-11-450x679.jpg 450w, https:\/\/kapitel-zwei.de\/wp-content\/uploads\/2019\/07\/German-language-school-Berlin-Kapitel-Zwei-11.jpg 567w\" sizes=\"(max-width: 467px) 100vw, 467px\" \/><\/div><\/div><\/figure><\/a><!--end av-masonry entry--><a href=\"https:\/\/kapitel-zwei.de\/wp-content\/uploads\/2019\/07\/German-language-school-Berlin-Kapitel-Zwei-12-738x1030.jpg\" data-srcset=\"https:\/\/kapitel-zwei.de\/wp-content\/uploads\/2019\/07\/German-language-school-Berlin-Kapitel-Zwei-12-738x1030.jpg 738w, https:\/\/kapitel-zwei.de\/wp-content\/uploads\/2019\/07\/German-language-school-Berlin-Kapitel-Zwei-12-57x80.jpg 57w, https:\/\/kapitel-zwei.de\/wp-content\/uploads\/2019\/07\/German-language-school-Berlin-Kapitel-Zwei-12-215x300.jpg 215w, https:\/\/kapitel-zwei.de\/wp-content\/uploads\/2019\/07\/German-language-school-Berlin-Kapitel-Zwei-12-768x1072.jpg 768w, https:\/\/kapitel-zwei.de\/wp-content\/uploads\/2019\/07\/German-language-school-Berlin-Kapitel-Zwei-12-505x705.jpg 505w, https:\/\/kapitel-zwei.de\/wp-content\/uploads\/2019\/07\/German-language-school-Berlin-Kapitel-Zwei-12-450x628.jpg 450w, https:\/\/kapitel-zwei.de\/wp-content\/uploads\/2019\/07\/German-language-school-Berlin-Kapitel-Zwei-12.jpg 850w\" data-sizes=\"(max-width: 738px) 100vw, 738px\"  aria-label=\"image German language school Berlin Kapitel Zwei 12\"  id='av-masonry-1-item-63620' data-av-masonry-item='63620' class='av-masonry-entry isotope-item post-63620 attachment type-attachment status-inherit hentry  av-masonry-item-with-image' title=\"German language school Berlin Kapitel Zwei 12\" alt=\"aGerman language school Berlin Kapitel Zwei\"    itemprop=\"thumbnailUrl\" ><div class='av-inner-masonry-sizer'><\/div><figure class='av-inner-masonry main_color'><div class=\"av-masonry-outerimage-container\"><div class='av-masonry-image-container'  ><img decoding=\"async\" width=\"505\" height=\"705\" fetchpriority=\"high\" class=\"wp-image-63620 avia-img-lazy-loading-not-63620\"  src=\"https:\/\/kapitel-zwei.de\/wp-content\/uploads\/2019\/07\/German-language-school-Berlin-Kapitel-Zwei-12-505x705.jpg\" title=\"German language school Berlin Kapitel Zwei 12\" alt=\"aGerman language school Berlin Kapitel Zwei\" srcset=\"https:\/\/kapitel-zwei.de\/wp-content\/uploads\/2019\/07\/German-language-school-Berlin-Kapitel-Zwei-12-505x705.jpg 505w, https:\/\/kapitel-zwei.de\/wp-content\/uploads\/2019\/07\/German-language-school-Berlin-Kapitel-Zwei-12-57x80.jpg 57w, https:\/\/kapitel-zwei.de\/wp-content\/uploads\/2019\/07\/German-language-school-Berlin-Kapitel-Zwei-12-215x300.jpg 215w, https:\/\/kapitel-zwei.de\/wp-content\/uploads\/2019\/07\/German-language-school-Berlin-Kapitel-Zwei-12-768x1072.jpg 768w, https:\/\/kapitel-zwei.de\/wp-content\/uploads\/2019\/07\/German-language-school-Berlin-Kapitel-Zwei-12-738x1030.jpg 738w, https:\/\/kapitel-zwei.de\/wp-content\/uploads\/2019\/07\/German-language-school-Berlin-Kapitel-Zwei-12-450x628.jpg 450w, https:\/\/kapitel-zwei.de\/wp-content\/uploads\/2019\/07\/German-language-school-Berlin-Kapitel-Zwei-12.jpg 850w\" sizes=\"(max-width: 505px) 100vw, 505px\" \/><\/div><\/div><\/figure><\/a><!--end av-masonry entry--><a href=\"https:\/\/kapitel-zwei.de\/wp-content\/uploads\/2019\/07\/German-language-school-Berlin-Kapitel-Zwei-13-1030x579.jpg\" data-srcset=\"https:\/\/kapitel-zwei.de\/wp-content\/uploads\/2019\/07\/German-language-school-Berlin-Kapitel-Zwei-13-1030x579.jpg 1030w, https:\/\/kapitel-zwei.de\/wp-content\/uploads\/2019\/07\/German-language-school-Berlin-Kapitel-Zwei-13-80x45.jpg 80w, https:\/\/kapitel-zwei.de\/wp-content\/uploads\/2019\/07\/German-language-school-Berlin-Kapitel-Zwei-13-300x169.jpg 300w, https:\/\/kapitel-zwei.de\/wp-content\/uploads\/2019\/07\/German-language-school-Berlin-Kapitel-Zwei-13-768x432.jpg 768w, https:\/\/kapitel-zwei.de\/wp-content\/uploads\/2019\/07\/German-language-school-Berlin-Kapitel-Zwei-13-1500x844.jpg 1500w, https:\/\/kapitel-zwei.de\/wp-content\/uploads\/2019\/07\/German-language-school-Berlin-Kapitel-Zwei-13-705x397.jpg 705w, https:\/\/kapitel-zwei.de\/wp-content\/uploads\/2019\/07\/German-language-school-Berlin-Kapitel-Zwei-13-450x253.jpg 450w\" data-sizes=\"(max-width: 1030px) 100vw, 1030px\"  aria-label=\"image German language school Berlin Kapitel Zwei 13\"  id='av-masonry-1-item-63627' data-av-masonry-item='63627' class='av-masonry-entry isotope-item post-63627 attachment type-attachment status-inherit hentry  av-masonry-item-with-image' title=\"German language school Berlin Kapitel Zwei 13\" alt=\"aGerman language school Berlin Kapitel Zwei\"    itemprop=\"thumbnailUrl\" ><div class='av-inner-masonry-sizer'><\/div><figure class='av-inner-masonry main_color'><div class=\"av-masonry-outerimage-container\"><div class='av-masonry-image-container'  ><img decoding=\"async\" width=\"705\" height=\"397\" fetchpriority=\"high\" class=\"wp-image-63627 avia-img-lazy-loading-not-63627\"  src=\"https:\/\/kapitel-zwei.de\/wp-content\/uploads\/2019\/07\/German-language-school-Berlin-Kapitel-Zwei-13-705x397.jpg\" title=\"German language school Berlin Kapitel Zwei 13\" alt=\"aGerman language school Berlin Kapitel Zwei\" srcset=\"https:\/\/kapitel-zwei.de\/wp-content\/uploads\/2019\/07\/German-language-school-Berlin-Kapitel-Zwei-13-705x397.jpg 705w, https:\/\/kapitel-zwei.de\/wp-content\/uploads\/2019\/07\/German-language-school-Berlin-Kapitel-Zwei-13-80x45.jpg 80w, https:\/\/kapitel-zwei.de\/wp-content\/uploads\/2019\/07\/German-language-school-Berlin-Kapitel-Zwei-13-300x169.jpg 300w, https:\/\/kapitel-zwei.de\/wp-content\/uploads\/2019\/07\/German-language-school-Berlin-Kapitel-Zwei-13-768x432.jpg 768w, https:\/\/kapitel-zwei.de\/wp-content\/uploads\/2019\/07\/German-language-school-Berlin-Kapitel-Zwei-13-1030x579.jpg 1030w, https:\/\/kapitel-zwei.de\/wp-content\/uploads\/2019\/07\/German-language-school-Berlin-Kapitel-Zwei-13-1500x844.jpg 1500w, https:\/\/kapitel-zwei.de\/wp-content\/uploads\/2019\/07\/German-language-school-Berlin-Kapitel-Zwei-13-450x253.jpg 450w\" sizes=\"(max-width: 705px) 100vw, 705px\" \/><\/div><\/div><\/figure><\/a><!--end av-masonry entry--><a href=\"https:\/\/kapitel-zwei.de\/wp-content\/uploads\/2019\/07\/German-language-school-Berlin-Kapitel-Zwei-14-1030x643.jpg\" data-srcset=\"https:\/\/kapitel-zwei.de\/wp-content\/uploads\/2019\/07\/German-language-school-Berlin-Kapitel-Zwei-14-1030x643.jpg 1030w, https:\/\/kapitel-zwei.de\/wp-content\/uploads\/2019\/07\/German-language-school-Berlin-Kapitel-Zwei-14-80x50.jpg 80w, https:\/\/kapitel-zwei.de\/wp-content\/uploads\/2019\/07\/German-language-school-Berlin-Kapitel-Zwei-14-300x187.jpg 300w, https:\/\/kapitel-zwei.de\/wp-content\/uploads\/2019\/07\/German-language-school-Berlin-Kapitel-Zwei-14-768x479.jpg 768w, https:\/\/kapitel-zwei.de\/wp-content\/uploads\/2019\/07\/German-language-school-Berlin-Kapitel-Zwei-14-1500x936.jpg 1500w, https:\/\/kapitel-zwei.de\/wp-content\/uploads\/2019\/07\/German-language-school-Berlin-Kapitel-Zwei-14-705x440.jpg 705w, https:\/\/kapitel-zwei.de\/wp-content\/uploads\/2019\/07\/German-language-school-Berlin-Kapitel-Zwei-14-450x281.jpg 450w\" data-sizes=\"(max-width: 1030px) 100vw, 1030px\"  aria-label=\"image German language school Berlin Kapitel Zwei 14\"  id='av-masonry-1-item-63634' data-av-masonry-item='63634' class='av-masonry-entry isotope-item post-63634 attachment type-attachment status-inherit hentry  av-masonry-item-with-image' title=\"German language school Berlin Kapitel Zwei 14\" alt=\"aGerman language school Berlin Kapitel Zwei\"    itemprop=\"thumbnailUrl\" ><div class='av-inner-masonry-sizer'><\/div><figure class='av-inner-masonry main_color'><div class=\"av-masonry-outerimage-container\"><div class='av-masonry-image-container'  ><img decoding=\"async\" width=\"705\" height=\"440\" fetchpriority=\"high\" class=\"wp-image-63634 avia-img-lazy-loading-not-63634\"  src=\"https:\/\/kapitel-zwei.de\/wp-content\/uploads\/2019\/07\/German-language-school-Berlin-Kapitel-Zwei-14-705x440.jpg\" title=\"German language school Berlin Kapitel Zwei 14\" alt=\"aGerman language school Berlin Kapitel Zwei\" srcset=\"https:\/\/kapitel-zwei.de\/wp-content\/uploads\/2019\/07\/German-language-school-Berlin-Kapitel-Zwei-14-705x440.jpg 705w, https:\/\/kapitel-zwei.de\/wp-content\/uploads\/2019\/07\/German-language-school-Berlin-Kapitel-Zwei-14-80x50.jpg 80w, https:\/\/kapitel-zwei.de\/wp-content\/uploads\/2019\/07\/German-language-school-Berlin-Kapitel-Zwei-14-300x187.jpg 300w, https:\/\/kapitel-zwei.de\/wp-content\/uploads\/2019\/07\/German-language-school-Berlin-Kapitel-Zwei-14-768x479.jpg 768w, https:\/\/kapitel-zwei.de\/wp-content\/uploads\/2019\/07\/German-language-school-Berlin-Kapitel-Zwei-14-1030x643.jpg 1030w, https:\/\/kapitel-zwei.de\/wp-content\/uploads\/2019\/07\/German-language-school-Berlin-Kapitel-Zwei-14-1500x936.jpg 1500w, https:\/\/kapitel-zwei.de\/wp-content\/uploads\/2019\/07\/German-language-school-Berlin-Kapitel-Zwei-14-450x281.jpg 450w\" sizes=\"(max-width: 705px) 100vw, 705px\" \/><\/div><\/div><\/figure><\/a><!--end av-masonry entry--><a href=\"https:\/\/kapitel-zwei.de\/wp-content\/uploads\/2019\/07\/German-language-school-Berlin-Kapitel-Zwei-15-1030x727.jpg\" data-srcset=\"https:\/\/kapitel-zwei.de\/wp-content\/uploads\/2019\/07\/German-language-school-Berlin-Kapitel-Zwei-15-1030x727.jpg 1030w, https:\/\/kapitel-zwei.de\/wp-content\/uploads\/2019\/07\/German-language-school-Berlin-Kapitel-Zwei-15-80x56.jpg 80w, https:\/\/kapitel-zwei.de\/wp-content\/uploads\/2019\/07\/German-language-school-Berlin-Kapitel-Zwei-15-300x212.jpg 300w, https:\/\/kapitel-zwei.de\/wp-content\/uploads\/2019\/07\/German-language-school-Berlin-Kapitel-Zwei-15-768x542.jpg 768w, https:\/\/kapitel-zwei.de\/wp-content\/uploads\/2019\/07\/German-language-school-Berlin-Kapitel-Zwei-15-1500x1059.jpg 1500w, https:\/\/kapitel-zwei.de\/wp-content\/uploads\/2019\/07\/German-language-school-Berlin-Kapitel-Zwei-15-260x185.jpg 260w, https:\/\/kapitel-zwei.de\/wp-content\/uploads\/2019\/07\/German-language-school-Berlin-Kapitel-Zwei-15-705x498.jpg 705w, https:\/\/kapitel-zwei.de\/wp-content\/uploads\/2019\/07\/German-language-school-Berlin-Kapitel-Zwei-15-450x318.jpg 450w\" data-sizes=\"(max-width: 1030px) 100vw, 1030px\"  aria-label=\"image German language school Berlin Kapitel Zwei 15\"  id='av-masonry-1-item-63641' data-av-masonry-item='63641' class='av-masonry-entry isotope-item post-63641 attachment type-attachment status-inherit hentry  av-masonry-item-with-image' title=\"German language school Berlin Kapitel Zwei 15\" alt=\"German language school Berlin Kapitel Zwei\"    itemprop=\"thumbnailUrl\" ><div class='av-inner-masonry-sizer'><\/div><figure class='av-inner-masonry main_color'><div class=\"av-masonry-outerimage-container\"><div class='av-masonry-image-container'  ><img decoding=\"async\" width=\"705\" height=\"498\" fetchpriority=\"high\" class=\"wp-image-63641 avia-img-lazy-loading-not-63641\"  src=\"https:\/\/kapitel-zwei.de\/wp-content\/uploads\/2019\/07\/German-language-school-Berlin-Kapitel-Zwei-15-705x498.jpg\" title=\"German language school Berlin Kapitel Zwei 15\" alt=\"German language school Berlin Kapitel Zwei\" srcset=\"https:\/\/kapitel-zwei.de\/wp-content\/uploads\/2019\/07\/German-language-school-Berlin-Kapitel-Zwei-15-705x498.jpg 705w, https:\/\/kapitel-zwei.de\/wp-content\/uploads\/2019\/07\/German-language-school-Berlin-Kapitel-Zwei-15-80x56.jpg 80w, https:\/\/kapitel-zwei.de\/wp-content\/uploads\/2019\/07\/German-language-school-Berlin-Kapitel-Zwei-15-300x212.jpg 300w, https:\/\/kapitel-zwei.de\/wp-content\/uploads\/2019\/07\/German-language-school-Berlin-Kapitel-Zwei-15-768x542.jpg 768w, https:\/\/kapitel-zwei.de\/wp-content\/uploads\/2019\/07\/German-language-school-Berlin-Kapitel-Zwei-15-1030x727.jpg 1030w, https:\/\/kapitel-zwei.de\/wp-content\/uploads\/2019\/07\/German-language-school-Berlin-Kapitel-Zwei-15-1500x1059.jpg 1500w, https:\/\/kapitel-zwei.de\/wp-content\/uploads\/2019\/07\/German-language-school-Berlin-Kapitel-Zwei-15-260x185.jpg 260w, https:\/\/kapitel-zwei.de\/wp-content\/uploads\/2019\/07\/German-language-school-Berlin-Kapitel-Zwei-15-450x318.jpg 450w\" sizes=\"(max-width: 705px) 100vw, 705px\" \/><\/div><\/div><\/figure><\/a><!--end av-masonry entry--><\/div><\/div><\/div>\n\n<style type=\"text\/css\" data-created_by=\"avia_inline_auto\" id=\"style-css-av-h0bh2-587c43939040ed30e4a3d550cbfd58cd\">\n.flex_column.av-h0bh2-587c43939040ed30e4a3d550cbfd58cd{\nborder-radius:0px 0px 0px 0px;\npadding:0px 0px 0px 0px;\n}\n<\/style>\n<div  class='flex_column av-h0bh2-587c43939040ed30e4a3d550cbfd58cd av_one_full  avia-builder-el-37  el_after_av_one_full  avia-builder-el-last  first flex_column_div av-zero-column-padding  column-top-margin'     ><section  class='av_textblock_section av-25m8uu-d1908f53411e26eb51179dcc7597a226 '   itemscope=\"itemscope\" itemtype=\"https:\/\/schema.org\/CreativeWork\" ><div class='avia_textblock'  itemprop=\"text\" ><h2><a name=\"bvg\"><\/a>Transports en commun<\/h2>\n<p>Pour recevoir des informations sur les lignes et les billets de transport en commun clique sur :<\/p>\n<ul>\n<li><a title=\"BVG f\u00fcr Deutschkurse und Deutschsprachschule Berlin\" href=\"http:\/\/www.bvg.de\/\" target=\"_blank\" rel=\"noopener noreferrer\">Berliner Verkehrsbetrieb (BVG)<\/a><\/li>\n<li><a title=\"Deutsche Bahn f\u00fcr Deutschsprachschule und Deutsch lernen Berlin\" href=\"http:\/\/www.bahn.de\/p\/view\/index.shtml\" target=\"_blank\" rel=\"noopener noreferrer\">Deutsche Bahn (DB)<\/a><\/li>\n<\/ul>\n<\/div><\/section><\/div>\n","protected":false},"excerpt":{"rendered":"","protected":false},"author":16,"featured_media":0,"parent":3540,"menu_order":11,"comment_status":"closed","ping_status":"closed","template":"","meta":{"footnotes":""},"class_list":["post-9782","page","type-page","status-publish","hentry"],"yoast_head":"<!-- This site is optimized with the Yoast SEO Premium plugin v24.4 (Yoast SEO v24.4) - https:\/\/yoast.com\/wordpress\/plugins\/seo\/ -->\n<title>Nous contacter pour toute question - comment, quand et o\u00f9\u00a0?<\/title>\n<meta name=\"description\" content=\"Des questions sur ton cours\u00a0? Contacte-nous\u00a0! Tu trouveras ici nos heures d\u2019ouverture, notre adresse et comment nous joindre, les universit\u00e9s, etc.\" \/>\n<meta name=\"robots\" content=\"index, follow, max-snippet:-1, max-image-preview:large, max-video-preview:-1\" \/>\n<link rel=\"canonical\" href=\"https:\/\/www.kapitel-zwei.de\/fr\/ecole-langue-allemande-berlin\/contacter\/\" \/>\n<meta property=\"og:locale\" content=\"fr_FR\" \/>\n<meta property=\"og:type\" content=\"article\" \/>\n<meta property=\"og:title\" content=\"Nous contacter\" \/>\n<meta property=\"og:description\" content=\"Des questions sur ton cours\u00a0? Contacte-nous\u00a0! Tu trouveras ici nos heures d\u2019ouverture, notre adresse et comment nous joindre, les universit\u00e9s, etc.\" \/>\n<meta property=\"og:url\" content=\"https:\/\/www.kapitel-zwei.de\/fr\/ecole-langue-allemande-berlin\/contacter\/\" \/>\n<meta property=\"og:site_name\" content=\"Kapitel Zwei Berlin\" \/>\n<meta property=\"article:publisher\" content=\"https:\/\/www.facebook.com\/kapitelzwei\/\" \/>\n<meta property=\"article:modified_time\" content=\"2026-01-05T15:50:14+00:00\" \/>\n<meta name=\"twitter:card\" content=\"summary_large_image\" \/>\n<meta name=\"twitter:site\" content=\"@kapitelzwei\" \/>\n<script type=\"application\/ld+json\" class=\"yoast-schema-graph\">{\"@context\":\"https:\/\/schema.org\",\"@graph\":[{\"@type\":\"WebPage\",\"@id\":\"https:\/\/www.kapitel-zwei.de\/fr\/ecole-langue-allemande-berlin\/contacter\/\",\"url\":\"https:\/\/www.kapitel-zwei.de\/fr\/ecole-langue-allemande-berlin\/contacter\/\",\"name\":\"Nous contacter pour toute question - comment, quand et o\u00f9\u00a0?\",\"isPartOf\":{\"@id\":\"https:\/\/kapitel-zwei.de\/es\/#website\"},\"datePublished\":\"2015-11-14T14:55:25+00:00\",\"dateModified\":\"2026-01-05T15:50:14+00:00\",\"description\":\"Des questions sur ton cours\u00a0? Contacte-nous\u00a0! Tu trouveras ici nos heures d\u2019ouverture, notre adresse et comment nous joindre, les universit\u00e9s, etc.\",\"breadcrumb\":{\"@id\":\"https:\/\/www.kapitel-zwei.de\/fr\/ecole-langue-allemande-berlin\/contacter\/#breadcrumb\"},\"inLanguage\":\"fr-FR\",\"potentialAction\":[{\"@type\":\"ReadAction\",\"target\":[\"https:\/\/www.kapitel-zwei.de\/fr\/ecole-langue-allemande-berlin\/contacter\/\"]}]},{\"@type\":\"BreadcrumbList\",\"@id\":\"https:\/\/www.kapitel-zwei.de\/fr\/ecole-langue-allemande-berlin\/contacter\/#breadcrumb\",\"itemListElement\":[{\"@type\":\"ListItem\",\"position\":1,\"name\":\"Startseite\",\"item\":\"https:\/\/kapitel-zwei.de\/fr\/\"},{\"@type\":\"ListItem\",\"position\":2,\"name\":\"Ton \u00e9cole\",\"item\":\"https:\/\/kapitel-zwei.de\/fr\/ecole-langue-allemande-berlin\/\"},{\"@type\":\"ListItem\",\"position\":3,\"name\":\"Nous contacter\"}]},{\"@type\":\"WebSite\",\"@id\":\"https:\/\/kapitel-zwei.de\/es\/#website\",\"url\":\"https:\/\/kapitel-zwei.de\/es\/\",\"name\":\"Kapitel Zwei Berlin\",\"description\":\"Deutschkurs Berlin | Sprachschule Berlin | German language school Berlin | telc Berlin | Deutsch Pr\u00fcfung Berlin | Intensive German courses Berlin | TestDaF Pr\u00fcfung | Online Kurse\",\"publisher\":{\"@id\":\"https:\/\/kapitel-zwei.de\/es\/#organization\"},\"potentialAction\":[{\"@type\":\"SearchAction\",\"target\":{\"@type\":\"EntryPoint\",\"urlTemplate\":\"https:\/\/kapitel-zwei.de\/es\/?s={search_term_string}\"},\"query-input\":{\"@type\":\"PropertyValueSpecification\",\"valueRequired\":true,\"valueName\":\"search_term_string\"}}],\"inLanguage\":\"fr-FR\"},{\"@type\":\"Organization\",\"@id\":\"https:\/\/kapitel-zwei.de\/es\/#organization\",\"name\":\"Kapitel Zwei. Deutsch-Sprachschule Berlin GmbH\",\"url\":\"https:\/\/kapitel-zwei.de\/es\/\",\"logo\":{\"@type\":\"ImageObject\",\"inLanguage\":\"fr-FR\",\"@id\":\"https:\/\/kapitel-zwei.de\/es\/#\/schema\/logo\/image\/\",\"url\":\"https:\/\/kapitel-zwei.de\/wp-content\/uploads\/2018\/08\/Kapitel-Zwei-Berlin-Sprachschule-Deutsch-Deutschkurse-Berlin.jpg\",\"contentUrl\":\"https:\/\/kapitel-zwei.de\/wp-content\/uploads\/2018\/08\/Kapitel-Zwei-Berlin-Sprachschule-Deutsch-Deutschkurse-Berlin.jpg\",\"width\":350,\"height\":101,\"caption\":\"Kapitel Zwei. Deutsch-Sprachschule Berlin GmbH\"},\"image\":{\"@id\":\"https:\/\/kapitel-zwei.de\/es\/#\/schema\/logo\/image\/\"},\"sameAs\":[\"https:\/\/www.facebook.com\/kapitelzwei\/\",\"https:\/\/x.com\/kapitelzwei\"]}]}<\/script>\n<!-- \/ Yoast SEO Premium plugin. -->","yoast_head_json":{"title":"Nous contacter pour toute question - comment, quand et o\u00f9\u00a0?","description":"Des questions sur ton cours\u00a0? Contacte-nous\u00a0! Tu trouveras ici nos heures d\u2019ouverture, notre adresse et comment nous joindre, les universit\u00e9s, etc.","robots":{"index":"index","follow":"follow","max-snippet":"max-snippet:-1","max-image-preview":"max-image-preview:large","max-video-preview":"max-video-preview:-1"},"canonical":"https:\/\/www.kapitel-zwei.de\/fr\/ecole-langue-allemande-berlin\/contacter\/","og_locale":"fr_FR","og_type":"article","og_title":"Nous contacter","og_description":"Des questions sur ton cours\u00a0? Contacte-nous\u00a0! Tu trouveras ici nos heures d\u2019ouverture, notre adresse et comment nous joindre, les universit\u00e9s, etc.","og_url":"https:\/\/www.kapitel-zwei.de\/fr\/ecole-langue-allemande-berlin\/contacter\/","og_site_name":"Kapitel Zwei Berlin","article_publisher":"https:\/\/www.facebook.com\/kapitelzwei\/","article_modified_time":"2026-01-05T15:50:14+00:00","twitter_card":"summary_large_image","twitter_site":"@kapitelzwei","schema":{"@context":"https:\/\/schema.org","@graph":[{"@type":"WebPage","@id":"https:\/\/www.kapitel-zwei.de\/fr\/ecole-langue-allemande-berlin\/contacter\/","url":"https:\/\/www.kapitel-zwei.de\/fr\/ecole-langue-allemande-berlin\/contacter\/","name":"Nous contacter pour toute question - comment, quand et o\u00f9\u00a0?","isPartOf":{"@id":"https:\/\/kapitel-zwei.de\/es\/#website"},"datePublished":"2015-11-14T14:55:25+00:00","dateModified":"2026-01-05T15:50:14+00:00","description":"Des questions sur ton cours\u00a0? Contacte-nous\u00a0! Tu trouveras ici nos heures d\u2019ouverture, notre adresse et comment nous joindre, les universit\u00e9s, etc.","breadcrumb":{"@id":"https:\/\/www.kapitel-zwei.de\/fr\/ecole-langue-allemande-berlin\/contacter\/#breadcrumb"},"inLanguage":"fr-FR","potentialAction":[{"@type":"ReadAction","target":["https:\/\/www.kapitel-zwei.de\/fr\/ecole-langue-allemande-berlin\/contacter\/"]}]},{"@type":"BreadcrumbList","@id":"https:\/\/www.kapitel-zwei.de\/fr\/ecole-langue-allemande-berlin\/contacter\/#breadcrumb","itemListElement":[{"@type":"ListItem","position":1,"name":"Startseite","item":"https:\/\/kapitel-zwei.de\/fr\/"},{"@type":"ListItem","position":2,"name":"Ton \u00e9cole","item":"https:\/\/kapitel-zwei.de\/fr\/ecole-langue-allemande-berlin\/"},{"@type":"ListItem","position":3,"name":"Nous contacter"}]},{"@type":"WebSite","@id":"https:\/\/kapitel-zwei.de\/es\/#website","url":"https:\/\/kapitel-zwei.de\/es\/","name":"Kapitel Zwei Berlin","description":"Deutschkurs Berlin | Sprachschule Berlin | German language school Berlin | telc Berlin | Deutsch Pr\u00fcfung Berlin | Intensive German courses Berlin | TestDaF Pr\u00fcfung | Online Kurse","publisher":{"@id":"https:\/\/kapitel-zwei.de\/es\/#organization"},"potentialAction":[{"@type":"SearchAction","target":{"@type":"EntryPoint","urlTemplate":"https:\/\/kapitel-zwei.de\/es\/?s={search_term_string}"},"query-input":{"@type":"PropertyValueSpecification","valueRequired":true,"valueName":"search_term_string"}}],"inLanguage":"fr-FR"},{"@type":"Organization","@id":"https:\/\/kapitel-zwei.de\/es\/#organization","name":"Kapitel Zwei. Deutsch-Sprachschule Berlin GmbH","url":"https:\/\/kapitel-zwei.de\/es\/","logo":{"@type":"ImageObject","inLanguage":"fr-FR","@id":"https:\/\/kapitel-zwei.de\/es\/#\/schema\/logo\/image\/","url":"https:\/\/kapitel-zwei.de\/wp-content\/uploads\/2018\/08\/Kapitel-Zwei-Berlin-Sprachschule-Deutsch-Deutschkurse-Berlin.jpg","contentUrl":"https:\/\/kapitel-zwei.de\/wp-content\/uploads\/2018\/08\/Kapitel-Zwei-Berlin-Sprachschule-Deutsch-Deutschkurse-Berlin.jpg","width":350,"height":101,"caption":"Kapitel Zwei. Deutsch-Sprachschule Berlin GmbH"},"image":{"@id":"https:\/\/kapitel-zwei.de\/es\/#\/schema\/logo\/image\/"},"sameAs":["https:\/\/www.facebook.com\/kapitelzwei\/","https:\/\/x.com\/kapitelzwei"]}]}},"_links":{"self":[{"href":"https:\/\/kapitel-zwei.de\/fr\/wp-json\/wp\/v2\/pages\/9782","targetHints":{"allow":["GET"]}}],"collection":[{"href":"https:\/\/kapitel-zwei.de\/fr\/wp-json\/wp\/v2\/pages"}],"about":[{"href":"https:\/\/kapitel-zwei.de\/fr\/wp-json\/wp\/v2\/types\/page"}],"author":[{"embeddable":true,"href":"https:\/\/kapitel-zwei.de\/fr\/wp-json\/wp\/v2\/users\/16"}],"replies":[{"embeddable":true,"href":"https:\/\/kapitel-zwei.de\/fr\/wp-json\/wp\/v2\/comments?post=9782"}],"version-history":[{"count":98,"href":"https:\/\/kapitel-zwei.de\/fr\/wp-json\/wp\/v2\/pages\/9782\/revisions"}],"predecessor-version":[{"id":125373,"href":"https:\/\/kapitel-zwei.de\/fr\/wp-json\/wp\/v2\/pages\/9782\/revisions\/125373"}],"up":[{"embeddable":true,"href":"https:\/\/kapitel-zwei.de\/fr\/wp-json\/wp\/v2\/pages\/3540"}],"wp:attachment":[{"href":"https:\/\/kapitel-zwei.de\/fr\/wp-json\/wp\/v2\/media?parent=9782"}],"curies":[{"name":"wp","href":"https:\/\/api.w.org\/{rel}","templated":true}]}}