{"id":104721,"date":"2021-11-30T16:26:11","date_gmt":"2021-11-30T15:26:11","guid":{"rendered":"https:\/\/kapitel-zwei.de\/nachhaltigkeit\/"},"modified":"2022-03-12T12:40:10","modified_gmt":"2022-03-12T11:40:10","slug":"sostenibilita","status":"publish","type":"page","link":"https:\/\/kapitel-zwei.de\/it\/sostenibilita\/","title":{"rendered":"Sostenibilit\u00e0"},"content":{"rendered":"\n<style type=\"text\/css\" data-created_by=\"avia_inline_auto\" id=\"style-css-av-2pfbg2eb-3d65d338273b1f02c512f944b9fb77ea\">\n.flex_column.av-2pfbg2eb-3d65d338273b1f02c512f944b9fb77ea{\nborder-radius:0px 0px 0px 0px;\npadding:0px 0px 0px 0px;\n}\n<\/style>\n<div  class='flex_column av-2pfbg2eb-3d65d338273b1f02c512f944b9fb77ea av_one_full  avia-builder-el-0  el_before_av_two_third  avia-builder-el-first  first flex_column_div av-zero-column-padding  '     ><section  class='av_textblock_section av-kwm98m7a-a0bc03b510d80599ccbbc9c231f98744 '   itemscope=\"itemscope\" itemtype=\"https:\/\/schema.org\/CreativeWork\" ><div class='avia_textblock'  itemprop=\"text\" ><h1><span style=\"color: #37ab1b !important;\">Sostenibilit\u00e0 <\/span><\/h1>\n<h2><span style=\"color: #37ab1b !important;\">Il Capitolo Verde <\/span><\/h2>\n<\/div><\/section><\/div>\n\n<style type=\"text\/css\" data-created_by=\"avia_inline_auto\" id=\"style-css-av-2l5wr6zn-410d705a3a9db6c035040910ec24e576\">\n.flex_column.av-2l5wr6zn-410d705a3a9db6c035040910ec24e576{\nborder-radius:0px 0px 0px 0px;\npadding:0px 0px 0px 0px;\n}\n<\/style>\n<div  class='flex_column av-2l5wr6zn-410d705a3a9db6c035040910ec24e576 av_two_third  avia-builder-el-2  el_after_av_one_full  el_before_av_one_third  first flex_column_div av-zero-column-padding  column-top-margin'     ><p><section  class='av_textblock_section av-kwm9mc3u-24db83225e0a8d4bacdcb44e0db0dba5 '   itemscope=\"itemscope\" itemtype=\"https:\/\/schema.org\/CreativeWork\" ><div class='avia_textblock'  itemprop=\"text\" ><p>Il cambiamento climatico \u00e8 una delle nostre maggiori sfide. Come scuola di lingue, ci siamo anche posti l&#8217;obiettivo di lavorare e vivere in modo pi\u00f9 sostenibile. Non siamo ancora perfetti, ma facciamo sempre del nostro meglio per ridurre l&#8217;impronta di CO\u2082 di Kapitel Zwei e per sostenere progetti di protezione degli animali e dell&#8217;ambiente.<\/p>\n<p>Prenotando i nostri corsi ed esami di tedesco, stai anche sostenendo progetti ambientali e di protezione degli animali. Scopri di pi\u00f9 su questa pagina!<\/p>\n<\/div><\/section><br \/>\n<section  class='av_textblock_section av-kwm9mc3u-24db83225e0a8d4bacdcb44e0db0dba5 '   itemscope=\"itemscope\" itemtype=\"https:\/\/schema.org\/CreativeWork\" ><div class='avia_textblock'  itemprop=\"text\" ><p>Perch\u00e9 questo passo? La crisi climatica \u00e8 una delle pi\u00f9 grandi sfide dell&#8217;umanit\u00e0. Tutti dobbiamo assumerci la responsabilit\u00e0 di trovare una soluzione e dare un contributo attivo &#8211; KAPITEL ZWEI compreso. Nei prossimi anni, vogliamo aumentare ulteriormente le esigenze di noi stessi.<\/p>\n<\/div><\/section><\/p><\/div>\n\n<style type=\"text\/css\" data-created_by=\"avia_inline_auto\" id=\"style-css-av-2jb1no83-44e311498d41c879d39565a88a399dbc\">\n.flex_column.av-2jb1no83-44e311498d41c879d39565a88a399dbc{\nborder-radius:0px 0px 0px 0px;\npadding:0px 0px 0px 0px;\n}\n<\/style>\n<div  class='flex_column av-2jb1no83-44e311498d41c879d39565a88a399dbc av_one_third  avia-builder-el-5  el_after_av_two_third  el_before_av_hr  flex_column_div av-zero-column-padding  column-top-margin'     ><style type=\"text\/css\" data-created_by=\"avia_inline_auto\" id=\"style-css-av-kwm9tz2a-23d77a5eabd23e3652333f9db4217da7\">\n.avia-image-container.av-kwm9tz2a-23d77a5eabd23e3652333f9db4217da7 img.avia_image{\nbox-shadow:none;\n}\n.avia-image-container.av-kwm9tz2a-23d77a5eabd23e3652333f9db4217da7 .av-image-caption-overlay-center{\ncolor:#ffffff;\n}\n<\/style>\n<div  class='avia-image-container av-kwm9tz2a-23d77a5eabd23e3652333f9db4217da7 av-styling- avia-align-center  avia-builder-el-6  avia-builder-el-no-sibling '   itemprop=\"image\" itemscope=\"itemscope\" itemtype=\"https:\/\/schema.org\/ImageObject\" ><div class=\"avia-image-container-inner\"><div class=\"avia-image-overlay-wrap\"><img decoding=\"async\" fetchpriority=\"high\" class='wp-image-104618 avia-img-lazy-loading-not-104618 avia_image ' src=\"https:\/\/kapitel-zwei.de\/wp-content\/uploads\/2021\/11\/GO-GREEN-Kapitel-Zwei.png\" alt='GO GREEN Kapitel Zwei' title='GO GREEN Kapitel Zwei'  height=\"1183\" width=\"1280\"  itemprop=\"thumbnailUrl\" srcset=\"https:\/\/kapitel-zwei.de\/wp-content\/uploads\/2021\/11\/GO-GREEN-Kapitel-Zwei.png 1280w, https:\/\/kapitel-zwei.de\/wp-content\/uploads\/2021\/11\/GO-GREEN-Kapitel-Zwei-300x277.png 300w, https:\/\/kapitel-zwei.de\/wp-content\/uploads\/2021\/11\/GO-GREEN-Kapitel-Zwei-1030x952.png 1030w, https:\/\/kapitel-zwei.de\/wp-content\/uploads\/2021\/11\/GO-GREEN-Kapitel-Zwei-80x74.png 80w, https:\/\/kapitel-zwei.de\/wp-content\/uploads\/2021\/11\/GO-GREEN-Kapitel-Zwei-768x710.png 768w, https:\/\/kapitel-zwei.de\/wp-content\/uploads\/2021\/11\/GO-GREEN-Kapitel-Zwei-705x652.png 705w\" sizes=\"(max-width: 1280px) 100vw, 1280px\" \/><\/div><\/div><\/div><\/div>\n<div  class='hr av-2d37v2zn-bb335d9bd5ef0561f8b891e9efcc451e hr-default  avia-builder-el-7  el_after_av_one_third  el_before_av_one_full '><span class='hr-inner '><span class=\"hr-inner-style\"><\/span><\/span><\/div>\n\n<style type=\"text\/css\" data-created_by=\"avia_inline_auto\" id=\"style-css-av-kwmcu7fg-8f219786dcd0fdc81f027acc4191119e\">\n.flex_column.av-kwmcu7fg-8f219786dcd0fdc81f027acc4191119e{\nborder-radius:0px 0px 0px 0px;\npadding:15px 15px 15px 15px;\nbackground-color:#dfffdd;\n}\n<\/style>\n<div  class='flex_column av-kwmcu7fg-8f219786dcd0fdc81f027acc4191119e av_one_full  avia-builder-el-8  el_after_av_hr  el_before_av_hr  first flex_column_div  '     ><section  class='av_textblock_section av-kwm9v34c-c3e2fd56fe02c7888fdb3f6aa765ed73 '   itemscope=\"itemscope\" itemtype=\"https:\/\/schema.org\/CreativeWork\" ><div class='avia_textblock'  itemprop=\"text\" ><h3>Protezione del clima a Kapitel Zwei Berlin: quello che abbiamo fatto finora<\/h3>\n<\/div><\/section><br \/>\n<section  class='av_textblock_section av-kwma0bp8-c2fb9e7da3127caa79b7d0f088dc5c1d '   itemscope=\"itemscope\" itemtype=\"https:\/\/schema.org\/CreativeWork\" ><div class='avia_textblock'  itemprop=\"text\" ><p>Passare al 100% di elettricit\u00e0 verde da fonti di energia rinnovabile ottenuta dalla natura<\/p>\n<p>Uso della bicicletta o del trasporto pubblico per andare a scuola<\/p>\n<p>Snacks vegani per il team, il personale della scuola e gli insegnanti<\/p>\n<p>Sostegno a progetti ambientali e di protezione degli animali in tutto il mondo<\/p>\n<p>Sostegno alle librerie berlinesi con ordini nel negozio<\/p>\n<p>Documenti digitali | stampe solo se necessario su carta riciclata<\/p>\n<p>Bicchieri biologici per bevande (compostabili)<\/p>\n<p>Regolazione attiva dei termosifoni<\/p>\n<p>Invece di buttare via, proviamo prima a riparare<\/p>\n<p>Affrontare in classe argomenti sulla protezione dell&#8217;ambiente, il benessere degli animali e il cambiamento climatico.<\/p>\n<\/div><\/section><\/p><\/div>\n<div  class='hr av-88gqmub-8bf0e08dc62ed2b5bfa57bf5c489a8a2 hr-default  avia-builder-el-11  el_after_av_one_full  el_before_av_one_full '><span class='hr-inner '><span class=\"hr-inner-style\"><\/span><\/span><\/div>\n\n<style type=\"text\/css\" data-created_by=\"avia_inline_auto\" id=\"style-css-av-kwmcv2w1-0558f4ade9b4fd9fcdf08523c41698d1\">\n.flex_column.av-kwmcv2w1-0558f4ade9b4fd9fcdf08523c41698d1{\nborder-radius:0px 0px 0px 0px;\npadding:15px 15px 15px 15px;\nbackground-color:#fffdf3;\n}\n<\/style>\n<div  class='flex_column av-kwmcv2w1-0558f4ade9b4fd9fcdf08523c41698d1 av_one_full  avia-builder-el-12  el_after_av_hr  el_before_av_hr  first flex_column_div  '     ><section  class='av_textblock_section av-kwma0bp8-c2fb9e7da3127caa79b7d0f088dc5c1d '   itemscope=\"itemscope\" itemtype=\"https:\/\/schema.org\/CreativeWork\" ><div class='avia_textblock'  itemprop=\"text\" ><h3>Possibilit\u00e0 di miglioramento<\/h3>\n<\/div><\/section><br \/>\n<section  class='av_textblock_section av-kwmaf3hr-8f94a6570cbfca0b0cf59207e8b7801a '   itemscope=\"itemscope\" itemtype=\"https:\/\/schema.org\/CreativeWork\" ><div class='avia_textblock'  itemprop=\"text\" ><p>Fare pi\u00f9 attenzione alla separazione dei rifiuti<\/p>\n<p>Passare a un&#8217;impresa di pulizie con utensili di pulizia 100% ecologici<\/p>\n<p>Ridurre ancora di pi\u00f9 la stampa su carta<\/p>\n<p>Spegnere le luci nelle aule non utilizzate<\/p>\n<p>Aumentare la volont\u00e0 di donazione<\/p>\n<\/div><\/section><\/p><\/div>\n<div  class='hr av-261vx6jn-c47f2c014f45a6959564a168128b9957 hr-default  avia-builder-el-15  el_after_av_one_full  el_before_av_one_full '><span class='hr-inner '><span class=\"hr-inner-style\"><\/span><\/span><\/div>\n\n<style type=\"text\/css\" data-created_by=\"avia_inline_auto\" id=\"style-css-av-20chywtf-700b50029944316e34811e28a539c55b\">\n.flex_column.av-20chywtf-700b50029944316e34811e28a539c55b{\nborder-radius:0px 0px 0px 0px;\npadding:0px 0px 0px 0px;\n}\n<\/style>\n<div  class='flex_column av-20chywtf-700b50029944316e34811e28a539c55b av_one_full  avia-builder-el-16  el_after_av_hr  el_before_av_one_full  first flex_column_div av-zero-column-padding  '     ><section  class='av_textblock_section av-kwm9v34c-c3e2fd56fe02c7888fdb3f6aa765ed73 '   itemscope=\"itemscope\" itemtype=\"https:\/\/schema.org\/CreativeWork\" ><div class='avia_textblock'  itemprop=\"text\" ><h3>Noi sosteniamo questi progetti<\/h3>\n<\/div><\/section><\/div>\n\n<style type=\"text\/css\" data-created_by=\"avia_inline_auto\" id=\"style-css-av-6lk0m1v-d115a6ecfe45429ea9c1036c00aa889e\">\n.flex_column.av-6lk0m1v-d115a6ecfe45429ea9c1036c00aa889e{\nborder-radius:0px 0px 0px 0px;\npadding:0px 0px 0px 0px;\n}\n<\/style>\n<div  class='flex_column av-6lk0m1v-d115a6ecfe45429ea9c1036c00aa889e av_one_full  avia-builder-el-18  el_after_av_one_full  el_before_av_two_third  first flex_column_div av-zero-column-padding  column-top-margin'     ><section  class='av_textblock_section av-kwm98m7a-a0bc03b510d80599ccbbc9c231f98744 '   itemscope=\"itemscope\" itemtype=\"https:\/\/schema.org\/CreativeWork\" ><div class='avia_textblock'  itemprop=\"text\" ><h2><span style=\"color: #37ab1b !important;\">WWF: Protezione del clima<\/span><\/h2>\n<\/div><\/section><\/div>\n\n<style type=\"text\/css\" data-created_by=\"avia_inline_auto\" id=\"style-css-av-6lk0m1v-d115a6ecfe45429ea9c1036c00aa889e\">\n.flex_column.av-6lk0m1v-d115a6ecfe45429ea9c1036c00aa889e{\nborder-radius:0px 0px 0px 0px;\npadding:0px 0px 0px 0px;\n}\n<\/style>\n<div  class='flex_column av-6lk0m1v-d115a6ecfe45429ea9c1036c00aa889e av_two_third  avia-builder-el-20  el_after_av_one_full  el_before_av_one_third  first flex_column_div av-zero-column-padding  column-top-margin'     ><section  class='av_textblock_section av-kwmaxenq-64aaac74dbedb439b8de023c8ff32987 '   itemscope=\"itemscope\" itemtype=\"https:\/\/schema.org\/CreativeWork\" ><div class='avia_textblock'  itemprop=\"text\" ><p>La crisi climatica \u00e8 sempre pi\u00f9 sentita in Germania e in tutto il mondo. Ondate di calore, tempeste e lo scioglimento delle calotte polari sono solo alcuni degli effetti di cui soffrono soprattutto le persone nelle regioni pi\u00f9 povere del mondo.<\/p>\n<p>Tra altre cose, la donazione di Kapitel Zwei permette a WWF di sviluppare soluzioni per la protezione climatica, ad esempio attraverso l\u2019elaborazione di studi e l\u2019organizzazione di eventi per i politici per renderli consapevoli delle richieste di WWF. Inoltre, si possono sostenere campagne pubbliche e la produzione di materiale informativo sulla vita rispettosa del clima.<\/p>\n<p>Fonte: wwf.de\/klimakrise<\/p>\n<\/div><\/section><\/div>\n\n<style type=\"text\/css\" data-created_by=\"avia_inline_auto\" id=\"style-css-av-1pjv9sdf-060bb8b189d3b508366fb39e2440d91a\">\n.flex_column.av-1pjv9sdf-060bb8b189d3b508366fb39e2440d91a{\nborder-radius:0px 0px 0px 0px;\npadding:0px 0px 0px 0px;\n}\n<\/style>\n<div  class='flex_column av-1pjv9sdf-060bb8b189d3b508366fb39e2440d91a av_one_third  avia-builder-el-22  el_after_av_two_third  el_before_av_hr  flex_column_div av-zero-column-padding  column-top-margin'     ><style type=\"text\/css\" data-created_by=\"avia_inline_auto\" id=\"style-css-av-kwm9tz2a-b429c4ccdd5c3adae838e09a8989e2ac\">\n.avia-image-container.av-kwm9tz2a-b429c4ccdd5c3adae838e09a8989e2ac img.avia_image{\nbox-shadow:none;\n}\n.avia-image-container.av-kwm9tz2a-b429c4ccdd5c3adae838e09a8989e2ac .av-image-caption-overlay-center{\ncolor:#ffffff;\n}\n<\/style>\n<div  class='avia-image-container av-kwm9tz2a-b429c4ccdd5c3adae838e09a8989e2ac av-styling- av-img-linked avia-align-center  avia-builder-el-23  avia-builder-el-no-sibling '   itemprop=\"image\" itemscope=\"itemscope\" itemtype=\"https:\/\/schema.org\/ImageObject\" ><div class=\"avia-image-container-inner\"><div class=\"avia-image-overlay-wrap\"><a href=\"https:\/\/www.wwf.de\/klimakrise\" class='avia_image '  aria-label='go green k2'><img decoding=\"async\" fetchpriority=\"high\" class='wp-image-104633 avia-img-lazy-loading-not-104633 avia_image ' src=\"https:\/\/kapitel-zwei.de\/wp-content\/uploads\/2021\/11\/wwf-klima-urkunde-scaled.jpg\" alt='Klimaschutz Kapitel Zwei' title='go green k2'  height=\"2560\" width=\"1821\"  itemprop=\"thumbnailUrl\" srcset=\"https:\/\/kapitel-zwei.de\/wp-content\/uploads\/2021\/11\/wwf-klima-urkunde-scaled.jpg 1821w, https:\/\/kapitel-zwei.de\/wp-content\/uploads\/2021\/11\/wwf-klima-urkunde-213x300.jpg 213w, https:\/\/kapitel-zwei.de\/wp-content\/uploads\/2021\/11\/wwf-klima-urkunde-733x1030.jpg 733w, https:\/\/kapitel-zwei.de\/wp-content\/uploads\/2021\/11\/wwf-klima-urkunde-57x80.jpg 57w, https:\/\/kapitel-zwei.de\/wp-content\/uploads\/2021\/11\/wwf-klima-urkunde-768x1080.jpg 768w, https:\/\/kapitel-zwei.de\/wp-content\/uploads\/2021\/11\/wwf-klima-urkunde-1093x1536.jpg 1093w, https:\/\/kapitel-zwei.de\/wp-content\/uploads\/2021\/11\/wwf-klima-urkunde-1457x2048.jpg 1457w, https:\/\/kapitel-zwei.de\/wp-content\/uploads\/2021\/11\/wwf-klima-urkunde-1067x1500.jpg 1067w, https:\/\/kapitel-zwei.de\/wp-content\/uploads\/2021\/11\/wwf-klima-urkunde-501x705.jpg 501w\" sizes=\"(max-width: 1821px) 100vw, 1821px\" \/><\/a><\/div><\/div><\/div><\/div>\n<div  class='hr av-1nhmmxsz-8075ec914774b2b7d876f11f988fa9e2 hr-default  avia-builder-el-24  el_after_av_one_third  el_before_av_one_full '><span class='hr-inner '><span class=\"hr-inner-style\"><\/span><\/span><\/div>\n\n<style type=\"text\/css\" data-created_by=\"avia_inline_auto\" id=\"style-css-av-6lk0m1v-d115a6ecfe45429ea9c1036c00aa889e\">\n.flex_column.av-6lk0m1v-d115a6ecfe45429ea9c1036c00aa889e{\nborder-radius:0px 0px 0px 0px;\npadding:0px 0px 0px 0px;\n}\n<\/style>\n<div  class='flex_column av-6lk0m1v-d115a6ecfe45429ea9c1036c00aa889e av_one_full  avia-builder-el-25  el_after_av_hr  el_before_av_two_third  first flex_column_div av-zero-column-padding  '     ><section  class='av_textblock_section av-kwm98m7a-a0bc03b510d80599ccbbc9c231f98744 '   itemscope=\"itemscope\" itemtype=\"https:\/\/schema.org\/CreativeWork\" ><div class='avia_textblock'  itemprop=\"text\" ><h2><span style=\"color: #37ab1b !important;\">WWF: Oceani<\/span><\/h2>\n<\/div><\/section><\/div>\n\n<style type=\"text\/css\" data-created_by=\"avia_inline_auto\" id=\"style-css-av-kwmd6ru4-e6b2d19cab1a28a25deb5803e1af732f\">\n.flex_column.av-kwmd6ru4-e6b2d19cab1a28a25deb5803e1af732f{\nborder-radius:0px 0px 0px 0px;\npadding:15px 15px 15px 15px;\nbackground-color:#fff8ed;\n}\n<\/style>\n<div  class='flex_column av-kwmd6ru4-e6b2d19cab1a28a25deb5803e1af732f av_two_third  avia-builder-el-27  el_after_av_one_full  el_before_av_one_third  first flex_column_div  column-top-margin'     ><section  class='av_textblock_section av-kwmaxenq-64aaac74dbedb439b8de023c8ff32987 '   itemscope=\"itemscope\" itemtype=\"https:\/\/schema.org\/CreativeWork\" ><div class='avia_textblock'  itemprop=\"text\" ><p>Ogni minuto, circa 15.000 chilogrammi (!) di rifiuti di plastica invadono gli oceani! Pesci, balene, uccelli marini e tartarughe marine sono feriti o muoiono in agonia a causa della plastica &#8211; almeno 800 specie animali sono direttamente minacciate. Con la donazione di Kapitel Zwei, tra l&#8217;altro, WWF pu\u00f2 realizzare importanti misure immediate come la pulizia delle barriere coralline e delle spiagge inquinate. Allo stesso tempo, vengono avviati progetti modello per ridurre in modo permanente e sostenibile l&#8217;immissione di rifiuti di plastica nei fiumi e negli oceani alla fonte. Insieme possiamo salvare i preziosi ecosistemi marini.<\/p>\n<p>Fonte: wwf.de\/ozeane<\/p>\n<\/div><\/section><\/div>\n\n<style type=\"text\/css\" data-created_by=\"avia_inline_auto\" id=\"style-css-av-1hmbjhib-3c4097f3a99b510aea06f9d712d8a3b5\">\n.flex_column.av-1hmbjhib-3c4097f3a99b510aea06f9d712d8a3b5{\nborder-radius:0px 0px 0px 0px;\npadding:0px 0px 0px 0px;\n}\n<\/style>\n<div  class='flex_column av-1hmbjhib-3c4097f3a99b510aea06f9d712d8a3b5 av_one_third  avia-builder-el-29  el_after_av_two_third  el_before_av_hr  flex_column_div av-zero-column-padding  column-top-margin'     ><style type=\"text\/css\" data-created_by=\"avia_inline_auto\" id=\"style-css-av-kwm9tz2a-e2e0ca3f57a63236525a3cc02af1d59d\">\n.avia-image-container.av-kwm9tz2a-e2e0ca3f57a63236525a3cc02af1d59d img.avia_image{\nbox-shadow:none;\n}\n.avia-image-container.av-kwm9tz2a-e2e0ca3f57a63236525a3cc02af1d59d .av-image-caption-overlay-center{\ncolor:#ffffff;\n}\n<\/style>\n<div  class='avia-image-container av-kwm9tz2a-e2e0ca3f57a63236525a3cc02af1d59d av-styling- av-img-linked avia-align-center  avia-builder-el-30  avia-builder-el-no-sibling '   itemprop=\"image\" itemscope=\"itemscope\" itemtype=\"https:\/\/schema.org\/ImageObject\" ><div class=\"avia-image-container-inner\"><div class=\"avia-image-overlay-wrap\"><a href=\"https:\/\/www.wwf.de\/spenden-helfen\/wwf-foerdermitglied-werden-und-plastikflut-stoppen\" class='avia_image '  aria-label='go green k2'><img decoding=\"async\" fetchpriority=\"high\" class='wp-image-104626 avia-img-lazy-loading-not-104626 avia_image ' src=\"https:\/\/kapitel-zwei.de\/wp-content\/uploads\/2021\/11\/Ozeane-scaled.jpg\" alt='Klimaschutz Ozeane Kapitel Zwei' title='go green k2'  height=\"2560\" width=\"1776\"  itemprop=\"thumbnailUrl\" srcset=\"https:\/\/kapitel-zwei.de\/wp-content\/uploads\/2021\/11\/Ozeane-scaled.jpg 1776w, https:\/\/kapitel-zwei.de\/wp-content\/uploads\/2021\/11\/Ozeane-208x300.jpg 208w, https:\/\/kapitel-zwei.de\/wp-content\/uploads\/2021\/11\/Ozeane-714x1030.jpg 714w, https:\/\/kapitel-zwei.de\/wp-content\/uploads\/2021\/11\/Ozeane-55x80.jpg 55w, https:\/\/kapitel-zwei.de\/wp-content\/uploads\/2021\/11\/Ozeane-768x1107.jpg 768w, https:\/\/kapitel-zwei.de\/wp-content\/uploads\/2021\/11\/Ozeane-1065x1536.jpg 1065w, https:\/\/kapitel-zwei.de\/wp-content\/uploads\/2021\/11\/Ozeane-1421x2048.jpg 1421w, https:\/\/kapitel-zwei.de\/wp-content\/uploads\/2021\/11\/Ozeane-1040x1500.jpg 1040w, https:\/\/kapitel-zwei.de\/wp-content\/uploads\/2021\/11\/Ozeane-489x705.jpg 489w\" sizes=\"(max-width: 1776px) 100vw, 1776px\" \/><\/a><\/div><\/div><\/div><\/div>\n<div  class='hr av-4n1calf-20da166770dbfa866833d1cfc20b674e hr-default  avia-builder-el-31  el_after_av_one_third  el_before_av_one_full '><span class='hr-inner '><span class=\"hr-inner-style\"><\/span><\/span><\/div>\n\n<style type=\"text\/css\" data-created_by=\"avia_inline_auto\" id=\"style-css-av-6lk0m1v-d115a6ecfe45429ea9c1036c00aa889e\">\n.flex_column.av-6lk0m1v-d115a6ecfe45429ea9c1036c00aa889e{\nborder-radius:0px 0px 0px 0px;\npadding:0px 0px 0px 0px;\n}\n<\/style>\n<div  class='flex_column av-6lk0m1v-d115a6ecfe45429ea9c1036c00aa889e av_one_full  avia-builder-el-32  el_after_av_hr  el_before_av_two_third  first flex_column_div av-zero-column-padding  '     ><section  class='av_textblock_section av-kwm98m7a-a0bc03b510d80599ccbbc9c231f98744 '   itemscope=\"itemscope\" itemtype=\"https:\/\/schema.org\/CreativeWork\" ><div class='avia_textblock'  itemprop=\"text\" ><h2><span style=\"color: #37ab1b !important;\">WWF: Foresta pluviale<\/span><\/h2>\n<\/div><\/section><\/div>\n\n<style type=\"text\/css\" data-created_by=\"avia_inline_auto\" id=\"style-css-av-173xdoir-cb3b0f02efeb4b0bab84a3886437b219\">\n.flex_column.av-173xdoir-cb3b0f02efeb4b0bab84a3886437b219{\nborder-radius:0px 0px 0px 0px;\npadding:0px 0px 0px 0px;\n}\n<\/style>\n<div  class='flex_column av-173xdoir-cb3b0f02efeb4b0bab84a3886437b219 av_two_third  avia-builder-el-34  el_after_av_one_full  el_before_av_one_third  first flex_column_div av-zero-column-padding  column-top-margin'     ><section  class='av_textblock_section av-kwmaxenq-64aaac74dbedb439b8de023c8ff32987 '   itemscope=\"itemscope\" itemtype=\"https:\/\/schema.org\/CreativeWork\" ><div class='avia_textblock'  itemprop=\"text\" ><p>I Baka in Camerun e i BaAka nella Repubblica Centrafricana sono tra i popoli pi\u00f9 antichi della terra, avendo vissuto nelle foreste pluviali dell&#8217;Africa centrale per migliaia di anni. Senza i BaAka e la loro conoscenza della foresta pluviale, alcuni degli sforzi di conservazione di WWF &#8211; come la protezione e lo studio dei gorilla &#8211; sarebbero impossibili. Gli indigeni conoscono e hanno bisogno della giungla come nessun altro. La donazione di Kapitel Zwei ci ha regalato un pezzo di foresta pluviale protetta. WWF, per esempio, pu\u00f2 assicurare tre ettari di foresta pluviale per un anno intero &#8211; un&#8217;area delle dimensioni di quattro campi da calcio e mezzo! Allo stesso tempo, la donazione aiuta ad attuare un nuovo accordo con i Baka in Camerun per utilizzare la foresta del Parco Nazionale Lobeke in modo sostenibile.<\/p>\n<p>Fonte: wwf.de\/regenwald<\/p>\n<\/div><\/section><\/div>\n\n<style type=\"text\/css\" data-created_by=\"avia_inline_auto\" id=\"style-css-av-11y4cn1f-7ed00e8ec081f9c49ce307e42cd6ab1b\">\n.flex_column.av-11y4cn1f-7ed00e8ec081f9c49ce307e42cd6ab1b{\nborder-radius:0px 0px 0px 0px;\npadding:0px 0px 0px 0px;\n}\n<\/style>\n<div  class='flex_column av-11y4cn1f-7ed00e8ec081f9c49ce307e42cd6ab1b av_one_third  avia-builder-el-36  el_after_av_two_third  el_before_av_hr  flex_column_div av-zero-column-padding  column-top-margin'     ><style type=\"text\/css\" data-created_by=\"avia_inline_auto\" id=\"style-css-av-kwm9tz2a-268ff9d013c426c6a9b5837bec235453\">\n.avia-image-container.av-kwm9tz2a-268ff9d013c426c6a9b5837bec235453 img.avia_image{\nbox-shadow:none;\n}\n.avia-image-container.av-kwm9tz2a-268ff9d013c426c6a9b5837bec235453 .av-image-caption-overlay-center{\ncolor:#ffffff;\n}\n<\/style>\n<div  class='avia-image-container av-kwm9tz2a-268ff9d013c426c6a9b5837bec235453 av-styling- av-img-linked avia-align-center  avia-builder-el-37  avia-builder-el-no-sibling '   itemprop=\"image\" itemscope=\"itemscope\" itemtype=\"https:\/\/schema.org\/ImageObject\" ><div class=\"avia-image-container-inner\"><div class=\"avia-image-overlay-wrap\"><a href=\"https:\/\/www.wwf.de\/wald\/afrikas-gruenes-herz\" class='avia_image '  aria-label='Regenwald'><img decoding=\"async\" fetchpriority=\"high\" class='wp-image-104654 avia-img-lazy-loading-not-104654 avia_image ' src=\"https:\/\/kapitel-zwei.de\/wp-content\/uploads\/2021\/11\/Regenwald-scaled.jpg\" alt='Klimaschutz Ozeane Kapitel Zwei' title='Regenwald'  height=\"2560\" width=\"1818\"  itemprop=\"thumbnailUrl\" srcset=\"https:\/\/kapitel-zwei.de\/wp-content\/uploads\/2021\/11\/Regenwald-scaled.jpg 1818w, https:\/\/kapitel-zwei.de\/wp-content\/uploads\/2021\/11\/Regenwald-213x300.jpg 213w, https:\/\/kapitel-zwei.de\/wp-content\/uploads\/2021\/11\/Regenwald-732x1030.jpg 732w, https:\/\/kapitel-zwei.de\/wp-content\/uploads\/2021\/11\/Regenwald-57x80.jpg 57w, https:\/\/kapitel-zwei.de\/wp-content\/uploads\/2021\/11\/Regenwald-768x1081.jpg 768w, https:\/\/kapitel-zwei.de\/wp-content\/uploads\/2021\/11\/Regenwald-1091x1536.jpg 1091w, https:\/\/kapitel-zwei.de\/wp-content\/uploads\/2021\/11\/Regenwald-1455x2048.jpg 1455w, https:\/\/kapitel-zwei.de\/wp-content\/uploads\/2021\/11\/Regenwald-1065x1500.jpg 1065w, https:\/\/kapitel-zwei.de\/wp-content\/uploads\/2021\/11\/Regenwald-501x705.jpg 501w\" sizes=\"(max-width: 1818px) 100vw, 1818px\" \/><\/a><\/div><\/div><\/div><\/div>\n<div  class='hr av-104joxgj-555b6f1eaec3a7a6471dd6b657152a54 hr-default  avia-builder-el-38  el_after_av_one_third  el_before_av_one_full '><span class='hr-inner '><span class=\"hr-inner-style\"><\/span><\/span><\/div>\n\n<style type=\"text\/css\" data-created_by=\"avia_inline_auto\" id=\"style-css-av-6lk0m1v-d115a6ecfe45429ea9c1036c00aa889e\">\n.flex_column.av-6lk0m1v-d115a6ecfe45429ea9c1036c00aa889e{\nborder-radius:0px 0px 0px 0px;\npadding:0px 0px 0px 0px;\n}\n<\/style>\n<div  class='flex_column av-6lk0m1v-d115a6ecfe45429ea9c1036c00aa889e av_one_full  avia-builder-el-39  el_after_av_hr  el_before_av_two_third  first flex_column_div av-zero-column-padding  '     ><section  class='av_textblock_section av-kwm98m7a-a0bc03b510d80599ccbbc9c231f98744 '   itemscope=\"itemscope\" itemtype=\"https:\/\/schema.org\/CreativeWork\" ><div class='avia_textblock'  itemprop=\"text\" ><h2><span style=\"color: #37ab1b !important;\">WWF: Orsi polari<\/span><\/h2>\n<\/div><\/section><\/div>\n\n<style type=\"text\/css\" data-created_by=\"avia_inline_auto\" id=\"style-css-av-kwmd6ru4-e6b2d19cab1a28a25deb5803e1af732f\">\n.flex_column.av-kwmd6ru4-e6b2d19cab1a28a25deb5803e1af732f{\nborder-radius:0px 0px 0px 0px;\npadding:15px 15px 15px 15px;\nbackground-color:#fff8ed;\n}\n<\/style>\n<div  class='flex_column av-kwmd6ru4-e6b2d19cab1a28a25deb5803e1af732f av_two_third  avia-builder-el-41  el_after_av_one_full  el_before_av_one_third  first flex_column_div  column-top-margin'     ><section  class='av_textblock_section av-kwmaxenq-64aaac74dbedb439b8de023c8ff32987 '   itemscope=\"itemscope\" itemtype=\"https:\/\/schema.org\/CreativeWork\" ><div class='avia_textblock'  itemprop=\"text\" ><p>&#8220;Nanuq&#8221;, il grande viandante, come gli Inuit chiamano l&#8217;orso polare, pesa solo circa 600 grammi alla nascita, ma cresce fino a diventare il predatore terrestre pi\u00f9 potente della Terra. Ma la sua esistenza \u00e8 in pericolo, perch\u00e9 sta sentendo gli effetti del cambiamento climatico in modo estremamente drammatico. Gi\u00e0 nel 2030, l&#8217;Oceano Artico potrebbe essere senza ghiaccio in estate &#8211; un disastro per gli orsi. Loro hanno bisogno del ghiaccio marino per cacciare. Ne dobbiamo fare ancora molta di strada per favorire la sopravvivenza degli orsi polari! Tra altro, la donazione di Kapitel Zwei realizzer\u00e0 il necessario lavoro di protezione del clima e importanti provvedimenti immediati come l\u00b4impiego di squadre di esperti per prevenire i conflitti tra gli orsi polari e gli esseri umani.<\/p>\n<p>Fonte: wwf.de\/eisbaeren<\/p>\n<\/div><\/section><\/div>\n\n<style type=\"text\/css\" data-created_by=\"avia_inline_auto\" id=\"style-css-av-tax70wz-363037a847eb1f4210f935cb640bff57\">\n.flex_column.av-tax70wz-363037a847eb1f4210f935cb640bff57{\nborder-radius:0px 0px 0px 0px;\npadding:0px 0px 0px 0px;\n}\n<\/style>\n<div  class='flex_column av-tax70wz-363037a847eb1f4210f935cb640bff57 av_one_third  avia-builder-el-43  el_after_av_two_third  el_before_av_hr  flex_column_div av-zero-column-padding  column-top-margin'     ><style type=\"text\/css\" data-created_by=\"avia_inline_auto\" id=\"style-css-av-kwm9tz2a-589544e04e1410787fe84740b99163cd\">\n.avia-image-container.av-kwm9tz2a-589544e04e1410787fe84740b99163cd img.avia_image{\nbox-shadow:none;\n}\n.avia-image-container.av-kwm9tz2a-589544e04e1410787fe84740b99163cd .av-image-caption-overlay-center{\ncolor:#ffffff;\n}\n<\/style>\n<div  class='avia-image-container av-kwm9tz2a-589544e04e1410787fe84740b99163cd av-styling- av-img-linked avia-align-center  avia-builder-el-44  avia-builder-el-no-sibling '   itemprop=\"image\" itemscope=\"itemscope\" itemtype=\"https:\/\/schema.org\/ImageObject\" ><div class=\"avia-image-container-inner\"><div class=\"avia-image-overlay-wrap\"><a href=\"https:\/\/www.wwf.de\/spenden-helfen\/fuer-ein-projekt-spenden\/eisbaeren\" class='avia_image '  aria-label='Eisb\u00e4ren'><img decoding=\"async\" fetchpriority=\"high\" class='wp-image-104647 avia-img-lazy-loading-not-104647 avia_image ' src=\"https:\/\/kapitel-zwei.de\/wp-content\/uploads\/2021\/11\/Eisbaeren-scaled.jpg\" alt='Eisb\u00e4ren Tierschutz Kapitel Zwei' title='Eisb\u00e4ren'  height=\"2560\" width=\"1770\"  itemprop=\"thumbnailUrl\" srcset=\"https:\/\/kapitel-zwei.de\/wp-content\/uploads\/2021\/11\/Eisbaeren-scaled.jpg 1770w, https:\/\/kapitel-zwei.de\/wp-content\/uploads\/2021\/11\/Eisbaeren-207x300.jpg 207w, https:\/\/kapitel-zwei.de\/wp-content\/uploads\/2021\/11\/Eisbaeren-712x1030.jpg 712w, https:\/\/kapitel-zwei.de\/wp-content\/uploads\/2021\/11\/Eisbaeren-55x80.jpg 55w, https:\/\/kapitel-zwei.de\/wp-content\/uploads\/2021\/11\/Eisbaeren-768x1111.jpg 768w, https:\/\/kapitel-zwei.de\/wp-content\/uploads\/2021\/11\/Eisbaeren-1062x1536.jpg 1062w, https:\/\/kapitel-zwei.de\/wp-content\/uploads\/2021\/11\/Eisbaeren-1416x2048.jpg 1416w, https:\/\/kapitel-zwei.de\/wp-content\/uploads\/2021\/11\/Eisbaeren-1037x1500.jpg 1037w, https:\/\/kapitel-zwei.de\/wp-content\/uploads\/2021\/11\/Eisbaeren-487x705.jpg 487w\" sizes=\"(max-width: 1770px) 100vw, 1770px\" \/><\/a><\/div><\/div><\/div><\/div>\n<div  class='hr av-r9k45er-0f735662501275ddc041edd885ee6209 hr-default  avia-builder-el-45  el_after_av_one_third  el_before_av_one_full '><span class='hr-inner '><span class=\"hr-inner-style\"><\/span><\/span><\/div>\n\n<style type=\"text\/css\" data-created_by=\"avia_inline_auto\" id=\"style-css-av-6lk0m1v-d115a6ecfe45429ea9c1036c00aa889e\">\n.flex_column.av-6lk0m1v-d115a6ecfe45429ea9c1036c00aa889e{\nborder-radius:0px 0px 0px 0px;\npadding:0px 0px 0px 0px;\n}\n<\/style>\n<div  class='flex_column av-6lk0m1v-d115a6ecfe45429ea9c1036c00aa889e av_one_full  avia-builder-el-46  el_after_av_hr  el_before_av_two_third  first flex_column_div av-zero-column-padding  '     ><section  class='av_textblock_section av-kwm98m7a-a0bc03b510d80599ccbbc9c231f98744 '   itemscope=\"itemscope\" itemtype=\"https:\/\/schema.org\/CreativeWork\" ><div class='avia_textblock'  itemprop=\"text\" ><h2><span style=\"color: #37ab1b;\">Peta: Benessere degli animali<\/span><\/h2>\n<\/div><\/section><\/div>\n\n<style type=\"text\/css\" data-created_by=\"avia_inline_auto\" id=\"style-css-av-kk0obab-8539b7b501cd92e52e83b90d807b8b3c\">\n.flex_column.av-kk0obab-8539b7b501cd92e52e83b90d807b8b3c{\nborder-radius:0px 0px 0px 0px;\npadding:0px 0px 0px 0px;\n}\n<\/style>\n<div  class='flex_column av-kk0obab-8539b7b501cd92e52e83b90d807b8b3c av_two_third  avia-builder-el-48  el_after_av_one_full  el_before_av_one_third  first flex_column_div av-zero-column-padding  column-top-margin'     ><section  class='av_textblock_section av-kwmaxenq-64aaac74dbedb439b8de023c8ff32987 '   itemscope=\"itemscope\" itemtype=\"https:\/\/schema.org\/CreativeWork\" ><div class='avia_textblock'  itemprop=\"text\" ><p>La donazione di Kapitel Zwei Berlin viene utilizzata al 100% per sostenere i progetti di PETA. PETA Deutschland e.V. \u00e8 un&#8217;organizzazione partner di PETA USA, la pi\u00f9 grande organizzazione animalista del mondo con oltre 6,5 milioni di sostenitori. Il suo obiettivo \u00e8 quello di aiutare ogni animale a vivere una vita migliore, aprendo uno dei capitoli pi\u00f9 bui, vale a dire quello del maltrattamento degli animali, educando il pubblico e cambiando gli stili di vita.<\/p>\n<p>Fonte: PETA.de<\/p>\n<\/div><\/section><\/div>\n\n<style type=\"text\/css\" data-created_by=\"avia_inline_auto\" id=\"style-css-av-i0rzuub-eaecf6ab4d5694592d01e69649f344a2\">\n.flex_column.av-i0rzuub-eaecf6ab4d5694592d01e69649f344a2{\nborder-radius:0px 0px 0px 0px;\npadding:0px 0px 0px 0px;\n}\n<\/style>\n<div  class='flex_column av-i0rzuub-eaecf6ab4d5694592d01e69649f344a2 av_one_third  avia-builder-el-50  el_after_av_two_third  el_before_av_hr  flex_column_div av-zero-column-padding  column-top-margin'     ><style type=\"text\/css\" data-created_by=\"avia_inline_auto\" id=\"style-css-av-kwm9tz2a-0c02a147a3b9340e47c1ae0742d66b0c\">\n.avia-image-container.av-kwm9tz2a-0c02a147a3b9340e47c1ae0742d66b0c img.avia_image{\nbox-shadow:none;\n}\n.avia-image-container.av-kwm9tz2a-0c02a147a3b9340e47c1ae0742d66b0c .av-image-caption-overlay-center{\ncolor:#ffffff;\n}\n<\/style>\n<div  class='avia-image-container av-kwm9tz2a-0c02a147a3b9340e47c1ae0742d66b0c av-styling- av-img-linked avia-align-center  avia-builder-el-51  avia-builder-el-no-sibling '   itemprop=\"image\" itemscope=\"itemscope\" itemtype=\"https:\/\/schema.org\/ImageObject\" ><div class=\"avia-image-container-inner\"><div class=\"avia-image-overlay-wrap\"><a href=\"https:\/\/www.peta.de\/\" class='avia_image '  aria-label='PETA-Online-Spendenurkunde-A4-2020-12.indd - PETA-Online-Spenden'><img decoding=\"async\" fetchpriority=\"high\" class='wp-image-104640 avia-img-lazy-loading-not-104640 avia_image ' src=\"https:\/\/kapitel-zwei.de\/wp-content\/uploads\/2021\/11\/Spendenurkunde_-PETA-scaled.jpg\" alt='Tierschutz Peta Kapitel Zwei' title='PETA-Online-Spendenurkunde-A4-2020-12.indd - PETA-Online-Spenden'  height=\"2560\" width=\"1810\"  itemprop=\"thumbnailUrl\" srcset=\"https:\/\/kapitel-zwei.de\/wp-content\/uploads\/2021\/11\/Spendenurkunde_-PETA-scaled.jpg 1810w, https:\/\/kapitel-zwei.de\/wp-content\/uploads\/2021\/11\/Spendenurkunde_-PETA-212x300.jpg 212w, https:\/\/kapitel-zwei.de\/wp-content\/uploads\/2021\/11\/Spendenurkunde_-PETA-728x1030.jpg 728w, https:\/\/kapitel-zwei.de\/wp-content\/uploads\/2021\/11\/Spendenurkunde_-PETA-57x80.jpg 57w, https:\/\/kapitel-zwei.de\/wp-content\/uploads\/2021\/11\/Spendenurkunde_-PETA-768x1086.jpg 768w, https:\/\/kapitel-zwei.de\/wp-content\/uploads\/2021\/11\/Spendenurkunde_-PETA-1086x1536.jpg 1086w, https:\/\/kapitel-zwei.de\/wp-content\/uploads\/2021\/11\/Spendenurkunde_-PETA-1448x2048.jpg 1448w, https:\/\/kapitel-zwei.de\/wp-content\/uploads\/2021\/11\/Spendenurkunde_-PETA-1060x1500.jpg 1060w, https:\/\/kapitel-zwei.de\/wp-content\/uploads\/2021\/11\/Spendenurkunde_-PETA-498x705.jpg 498w\" sizes=\"(max-width: 1810px) 100vw, 1810px\" \/><\/a><\/div><\/div><\/div><\/div>\n<div  class='hr av-atiwrtv-93c4691bc1434953f69d01c3c9812e3a hr-default  avia-builder-el-52  el_after_av_one_third  el_before_av_one_full '><span class='hr-inner '><span class=\"hr-inner-style\"><\/span><\/span><\/div>\n\n<style type=\"text\/css\" data-created_by=\"avia_inline_auto\" id=\"style-css-av-6lk0m1v-d115a6ecfe45429ea9c1036c00aa889e\">\n.flex_column.av-6lk0m1v-d115a6ecfe45429ea9c1036c00aa889e{\nborder-radius:0px 0px 0px 0px;\npadding:0px 0px 0px 0px;\n}\n<\/style>\n<div  class='flex_column av-6lk0m1v-d115a6ecfe45429ea9c1036c00aa889e av_one_full  avia-builder-el-53  el_after_av_hr  el_before_av_two_third  first flex_column_div av-zero-column-padding  '     ><section  class='av_textblock_section av-kwm98m7a-a0bc03b510d80599ccbbc9c231f98744 '   itemscope=\"itemscope\" itemtype=\"https:\/\/schema.org\/CreativeWork\" ><div class='avia_textblock'  itemprop=\"text\" ><h2><span style=\"color: #37ab1b !important;\">Gruppo per la protezione degli animali &#8211; Herzensmenschen<\/span><\/h2>\n<h3><span style=\"color: #37ab1b !important;\">Cani e gatti randagi<\/span><\/h3>\n<\/div><\/section><\/div>\n\n<style type=\"text\/css\" data-created_by=\"avia_inline_auto\" id=\"style-css-av-kwmd6ru4-e6b2d19cab1a28a25deb5803e1af732f\">\n.flex_column.av-kwmd6ru4-e6b2d19cab1a28a25deb5803e1af732f{\nborder-radius:0px 0px 0px 0px;\npadding:15px 15px 15px 15px;\nbackground-color:#fff8ed;\n}\n<\/style>\n<div  class='flex_column av-kwmd6ru4-e6b2d19cab1a28a25deb5803e1af732f av_two_third  avia-builder-el-55  el_after_av_one_full  el_before_av_one_third  first flex_column_div  column-top-margin'     ><section  class='av_textblock_section av-kwmaxenq-64aaac74dbedb439b8de023c8ff32987 '   itemscope=\"itemscope\" itemtype=\"https:\/\/schema.org\/CreativeWork\" ><div class='avia_textblock'  itemprop=\"text\" ><p>Il gruppo animalista Herzensmenschen si occupa principalmente di aiutare i cani randagi in Romania, ma di tanto in tanto aiuta anche in Germania.<\/p>\n<p>La popolazione rumena non ha mezzi finanziari e a volte nemmeno interesse a far sterilizzare i propri cani, i quali vengono abbandonati e cos\u00ec si sviluppa un circolo vizioso. Per le strade della Romania si vedono cani ovunque, molti cuccioli, anche molti gatti. Gli accalappiacani catturano i cani e li portano nei rifugi pubblici dove le condizioni di vita sono pessime e pericolose per il benessere degli animali.<\/p>\n<p>Il gruppo per la protezione degli animali Herzensmenschen lavora con operatori sul campo in Romania che accolgono e curano cani o gatti trascurati che vengono dalla strada o dai rifugi pubblici per animali.<\/p>\n<p>Usano le donazioni per organizzare campagne di castrazione, sostenere il personale addetto alla protezione degli animali in Romania, pagare le vaccinazioni, aiutare finanziariamente l&#8217;espansione dei rifugi privati per animali, comprare materiali per la costruzione di canili per cani randagi, ordinare cibo per gli animali in Romania, pagare le fatture dei veterinari per cani e gatti malati e molto altro.<\/p>\n<p>Un elemento importante del loro lavoro \u00e8 naturalmente anche l&#8217;adozione dei cani e dei gatti.<\/p>\n<p>Fonte: tierschutzgruppe-herzensmenschen.de\/was-wir-tun-und-warum\/<\/p>\n<\/div><\/section><\/div>\n\n<style type=\"text\/css\" data-created_by=\"avia_inline_auto\" id=\"style-css-av-8otkc4j-bae19d18049bf8b0dcd7ecd633157b44\">\n.flex_column.av-8otkc4j-bae19d18049bf8b0dcd7ecd633157b44{\nborder-radius:0px 0px 0px 0px;\npadding:0px 0px 0px 0px;\n}\n<\/style>\n<div  class='flex_column av-8otkc4j-bae19d18049bf8b0dcd7ecd633157b44 av_one_third  avia-builder-el-57  el_after_av_two_third  el_before_av_hr  flex_column_div av-zero-column-padding  column-top-margin'     ><style type=\"text\/css\" data-created_by=\"avia_inline_auto\" id=\"style-css-av-kwm9tz2a-8b91596368fff03f13a4625346427169\">\n.avia-image-container.av-kwm9tz2a-8b91596368fff03f13a4625346427169 img.avia_image{\nbox-shadow:none;\n}\n.avia-image-container.av-kwm9tz2a-8b91596368fff03f13a4625346427169 .av-image-caption-overlay-center{\ncolor:#ffffff;\n}\n<\/style>\n<div  class='avia-image-container av-kwm9tz2a-8b91596368fff03f13a4625346427169 av-styling- av-img-linked avia-align-center  avia-builder-el-58  avia-builder-el-no-sibling '   itemprop=\"image\" itemscope=\"itemscope\" itemtype=\"https:\/\/schema.org\/ImageObject\" ><div class=\"avia-image-container-inner\"><div class=\"avia-image-overlay-wrap\"><a href=\"https:\/\/tierschutzgruppe-herzensmenschen.de\/\" class='avia_image '  aria-label='PETA-Online-Spendenurkunde-A4-2020-12.indd - PETA-Online-Spenden'><img decoding=\"async\" fetchpriority=\"high\" class='wp-image-104668 avia-img-lazy-loading-not-104668 avia_image ' src=\"https:\/\/kapitel-zwei.de\/wp-content\/uploads\/2021\/11\/Tierschutzgruppe-Herzensmenschen.jpg\" alt='Tierschutzgruppe Herzensmenschen' title='PETA-Online-Spendenurkunde-A4-2020-12.indd - PETA-Online-Spenden'  height=\"1169\" width=\"827\"  itemprop=\"thumbnailUrl\" srcset=\"https:\/\/kapitel-zwei.de\/wp-content\/uploads\/2021\/11\/Tierschutzgruppe-Herzensmenschen.jpg 827w, https:\/\/kapitel-zwei.de\/wp-content\/uploads\/2021\/11\/Tierschutzgruppe-Herzensmenschen-212x300.jpg 212w, https:\/\/kapitel-zwei.de\/wp-content\/uploads\/2021\/11\/Tierschutzgruppe-Herzensmenschen-729x1030.jpg 729w, https:\/\/kapitel-zwei.de\/wp-content\/uploads\/2021\/11\/Tierschutzgruppe-Herzensmenschen-57x80.jpg 57w, https:\/\/kapitel-zwei.de\/wp-content\/uploads\/2021\/11\/Tierschutzgruppe-Herzensmenschen-768x1086.jpg 768w, https:\/\/kapitel-zwei.de\/wp-content\/uploads\/2021\/11\/Tierschutzgruppe-Herzensmenschen-499x705.jpg 499w\" sizes=\"(max-width: 827px) 100vw, 827px\" \/><\/a><\/div><\/div><\/div><\/div>\n<div  class='hr av-atiwrtv-93c4691bc1434953f69d01c3c9812e3a hr-default  avia-builder-el-59  el_after_av_one_third  el_before_av_one_full '><span class='hr-inner '><span class=\"hr-inner-style\"><\/span><\/span><\/div>\n\n<style type=\"text\/css\" data-created_by=\"avia_inline_auto\" id=\"style-css-av-kk0obab-8539b7b501cd92e52e83b90d807b8b3c\">\n.flex_column.av-kk0obab-8539b7b501cd92e52e83b90d807b8b3c{\nborder-radius:0px 0px 0px 0px;\npadding:0px 0px 0px 0px;\n}\n<\/style>\n<div  class='flex_column av-kk0obab-8539b7b501cd92e52e83b90d807b8b3c av_one_full  avia-builder-el-60  el_after_av_hr  el_before_av_two_third  first flex_column_div av-zero-column-padding  '     ><section  class='av_textblock_section av-kwm98m7a-a0bc03b510d80599ccbbc9c231f98744 '   itemscope=\"itemscope\" itemtype=\"https:\/\/schema.org\/CreativeWork\" ><div class='avia_textblock'  itemprop=\"text\" ><h2><span style=\"color: #37ab1b;\">AKTION DEUTSCHLAND HILFT <\/span><\/h2>\n<h3><span style=\"color: #37ab1b;\">Alleanza delle organizzazioni di aiuto tedesche &#8211; Aiutare insieme pi\u00f9 velocemente<\/span><\/h3>\n<\/div><\/section><\/div>\n<style type=\"text\/css\" data-created_by=\"avia_inline_auto\" id=\"style-css-av-kk0obab-8539b7b501cd92e52e83b90d807b8b3c\">\n.flex_column.av-kk0obab-8539b7b501cd92e52e83b90d807b8b3c{\nborder-radius:0px 0px 0px 0px;\npadding:0px 0px 0px 0px;\n}\n<\/style>\n<div  class='flex_column av-kk0obab-8539b7b501cd92e52e83b90d807b8b3c av_two_third  avia-builder-el-62  el_after_av_one_full  el_before_av_one_third  first flex_column_div av-zero-column-padding  column-top-margin'     ><section  class='av_textblock_section av-kwm98m7a-a0bc03b510d80599ccbbc9c231f98744 '   itemscope=\"itemscope\" itemtype=\"https:\/\/schema.org\/CreativeWork\" ><div class='avia_textblock'  itemprop=\"text\" ><p>Oltre alle catastrofi ambientali, l&#8217;essere umano \u00e8 in realt\u00e0 la pi\u00f9 grande catastrofe e, ammettiamolo, purtroppo sempre la causa.<\/p>\n<p>Ecco perch\u00e9 Kapitel Zwei non solo sostiene progetti ambientali, ma anche l&#8217;alleanza umanitaria &#8220;Aktion Deutschland Hilft&#8221;. Questa alleanza di pi\u00f9 di 20 organizzazioni di aiuto soccorre le vittime umane delle grandi catastrofi all&#8217;estero in modo rapido e secondo le necessit\u00e0. Attualmente \u00e8 coinvolta in 2400 progetti di aiuto in 130 paesi &#8211; s\u00ec, anche in Ucraina.<\/p>\n<p>La grande rete semplifica la cooperazione con le organizzazioni e i partner locali nella rispettiva area del disastro.<\/p>\n<p>Anche tu puoi donare: https:\/\/www.aktion-deutschland-hilft.de\/<\/p>\n<\/div><\/section><\/div>\n<style type=\"text\/css\" data-created_by=\"avia_inline_auto\" id=\"style-css-av-i0rzuub-eaecf6ab4d5694592d01e69649f344a2\">\n.flex_column.av-i0rzuub-eaecf6ab4d5694592d01e69649f344a2{\nborder-radius:0px 0px 0px 0px;\npadding:0px 0px 0px 0px;\n}\n<\/style>\n<div  class='flex_column av-i0rzuub-eaecf6ab4d5694592d01e69649f344a2 av_one_third  avia-builder-el-64  el_after_av_two_third  el_before_av_hr  flex_column_div av-zero-column-padding  column-top-margin'     ><style type=\"text\/css\" data-created_by=\"avia_inline_auto\" id=\"style-css-av-kwm9tz2a-efee046158006d9546f874cb7d1eeb34\">\n.avia-image-container.av-kwm9tz2a-efee046158006d9546f874cb7d1eeb34 img.avia_image{\nbox-shadow:none;\n}\n.avia-image-container.av-kwm9tz2a-efee046158006d9546f874cb7d1eeb34 .av-image-caption-overlay-center{\ncolor:#ffffff;\n}\n<\/style>\n<div  class='avia-image-container av-kwm9tz2a-efee046158006d9546f874cb7d1eeb34 av-styling- av-img-linked avia-align-center  avia-builder-el-65  avia-builder-el-no-sibling '   itemprop=\"image\" itemscope=\"itemscope\" itemtype=\"https:\/\/schema.org\/ImageObject\" ><div class=\"avia-image-container-inner\"><div class=\"avia-image-overlay-wrap\"><a href=\"https:\/\/www.peta.de\/\" class='avia_image '  aria-label='Deutschland Hilft Spende Kapitel Zwei'><img decoding=\"async\" fetchpriority=\"high\" class='wp-image-106489 avia-img-lazy-loading-not-106489 avia_image ' src=\"https:\/\/kapitel-zwei.de\/wp-content\/uploads\/2022\/03\/Deutschland-Hilft-Spende-Kapitel-Zwei.jpg\" alt='Deutschland Hilft Spende Kapitel Zwei' title='Deutschland Hilft Spende Kapitel Zwei'  height=\"579\" width=\"445\"  itemprop=\"thumbnailUrl\" srcset=\"https:\/\/kapitel-zwei.de\/wp-content\/uploads\/2022\/03\/Deutschland-Hilft-Spende-Kapitel-Zwei.jpg 445w, https:\/\/kapitel-zwei.de\/wp-content\/uploads\/2022\/03\/Deutschland-Hilft-Spende-Kapitel-Zwei-231x300.jpg 231w, https:\/\/kapitel-zwei.de\/wp-content\/uploads\/2022\/03\/Deutschland-Hilft-Spende-Kapitel-Zwei-61x80.jpg 61w\" sizes=\"(max-width: 445px) 100vw, 445px\" \/><\/a><\/div><\/div><\/div><\/div><div  class='hr av-atiwrtv-93c4691bc1434953f69d01c3c9812e3a hr-default  avia-builder-el-66  el_after_av_one_third  el_before_av_one_full '><span class='hr-inner '><span class=\"hr-inner-style\"><\/span><\/span><\/div><\/p>\n\n<style type=\"text\/css\" data-created_by=\"avia_inline_auto\" id=\"style-css-av-6lk0m1v-d115a6ecfe45429ea9c1036c00aa889e\">\n.flex_column.av-6lk0m1v-d115a6ecfe45429ea9c1036c00aa889e{\nborder-radius:0px 0px 0px 0px;\npadding:0px 0px 0px 0px;\n}\n<\/style>\n<div  class='flex_column av-6lk0m1v-d115a6ecfe45429ea9c1036c00aa889e av_one_full  avia-builder-el-67  el_after_av_hr  el_before_av_two_third  first flex_column_div av-zero-column-padding  '     ><section  class='av_textblock_section av-kwm98m7a-a0bc03b510d80599ccbbc9c231f98744 '   itemscope=\"itemscope\" itemtype=\"https:\/\/schema.org\/CreativeWork\" ><div class='avia_textblock'  itemprop=\"text\" ><h2><span style=\"color: #37ab1b;\">24 Buone azioni<\/span><\/h2>\n<h3><span style=\"color: #37ab1b;\">24 progetti di aiuto in tutto il mondo<\/span><\/h3>\n<\/div><\/section><\/div>\n<style type=\"text\/css\" data-created_by=\"avia_inline_auto\" id=\"style-css-av-kwmd6ru4-e6b2d19cab1a28a25deb5803e1af732f\">\n.flex_column.av-kwmd6ru4-e6b2d19cab1a28a25deb5803e1af732f{\nborder-radius:0px 0px 0px 0px;\npadding:15px 15px 15px 15px;\nbackground-color:#fff8ed;\n}\n<\/style>\n<div  class='flex_column av-kwmd6ru4-e6b2d19cab1a28a25deb5803e1af732f av_two_third  avia-builder-el-69  el_after_av_one_full  el_before_av_one_third  first flex_column_div  column-top-margin'     ><section  class='av_textblock_section av-kwmaxenq-64aaac74dbedb439b8de023c8ff32987 '   itemscope=\"itemscope\" itemtype=\"https:\/\/schema.org\/CreativeWork\" ><div class='avia_textblock'  itemprop=\"text\" ><p>Con il Calendario dell&#8217;Avvento 24 BUONE AZIONI (24 Gute Taten), sosteniamo ogni anno 24 progetti di aiuto in tutto il mondo. Ci concentriamo anche su questi progetti in classe. Cos\u00ec&#8230;<\/p>\n<p>&#8230; da migliorare la sensibilit\u00e0 geografica<br \/>\n&#8230; si comprendono le sfide sociali ed ecologiche<br \/>\n&#8230; si discutono il comportamento del consumatore e i valori personali<br \/>\n&#8230; si sviluppano insieme soluzioni per l&#8217;assunzione di responsabilit\u00e0<\/p>\n<p>Fonte: https:\/\/www.24-gute-taten.de\/<\/p>\n<\/div><\/section><\/div>\n<style type=\"text\/css\" data-created_by=\"avia_inline_auto\" id=\"style-css-av-i0rzuub-eaecf6ab4d5694592d01e69649f344a2\">\n.flex_column.av-i0rzuub-eaecf6ab4d5694592d01e69649f344a2{\nborder-radius:0px 0px 0px 0px;\npadding:0px 0px 0px 0px;\n}\n<\/style>\n<div  class='flex_column av-i0rzuub-eaecf6ab4d5694592d01e69649f344a2 av_one_third  avia-builder-el-71  el_after_av_two_third  el_before_av_hr  flex_column_div av-zero-column-padding  column-top-margin'     ><style type=\"text\/css\" data-created_by=\"avia_inline_auto\" id=\"style-css-av-kwm9tz2a-05c99794fe76fb8f4661059ffb25d3a7\">\n.avia-image-container.av-kwm9tz2a-05c99794fe76fb8f4661059ffb25d3a7 img.avia_image{\nbox-shadow:none;\n}\n.avia-image-container.av-kwm9tz2a-05c99794fe76fb8f4661059ffb25d3a7 .av-image-caption-overlay-center{\ncolor:#ffffff;\n}\n<\/style>\n<div  class='avia-image-container av-kwm9tz2a-05c99794fe76fb8f4661059ffb25d3a7 av-styling- av-img-linked avia-align-center  avia-builder-el-72  avia-builder-el-no-sibling '   itemprop=\"image\" itemscope=\"itemscope\" itemtype=\"https:\/\/schema.org\/ImageObject\" ><div class=\"avia-image-container-inner\"><div class=\"avia-image-overlay-wrap\"><a href=\"https:\/\/www.peta.de\/\" class='avia_image '  aria-label='24 Gute Taten'><img decoding=\"async\" fetchpriority=\"high\" class='wp-image-104793 avia-img-lazy-loading-not-104793 avia_image ' src=\"https:\/\/kapitel-zwei.de\/wp-content\/uploads\/2021\/12\/24-Gute-Taten-1030x494.jpg\" alt='24 Gute Taten' title='24 Gute Taten'  height=\"494\" width=\"1030\"  itemprop=\"thumbnailUrl\" srcset=\"https:\/\/kapitel-zwei.de\/wp-content\/uploads\/2021\/12\/24-Gute-Taten-1030x494.jpg 1030w, https:\/\/kapitel-zwei.de\/wp-content\/uploads\/2021\/12\/24-Gute-Taten-300x144.jpg 300w, https:\/\/kapitel-zwei.de\/wp-content\/uploads\/2021\/12\/24-Gute-Taten-80x38.jpg 80w, https:\/\/kapitel-zwei.de\/wp-content\/uploads\/2021\/12\/24-Gute-Taten-768x368.jpg 768w, https:\/\/kapitel-zwei.de\/wp-content\/uploads\/2021\/12\/24-Gute-Taten-1536x736.jpg 1536w, https:\/\/kapitel-zwei.de\/wp-content\/uploads\/2021\/12\/24-Gute-Taten-1500x719.jpg 1500w, https:\/\/kapitel-zwei.de\/wp-content\/uploads\/2021\/12\/24-Gute-Taten-705x338.jpg 705w, https:\/\/kapitel-zwei.de\/wp-content\/uploads\/2021\/12\/24-Gute-Taten.jpg 1636w\" sizes=\"(max-width: 1030px) 100vw, 1030px\" \/><\/a><\/div><\/div><\/div><\/div><\/p>\n<div  class='hr av-atiwrtv-93c4691bc1434953f69d01c3c9812e3a hr-default  avia-builder-el-73  el_after_av_one_third  el_before_av_one_full '><span class='hr-inner '><span class=\"hr-inner-style\"><\/span><\/span><\/div>\n\n<style type=\"text\/css\" data-created_by=\"avia_inline_auto\" id=\"style-css-av-kwmd9sz1-4593ed710c48a44ad75e145a82c4627f\">\n.flex_column.av-kwmd9sz1-4593ed710c48a44ad75e145a82c4627f{\nborder-radius:0px 0px 0px 0px;\npadding:15px 15px 15px 15px;\nbackground-color:#dfffdd;\n}\n<\/style>\n<div  class='flex_column av-kwmd9sz1-4593ed710c48a44ad75e145a82c4627f av_one_full  avia-builder-el-74  el_after_av_hr  avia-builder-el-last  first flex_column_div  '     ><section  class='av_textblock_section av-kwmaxenq-64aaac74dbedb439b8de023c8ff32987 '   itemscope=\"itemscope\" itemtype=\"https:\/\/schema.org\/CreativeWork\" ><div class='avia_textblock'  itemprop=\"text\" ><p>L&#8217;Unione tedesca per la conservazione della natura e della biodiversit\u00e0 (<a href=\"https:\/\/www.nabu.de\/umwelt-und-ressourcen\/klima-und-luft\/klimawandel\/06740.html\" target=\"_blank\" rel=\"noopener noreferrer\">Naturschutzbund Deutschland\u2192<\/a>) spiega anche come puoi proteggere il clima nella tua vita privata.<br \/>\nKapitel Zwei \u00e8 felice se anche tu vuoi contribuire ad aprire gli occhi ai tuoi amici umani e a partecipare attivamente alla protezione dell&#8217;ambiente e degli animali.<\/p>\n<\/div><\/section><\/div>\n","protected":false},"excerpt":{"rendered":"","protected":false},"author":16,"featured_media":0,"parent":0,"menu_order":0,"comment_status":"closed","ping_status":"closed","template":"","meta":{"footnotes":""},"class_list":["post-104721","page","type-page","status-publish","hentry"],"yoast_head":"<!-- This site is optimized with the Yoast SEO Premium plugin v24.4 (Yoast SEO v24.4) - https:\/\/yoast.com\/wordpress\/plugins\/seo\/ -->\n<title>Sostenibilit\u00e0 - Protezione dell&#039;ambiente e degli animali - Impronta di Co2 Kapitel Zwei Berlin<\/title>\n<meta name=\"description\" content=\"La crisi climatica \u00e8 una delle pi\u00f9 grandi sfide che l&#039;umanit\u00e0 deve affrontare. Tutti dobbiamo assumerci la responsabilit\u00e0 per trovare la soluzione e contribuire attivamente - anche Kapitel Zwei. Stiamo diventando &quot;verdi&quot;. Vuoi aiutare anche tu? Qui puoi trovare maggiori informazioni.\" \/>\n<meta name=\"robots\" content=\"index, follow, max-snippet:-1, max-image-preview:large, max-video-preview:-1\" \/>\n<link rel=\"canonical\" href=\"https:\/\/www.kapitel-zwei.de\/it\/sostenibilita\/\" \/>\n<meta property=\"og:locale\" content=\"it_IT\" \/>\n<meta property=\"og:type\" content=\"article\" \/>\n<meta property=\"og:title\" content=\"Sostenibilit\u00e0\" \/>\n<meta property=\"og:description\" content=\"La crisi climatica \u00e8 una delle pi\u00f9 grandi sfide che l&#039;umanit\u00e0 deve affrontare. Tutti dobbiamo assumerci la responsabilit\u00e0 per trovare la soluzione e contribuire attivamente - anche Kapitel Zwei. Stiamo diventando &quot;verdi&quot;. Vuoi aiutare anche tu? Qui puoi trovare maggiori informazioni.\" \/>\n<meta property=\"og:url\" content=\"https:\/\/www.kapitel-zwei.de\/it\/sostenibilita\/\" \/>\n<meta property=\"og:site_name\" content=\"Kapitel Zwei Berlin\" \/>\n<meta property=\"article:publisher\" content=\"https:\/\/www.facebook.com\/kapitelzwei\/\" \/>\n<meta property=\"article:modified_time\" content=\"2022-03-12T11:40:10+00:00\" \/>\n<meta name=\"twitter:card\" content=\"summary_large_image\" \/>\n<meta name=\"twitter:site\" content=\"@kapitelzwei\" \/>\n<meta name=\"twitter:label1\" content=\"Tempo di lettura stimato\" \/>\n\t<meta name=\"twitter:data1\" content=\"36 minuti\" \/>\n<script type=\"application\/ld+json\" class=\"yoast-schema-graph\">{\"@context\":\"https:\/\/schema.org\",\"@graph\":[{\"@type\":\"WebPage\",\"@id\":\"https:\/\/www.kapitel-zwei.de\/it\/sostenibilita\/\",\"url\":\"https:\/\/www.kapitel-zwei.de\/it\/sostenibilita\/\",\"name\":\"Sostenibilit\u00e0 - Protezione dell'ambiente e degli animali - Impronta di Co2 Kapitel Zwei Berlin\",\"isPartOf\":{\"@id\":\"https:\/\/kapitel-zwei.de\/es\/#website\"},\"datePublished\":\"2021-11-30T15:26:11+00:00\",\"dateModified\":\"2022-03-12T11:40:10+00:00\",\"description\":\"La crisi climatica \u00e8 una delle pi\u00f9 grandi sfide che l'umanit\u00e0 deve affrontare. Tutti dobbiamo assumerci la responsabilit\u00e0 per trovare la soluzione e contribuire attivamente - anche Kapitel Zwei. Stiamo diventando \\\"verdi\\\". Vuoi aiutare anche tu? Qui puoi trovare maggiori informazioni.\",\"breadcrumb\":{\"@id\":\"https:\/\/www.kapitel-zwei.de\/it\/sostenibilita\/#breadcrumb\"},\"inLanguage\":\"it-IT\",\"potentialAction\":[{\"@type\":\"ReadAction\",\"target\":[\"https:\/\/www.kapitel-zwei.de\/it\/sostenibilita\/\"]}]},{\"@type\":\"BreadcrumbList\",\"@id\":\"https:\/\/www.kapitel-zwei.de\/it\/sostenibilita\/#breadcrumb\",\"itemListElement\":[{\"@type\":\"ListItem\",\"position\":1,\"name\":\"Startseite\",\"item\":\"https:\/\/kapitel-zwei.de\/it\/\"},{\"@type\":\"ListItem\",\"position\":2,\"name\":\"Sostenibilit\u00e0\"}]},{\"@type\":\"WebSite\",\"@id\":\"https:\/\/kapitel-zwei.de\/es\/#website\",\"url\":\"https:\/\/kapitel-zwei.de\/es\/\",\"name\":\"Kapitel Zwei Berlin\",\"description\":\"Deutschkurs Berlin | Sprachschule Berlin | German language school Berlin | telc Berlin | Deutsch Pr\u00fcfung Berlin | Intensive German courses Berlin | TestDaF Pr\u00fcfung | Online Kurse\",\"publisher\":{\"@id\":\"https:\/\/kapitel-zwei.de\/es\/#organization\"},\"potentialAction\":[{\"@type\":\"SearchAction\",\"target\":{\"@type\":\"EntryPoint\",\"urlTemplate\":\"https:\/\/kapitel-zwei.de\/es\/?s={search_term_string}\"},\"query-input\":{\"@type\":\"PropertyValueSpecification\",\"valueRequired\":true,\"valueName\":\"search_term_string\"}}],\"inLanguage\":\"it-IT\"},{\"@type\":\"Organization\",\"@id\":\"https:\/\/kapitel-zwei.de\/es\/#organization\",\"name\":\"Kapitel Zwei. Deutsch-Sprachschule Berlin GmbH\",\"url\":\"https:\/\/kapitel-zwei.de\/es\/\",\"logo\":{\"@type\":\"ImageObject\",\"inLanguage\":\"it-IT\",\"@id\":\"https:\/\/kapitel-zwei.de\/es\/#\/schema\/logo\/image\/\",\"url\":\"https:\/\/kapitel-zwei.de\/wp-content\/uploads\/2018\/08\/Kapitel-Zwei-Berlin-Sprachschule-Deutsch-Deutschkurse-Berlin.jpg\",\"contentUrl\":\"https:\/\/kapitel-zwei.de\/wp-content\/uploads\/2018\/08\/Kapitel-Zwei-Berlin-Sprachschule-Deutsch-Deutschkurse-Berlin.jpg\",\"width\":350,\"height\":101,\"caption\":\"Kapitel Zwei. Deutsch-Sprachschule Berlin GmbH\"},\"image\":{\"@id\":\"https:\/\/kapitel-zwei.de\/es\/#\/schema\/logo\/image\/\"},\"sameAs\":[\"https:\/\/www.facebook.com\/kapitelzwei\/\",\"https:\/\/x.com\/kapitelzwei\"]}]}<\/script>\n<!-- \/ Yoast SEO Premium plugin. -->","yoast_head_json":{"title":"Sostenibilit\u00e0 - Protezione dell'ambiente e degli animali - Impronta di Co2 Kapitel Zwei Berlin","description":"La crisi climatica \u00e8 una delle pi\u00f9 grandi sfide che l'umanit\u00e0 deve affrontare. Tutti dobbiamo assumerci la responsabilit\u00e0 per trovare la soluzione e contribuire attivamente - anche Kapitel Zwei. Stiamo diventando \"verdi\". Vuoi aiutare anche tu? Qui puoi trovare maggiori informazioni.","robots":{"index":"index","follow":"follow","max-snippet":"max-snippet:-1","max-image-preview":"max-image-preview:large","max-video-preview":"max-video-preview:-1"},"canonical":"https:\/\/www.kapitel-zwei.de\/it\/sostenibilita\/","og_locale":"it_IT","og_type":"article","og_title":"Sostenibilit\u00e0","og_description":"La crisi climatica \u00e8 una delle pi\u00f9 grandi sfide che l'umanit\u00e0 deve affrontare. Tutti dobbiamo assumerci la responsabilit\u00e0 per trovare la soluzione e contribuire attivamente - anche Kapitel Zwei. Stiamo diventando \"verdi\". Vuoi aiutare anche tu? Qui puoi trovare maggiori informazioni.","og_url":"https:\/\/www.kapitel-zwei.de\/it\/sostenibilita\/","og_site_name":"Kapitel Zwei Berlin","article_publisher":"https:\/\/www.facebook.com\/kapitelzwei\/","article_modified_time":"2022-03-12T11:40:10+00:00","twitter_card":"summary_large_image","twitter_site":"@kapitelzwei","twitter_misc":{"Tempo di lettura stimato":"36 minuti"},"schema":{"@context":"https:\/\/schema.org","@graph":[{"@type":"WebPage","@id":"https:\/\/www.kapitel-zwei.de\/it\/sostenibilita\/","url":"https:\/\/www.kapitel-zwei.de\/it\/sostenibilita\/","name":"Sostenibilit\u00e0 - Protezione dell'ambiente e degli animali - Impronta di Co2 Kapitel Zwei Berlin","isPartOf":{"@id":"https:\/\/kapitel-zwei.de\/es\/#website"},"datePublished":"2021-11-30T15:26:11+00:00","dateModified":"2022-03-12T11:40:10+00:00","description":"La crisi climatica \u00e8 una delle pi\u00f9 grandi sfide che l'umanit\u00e0 deve affrontare. Tutti dobbiamo assumerci la responsabilit\u00e0 per trovare la soluzione e contribuire attivamente - anche Kapitel Zwei. Stiamo diventando \"verdi\". Vuoi aiutare anche tu? Qui puoi trovare maggiori informazioni.","breadcrumb":{"@id":"https:\/\/www.kapitel-zwei.de\/it\/sostenibilita\/#breadcrumb"},"inLanguage":"it-IT","potentialAction":[{"@type":"ReadAction","target":["https:\/\/www.kapitel-zwei.de\/it\/sostenibilita\/"]}]},{"@type":"BreadcrumbList","@id":"https:\/\/www.kapitel-zwei.de\/it\/sostenibilita\/#breadcrumb","itemListElement":[{"@type":"ListItem","position":1,"name":"Startseite","item":"https:\/\/kapitel-zwei.de\/it\/"},{"@type":"ListItem","position":2,"name":"Sostenibilit\u00e0"}]},{"@type":"WebSite","@id":"https:\/\/kapitel-zwei.de\/es\/#website","url":"https:\/\/kapitel-zwei.de\/es\/","name":"Kapitel Zwei Berlin","description":"Deutschkurs Berlin | Sprachschule Berlin | German language school Berlin | telc Berlin | Deutsch Pr\u00fcfung Berlin | Intensive German courses Berlin | TestDaF Pr\u00fcfung | Online Kurse","publisher":{"@id":"https:\/\/kapitel-zwei.de\/es\/#organization"},"potentialAction":[{"@type":"SearchAction","target":{"@type":"EntryPoint","urlTemplate":"https:\/\/kapitel-zwei.de\/es\/?s={search_term_string}"},"query-input":{"@type":"PropertyValueSpecification","valueRequired":true,"valueName":"search_term_string"}}],"inLanguage":"it-IT"},{"@type":"Organization","@id":"https:\/\/kapitel-zwei.de\/es\/#organization","name":"Kapitel Zwei. Deutsch-Sprachschule Berlin GmbH","url":"https:\/\/kapitel-zwei.de\/es\/","logo":{"@type":"ImageObject","inLanguage":"it-IT","@id":"https:\/\/kapitel-zwei.de\/es\/#\/schema\/logo\/image\/","url":"https:\/\/kapitel-zwei.de\/wp-content\/uploads\/2018\/08\/Kapitel-Zwei-Berlin-Sprachschule-Deutsch-Deutschkurse-Berlin.jpg","contentUrl":"https:\/\/kapitel-zwei.de\/wp-content\/uploads\/2018\/08\/Kapitel-Zwei-Berlin-Sprachschule-Deutsch-Deutschkurse-Berlin.jpg","width":350,"height":101,"caption":"Kapitel Zwei. Deutsch-Sprachschule Berlin GmbH"},"image":{"@id":"https:\/\/kapitel-zwei.de\/es\/#\/schema\/logo\/image\/"},"sameAs":["https:\/\/www.facebook.com\/kapitelzwei\/","https:\/\/x.com\/kapitelzwei"]}]}},"_links":{"self":[{"href":"https:\/\/kapitel-zwei.de\/it\/wp-json\/wp\/v2\/pages\/104721","targetHints":{"allow":["GET"]}}],"collection":[{"href":"https:\/\/kapitel-zwei.de\/it\/wp-json\/wp\/v2\/pages"}],"about":[{"href":"https:\/\/kapitel-zwei.de\/it\/wp-json\/wp\/v2\/types\/page"}],"author":[{"embeddable":true,"href":"https:\/\/kapitel-zwei.de\/it\/wp-json\/wp\/v2\/users\/16"}],"replies":[{"embeddable":true,"href":"https:\/\/kapitel-zwei.de\/it\/wp-json\/wp\/v2\/comments?post=104721"}],"version-history":[{"count":4,"href":"https:\/\/kapitel-zwei.de\/it\/wp-json\/wp\/v2\/pages\/104721\/revisions"}],"predecessor-version":[{"id":106512,"href":"https:\/\/kapitel-zwei.de\/it\/wp-json\/wp\/v2\/pages\/104721\/revisions\/106512"}],"wp:attachment":[{"href":"https:\/\/kapitel-zwei.de\/it\/wp-json\/wp\/v2\/media?parent=104721"}],"curies":[{"name":"wp","href":"https:\/\/api.w.org\/{rel}","templated":true}]}}