{"id":22675,"date":"2017-05-31T09:55:11","date_gmt":"2017-05-31T07:55:11","guid":{"rendered":"https:\/\/kapitel-zwei.de\/preparacao-telc-deutsch-b2\/"},"modified":"2025-07-09T08:24:12","modified_gmt":"2025-07-09T06:24:12","slug":"preparazione-telc-deutsch-b2","status":"publish","type":"page","link":"https:\/\/kapitel-zwei.de\/it\/preparazione-telc-deutsch-b2\/","title":{"rendered":"Preparazione per l&#8217;esame di tedesco telc Deutsch B2 a Berlino"},"content":{"rendered":"\n<style type=\"text\/css\" data-created_by=\"avia_inline_auto\" id=\"style-css-av-nv6pprn-258191383719ac17f83d9f24bc0b4f73\">\n.flex_column.av-nv6pprn-258191383719ac17f83d9f24bc0b4f73{\nborder-radius:0px 0px 0px 0px;\npadding:0px 0px 0px 0px;\n}\n<\/style>\n<div  class='flex_column av-nv6pprn-258191383719ac17f83d9f24bc0b4f73 av_one_full  avia-builder-el-0  el_before_av_one_half  avia-builder-el-first  first flex_column_div av-zero-column-padding  '     ><section  class='av_textblock_section av-kl2vkxzb-881678331dce87b0f73c1012388851eb '   itemscope=\"itemscope\" itemtype=\"https:\/\/schema.org\/CreativeWork\" ><div class='avia_textblock'  itemprop=\"text\" ><h1><span style=\"color: #ff6600;\">Preparazione super veloce per l&#8217;esame di tedesco telc Deutsch B2 a Berlino <\/span><\/h1>\n<\/div><\/section><\/div>\n\n<style type=\"text\/css\" data-created_by=\"avia_inline_auto\" id=\"style-css-av-n3oyppv-ec5a082bb71ffc0ed9766b23b4b636e1\">\n.flex_column.av-n3oyppv-ec5a082bb71ffc0ed9766b23b4b636e1{\nborder-radius:0px 0px 0px 0px;\npadding:15px 15px 15px 15px;\nbackground-color:#ffe4d4;\n}\n<\/style>\n<div  class='flex_column av-n3oyppv-ec5a082bb71ffc0ed9766b23b4b636e1 av_one_half  avia-builder-el-2  el_after_av_one_full  el_before_av_one_half  first flex_column_div  column-top-margin'     ><section  class='av_textblock_section av-kl2vm6xo-fb4426641a7fcc476ef676b3107eac29 '   itemscope=\"itemscope\" itemtype=\"https:\/\/schema.org\/CreativeWork\" ><div class='avia_textblock'  itemprop=\"text\" ><h3><span style=\"color: #ff6600 !important;\">Lezioni in presenza in un aula reale (#offline) \u2013 162 \u20ac!<\/span><\/h3>\n<h3><span style=\"color: #ff6600 !important;\">Corso di tedesco online con lezioni dal vivo \u2013 162 \u20ac!<\/span><\/h3>\n<\/div><\/section><\/div>\n\n<style type=\"text\/css\" data-created_by=\"avia_inline_auto\" id=\"style-css-av-l16qsb7-b680f83f293b80e4d11edb8828c37634\">\n.flex_column.av-l16qsb7-b680f83f293b80e4d11edb8828c37634{\nborder-radius:0px 0px 0px 0px;\npadding:15px 15px 15px 15px;\nbackground-color:#fffdf3;\n}\n<\/style>\n<div  class='flex_column av-l16qsb7-b680f83f293b80e4d11edb8828c37634 av_one_half  avia-builder-el-4  el_after_av_one_half  el_before_av_one_full  flex_column_div  column-top-margin'     ><section  class='av_textblock_section av-kl2vm6xo-1-f23099c5623e2103d05aa28dc3f99388 '   itemscope=\"itemscope\" itemtype=\"https:\/\/schema.org\/CreativeWork\" ><div class='avia_textblock'  itemprop=\"text\" ><h3>I nuovi corsi di preparazione nell\u2019aula virtuale (online-live) che nell\u2019 aula reale iniziano ogni mese da Kapitel Zwei a Berlino.<\/h3>\n<p>Sia che si tratti di lezioni <strong>virtuali<\/strong> o <strong>reali<\/strong> \u2013 i nostri corsi di tedesco rimangono di alta qualit\u00e0, professionali, ma anche solidi e affidabili.<\/p>\n<\/div><\/section><\/div>\n\n<style type=\"text\/css\" data-created_by=\"avia_inline_auto\" id=\"style-css-av-m61m6b7-e9e06504b70aaa875465e5589045752a\">\n.flex_column.av-m61m6b7-e9e06504b70aaa875465e5589045752a{\nborder-radius:0px 0px 0px 0px;\npadding:0px 0px 0px 0px;\n}\n<\/style>\n<div  class='flex_column av-m61m6b7-e9e06504b70aaa875465e5589045752a av_one_full  avia-builder-el-6  el_after_av_one_half  el_before_av_hr  first flex_column_div av-zero-column-padding  column-top-margin'     ><section  class='av_textblock_section av-lswpkib-4fb19e9a1ca367483303efc003288941 '   itemscope=\"itemscope\" itemtype=\"https:\/\/schema.org\/CreativeWork\" ><div class='avia_textblock'  itemprop=\"text\" ><p>Hai padronanza della lingua tedesca ad un livello gi\u00e0 avanzato, ma ti manca la certificazione a scopo professionale, universitario o privato? Il nostro corso \u201cPreparazione super veloce per l&#8217; esame di tedesco telc Deutsch B2 a Berlino\u201c ti offre la soluzione ideale!<\/p>\n<\/div><\/section><\/div>\n\n<style type=\"text\/css\" data-created_by=\"avia_inline_auto\" id=\"style-css-av-id87cz7-117a81d40780bcebcb0d470c19d9f37d\">\n#top .hr.hr-invisible.av-id87cz7-117a81d40780bcebcb0d470c19d9f37d{\nheight:10px;\n}\n<\/style>\n<div  class='hr av-id87cz7-117a81d40780bcebcb0d470c19d9f37d hr-invisible  avia-builder-el-8  el_after_av_one_full  el_before_av_textblock '><span class='hr-inner '><span class=\"hr-inner-style\"><\/span><\/span><\/div>\n<section  class='av_textblock_section av-hpk1mtv-bf2f2909ef39cf74fc215e601528f550 '   itemscope=\"itemscope\" itemtype=\"https:\/\/schema.org\/CreativeWork\" ><div class='avia_textblock tablepress_scroll-if-too-large'  itemprop=\"text\" ><h2 id=\"tablepress-313-name\" class=\"tablepress-table-name tablepress-table-name-id-313\">Corso di preparazione telc B2 - Panoramica dei corsi offline e online<\/h2>\n\n<table id=\"tablepress-313\" class=\"tablepress tablepress-id-313 tablepress_too_large tbody-has-connected-cells\" aria-labelledby=\"tablepress-313-name\">\n<thead>\n<tr class=\"row-1\">\n\t<th class=\"column-1\"><p style=\"color:white !important;\"><br \/>\npreparazione  telc B2 <br \/>\n<br \/>\n<\/p><\/th><th class=\"column-2\"><p style=\"background-color:#f60 !important; color:white !important; text-align: center;\"><br \/>\nCorsi offline<br \/>\nAula reale<br \/>\n<br \/>\nI corsi iniziano ogni mese<br \/>\n(4 settimane)<br \/>\n<br \/>\n<\/p><\/th><th class=\"column-3\"><p style=\"background-color:#f60 !important; color:white !important; text-align: center;\"><br \/>\nCorsi online <br \/>\nAula virtuale<br \/>\n<br \/>\nI corsi iniziano ogni mese<br \/>\n(4 settimane)<br \/>\n<br \/>\n<\/p><\/th>\n<\/tr>\n<\/thead>\n<tbody class=\"row-striping\">\n<tr class=\"row-2\">\n\t<td class=\"column-1\"><p style=\"text-align: center; background-color:#FFEEE6 !important; \"><br \/>\nInizio del corso<br \/>\n<br \/>\n<\/p><\/td><td colspan=\"2\" class=\"column-2\"><p style=\"text-align: center; background-color:#FFEEE6 !important; \"><br \/>\n<a href=\"https:\/\/kapitel-zwei.de\/it\/date-dei-corsi\/\">I nuovi corsi di tedesco iniziano ogni mese durante tutto l'anno (Date dei corsi)<\/a><br \/>\n<br \/>\n<\/p><\/td>\n<\/tr>\n<tr class=\"row-3\">\n\t<td class=\"column-1\"><p style=\"text-align: center; background-color:#FFEEE6 !important; \"><br \/>\n<br \/>\nPrezzi<br \/>\n<br \/>\n<br \/>\n<\/p><\/td><td colspan=\"2\" class=\"column-2\"><p style=\"text-align: center; center; background-color:#FFEEE6 !important;\"><br \/>\n<b>162 \u20ac<\/b><a href=\"https:\/\/kapitel-zwei.de\/it\/tariffa-classic\/\"><br \/>\nTariffa Classic<\/a><br \/>\n<br \/>\n<br \/>\n<\/p><\/td>\n<\/tr>\n<tr class=\"row-4\">\n\t<td class=\"column-1\"><p style=\"text-align: center; background-color:#FFEEE6 !important; \"><br \/>\n<br \/>\nOrari di lezione disponibili, <br \/>\nGiorni della settimana<br \/>\n<br \/>\n<br \/>\n<\/p><\/td><td class=\"column-2\"><br \/>\nore 18-20 <br \/>\nMarted\u00ec + Gioved\u00ec<br \/>\n<br \/>\no<br \/>\n<br \/>\nore 09-13.20 (incl. pausa - 20 min.)<br \/>\nVenerd\u00ec<br \/>\n<br \/>\n<br \/>\n<\/td><td class=\"column-3\"><br \/>\n<br \/>\n<br \/>\n<br \/>\nore 09-13.20 (incl. pausa - 20 min.)<br \/>\nVenerd\u00ec<br \/>\n<br \/>\n<br \/>\n<\/td>\n<\/tr>\n<tr class=\"row-5\">\n\t<td class=\"column-1\"><p style=\"text-align: center; background-color:#FFEEE6 !important; \"><br \/>\nUnit\u00e0 per settimana<br \/>\n<br \/>\n<\/p><\/td><td colspan=\"2\" class=\"column-2\"><br \/>\n<br \/>\n240 minuti<\/td>\n<\/tr>\n<tr class=\"row-6\">\n\t<td class=\"column-1\"><p style=\"text-align: center; background-color:#FFEEE6 !important; \"><br \/>\nNumero di <br \/>\npartecipanti<br \/>\n<br \/>\n<\/p><\/td><td class=\"column-2\"><br \/>\n<br \/>\n5-12 partecipanti<\/td><td class=\"column-3\"><br \/>\n<br \/>\nmax. 8 partecipanti<br \/>\n<\/td>\n<\/tr>\n<\/tbody>\n<\/table>\n<!-- #tablepress-313 from cache -->\n<\/div><\/section>\n<\/div><\/div><\/div><!-- close content main div --><\/div><\/div><div id='av-layout-grid-1'  class='av-layout-grid-container av-h6bv2xf-8b2af99a65b011a690cbc0e1a4da1d69 entry-content-wrapper main_color av-flex-cells  avia-builder-el-10  el_after_av_textblock  el_before_av_one_full  pay-buttons grid-row-not-first  container_wrap fullsize'  >\n\n<style type=\"text\/css\" data-created_by=\"avia_inline_auto\" id=\"style-css-av-gnpakab-902b9d414c7bc4a0c74d45311f38f12a\">\n.flex_cell.av-gnpakab-902b9d414c7bc4a0c74d45311f38f12a{\nvertical-align:top;\n}\n.responsive #top #wrap_all .flex_cell.av-gnpakab-902b9d414c7bc4a0c74d45311f38f12a{\npadding:30px 30px 30px 30px !important;\n}\n<\/style>\n<div class='flex_cell av-gnpakab-902b9d414c7bc4a0c74d45311f38f12a av-gridrow-cell av_one_full no_margin  avia-builder-el-11  avia-builder-el-no-sibling '  ><div class='flex_cell_inner'><div  class='avia-button-wrap av-gcp4qcz-c268031a30df8756b400abd1f4ba39f8-wrap avia-button-center  avia-builder-el-12  avia-builder-el-no-sibling '><a href='https:\/\/kapitel-zwei.de\/it\/iscrizione-scuola-tedesco\/'  class='avia-button av-gcp4qcz-c268031a30df8756b400abd1f4ba39f8 av-link-btn avia-icon_select-no avia-size-large avia-position-center avia-color-theme-color'   aria-label=\"Iscriviti!\"><span class='avia_iconbox_title' >Iscriviti!<\/span><\/a><\/div>\n<\/div><\/div>\n<\/div><div id='after_grid_row_1'  class='main_color av_default_container_wrap container_wrap fullsize'  ><div class='container av-section-cont-open' ><div class='template-page content  av-content-full alpha units'><div class='post-entry post-entry-type-page post-entry-22675'><div class='entry-content-wrapper clearfix'>\n\n<style type=\"text\/css\" data-created_by=\"avia_inline_auto\" id=\"style-css-av-g0v530z-e52d20904621243504180cc6704096da\">\n.flex_column.av-g0v530z-e52d20904621243504180cc6704096da{\nborder-radius:0px 0px 0px 0px;\npadding:0px 0px 0px 0px;\n}\n<\/style>\n<div  class='flex_column av-g0v530z-e52d20904621243504180cc6704096da av_one_full  avia-builder-el-13  el_after_av_layout_row  el_before_av_one_full  avia-builder-el-first  first flex_column_div av-zero-column-padding  '     ><style type=\"text\/css\" data-created_by=\"avia_inline_auto\" id=\"style-css-av-fjcxr77-935430533891193fd135ae94db223ee3\">\n.avia-image-container.av-fjcxr77-935430533891193fd135ae94db223ee3 img.avia_image{\nbox-shadow:none;\n}\n.avia-image-container.av-fjcxr77-935430533891193fd135ae94db223ee3 .av-image-caption-overlay-center{\ncolor:#ffffff;\n}\n<\/style>\n<div  class='avia-image-container av-fjcxr77-935430533891193fd135ae94db223ee3 av-styling- avia-align-center  avia-builder-el-14  avia-builder-el-no-sibling '   itemprop=\"image\" itemscope=\"itemscope\" itemtype=\"https:\/\/schema.org\/ImageObject\" ><div class=\"avia-image-container-inner\"><div class=\"avia-image-overlay-wrap\"><img decoding=\"async\" fetchpriority=\"high\" class='wp-image-22603 avia-img-lazy-loading-not-22603 avia_image ' src=\"https:\/\/kapitel-zwei.de\/wp-content\/uploads\/2017\/05\/High-speed-Vorbereitung-telc-Deutsch-b2-Pr\u00fcfung-Berlin-1030x619.jpg\" alt='High speed Vorbereitung telc Deutsch b2 Pr\u00fcfung Berlin' title='High speed Vorbereitung telc Deutsch b2 Pr\u00fcfung Berlin'  height=\"619\" width=\"1030\"  itemprop=\"thumbnailUrl\" srcset=\"https:\/\/kapitel-zwei.de\/wp-content\/uploads\/2017\/05\/High-speed-Vorbereitung-telc-Deutsch-b2-Pr\u00fcfung-Berlin-1030x619.jpg 1030w, https:\/\/kapitel-zwei.de\/wp-content\/uploads\/2017\/05\/High-speed-Vorbereitung-telc-Deutsch-b2-Pr\u00fcfung-Berlin-80x48.jpg 80w, https:\/\/kapitel-zwei.de\/wp-content\/uploads\/2017\/05\/High-speed-Vorbereitung-telc-Deutsch-b2-Pr\u00fcfung-Berlin-300x180.jpg 300w, https:\/\/kapitel-zwei.de\/wp-content\/uploads\/2017\/05\/High-speed-Vorbereitung-telc-Deutsch-b2-Pr\u00fcfung-Berlin-768x461.jpg 768w, https:\/\/kapitel-zwei.de\/wp-content\/uploads\/2017\/05\/High-speed-Vorbereitung-telc-Deutsch-b2-Pr\u00fcfung-Berlin-1500x901.jpg 1500w, https:\/\/kapitel-zwei.de\/wp-content\/uploads\/2017\/05\/High-speed-Vorbereitung-telc-Deutsch-b2-Pr\u00fcfung-Berlin-705x423.jpg 705w, https:\/\/kapitel-zwei.de\/wp-content\/uploads\/2017\/05\/High-speed-Vorbereitung-telc-Deutsch-b2-Pr\u00fcfung-Berlin-450x270.jpg 450w\" sizes=\"(max-width: 1030px) 100vw, 1030px\" \/><\/div><\/div><\/div><\/div>\n\n<style type=\"text\/css\" data-created_by=\"avia_inline_auto\" id=\"style-css-av-f5amqcz-1c9f4bf9599fd02bd65ebe54e69df01e\">\n.flex_column.av-f5amqcz-1c9f4bf9599fd02bd65ebe54e69df01e{\nborder-radius:0px 0px 0px 0px;\npadding:0px 0px 0px 0px;\n}\n<\/style>\n<div  class='flex_column av-f5amqcz-1c9f4bf9599fd02bd65ebe54e69df01e av_one_full  avia-builder-el-15  el_after_av_one_full  el_before_av_section  avia-builder-el-last  first flex_column_div av-zero-column-padding  column-top-margin'     ><section  class='av_textblock_section av-eniuboz-17418ca77ac10520df223bbcbe459bbe '   itemscope=\"itemscope\" itemtype=\"https:\/\/schema.org\/CreativeWork\" ><div class='avia_textblock'  itemprop=\"text\" ><h2><span style=\"color: #ff6600;\">Il riconoscimento del certificato di lingua tedesca telc Deutsch B2<\/span><\/h2>\n<\/div><\/section><br \/>\n<section  class='av_textblock_section av-dz59e0j-2abdaef6e6e74526c0825109947c2109 '   itemscope=\"itemscope\" itemtype=\"https:\/\/schema.org\/CreativeWork\" ><div class='avia_textblock'  itemprop=\"text\" ><p>Molti <strong>enti pubblici e privati di formazione riconosciuti e aziende in Germania e all\u2019estero<\/strong> hanno accreditato i certificati di lingua tedesca telc e li utilizzano come <strong>prova di qualificazione e strumento per la selezione del personale<\/strong>. Perch\u00e9? Questo certificato linguistico fornisce indicazioni dettagliate sulle singole capacit\u00e0 come <strong>lettura, ascolto, conoscenze grammaticali, scrittura e parlato<\/strong> del titolare.<\/p>\n<p>Ma anche in questo caso, come per qualsiasi esame riconosciuto, dovresti prepararti bene per ottenere i risultati migliori. Per questo la tua Scuola di lingua tedesca a Berlino ti aiuta volentieri. Kapitel Zwei ti accompagna dalla preparazione fino all\u2019esame direttamente da noi presso in centro. Siamo a completa disposizione, con le parole e coi fatti.<\/p>\n<p>Questo corso di preparazione telc Deutsch B2 di Berlino ti aiuta a raggiungere i<strong> requisiti complessi di livello B2 <\/strong>secondo il <strong>Quadro comune europeo di riferimento sulla conoscenza delle lingue (<a href=\"https:\/\/kapitel-zwei.de\/it\/regolamentazione-europea-per-i-corsi-di-tedesco\/\">QCER<\/a>).<\/strong><\/p>\n<\/div><\/section><br \/>\n\n<style type=\"text\/css\" data-created_by=\"avia_inline_auto\" id=\"style-css-av-dq2eewj-3356ae998867d65bd5c48af6c704f52b\">\n.avia-image-container.av-dq2eewj-3356ae998867d65bd5c48af6c704f52b img.avia_image{\nbox-shadow:none;\n}\n.avia-image-container.av-dq2eewj-3356ae998867d65bd5c48af6c704f52b .av-image-caption-overlay-center{\ncolor:#ffffff;\n}\n<\/style>\n<div  class='avia-image-container av-dq2eewj-3356ae998867d65bd5c48af6c704f52b av-styling- avia-align-center  avia-builder-el-18  el_after_av_textblock  el_before_av_textblock '   itemprop=\"image\" itemscope=\"itemscope\" itemtype=\"https:\/\/schema.org\/ImageObject\" ><div class=\"avia-image-container-inner\"><div class=\"avia-image-overlay-wrap\"><img decoding=\"async\" fetchpriority=\"high\" class='wp-image-24703 avia-img-lazy-loading-not-24703 avia_image ' src=\"https:\/\/kapitel-zwei.de\/wp-content\/uploads\/2017\/05\/Preparazione-Esame-di-tedesco-telc-Deutsch-B2-Berlino.jpg\" alt='Preparazione Esame di tedesco telc Deutsch B2 Berlino' title='Preparazione Esame di tedesco telc Deutsch B2 Berlino'  height=\"1800\" width=\"2169\"  itemprop=\"thumbnailUrl\" srcset=\"https:\/\/kapitel-zwei.de\/wp-content\/uploads\/2017\/05\/Preparazione-Esame-di-tedesco-telc-Deutsch-B2-Berlino.jpg 2169w, https:\/\/kapitel-zwei.de\/wp-content\/uploads\/2017\/05\/Preparazione-Esame-di-tedesco-telc-Deutsch-B2-Berlino-80x66.jpg 80w, https:\/\/kapitel-zwei.de\/wp-content\/uploads\/2017\/05\/Preparazione-Esame-di-tedesco-telc-Deutsch-B2-Berlino-300x249.jpg 300w, https:\/\/kapitel-zwei.de\/wp-content\/uploads\/2017\/05\/Preparazione-Esame-di-tedesco-telc-Deutsch-B2-Berlino-768x637.jpg 768w, https:\/\/kapitel-zwei.de\/wp-content\/uploads\/2017\/05\/Preparazione-Esame-di-tedesco-telc-Deutsch-B2-Berlino-1030x855.jpg 1030w, https:\/\/kapitel-zwei.de\/wp-content\/uploads\/2017\/05\/Preparazione-Esame-di-tedesco-telc-Deutsch-B2-Berlino-1500x1245.jpg 1500w, https:\/\/kapitel-zwei.de\/wp-content\/uploads\/2017\/05\/Preparazione-Esame-di-tedesco-telc-Deutsch-B2-Berlino-705x585.jpg 705w, https:\/\/kapitel-zwei.de\/wp-content\/uploads\/2017\/05\/Preparazione-Esame-di-tedesco-telc-Deutsch-B2-Berlino-450x373.jpg 450w\" sizes=\"(max-width: 2169px) 100vw, 2169px\" \/><\/div><\/div><\/div><br \/>\n<section  class='av_textblock_section av-cxae15f-6fe4777ed94ff0f0aae3a865941477ed '   itemscope=\"itemscope\" itemtype=\"https:\/\/schema.org\/CreativeWork\" ><div class='avia_textblock'  itemprop=\"text\" ><p>Per la preparazione professionale \u00e8 disponibile per te la nostra preparazione super veloce per l&#8217;<a href=\"https:\/\/kapitel-zwei.de\/it\/preparazione-telc-deutsch-b2\/\">esame di tedesco telc Deutsch B2<\/a> a Berlino con una durata di corso attivo di 4 settimane a disposizione.<\/p>\n<\/div><\/section><\/p><\/div>\n<\/div><\/div><\/div><!-- close content main div --><\/div><\/div>\n<style type=\"text\/css\" data-created_by=\"avia_inline_auto\" id=\"style-css-av-cjkrjhv-d7bbf5aaada09b5a3993313065f4e872\">\n.avia-section.av-cjkrjhv-d7bbf5aaada09b5a3993313065f4e872{\nbackground-color:#e8e8e8;\nbackground-image:unset;\n}\n<\/style>\n<div id='av_section_1'  class='avia-section av-cjkrjhv-d7bbf5aaada09b5a3993313065f4e872 main_color avia-section-large avia-no-shadow  avia-builder-el-20  el_after_av_one_full  el_before_av_section  course-highlights avia-bg-style-scroll container_wrap fullsize'  ><div class='container av-section-cont-open' ><div class='template-page content  av-content-full alpha units'><div class='post-entry post-entry-type-page post-entry-22675'><div class='entry-content-wrapper clearfix'>\n<section  class='av_textblock_section av-c7y9ydv-24fa61bd9ab32cc0b944f0bae2c3d5be '   itemscope=\"itemscope\" itemtype=\"https:\/\/schema.org\/CreativeWork\" ><div class='avia_textblock'  itemprop=\"text\" ><h2><span style=\"color: #ff6600;\">Cosa significa preparazione super veloce?<\/span><\/h2>\n<\/div><\/section>\n<section  class='av_textblock_section av-bjzzuyb-d1a311f2353b3819b150b2338a008f48 '   itemscope=\"itemscope\" itemtype=\"https:\/\/schema.org\/CreativeWork\" ><div class='avia_textblock'  itemprop=\"text\" ><p>Ti serve il certificato di lingua tedesca telc Deutsch B2 e desideri prepararti in modo ottimale a questo esame di lingua, ma per motivi professionali o privati <strong>non hai molto tempo a disposizione o sei abituato ad imparare autonomamente<\/strong>? Allora questa preparazione super veloce per l&#8217;esame di tedesco telc Deutsch B2 a Berlino fa proprio al caso tuo!<\/p>\n<p>Con <strong>4 ore settimanali per quattro settimane<\/strong> (o una volta a settimana in blocco o con corso serale due volte a settimana) ti<strong> introduciamo la materia d\u2019esame di telc<\/strong> Deutsch B2, esercitiamo insieme le capacit\u00e0 richieste e ti sveliamo i <strong>trucchi e i consigli principali<\/strong> per superare con successo l\u2019esame di lingua tedesca telc Deutsch B2 a Berlino.<\/p>\n<\/div><\/section>\n\n<\/div><\/div><\/div><!-- close content main div --><\/div><\/div><div id='av_section_2'  class='avia-section av-b4yi49f-d4d0201c044b4b7ff80b2107ad266c64 main_color avia-section-large avia-no-shadow  avia-builder-el-23  el_after_av_section  el_before_av_two_fifth  course-highlights avia-bg-style-scroll container_wrap fullsize'  ><div class='container av-section-cont-open' ><div class='template-page content  av-content-full alpha units'><div class='post-entry post-entry-type-page post-entry-22675'><div class='entry-content-wrapper clearfix'>\n<section  class='av_textblock_section av-b0rvg7n-1efbe63c084d797d3aa23136e5f29b2f '   itemscope=\"itemscope\" itemtype=\"https:\/\/schema.org\/CreativeWork\" ><div class='avia_textblock'  itemprop=\"text\" ><h2><span style=\"color: #ff6600;\">Contenuto del corso di preparazione telc Deutsch B2 a Berlino<\/span><\/h2>\n<\/div><\/section>\n<section  class='av_textblock_section av-acyy983-569852b2822fc2a7a2d82673470f0c90 '   itemscope=\"itemscope\" itemtype=\"https:\/\/schema.org\/CreativeWork\" ><div class='avia_textblock'  itemprop=\"text\" ><p>La preparazione \u00e8 incentrata sull\u2019esercizio delle capacit\u00e0 essenziali richieste all\u2019esame:<\/p>\n<p>1. <strong>Lettura e comprensione<\/strong> (globale, dettagliata e selettiva) e <strong>basi linguistiche<\/strong> (verifica delle competenze grammaticali sulla base di esercizi a scelta multipla o di associazione)<\/p>\n<p>2. <strong>Comprensione orale<\/strong> (globale, dettagliata e selettiva, con testi brevi informativi e di notizie radio e una lunga intervista)<\/p>\n<p>3. <strong>Espressione scritta<\/strong> (stesura di una lettera formale o semiformale entro 30 minuti, categorie: Richiesta di informazioni, lettera di reclamo, massimo 2 testi)<\/p>\n<p>4. <strong>Espressione orale<\/strong> (presentazione coerente di un tema negli ambiti vacanza, eventi musicali o sportivi, film o libri incl. domande finali, una discussione su un tema e una prima pianificazione di un evento concreto, tutto con periodo di preparazione).<\/p>\n<\/div><\/section>\n<\/div><\/div><\/div><!-- close content main div --><\/div><\/div><div id='after_section_2'  class='main_color av_default_container_wrap container_wrap fullsize'  ><div class='container av-section-cont-open' ><div class='template-page content  av-content-full alpha units'><div class='post-entry post-entry-type-page post-entry-22675'><div class='entry-content-wrapper clearfix'>\n\n<style type=\"text\/css\" data-created_by=\"avia_inline_auto\" id=\"style-css-av-zsiswj-ca90cba9acd8d2b3665d6910106b6053\">\n.flex_column.av-zsiswj-ca90cba9acd8d2b3665d6910106b6053{\nborder-radius:0px 0px 0px 0px;\npadding:0px 0px 0px 0px;\n}\n<\/style>\n<div  class='flex_column av-zsiswj-ca90cba9acd8d2b3665d6910106b6053 av_two_fifth  avia-builder-el-26  el_after_av_section  el_before_av_three_fifth  avia-builder-el-first  first flex_column_div av-zero-column-padding  '     ><style type=\"text\/css\" data-created_by=\"avia_inline_auto\" id=\"style-css-av-xhcjoz-ff71626cdf490282f03e874f981e76bb\">\n.avia-image-container.av-xhcjoz-ff71626cdf490282f03e874f981e76bb img.avia_image{\nbox-shadow:none;\n}\n.avia-image-container.av-xhcjoz-ff71626cdf490282f03e874f981e76bb .av-image-caption-overlay-center{\ncolor:#ffffff;\n}\n<\/style>\n<div  class='avia-image-container av-xhcjoz-ff71626cdf490282f03e874f981e76bb av-styling- avia-align-center  avia-builder-el-27  avia-builder-el-no-sibling '   itemprop=\"image\" itemscope=\"itemscope\" itemtype=\"https:\/\/schema.org\/ImageObject\" ><div class=\"avia-image-container-inner\"><div class=\"avia-image-overlay-wrap\"><img decoding=\"async\" fetchpriority=\"high\" class='wp-image-22703 avia-img-lazy-loading-not-22703 avia_image ' src=\"https:\/\/kapitel-zwei.de\/wp-content\/uploads\/2017\/05\/Preparazione-high-speed-Esame-di-tedesco-telc-Deutsch-B2-a-Berlino-300x271.jpg\" alt='Preparazione high speed Esame di tedesco telc Deutsch B2 a Berlino' title='Preparazione high speed Esame di tedesco telc Deutsch B2 a Berlino'  height=\"271\" width=\"300\"  itemprop=\"thumbnailUrl\" srcset=\"https:\/\/kapitel-zwei.de\/wp-content\/uploads\/2017\/05\/Preparazione-high-speed-Esame-di-tedesco-telc-Deutsch-B2-a-Berlino-300x271.jpg 300w, https:\/\/kapitel-zwei.de\/wp-content\/uploads\/2017\/05\/Preparazione-high-speed-Esame-di-tedesco-telc-Deutsch-B2-a-Berlino-80x72.jpg 80w, https:\/\/kapitel-zwei.de\/wp-content\/uploads\/2017\/05\/Preparazione-high-speed-Esame-di-tedesco-telc-Deutsch-B2-a-Berlino-705x638.jpg 705w, https:\/\/kapitel-zwei.de\/wp-content\/uploads\/2017\/05\/Preparazione-high-speed-Esame-di-tedesco-telc-Deutsch-B2-a-Berlino-450x407.jpg 450w, https:\/\/kapitel-zwei.de\/wp-content\/uploads\/2017\/05\/Preparazione-high-speed-Esame-di-tedesco-telc-Deutsch-B2-a-Berlino.jpg 736w\" sizes=\"(max-width: 300px) 100vw, 300px\" \/><\/div><\/div><\/div><\/div>\n\n<style type=\"text\/css\" data-created_by=\"avia_inline_auto\" id=\"style-css-av-95pc0dv-05401d201a345778855341fe42f5c481\">\n.flex_column.av-95pc0dv-05401d201a345778855341fe42f5c481{\nborder-radius:0px 0px 0px 0px;\npadding:0px 0px 0px 0px;\n}\n<\/style>\n<div  class='flex_column av-95pc0dv-05401d201a345778855341fe42f5c481 av_three_fifth  avia-builder-el-28  el_after_av_two_fifth  el_before_av_one_full  flex_column_div av-zero-column-padding  '     ><section  class='av_textblock_section av-8fyko4z-472fdd4e9867378dfb07b77b96ffcf84 '   itemscope=\"itemscope\" itemtype=\"https:\/\/schema.org\/CreativeWork\" ><div class='avia_textblock'  itemprop=\"text\" ><h3><span style=\"color: #ff6600;\">Materiale didattico <\/span><\/h3>\n<p>Lavoriamo con <strong>materiale speciale di preparazione<\/strong> e <strong>prove di esame<\/strong> di telc, inclusi <strong>audio<\/strong> e con <strong>altre copie<\/strong> per prepararti al meglio.<\/p>\n<\/div><\/section><\/div>\n\n<style type=\"text\/css\" data-created_by=\"avia_inline_auto\" id=\"style-css-av-834v0ib-b0cadc0ac2cfde2290ffac2955ac783a\">\n.flex_column.av-834v0ib-b0cadc0ac2cfde2290ffac2955ac783a{\nborder-radius:0px 0px 0px 0px;\npadding:0px 0px 0px 0px;\n}\n<\/style>\n<div  class='flex_column av-834v0ib-b0cadc0ac2cfde2290ffac2955ac783a av_one_full  avia-builder-el-30  el_after_av_three_fifth  el_before_av_two_third  first flex_column_div av-zero-column-padding  '     ><section  class='av_textblock_section av-roujn7-97e6491a53125eb60c4cc20c32f52b6f '   itemscope=\"itemscope\" itemtype=\"https:\/\/schema.org\/CreativeWork\" ><div class='avia_textblock'  itemprop=\"text\" ><h3><span style=\"color: #ff6600;\">Unit\u00e0 didattiche e dimensione del gruppo<\/span><\/h3>\n<p>Il corso prevede <strong>piccoli gruppi<\/strong> di massimo 12 partecipanti per una situazione di apprendimento ottimale e si svolge o <strong>il marted\u00ec e gioved\u00ec dalle 18:00 alle 20:00<\/strong> o il <strong>venerd\u00ec dalle 9:00 alle 13:30<\/strong> (incl. pausa). Alla fine della preparazione super veloce per l&#8217; esame di tedesco telc Deutsch B2 a Berlino avrai completato in totale 16 ore di lezione.<\/p>\n<h3><span style=\"color: #ff6600;\">La tua insegnante <\/span><\/h3>\n<p>Il corso \u00e8 tenuto da <strong>esaminatrici telc esperte e dedicate<\/strong> che ti possono fornire informazioni precise sull\u2019esame<\/p>\n<h3><span style=\"color: #ff6600;\">Requisito di partecipazione<\/span><\/h3>\n<p>Il requisito di partecipazione al corso \u00e8 una competenza linguistica di livello B2.<\/p>\n<p>Per una panoramica dei requisiti del B2 secondo l\u2019approccio orientato alla pratica del Quadro di riferimento comune europeo per le lingue (GER) cliccare <a href=\"https:\/\/kapitel-zwei.de\/it\/contenuti-del-corso\/\">qui<\/a>.<\/p>\n<\/div><\/section><\/div>\n\n<style type=\"text\/css\" data-created_by=\"avia_inline_auto\" id=\"style-css-av-7aokvdf-c47cabd0f7ed3746b317570fd7e9f3ab\">\n.flex_column.av-7aokvdf-c47cabd0f7ed3746b317570fd7e9f3ab{\nborder-radius:0px 0px 0px 0px;\npadding:0px 0px 0px 0px;\n}\n<\/style>\n<div  class='flex_column av-7aokvdf-c47cabd0f7ed3746b317570fd7e9f3ab av_two_third  avia-builder-el-32  el_after_av_one_full  el_before_av_one_third  cta-section first flex_column_div av-zero-column-padding  column-top-margin'     ><section  class='av_textblock_section av-6noh22b-9a2c97eaaba73903b2cef6266c838a70 '   itemscope=\"itemscope\" itemtype=\"https:\/\/schema.org\/CreativeWork\" ><div class='avia_textblock cta-slogan'  itemprop=\"text\" ><p style=\"text-align: left;\"><strong>Vuoi superare l\u2019esame telc Deutsch?<\/strong><\/p>\n<\/div><\/section><br \/>\n<div  class='avia-button-wrap av-61xm6qb-752786cdb6e870fa07bee49040ee1358-wrap avia-button-left  avia-builder-el-34  el_after_av_textblock  avia-builder-el-last  cta-button'><a href='https:\/\/kapitel-zwei.de\/it\/iscrizione-scuola-tedesco\/'  class='avia-button av-61xm6qb-752786cdb6e870fa07bee49040ee1358 av-link-btn avia-icon_select-no avia-size-medium avia-position-left avia-color-theme-color'   aria-label=\"Iscriviti!\"><span class='avia_iconbox_title' >Iscriviti!<\/span><\/a><\/div><\/p><\/div>\n\n<style type=\"text\/css\" data-created_by=\"avia_inline_auto\" id=\"style-css-av-5rjs3zn-9b3043ee44a4b98f1729e80df6c70442\">\n.flex_column.av-5rjs3zn-9b3043ee44a4b98f1729e80df6c70442{\nborder-radius:0px 0px 0px 0px;\npadding:0px 0px 0px 0px;\n}\n<\/style>\n<div  class='flex_column av-5rjs3zn-9b3043ee44a4b98f1729e80df6c70442 av_one_third  avia-builder-el-35  el_after_av_two_third  el_before_av_hr  flex_column_div av-zero-column-padding  column-top-margin'     ><style type=\"text\/css\" data-created_by=\"avia_inline_auto\" id=\"style-css-av-5e2hosz-b10234a265dcb0693adb5d2684a28a2e\">\n.avia-image-container.av-5e2hosz-b10234a265dcb0693adb5d2684a28a2e img.avia_image{\nbox-shadow:none;\n}\n.avia-image-container.av-5e2hosz-b10234a265dcb0693adb5d2684a28a2e .av-image-caption-overlay-center{\ncolor:#ffffff;\n}\n<\/style>\n<div  class='avia-image-container av-5e2hosz-b10234a265dcb0693adb5d2684a28a2e av-styling- avia-align-right  avia-builder-el-36  avia-builder-el-no-sibling  cta-image'   itemprop=\"image\" itemscope=\"itemscope\" itemtype=\"https:\/\/schema.org\/ImageObject\" ><div class=\"avia-image-container-inner\"><div class=\"avia-image-overlay-wrap\"><img decoding=\"async\" fetchpriority=\"high\" class='wp-image-32639 avia-img-lazy-loading-not-32639 avia_image ' src=\"https:\/\/kapitel-zwei.de\/wp-content\/uploads\/2015\/11\/Kapitel-Zwei-Berlin-Grammatikkurs-2-495x400.jpg\" alt='' title='Kapitel Zwei Berlin Grammatikkurs'  height=\"400\" width=\"495\"  itemprop=\"thumbnailUrl\" srcset=\"https:\/\/kapitel-zwei.de\/wp-content\/uploads\/2015\/11\/Kapitel-Zwei-Berlin-Grammatikkurs-2-495x400.jpg 495w, https:\/\/kapitel-zwei.de\/wp-content\/uploads\/2015\/11\/Kapitel-Zwei-Berlin-Grammatikkurs-2-845x684.jpg 845w\" sizes=\"(max-width: 495px) 100vw, 495px\" \/><\/div><\/div><\/div><\/div>\n\n<style type=\"text\/css\" data-created_by=\"avia_inline_auto\" id=\"style-css-av-hxgier-1536bbc2ba5829537430e152a1748a0a\">\n#top .hr.hr-invisible.av-hxgier-1536bbc2ba5829537430e152a1748a0a{\nheight:10px;\n}\n<\/style>\n<div  class='hr av-hxgier-1536bbc2ba5829537430e152a1748a0a hr-invisible  avia-builder-el-37  el_after_av_one_third  el_before_av_one_full '><span class='hr-inner '><span class=\"hr-inner-style\"><\/span><\/span><\/div>\n\n<style type=\"text\/css\" data-created_by=\"avia_inline_auto\" id=\"style-css-av-48aeb8z-2440a9f8db8447b0a78805b1e9e2df9e\">\n.flex_column.av-48aeb8z-2440a9f8db8447b0a78805b1e9e2df9e{\nborder-radius:0px 0px 0px 0px;\npadding:0px 0px 0px 0px;\n}\n<\/style>\n<div  class='flex_column av-48aeb8z-2440a9f8db8447b0a78805b1e9e2df9e av_one_full  avia-builder-el-38  el_after_av_hr  el_before_av_textblock  first flex_column_div av-zero-column-padding  '     ><section  class='av_textblock_section av-kl2vpj1f-7e719f60e44b60adcf8d42903fe845c9 '   itemscope=\"itemscope\" itemtype=\"https:\/\/schema.org\/CreativeWork\" ><div class='avia_textblock'  itemprop=\"text\" ><h2><span style=\"color: #ff6600;\">Panoramica dei corsi di preparazione <\/span><\/h2>\n<h3><span style=\"color: #ff6600;\">Tutte le date degli esami telc di tedesco a Berlino<\/span><\/h3>\n<\/div><\/section><\/div>\n<section  class='av_textblock_section av-3qvj0er-2f35cfaab7fa3567283478148ea396ea '   itemscope=\"itemscope\" itemtype=\"https:\/\/schema.org\/CreativeWork\" ><div class='avia_textblock tablepress_scroll-if-too-large'  itemprop=\"text\" >\n<table id=\"tablepress-448\" class=\"tablepress tablepress-id-448 tablepress-all-center\">\n<thead>\n<tr class=\"row-1\">\n\t<th class=\"column-1\">telc Deutsch Pr\u00fcfung B2<\/th>\n<\/tr>\n<\/thead>\n<tbody class=\"row-striping\">\n<tr class=\"row-2\">\n\t<td class=\"column-1\">Hier findest Du unsere n\u00e4chsten Pr\u00fcfungstermine. Bei einer Anmeldung gib bitte Deinen <b>Wunschtermin<\/b> an. Wir pr\u00fcfen umgehend die Vakanzen und senden Dir eine Reservierung mit Zahlungsaufforderung. Falls die Pr\u00fcfung ausgebucht ist, kontaktieren wir Dich (per email oder Telefon) um alternative Pr\u00fcfungstermine abzufragen.<\/td>\n<\/tr>\n<tr class=\"row-3\">\n\t<td class=\"column-1\">15. Mai 2026 (Freitag)<\/td>\n<\/tr>\n<tr class=\"row-4\">\n\t<td class=\"column-1\"><b>30. Mai 2026 (Samstag) <b><\/td>\n<\/tr>\n<tr class=\"row-5\">\n\t<td class=\"column-1\">12. Juni 2026 (Freitag)<\/td>\n<\/tr>\n<tr class=\"row-6\">\n\t<td class=\"column-1\"><b> 27. Juni 2026 (Samstag) <b><\/td>\n<\/tr>\n<tr class=\"row-7\">\n\t<td class=\"column-1\">10. Juli 2026 (Freitag)<\/td>\n<\/tr>\n<tr class=\"row-8\">\n\t<td class=\"column-1\"><b> 25. Juli 2026 (Samstag) <b><\/td>\n<\/tr>\n<tr class=\"row-9\">\n\t<td class=\"column-1\">07. August 2026 (Freitag)<\/td>\n<\/tr>\n<tr class=\"row-10\">\n\t<td class=\"column-1\"><b> 22. August 2026 (Samstag) <b><\/td>\n<\/tr>\n<tr class=\"row-11\">\n\t<td class=\"column-1\">28. August 2026 (Freitag)<\/td>\n<\/tr>\n<tr class=\"row-12\">\n\t<td class=\"column-1\">11. September 2026 (Freitag)<\/td>\n<\/tr>\n<tr class=\"row-13\">\n\t<td class=\"column-1\"><b> 26.September 2026 (Samstag) <b><\/td>\n<\/tr>\n<tr class=\"row-14\">\n\t<td class=\"column-1\">09.Oktober 2026 (Freitag)<\/td>\n<\/tr>\n<tr class=\"row-15\">\n\t<td class=\"column-1\"><b> 24. Oktober 2026 (Samstag) <b><\/td>\n<\/tr>\n<tr class=\"row-16\">\n\t<td class=\"column-1\">06.November 2026 (Freitag)<\/td>\n<\/tr>\n<tr class=\"row-17\">\n\t<td class=\"column-1\"><b> 21.November 2026 (Samstag) <b><\/td>\n<\/tr>\n<tr class=\"row-18\">\n\t<td class=\"column-1\">05. Dezember 2026 (Freitag)<\/td>\n<\/tr>\n<tr class=\"row-19\">\n\t<td class=\"column-1\"><b> 19. Dezember 2026 (Samstag) <b><\/td>\n<\/tr>\n<tr class=\"row-20\">\n\t<td class=\"column-1\">29. Dezember 2026 (Dienstag)<\/td>\n<\/tr>\n<\/tbody>\n<\/table>\n<!-- #tablepress-448 from cache -->\n<\/div><\/section>\n<div  class='hr av-bvm05v-29bc507379c25003a32d5903d1c0f31e hr-default  avia-builder-el-41  el_after_av_textblock  el_before_av_textblock '><span class='hr-inner '><span class=\"hr-inner-style\"><\/span><\/span><\/div>\n<section  class='av_textblock_section av-2zo98lv-0cfec10b731153c53ec8f2bb6d993cbd '   itemscope=\"itemscope\" itemtype=\"https:\/\/schema.org\/CreativeWork\" ><div class='avia_textblock'  itemprop=\"text\" ><p>Inoltre offriamo un corso speciale online: Espressione scritta | creazione di testo per l\u2019esame telc Deutsch C1 Hochschule. Potete trovare ulteriori informazioni <a href=\"https:\/\/kapitel-zwei.de\/it\/corsi-di-tedesco-a-berlino\/corso-online-telc-deutsch-b2-c1\/\">qui<\/a>.<\/p>\n<\/div><\/section>\n<div  class='hr av-2kk0wj7-76fe39b3e6814f98030a3a748a7ab7e5 hr-default  avia-builder-el-43  el_after_av_textblock  el_before_av_textblock '><span class='hr-inner '><span class=\"hr-inner-style\"><\/span><\/span><\/div>\n<section  class='av_textblock_section av-28twkmr-660279f92f15d9d4dc8a91195bfd8919 '   itemscope=\"itemscope\" itemtype=\"https:\/\/schema.org\/CreativeWork\" ><div class='avia_textblock tablepress_scroll-if-too-large'  itemprop=\"text\" ><h2 id=\"tablepress-94-name\" class=\"tablepress-table-name tablepress-table-name-id-94\">Prezzi degli esami telc Deutsch<\/h2>\n\n<table id=\"tablepress-94\" class=\"tablepress tablepress-id-94 tbody-has-connected-cells\" aria-labelledby=\"tablepress-94-name\">\n<thead>\n<tr class=\"row-1\">\n\t<th class=\"column-1\"><p style=\"color:white !important;\">Livello<\/p><\/th><th class=\"column-2\"><p style=\"color:white !important;\">Esami telc <\/p><\/th><th class=\"column-3\"><p style=\"color:white !important;\">Prezzi<\/p><\/th><th class=\"column-4\"><p style=\"color:white !important; text-align: center;\">...<\/p><\/th>\n<\/tr>\n<\/thead>\n<tbody class=\"row-striping\">\n<tr class=\"row-2\">\n\t<td colspan=\"2\" class=\"column-1\">Registrazione all'ultimo minuto<\/td><td class=\"column-3\">gratuita <\/td><td class=\"column-4\"><\/td>\n<\/tr>\n<tr class=\"row-3\">\n\t<td class=\"column-1\"><p style=\"font-size:110%;\"><span style=\"color:#f15f16\";>A1 Level <\/span><\/p><\/td><td class=\"column-2\">Completo<br \/>\n<\/td><td class=\"column-3\">149 \u20ac<\/td><td class=\"column-4\"><p style=\"text-decoration:underline; text-align: center;\"><a href=\"https:\/\/kapitel-zwei.de\/it\/corsi-di-tedesco-a-berlino\/esame-telc-deutsch-a1\/\">Pi\u00f9 informazioni<\/a><\/p><\/td>\n<\/tr>\n<tr class=\"row-4\">\n\t<td class=\"column-1\"><p style=\"font-size:110%;\"><span style=\"color:#f15f16\";>A2 Level <\/span><\/p><\/td><td class=\"column-2\">Completo<br \/>\n<\/td><td class=\"column-3\">149 \u20ac<\/td><td class=\"column-4\"><p style=\"text-decoration:underline; text-align: center;\"><a href=\"https:\/\/kapitel-zwei.de\/it\/corsi-di-tedesco-a-berlino\/esame-telc-deutsch-a2\/\">Pi\u00f9 informazioni<\/a><\/p><\/td>\n<\/tr>\n<tr class=\"row-5\">\n\t<td rowspan=\"2\" class=\"column-1\"><p style=\"font-size:110%;\"><span style=\"color:#f15f16\";>B1 Level <\/span><\/p><\/td><td class=\"column-2\">Completo<br \/>\n<\/td><td class=\"column-3\">199 \u20ac<\/td><td rowspan=\"2\" class=\"column-4\"><p style=\"text-decoration:underline; text-align: center;\"><a href=\"https:\/\/kapitel-zwei.de\/it\/corsi-di-tedesco-a-berlino\/esame-telc-deutsch-b1\/\">Pi\u00f9 informazioni<\/a><\/p><\/td>\n<\/tr>\n<tr class=\"row-6\">\n\t<td class=\"column-2\">Solo scritto \/ orale<\/td><td class=\"column-3\">169 \u20ac<\/td>\n<\/tr>\n<tr class=\"row-7\">\n\t<td rowspan=\"2\" class=\"column-1\"><p style=\"font-size:110%;\"><span style=\"color:#f15f16\";>B2 Level <\/span><\/p><br \/>\n<\/td><td class=\"column-2\">Completo<br \/>\n<\/td><td class=\"column-3\">199 \u20ac<\/td><td rowspan=\"2\" class=\"column-4\"><p style=\"text-decoration:underline; text-align: center;\"><a href=\"https:\/\/kapitel-zwei.de\/it\/corsi-di-tedesco-a-berlino\/esame-telc-deutsch-b2\/\">Pi\u00f9 informazioni<\/a><\/p><\/td>\n<\/tr>\n<tr class=\"row-8\">\n\t<td class=\"column-2\">Solo scritto \/ orale<\/td><td class=\"column-3\">169 \u20ac<\/td>\n<\/tr>\n<tr class=\"row-9\">\n\t<td rowspan=\"2\" class=\"column-1\"><p style=\"font-size:110%;\"><span style=\"color:#f15f16\";>C1 Hochschule<\/span><\/p><br \/>\n<\/td><td class=\"column-2\">Completo<br \/>\n<\/td><td class=\"column-3\">199 \u20ac<\/td><td rowspan=\"2\" class=\"column-4\"><p style=\"text-decoration:underline; text-align: center;\"><a href=\"https:\/\/kapitel-zwei.de\/it\/corsi-di-tedesco-a-berlino\/esame-telc-deutsch-c1-hochschule\/\">Pi\u00f9 informazioni<\/a><\/p><\/td>\n<\/tr>\n<tr class=\"row-10\">\n\t<td class=\"column-2\">Solo scritto \/ orale<\/td><td class=\"column-3\">169 \u20ac<\/td>\n<\/tr>\n<tr class=\"row-11\">\n\t<td rowspan=\"2\" class=\"column-1\"><p style=\"font-size:110%;\"><span style=\"color:#f15f16\";>C1<\/span><\/p><br \/>\n<\/td><td class=\"column-2\">Completo<\/td><td class=\"column-3\">199 \u20ac<\/td><td rowspan=\"2\" class=\"column-4\"><p style=\"text-decoration:underline; text-align: center;\"><a href=\"https:\/\/kapitel-zwei.de\/telc-deutsch-c1-pruefung\/\">Pi\u00f9 informazioni<\/a><\/p><\/td>\n<\/tr>\n<tr class=\"row-12\">\n\t<td class=\"column-2\">Solo scritto \/ orale<\/td><td class=\"column-3\">169 \u20ac<\/td>\n<\/tr>\n<\/tbody>\n<\/table>\n<!-- #tablepress-94 from cache -->\n<\/div><\/section>\n<div  class='hr av-6kwv3n-b5e7a47f3c26b7372a0597da4f9fac3b hr-default  avia-builder-el-45  el_after_av_textblock  el_before_av_textblock '><span class='hr-inner '><span class=\"hr-inner-style\"><\/span><\/span><\/div>\n<section  class='av_textblock_section av-zmt1hv-f9732d3c5cd6f9396aef752490630cef '   itemscope=\"itemscope\" itemtype=\"https:\/\/schema.org\/CreativeWork\" ><div class='avia_textblock'  itemprop=\"text\" ><p>Contattaci via mail per ulteriori domande riguardo il corso di preparazione high speed Esame di tedesco telc Deutsch B2 a Berlino: berlin@kapitel-zwei.de<\/p>\n<\/div><\/section>\n<\/div><\/div><\/div><!-- close content main div --><\/div><\/div><div id='av_section_3'  class='avia-section av-upv0ib-de0dd43dba85ceae7966a31554b3e92f main_color avia-section-default avia-no-border-styling  avia-builder-el-47  el_after_av_textblock  avia-builder-el-last  avia-bg-style-scroll container_wrap fullsize'  ><div class='container av-section-cont-open' ><div class='template-page content  av-content-full alpha units'><div class='post-entry post-entry-type-page post-entry-22675'><div class='entry-content-wrapper clearfix'>\n","protected":false},"excerpt":{"rendered":"","protected":false},"author":16,"featured_media":0,"parent":0,"menu_order":0,"comment_status":"closed","ping_status":"closed","template":"","meta":{"footnotes":""},"class_list":["post-22675","page","type-page","status-publish","hentry"],"yoast_head":"<!-- This site is optimized with the Yoast SEO Premium plugin v24.4 (Yoast SEO v24.4) - https:\/\/yoast.com\/wordpress\/plugins\/seo\/ -->\n<title>Preparazione per l&#039;esame di tedesco telc Deutsch B2 a Berlino<\/title>\n<meta name=\"description\" content=\"Preparazione per l&#039;esame di tedesco telc Deutsch B2 Berlino. Scuola di lingua tedesca a Berlino. Centro di verifica telc Deutsch Berlino. Partner telc autorizzato\" \/>\n<meta name=\"robots\" content=\"index, follow, max-snippet:-1, max-image-preview:large, max-video-preview:-1\" \/>\n<link rel=\"canonical\" href=\"https:\/\/kapitel-zwei.de\/it\/preparazione-telc-deutsch-b2\/\" \/>\n<meta property=\"og:locale\" content=\"it_IT\" \/>\n<meta property=\"og:type\" content=\"article\" \/>\n<meta property=\"og:title\" content=\"Preparazione per l&#039;esame di tedesco telc Deutsch B2 a Berlino\" \/>\n<meta property=\"og:description\" content=\"Preparazione per l&#039;esame di tedesco telc Deutsch B2 Berlino. Scuola di lingua tedesca a Berlino. Centro di verifica telc Deutsch Berlino. Partner telc autorizzato\" \/>\n<meta property=\"og:url\" content=\"https:\/\/kapitel-zwei.de\/it\/preparazione-telc-deutsch-b2\/\" \/>\n<meta property=\"og:site_name\" content=\"Kapitel Zwei Berlin\" \/>\n<meta property=\"article:publisher\" content=\"https:\/\/www.facebook.com\/kapitelzwei\/\" \/>\n<meta property=\"article:modified_time\" content=\"2025-07-09T06:24:12+00:00\" \/>\n<meta name=\"twitter:card\" content=\"summary_large_image\" \/>\n<meta name=\"twitter:site\" content=\"@kapitelzwei\" \/>\n<script type=\"application\/ld+json\" class=\"yoast-schema-graph\">{\"@context\":\"https:\/\/schema.org\",\"@graph\":[{\"@type\":\"WebPage\",\"@id\":\"https:\/\/kapitel-zwei.de\/it\/preparazione-telc-deutsch-b2\/\",\"url\":\"https:\/\/kapitel-zwei.de\/it\/preparazione-telc-deutsch-b2\/\",\"name\":\"Preparazione per l'esame di tedesco telc Deutsch B2 a Berlino\",\"isPartOf\":{\"@id\":\"https:\/\/kapitel-zwei.de\/es\/#website\"},\"datePublished\":\"2017-05-31T07:55:11+00:00\",\"dateModified\":\"2025-07-09T06:24:12+00:00\",\"description\":\"Preparazione per l'esame di tedesco telc Deutsch B2 Berlino. Scuola di lingua tedesca a Berlino. Centro di verifica telc Deutsch Berlino. Partner telc autorizzato\",\"breadcrumb\":{\"@id\":\"https:\/\/kapitel-zwei.de\/it\/preparazione-telc-deutsch-b2\/#breadcrumb\"},\"inLanguage\":\"it-IT\",\"potentialAction\":[{\"@type\":\"ReadAction\",\"target\":[\"https:\/\/kapitel-zwei.de\/it\/preparazione-telc-deutsch-b2\/\"]}]},{\"@type\":\"BreadcrumbList\",\"@id\":\"https:\/\/kapitel-zwei.de\/it\/preparazione-telc-deutsch-b2\/#breadcrumb\",\"itemListElement\":[{\"@type\":\"ListItem\",\"position\":1,\"name\":\"Startseite\",\"item\":\"https:\/\/kapitel-zwei.de\/it\/\"},{\"@type\":\"ListItem\",\"position\":2,\"name\":\"Preparazione per l&#8217;esame di tedesco telc Deutsch B2 a Berlino\"}]},{\"@type\":\"WebSite\",\"@id\":\"https:\/\/kapitel-zwei.de\/es\/#website\",\"url\":\"https:\/\/kapitel-zwei.de\/es\/\",\"name\":\"Kapitel Zwei Berlin\",\"description\":\"Deutschkurs Berlin | Sprachschule Berlin | German language school Berlin | telc Berlin | Deutsch Pr\u00fcfung Berlin | Intensive German courses Berlin | TestDaF Pr\u00fcfung | Online Kurse\",\"publisher\":{\"@id\":\"https:\/\/kapitel-zwei.de\/es\/#organization\"},\"potentialAction\":[{\"@type\":\"SearchAction\",\"target\":{\"@type\":\"EntryPoint\",\"urlTemplate\":\"https:\/\/kapitel-zwei.de\/es\/?s={search_term_string}\"},\"query-input\":{\"@type\":\"PropertyValueSpecification\",\"valueRequired\":true,\"valueName\":\"search_term_string\"}}],\"inLanguage\":\"it-IT\"},{\"@type\":\"Organization\",\"@id\":\"https:\/\/kapitel-zwei.de\/es\/#organization\",\"name\":\"Kapitel Zwei. Deutsch-Sprachschule Berlin GmbH\",\"url\":\"https:\/\/kapitel-zwei.de\/es\/\",\"logo\":{\"@type\":\"ImageObject\",\"inLanguage\":\"it-IT\",\"@id\":\"https:\/\/kapitel-zwei.de\/es\/#\/schema\/logo\/image\/\",\"url\":\"https:\/\/kapitel-zwei.de\/wp-content\/uploads\/2018\/08\/Kapitel-Zwei-Berlin-Sprachschule-Deutsch-Deutschkurse-Berlin.jpg\",\"contentUrl\":\"https:\/\/kapitel-zwei.de\/wp-content\/uploads\/2018\/08\/Kapitel-Zwei-Berlin-Sprachschule-Deutsch-Deutschkurse-Berlin.jpg\",\"width\":350,\"height\":101,\"caption\":\"Kapitel Zwei. Deutsch-Sprachschule Berlin GmbH\"},\"image\":{\"@id\":\"https:\/\/kapitel-zwei.de\/es\/#\/schema\/logo\/image\/\"},\"sameAs\":[\"https:\/\/www.facebook.com\/kapitelzwei\/\",\"https:\/\/x.com\/kapitelzwei\"]}]}<\/script>\n<!-- \/ Yoast SEO Premium plugin. -->","yoast_head_json":{"title":"Preparazione per l'esame di tedesco telc Deutsch B2 a Berlino","description":"Preparazione per l'esame di tedesco telc Deutsch B2 Berlino. Scuola di lingua tedesca a Berlino. Centro di verifica telc Deutsch Berlino. Partner telc autorizzato","robots":{"index":"index","follow":"follow","max-snippet":"max-snippet:-1","max-image-preview":"max-image-preview:large","max-video-preview":"max-video-preview:-1"},"canonical":"https:\/\/kapitel-zwei.de\/it\/preparazione-telc-deutsch-b2\/","og_locale":"it_IT","og_type":"article","og_title":"Preparazione per l'esame di tedesco telc Deutsch B2 a Berlino","og_description":"Preparazione per l'esame di tedesco telc Deutsch B2 Berlino. Scuola di lingua tedesca a Berlino. Centro di verifica telc Deutsch Berlino. Partner telc autorizzato","og_url":"https:\/\/kapitel-zwei.de\/it\/preparazione-telc-deutsch-b2\/","og_site_name":"Kapitel Zwei Berlin","article_publisher":"https:\/\/www.facebook.com\/kapitelzwei\/","article_modified_time":"2025-07-09T06:24:12+00:00","twitter_card":"summary_large_image","twitter_site":"@kapitelzwei","schema":{"@context":"https:\/\/schema.org","@graph":[{"@type":"WebPage","@id":"https:\/\/kapitel-zwei.de\/it\/preparazione-telc-deutsch-b2\/","url":"https:\/\/kapitel-zwei.de\/it\/preparazione-telc-deutsch-b2\/","name":"Preparazione per l'esame di tedesco telc Deutsch B2 a Berlino","isPartOf":{"@id":"https:\/\/kapitel-zwei.de\/es\/#website"},"datePublished":"2017-05-31T07:55:11+00:00","dateModified":"2025-07-09T06:24:12+00:00","description":"Preparazione per l'esame di tedesco telc Deutsch B2 Berlino. Scuola di lingua tedesca a Berlino. Centro di verifica telc Deutsch Berlino. Partner telc autorizzato","breadcrumb":{"@id":"https:\/\/kapitel-zwei.de\/it\/preparazione-telc-deutsch-b2\/#breadcrumb"},"inLanguage":"it-IT","potentialAction":[{"@type":"ReadAction","target":["https:\/\/kapitel-zwei.de\/it\/preparazione-telc-deutsch-b2\/"]}]},{"@type":"BreadcrumbList","@id":"https:\/\/kapitel-zwei.de\/it\/preparazione-telc-deutsch-b2\/#breadcrumb","itemListElement":[{"@type":"ListItem","position":1,"name":"Startseite","item":"https:\/\/kapitel-zwei.de\/it\/"},{"@type":"ListItem","position":2,"name":"Preparazione per l&#8217;esame di tedesco telc Deutsch B2 a Berlino"}]},{"@type":"WebSite","@id":"https:\/\/kapitel-zwei.de\/es\/#website","url":"https:\/\/kapitel-zwei.de\/es\/","name":"Kapitel Zwei Berlin","description":"Deutschkurs Berlin | Sprachschule Berlin | German language school Berlin | telc Berlin | Deutsch Pr\u00fcfung Berlin | Intensive German courses Berlin | TestDaF Pr\u00fcfung | Online Kurse","publisher":{"@id":"https:\/\/kapitel-zwei.de\/es\/#organization"},"potentialAction":[{"@type":"SearchAction","target":{"@type":"EntryPoint","urlTemplate":"https:\/\/kapitel-zwei.de\/es\/?s={search_term_string}"},"query-input":{"@type":"PropertyValueSpecification","valueRequired":true,"valueName":"search_term_string"}}],"inLanguage":"it-IT"},{"@type":"Organization","@id":"https:\/\/kapitel-zwei.de\/es\/#organization","name":"Kapitel Zwei. Deutsch-Sprachschule Berlin GmbH","url":"https:\/\/kapitel-zwei.de\/es\/","logo":{"@type":"ImageObject","inLanguage":"it-IT","@id":"https:\/\/kapitel-zwei.de\/es\/#\/schema\/logo\/image\/","url":"https:\/\/kapitel-zwei.de\/wp-content\/uploads\/2018\/08\/Kapitel-Zwei-Berlin-Sprachschule-Deutsch-Deutschkurse-Berlin.jpg","contentUrl":"https:\/\/kapitel-zwei.de\/wp-content\/uploads\/2018\/08\/Kapitel-Zwei-Berlin-Sprachschule-Deutsch-Deutschkurse-Berlin.jpg","width":350,"height":101,"caption":"Kapitel Zwei. Deutsch-Sprachschule Berlin GmbH"},"image":{"@id":"https:\/\/kapitel-zwei.de\/es\/#\/schema\/logo\/image\/"},"sameAs":["https:\/\/www.facebook.com\/kapitelzwei\/","https:\/\/x.com\/kapitelzwei"]}]}},"_links":{"self":[{"href":"https:\/\/kapitel-zwei.de\/it\/wp-json\/wp\/v2\/pages\/22675","targetHints":{"allow":["GET"]}}],"collection":[{"href":"https:\/\/kapitel-zwei.de\/it\/wp-json\/wp\/v2\/pages"}],"about":[{"href":"https:\/\/kapitel-zwei.de\/it\/wp-json\/wp\/v2\/types\/page"}],"author":[{"embeddable":true,"href":"https:\/\/kapitel-zwei.de\/it\/wp-json\/wp\/v2\/users\/16"}],"replies":[{"embeddable":true,"href":"https:\/\/kapitel-zwei.de\/it\/wp-json\/wp\/v2\/comments?post=22675"}],"version-history":[{"count":48,"href":"https:\/\/kapitel-zwei.de\/it\/wp-json\/wp\/v2\/pages\/22675\/revisions"}],"predecessor-version":[{"id":124301,"href":"https:\/\/kapitel-zwei.de\/it\/wp-json\/wp\/v2\/pages\/22675\/revisions\/124301"}],"wp:attachment":[{"href":"https:\/\/kapitel-zwei.de\/it\/wp-json\/wp\/v2\/media?parent=22675"}],"curies":[{"name":"wp","href":"https:\/\/api.w.org\/{rel}","templated":true}]}}