{"id":10033,"date":"2016-03-23T19:53:52","date_gmt":"2016-03-23T18:53:52","guid":{"rendered":"http:\/\/relaunch.kapitel-zwei.de\/pt-br\/more-em-berlin\/visum\/"},"modified":"2025-05-23T14:59:55","modified_gmt":"2025-05-23T12:59:55","slug":"visto-para-alemanha","status":"publish","type":"page","link":"https:\/\/kapitel-zwei.de\/pt-br\/more-em-berlin\/visto-para-alemanha\/","title":{"rendered":"Ajuda com o Visto"},"content":{"rendered":"\n<style type=\"text\/css\" data-created_by=\"avia_inline_auto\" id=\"style-css-av-bcr1ar5-5bc693f2506d0d92a36f06b8bb17bb3c\">\n.flex_column.av-bcr1ar5-5bc693f2506d0d92a36f06b8bb17bb3c{\nborder-radius:0px 0px 0px 0px;\npadding:0px 0px 0px 0px;\n}\n<\/style>\n<div  class='flex_column av-bcr1ar5-5bc693f2506d0d92a36f06b8bb17bb3c av_one_full  avia-builder-el-0  el_before_av_one_third  avia-builder-el-first  first flex_column_div av-zero-column-padding  '     ><section  class='av_textblock_section av-ax488lt-2e311ab821eda5874e7d92d9d2d3b187 '   itemscope=\"itemscope\" itemtype=\"https:\/\/schema.org\/CreativeWork\" ><div class='avia_textblock'  itemprop=\"text\" ><h1><span style=\"color: #ff6600;\">Aprender alem\u00e3o em Berlim e quest\u00f5es do visto<\/span><\/h1>\n<\/div><\/section><br \/>\n<section  class='av_textblock_section av-klctjmx6-3251e988033f78251f1784af54f19460 '   itemscope=\"itemscope\" itemtype=\"https:\/\/schema.org\/CreativeWork\" ><div class='avia_textblock'  itemprop=\"text\" ><p>Voc\u00ea precisa de um visto para poder viver em Berlim? Aqui voc\u00ea encontra as informa\u00e7\u00f5es mais importantes.<\/p>\n<p>Antes de voc\u00ea vir a Berlim, informe-se em seu pa\u00eds sobre a necessidade de um visto para a Alemanha na embaixada alem\u00e3 mais pr\u00f3xima.<\/p>\n<p>Para obter uma autoriza\u00e7\u00e3o de resid\u00eancia para participar de um curso de idiomas, normalmente, \u00e9 necess\u00e1rio:<\/p>\n<\/div><\/section><\/p><\/div>\n\n<style type=\"text\/css\" data-created_by=\"avia_inline_auto\" id=\"style-css-av-kl9c41tk-ddc3d4a9adc614066196c0b5a5335749\">\n.flex_column.av-kl9c41tk-ddc3d4a9adc614066196c0b5a5335749{\nborder-radius:0px 0px 0px 0px;\npadding:15px 15px 15px 15px;\nbackground-color:#dfffdd;\n}\n<\/style>\n<div  class='flex_column av-kl9c41tk-ddc3d4a9adc614066196c0b5a5335749 av_one_third  avia-builder-el-3  el_after_av_one_full  el_before_av_one_third  first flex_column_div  column-top-margin'     ><section  class='av_textblock_section av-kl9brs74-598761b3ad6b9dba15025fd8f101be66 '   itemscope=\"itemscope\" itemtype=\"https:\/\/schema.org\/CreativeWork\" ><div class='avia_textblock'  itemprop=\"text\" ><h4>um certo n\u00famero de unidades de ensino\/aulas (dependendo do pa\u00eds de entrada)<\/h4>\n<h4>com aulas presencial em uma sala de aula real (#offline)<\/h4>\n<\/div><\/section><\/div>\n\n<style type=\"text\/css\" data-created_by=\"avia_inline_auto\" id=\"style-css-av-kl9c41tk-fb886da3d3bfdafa6bc1d20e5078e58a\">\n.flex_column.av-kl9c41tk-fb886da3d3bfdafa6bc1d20e5078e58a{\nborder-radius:0px 0px 0px 0px;\npadding:15px 15px 15px 15px;\nbackground-color:#dfffdd;\n}\n<\/style>\n<div  class='flex_column av-kl9c41tk-fb886da3d3bfdafa6bc1d20e5078e58a av_one_third  avia-builder-el-5  el_after_av_one_third  el_before_av_one_third  flex_column_div  column-top-margin'     ><section  class='av_textblock_section av-kl9brs74-598761b3ad6b9dba15025fd8f101be66 '   itemscope=\"itemscope\" itemtype=\"https:\/\/schema.org\/CreativeWork\" ><div class='avia_textblock'  itemprop=\"text\" ><h4>uma confirma\u00e7\u00e3o da matr\u00edcula fornecida pela escola de idiomas sobre seus cursos de alem\u00e3o com as unidades de ensino necess\u00e1rias<\/h4>\n<\/div><\/section><\/div>\n\n<style type=\"text\/css\" data-created_by=\"avia_inline_auto\" id=\"style-css-av-kl9c41tk-fb886da3d3bfdafa6bc1d20e5078e58a\">\n.flex_column.av-kl9c41tk-fb886da3d3bfdafa6bc1d20e5078e58a{\nborder-radius:0px 0px 0px 0px;\npadding:15px 15px 15px 15px;\nbackground-color:#dfffdd;\n}\n<\/style>\n<div  class='flex_column av-kl9c41tk-fb886da3d3bfdafa6bc1d20e5078e58a av_one_third  avia-builder-el-7  el_after_av_one_third  el_before_av_one_full  flex_column_div  column-top-margin'     ><section  class='av_textblock_section av-kl9brs74-598761b3ad6b9dba15025fd8f101be66 '   itemscope=\"itemscope\" itemtype=\"https:\/\/schema.org\/CreativeWork\" ><div class='avia_textblock'  itemprop=\"text\" ><h4>um contrato com a escola de idiomas<\/h4>\n<\/div><\/section><\/div>\n\n<style type=\"text\/css\" data-created_by=\"avia_inline_auto\" id=\"style-css-av-klcu6paf-5f3a8a64b85d2ba93623b98831047010\">\n.flex_column.av-klcu6paf-5f3a8a64b85d2ba93623b98831047010{\nborder-radius:0px 0px 0px 0px;\npadding:15px 15px 15px 15px;\nbackground-color:#fff8ed;\n}\n<\/style>\n<div  class='flex_column av-klcu6paf-5f3a8a64b85d2ba93623b98831047010 av_one_full  avia-builder-el-9  el_after_av_one_third  el_before_av_one_full  first flex_column_div  column-top-margin'     ><section  class='av_textblock_section av-klcu7eti-d226a2cebb9225bde2c97580141415ce '   itemscope=\"itemscope\" itemtype=\"https:\/\/schema.org\/CreativeWork\" ><div class='avia_textblock'  itemprop=\"text\" ><h4>Podemos emitir esses documentos, a seu pedido e se todas as condi\u00e7\u00f5es contratuais forem cumpridas (<a href=\"https:\/\/kapitel-zwei.de\/pt-br\/precos-cursos-alemao-on-line\/#Servi%C3%A7os\">custos -><\/a>).<\/h4>\n<\/div><\/section><\/div>\n\n<style type=\"text\/css\" data-created_by=\"avia_inline_auto\" id=\"style-css-av-10tnzap-91218958488159d377eecc4a193e34a8\">\n.flex_column.av-10tnzap-91218958488159d377eecc4a193e34a8{\nborder-radius:0px 0px 0px 0px;\npadding:0px 0px 0px 0px;\n}\n<\/style>\n<div  class='flex_column av-10tnzap-91218958488159d377eecc4a193e34a8 av_one_full  avia-builder-el-11  el_after_av_one_full  el_before_av_one_half  first flex_column_div av-zero-column-padding  column-top-margin'     ><style type=\"text\/css\" data-created_by=\"avia_inline_auto\" id=\"style-css-av-9pzdglt-83ffea562fc311d3b53fffb586c7ee7a\">\n#top .av_textblock_section.av-9pzdglt-83ffea562fc311d3b53fffb586c7ee7a .avia_textblock{\nfont-size:16px;\n}\n<\/style>\n<section  class='av_textblock_section av-9pzdglt-83ffea562fc311d3b53fffb586c7ee7a '   itemscope=\"itemscope\" itemtype=\"https:\/\/schema.org\/CreativeWork\" ><div class='avia_textblock'  itemprop=\"text\" ><p>Se voc\u00ea precisa de um visto para <strong>18 a 20 unidades de ensino<\/strong> por semana, recomendamos combinar nosso <strong>curso intensivo<\/strong> com um <strong>curso especial<\/strong>.<\/p>\n<ul>\n<li>Voc\u00ea ter\u00e1 aulas <strong>de segunda a sexta-feira com 20 UE por semana<\/strong>.<\/li>\n<li>Nossos <strong>cursos intensivos<\/strong> acontecem das 9-12h, 12-15h, 15-18h e 18-21h em nossa escola de idiomas.<\/li>\n<li>Nossos <strong>cursos especiais<\/strong> na sexta-feira acontecem <strong>das 9 \u00e0s 12 horas ou das 12 \u00e0s 15 horas<\/strong>.<\/li>\n<li>Alternativamente, voc\u00ea pode participar de nosso curso de gram\u00e1tica na segunda-feira <strong>das 18-21 hrs<\/strong> ou de nosso curso de conversa\u00e7\u00e3o na quarta-feira <strong>das 18-21 hrs<\/strong>.<\/li>\n<\/ul>\n<\/div><\/section><\/div>\n\n<style type=\"text\/css\" data-created_by=\"avia_inline_auto\" id=\"style-css-av-105zfn46-c8892bcf20a4f86cbb54fff1d5eaf7be\">\n.flex_column.av-105zfn46-c8892bcf20a4f86cbb54fff1d5eaf7be{\nborder-radius:0px 0px 0px 0px;\npadding:0px 0px 0px 0px;\n}\n<\/style>\n<div  class='flex_column av-105zfn46-c8892bcf20a4f86cbb54fff1d5eaf7be av_one_half  avia-builder-el-13  el_after_av_one_full  el_before_av_one_half  first flex_column_div av-zero-column-padding  column-top-margin'     ><div  class='avia-table av-2bdyyig6-e19b18a5e18f3485758ebcf2700625bc main_color avia-pricing-table-container avia_pricing_default  avia-builder-el-14  avia-builder-el-no-sibling  avia-table-1'  itemscope=\"itemscope\" itemtype=\"https:\/\/schema.org\/Table\" ><div class=\"pricing-table-wrap\"><ul class='pricing-table avia-highlight-col'><li class='avia-heading-row'><div class='first-table-item'>Curso de alem\u00e3o Intensivo | 4 semanas<\/div><span class='pricing-extra'><\/span><\/li><li class='avia-pricing-row'>319 <span class=\"currency-symbol\">\u20ac<\/span><\/li><li class=''>A1, A2, B1, B2, C1, C2<\/li><li class=''>3 horas por dia | Seg-Qui<\/li><li class=''>16 UE por semana<\/li><li class=''>Tarifa cl\u00e1ssica (com op\u00e7\u00e3o de cancelamento)<\/li><li class='avia-button-row'><div  class='avia-button-wrap av-76i4e1y-d436981447f27517627508529601d907-wrap avia-button-center  avia-builder-el-15  avia-builder-el-no-sibling '><a href='https:\/\/kapitel-zwei.de\/pt-br\/curso-de-alemao-em-berlim\/curso-de-alemao-intensivo\/'  class='avia-button av-76i4e1y-d436981447f27517627508529601d907 av-link-btn avia-icon_select-no avia-size-large avia-position-center avia-color-theme-color'   aria-label=\"Mais informa\u00e7\u00f5es\"><span class='avia_iconbox_title' >Mais informa\u00e7\u00f5es<\/span><\/a><\/div><br \/><\/li><\/ul><\/div><\/div><\/div>\n\n<style type=\"text\/css\" data-created_by=\"avia_inline_auto\" id=\"style-css-av-30ssm5i-cad0663f8c43914161999e239cb2d38e\">\n.flex_column.av-30ssm5i-cad0663f8c43914161999e239cb2d38e{\nborder-radius:0px 0px 0px 0px;\npadding:0px 0px 0px 0px;\n}\n<\/style>\n<div  class='flex_column av-30ssm5i-cad0663f8c43914161999e239cb2d38e av_one_half  avia-builder-el-16  el_after_av_one_half  el_before_av_one_full  flex_column_div av-zero-column-padding  column-top-margin'     ><div  class='avia-table av-2bdyyig6-e19b18a5e18f3485758ebcf2700625bc main_color avia-pricing-table-container avia_pricing_default  avia-builder-el-17  avia-builder-el-no-sibling  avia-table-2'  itemscope=\"itemscope\" itemtype=\"https:\/\/schema.org\/Table\" ><div class=\"pricing-table-wrap\"><ul class='pricing-table avia-center-col'><li class='avia-heading-row'><div class='first-table-item'>Cursos especiais | 4 semanas<\/div><span class='pricing-extra'><\/span><\/li><li class='avia-pricing-row'>82 <span class=\"currency-symbol\">\u20ac<\/span><\/li><li class=''>3 horas por dia<\/li><li class=''>4 UE por semana<\/li><li class='avia-button-row'><div  class='avia-button-wrap av-koik9z9u-22c0034e948560bf1043b2ed0013d9e2-wrap avia-button-center  avia-builder-el-18  el_before_av_button  avia-builder-el-first '><a href='https:\/\/kapitel-zwei.de\/pt-br\/curso-de-alemao-em-berlim\/curso-de-conversacao-alemao\/'  class='avia-button av-koik9z9u-22c0034e948560bf1043b2ed0013d9e2 av-link-btn avia-icon_select-no avia-size-small avia-position-center avia-color-theme-color'   aria-label=\"Curso de conversa\u00e7\u00e3o\"><span class='avia_iconbox_title' >Curso de conversa\u00e7\u00e3o<\/span><\/a><\/div><br \/><\/li><li class='avia-button-row'><div  class='avia-button-wrap av-koikb6kg-ba53010369decd34f6f6014f6753aa2b-wrap avia-button-center  avia-builder-el-19  el_after_av_button  el_before_av_button '><a href='https:\/\/kapitel-zwei.de\/pt-br\/curso-de-alemao-em-berlim\/curso-de-gramatica-alemao\/'  class='avia-button av-koikb6kg-ba53010369decd34f6f6014f6753aa2b av-link-btn avia-icon_select-no avia-size-small avia-position-center avia-color-theme-color'   aria-label=\"Curso de gram\u00e1tica\"><span class='avia_iconbox_title' >Curso de gram\u00e1tica<\/span><\/a><\/div><br \/><\/li><li class='avia-button-row'><div  class='avia-button-wrap av-76i4e1y-d29dd7b7ca8582bfbee9fea86d37f9f4-wrap avia-button-center  avia-builder-el-20  el_after_av_button  avia-builder-el-last '><a href='https:\/\/kapitel-zwei.de\/pt-br\/curso-de-alemao-em-berlim\/curso-pronuncia-alemao\/'  class='avia-button av-76i4e1y-d29dd7b7ca8582bfbee9fea86d37f9f4 av-link-btn avia-icon_select-no avia-size-small avia-position-center avia-color-theme-color'   aria-label=\"Curso de fon\u00e9tica\"><span class='avia_iconbox_title' >Curso de fon\u00e9tica<\/span><\/a><\/div><br \/><\/li><\/ul><\/div><\/div><\/div>\n\n<style type=\"text\/css\" data-created_by=\"avia_inline_auto\" id=\"style-css-av-klcu6paf-5f3a8a64b85d2ba93623b98831047010\">\n.flex_column.av-klcu6paf-5f3a8a64b85d2ba93623b98831047010{\nborder-radius:0px 0px 0px 0px;\npadding:15px 15px 15px 15px;\nbackground-color:#fff8ed;\n}\n<\/style>\n<div  class='flex_column av-klcu6paf-5f3a8a64b85d2ba93623b98831047010 av_one_full  avia-builder-el-21  el_after_av_one_half  el_before_av_one_full  first flex_column_div  column-top-margin'     ><section  class='av_textblock_section av-klcu7eti-ee1b58dc695ee33753fd66cdd71a7ccc '   itemscope=\"itemscope\" itemtype=\"https:\/\/schema.org\/CreativeWork\" ><div class='avia_textblock'  itemprop=\"text\" ><h4>Para dar entrada a um pedido de visto, recomendamos reservar nossa tarifa CL\u00c1SSICA, para que voc\u00ea ainda possa alterar ou cancelar seus cursos at\u00e9 14 dias antes do in\u00edcio do mesmo.<\/h4>\n<h4>A Kapitel Zwei n\u00e3o oferece cursos de integra\u00e7\u00e3o!<\/h4>\n<\/div><\/section><\/div>\n<style type=\"text\/css\" data-created_by=\"avia_inline_auto\" id=\"style-css-av-5kgv4h-c6642b033639562187a4248068972b4b\">\n.flex_column.av-5kgv4h-c6642b033639562187a4248068972b4b{\nborder-radius:0px 0px 0px 0px;\npadding:0px 0px 0px 0px;\n}\n<\/style>\n<div  class='flex_column av-5kgv4h-c6642b033639562187a4248068972b4b av_one_full  avia-builder-el-23  el_after_av_one_full  el_before_av_hr  cta-section first flex_column_div av-zero-column-padding  column-top-margin'     ><section  class='av_textblock_section av-11pc8oh-c9ea861be54c9aa46fae9b15dcd45412 '   itemscope=\"itemscope\" itemtype=\"https:\/\/schema.org\/CreativeWork\" ><div class='avia_textblock cta-slogan'  itemprop=\"text\" ><p style=\"text-align: left;\"><strong>Voc\u00ea quer aprender alem\u00e3o com sucesso?<\/strong><\/p>\n<\/div><\/section><br \/>\n<div  class='avia-button-wrap av-2skbtd-53ba73c9a3ec4e127e446090f9feb8cd-wrap avia-button-left  avia-builder-el-25  el_after_av_textblock  avia-builder-el-last  cta-button'><a href='https:\/\/kapitel-zwei.de\/pt-br\/inscricao-escola-alemao\/'  class='avia-button av-2skbtd-53ba73c9a3ec4e127e446090f9feb8cd av-link-btn avia-icon_select-no avia-size-medium avia-position-left avia-color-theme-color'   aria-label=\"Inscreva-se!\"><span class='avia_iconbox_title' >Inscreva-se!<\/span><\/a><\/div><\/p><\/div><\/p>\n<div  class='hr av-oe6l0x-6aa6279e033fdd79eb391b17bc8626da hr-default  avia-builder-el-26  el_after_av_one_full  el_before_av_one_third '><span class='hr-inner '><span class=\"hr-inner-style\"><\/span><\/span><\/div>\n\n<style type=\"text\/css\" data-created_by=\"avia_inline_auto\" id=\"style-css-av-9441u8h-82a4f3c01ef5bdabb3de240a52adf4c2\">\n.flex_column.av-9441u8h-82a4f3c01ef5bdabb3de240a52adf4c2{\nborder-radius:0px 0px 0px 0px;\npadding:0px 0px 0px 0px;\n}\n<\/style>\n<div  class='flex_column av-9441u8h-82a4f3c01ef5bdabb3de240a52adf4c2 av_one_third  avia-builder-el-27  el_after_av_hr  el_before_av_two_third  first flex_column_div av-zero-column-padding  '     ><p>\n<style type=\"text\/css\" data-created_by=\"avia_inline_auto\" id=\"style-css-av-8fjx4wh-e9d53c932b98741d500c0a749273b8bc\">\n.avia-image-container.av-8fjx4wh-e9d53c932b98741d500c0a749273b8bc img.avia_image{\nbox-shadow:none;\n}\n.avia-image-container.av-8fjx4wh-e9d53c932b98741d500c0a749273b8bc .av-image-caption-overlay-center{\ncolor:#ffffff;\n}\n<\/style>\n<div  class='avia-image-container av-8fjx4wh-e9d53c932b98741d500c0a749273b8bc av-styling- avia-align-left  avia-builder-el-28  el_before_av_textblock  avia-builder-el-first '   itemprop=\"image\" itemscope=\"itemscope\" itemtype=\"https:\/\/schema.org\/ImageObject\" ><div class=\"avia-image-container-inner\"><div class=\"avia-image-overlay-wrap\"><img decoding=\"async\" fetchpriority=\"high\" class='wp-image-26150 avia-img-lazy-loading-not-26150 avia_image ' src=\"https:\/\/kapitel-zwei.de\/wp-content\/uploads\/2017\/12\/Aprender-alem\u00e3o-em-Berlim-e-quest\u00f5es-do-visto-2.jpg\" alt='Aprender alem\u00e3o em Berlim e quest\u00f5es do visto' title='Aprender alem\u00e3o em Berlim e quest\u00f5es do visto'  height=\"853\" width=\"1280\"  itemprop=\"thumbnailUrl\" srcset=\"https:\/\/kapitel-zwei.de\/wp-content\/uploads\/2017\/12\/Aprender-alem\u00e3o-em-Berlim-e-quest\u00f5es-do-visto-2.jpg 1280w, https:\/\/kapitel-zwei.de\/wp-content\/uploads\/2017\/12\/Aprender-alem\u00e3o-em-Berlim-e-quest\u00f5es-do-visto-2-80x53.jpg 80w, https:\/\/kapitel-zwei.de\/wp-content\/uploads\/2017\/12\/Aprender-alem\u00e3o-em-Berlim-e-quest\u00f5es-do-visto-2-300x200.jpg 300w, https:\/\/kapitel-zwei.de\/wp-content\/uploads\/2017\/12\/Aprender-alem\u00e3o-em-Berlim-e-quest\u00f5es-do-visto-2-768x512.jpg 768w, https:\/\/kapitel-zwei.de\/wp-content\/uploads\/2017\/12\/Aprender-alem\u00e3o-em-Berlim-e-quest\u00f5es-do-visto-2-1030x686.jpg 1030w, https:\/\/kapitel-zwei.de\/wp-content\/uploads\/2017\/12\/Aprender-alem\u00e3o-em-Berlim-e-quest\u00f5es-do-visto-2-705x470.jpg 705w, https:\/\/kapitel-zwei.de\/wp-content\/uploads\/2017\/12\/Aprender-alem\u00e3o-em-Berlim-e-quest\u00f5es-do-visto-2-450x300.jpg 450w\" sizes=\"(max-width: 1280px) 100vw, 1280px\" \/><\/div><\/div><\/div><br \/>\n<section  class='av_textblock_section av-830g4vl-2da8a4749916af9a80b81d7400ac3fd1 '   itemscope=\"itemscope\" itemtype=\"https:\/\/schema.org\/CreativeWork\" ><div class='avia_textblock'  itemprop=\"text\" ><p class=\"intro\">Aprender alem\u00e3o e viver em Berlim, com ajuda da \u201eKapitel Zwei. Escola de alem\u00e3o\u201c no centro de Berlim, entre Heinrich-Heine-Stra\u00dfe (U8) e M\u00e4rkisches Museum (U2).<\/p>\n<\/div><\/section><\/p><\/div>\n\n<style type=\"text\/css\" data-created_by=\"avia_inline_auto\" id=\"style-css-av-4nq1wdt-d9fa30eb05ca8ea3048a666f0a0b1171\">\n.flex_column.av-4nq1wdt-d9fa30eb05ca8ea3048a666f0a0b1171{\nborder-radius:0px 0px 0px 0px;\npadding:0px 0px 0px 0px;\n}\n<\/style>\n<div  class='flex_column av-4nq1wdt-d9fa30eb05ca8ea3048a666f0a0b1171 av_two_third  avia-builder-el-30  el_after_av_one_third  el_before_av_one_full  flex_column_div av-zero-column-padding  '     ><section  class='av_textblock_section av-47j6j5d-9abea70ef4609fc2fecc9f8d5bc5c5b1 '   itemscope=\"itemscope\" itemtype=\"https:\/\/schema.org\/CreativeWork\" ><div class='avia_textblock'  itemprop=\"text\" ><p>Depois enviamos-te um teste de n\u00edvel por escrito, para determinar o teu n\u00edvel de curso.<\/p>\n<p>Depois recebes a <strong>reserva do curso<\/strong> incluindo as nossas <strong>modalidades de pagamento<\/strong> para o <strong>primeiro m\u00eas<\/strong> no cap\u00edtulo dois. Se para o teu pedido necessitas de mais tempo, ent\u00e3o iremos reservar-te o curso seguinte correspondente aos pr\u00f3ximos meses. Isto equivale ao pagamento fracionado.<\/p>\n<p>Depois do pagamento das taxas para o primeiro m\u00eas enviamos-te uma <strong>confirma\u00e7\u00e3o de registro oficial para a embaixada<\/strong>. A\u00ed tamb\u00e9m est\u00e1 a <strong>reserva <\/strong><strong>para a os meses seguintes<\/strong>, que tu solicitaste no teu visto.<\/p>\n<p>A decis\u00e3o sobre o seu visto \u00e9 dada pela embaixada alem\u00e3 em seu pa\u00eds. N\u00f3s n\u00e3o podemos lhe garantir nada com isto.<\/p>\n<p>Se voc\u00ea n\u00e3o conseguir seu visto para entrar no pa\u00eds, voc\u00ea pode cancelar sua reserva na <a href=\"https:\/\/kapitel-zwei.de\/pt-br\/oferta-classic\/\">Oferta Classic<\/a> por escrito por e-mail at\u00e9 7 dias \u00fateis\u00a0antes do in\u00edcio das aulas, informando seus motivos. Por favor, observe nossos <a href=\"https:\/\/kapitel-zwei.de\/pt-br\/termos-e-condicoes-de-uso\/#%C2%A75visto\">termos e condi\u00e7\u00f5es -><\/a>.<\/p>\n<\/div><\/section><\/div>\n\n<style type=\"text\/css\" data-created_by=\"avia_inline_auto\" id=\"style-css-av-353lafl-fc189fcb41a14dca133a519bcb11c7d9\">\n@keyframes av_boxShadowEffect_av-353lafl-fc189fcb41a14dca133a519bcb11c7d9-column {\n0%   { box-shadow:  0 0 0 0 #ff9d00; opacity: 1; }\n100% { box-shadow:  0 0 2px 0 #ff9d00; opacity: 1; }\n}\n.flex_column.av-353lafl-fc189fcb41a14dca133a519bcb11c7d9{\nbox-shadow: 0 0 2px 0 #ff9d00;\nborder-radius:0px 0px 0px 0px;\npadding:35px 35px 35px 35px;\nbackground-color:#dfffdd;\n}\n<\/style>\n<div  class='flex_column av-353lafl-fc189fcb41a14dca133a519bcb11c7d9 av_one_full  avia-builder-el-32  el_after_av_two_third  el_before_av_one_third  first flex_column_div shadow-not-animated  column-top-margin'     ><section  class='av_textblock_section av-2mmwyoh-a84a3019ac588e31945da959d9760ad4 '   itemscope=\"itemscope\" itemtype=\"https:\/\/schema.org\/CreativeWork\" ><div class='avia_textblock'  itemprop=\"text\" ><div class=\"flex_column av_four_fifth flex_column_div av-zero-column-padding \">\n<section class=\"av_textblock_section\">\n<div class=\"avia_textblock \">\n<p><strong>Sugest\u00e3o<\/strong>: Antes de vires para Berlim, informa-te no <a href=\"http:\/\/www.brasil.diplo.de\/\" target=\"_blank\" rel=\"noopener\">Minist\u00e9rio das Rela\u00e7\u00f5es Externas<\/a> ou na embaixada alem\u00e3 do teu pa\u00eds sobre as condi\u00e7\u00f5es de visto, para poderes viajar para a Alemanha. Para um visto de idioma pode variar a quantidade de horas para o curso de alem\u00e3o.<\/p>\n<p>No caso de necessitares de um seguro de sa\u00fade, aconselhamos-te <a href=\"https:\/\/www.care-concept.de\/krankenversicherung\/sprachschueler_und_studenten\/auslaendische_studenten_versicherung_e-antrag_eng.php?navilang=eng&#038;vmnr=002898000S%20&#038;mail=berlin@kapitel-zwei.de\" target=\"_blank\" rel=\"noopener\">Care Concept<\/a>.<\/p>\n<p>Se voc\u00ea precisar de uma conta bloqueada, siga nossas dicas no <a href=\"https:\/\/kapitel-zwei.de\/pt-br\/escola-de-alemao-berlin\/perguntas-e-respostas\/#toggle-id-19\">FAQ<\/a>.<\/p>\n<\/div>\n<\/section>\n<\/div>\n<\/div><\/section><\/div>\n\n<style type=\"text\/css\" data-created_by=\"avia_inline_auto\" id=\"style-css-av-279e9kh-eced01b8b8c7f80b5ce90d23349a3520\">\n.flex_column.av-279e9kh-eced01b8b8c7f80b5ce90d23349a3520{\nborder-radius:0px 0px 0px 0px;\npadding:0px 0px 0px 0px;\n}\n<\/style>\n<div  class='flex_column av-279e9kh-eced01b8b8c7f80b5ce90d23349a3520 av_one_third  avia-builder-el-34  el_after_av_one_full  el_before_av_two_third  first flex_column_div av-zero-column-padding  column-top-margin'     ><\/div>\n\n<style type=\"text\/css\" data-created_by=\"avia_inline_auto\" id=\"style-css-av-enhacrq-42574e92b8511ac42ed88b693c923edf\">\n.flex_column.av-enhacrq-42574e92b8511ac42ed88b693c923edf{\nborder-radius:0px 0px 0px 0px;\npadding:0px 0px 0px 0px;\n}\n<\/style>\n<div  class='flex_column av-enhacrq-42574e92b8511ac42ed88b693c923edf av_two_third  avia-builder-el-35  el_after_av_one_third  el_before_av_hr  cta-section flex_column_div av-zero-column-padding  column-top-margin'     ><section  class='av_textblock_section av-dxemcfa-7dabcb90e336675ca1093eea7a35a61a '   itemscope=\"itemscope\" itemtype=\"https:\/\/schema.org\/CreativeWork\" ><div class='avia_textblock cta-slogan'  itemprop=\"text\" ><p style=\"text-align: left;\"><strong>Voc\u00ea quer aprender alem\u00e3o com sucesso?<\/strong><\/p>\n<\/div><\/section><br \/>\n<div  class='avia-button-wrap av-dn590py-3b1f66e540c1fa153c74f2352474a689-wrap avia-button-left  avia-builder-el-37  el_after_av_textblock  avia-builder-el-last  cta-button'><a href='https:\/\/kapitel-zwei.de\/pt-br\/inscricao-escola-alemao\/'  class='avia-button av-dn590py-3b1f66e540c1fa153c74f2352474a689 av-link-btn avia-icon_select-no avia-size-medium avia-position-left avia-color-theme-color'   aria-label=\"Inscreva-se!\"><span class='avia_iconbox_title' >Inscreva-se!<\/span><\/a><\/div><\/p><\/div>\n<div  class='hr av-18z78w9y-5af68b5a4bb7ce1f4e438fce768e564a hr-default  avia-builder-el-38  el_after_av_two_third  el_before_av_one_third '><span class='hr-inner '><span class=\"hr-inner-style\"><\/span><\/span><\/div>\n<div class='flex_column_table av-1892uq9y-9ce6d0451f989958a3dc8a64873833b7 sc-av_one_third av-equal-height-column-flextable'>\n<style type=\"text\/css\" data-created_by=\"avia_inline_auto\" id=\"style-css-av-1892uq9y-9ce6d0451f989958a3dc8a64873833b7\">\n.flex_column.av-1892uq9y-9ce6d0451f989958a3dc8a64873833b7{\nborder-radius:0px 0px 0px 0px;\npadding:0px 0px 0px 0px;\n}\n<\/style>\n<div  class='flex_column av-1892uq9y-9ce6d0451f989958a3dc8a64873833b7 av_one_third  avia-builder-el-39  el_after_av_hr  el_before_av_two_third  first flex_column_table_cell av-equal-height-column av-align-top av-zero-column-padding  '     ><div  class='avia-video av-4dwxqhy-f487a6642c0ef7f4491ca5ee4ab596af avia-video-16-9 av-no-preview-image avia-video-load-always av-lazyload-immediate av-lazyload-video-embed'  itemprop=\"video\" itemtype=\"https:\/\/schema.org\/VideoObject\"  data-original_url='https:\/\/youtu.be\/DVmrAS2miv8 '><script type='text\/html' class='av-video-tmpl'> <div class=\"brlbs-cmpnt-container brlbs-cmpnt-content-blocker\" data-borlabs-cookie-content-blocker-id=\"default\" data-borlabs-cookie-content=\"PGRpdiBjbGFzcz0nYXZpYS1pZnJhbWUtd3JhcCc+PGlmcmFtZSB0aXRsZT0iS2FwaXRlbCBad2VpIEJlcmxpbiAtIEdlcm1hbiBsYW5ndWFnZSBzY2hvb2wgLSBHZXJtYW4gY291cnNlcyAtIExlYXJuIEdlcm1hbiBvbmxpbmUgLSBGdW5ueSBWaWRlb3MiIHdpZHRoPSIxMzMzIiBoZWlnaHQ9IjEwMDAiIHNyYz0iaHR0cHM6Ly93d3cueW91dHViZS5jb20vZW1iZWQvRFZtckFTMm1pdjg\/ZmVhdHVyZT1vZW1iZWQiIGZyYW1lYm9yZGVyPSIwIiBhbGxvdz0iYWNjZWxlcm9tZXRlcjsgYXV0b3BsYXk7IGNsaXBib2FyZC13cml0ZTsgZW5jcnlwdGVkLW1lZGlhOyBneXJvc2NvcGU7IHBpY3R1cmUtaW4tcGljdHVyZSIgYWxsb3dmdWxsc2NyZWVuPjwvaWZyYW1lPjwvZGl2Pg==\" ><div class=\"brlbs-cmpnt-cb-preset-a\"> <p class=\"brlbs-cmpnt-cb-description\">Sie sehen gerade einen Platzhalterinhalt von <strong>Standard<\/strong>. Um auf den eigentlichen Inhalt zuzugreifen, klicken Sie auf den Button unten. Bitte beachten Sie, dass dabei Daten an Drittanbieter weitergegeben werden.<\/p> <div class=\"brlbs-cmpnt-cb-buttons\"> <a class=\"brlbs-cmpnt-cb-btn\" href=\"#\" data-borlabs-cookie-unblock role=\"button\">Inhalt entsperren<\/a> <a class=\"brlbs-cmpnt-cb-btn\" href=\"#\" data-borlabs-cookie-accept-service role=\"button\" style=\"display: none\">Erforderlichen Service akzeptieren und Inhalte entsperren<\/a> <\/div> <a class=\"brlbs-cmpnt-cb-provider-toggle\" href=\"#\" data-borlabs-cookie-show-provider-information role=\"button\">Weitere Informationen<\/a> <\/div><\/div><\/script><div class='av-click-to-play-overlay'><div class=\"avia_playpause_icon\"><\/div><\/div><\/div><\/div>\n<div class='av-flex-placeholder'><\/div>\n<style type=\"text\/css\" data-created_by=\"avia_inline_auto\" id=\"style-css-av-17a8xp46-74c399fd1aad3e6e2110fb13cc1509ae\">\n.flex_column.av-17a8xp46-74c399fd1aad3e6e2110fb13cc1509ae{\nborder-radius:0px 0px 0px 0px;\npadding:0px 0px 0px 0px;\n}\n<\/style>\n<div  class='flex_column av-17a8xp46-74c399fd1aad3e6e2110fb13cc1509ae av_two_third  avia-builder-el-41  el_after_av_one_third  el_before_av_hr  flex_column_table_cell av-equal-height-column av-align-top av-zero-column-padding  '     ><section  class='av_textblock_section av-16wvp0ue-7c8909fe3c05779381b754d5691576d5 '   itemscope=\"itemscope\" itemtype=\"https:\/\/schema.org\/CreativeWork\" ><div class='avia_textblock course'  itemprop=\"text\" ><h3><a href=\"https:\/\/kapitel-zwei.de\/pt-br\/curso-de-alemao-em-berlim\/curso-de-alemao-intensivo\/\">Curso de alem\u00e3o intensivo &#8211; Tarifa cl\u00e1ssica com op\u00e7\u00e3o de cancelamento 319\u20ac \/ 4 semanas<\/a><\/h3>\n<p>O produto mais popular da nossa escola de alem\u00e3o em Berlim \u00e9 o curso intensivo para <strong>todos os n\u00edveis<\/strong>: de A1, A2 a B1, B2 a C1, C2 com todos os <a href=\"https:\/\/kapitel-zwei.de\/pt-br\/quadro-comum-europeu-de-referencia-para-as-linguas\/\" target=\"_blank\" rel=\"noopener\">subn\u00edveis<\/a>. Neste curso de alem\u00e3o voc\u00ea pode aprender alem\u00e3o <strong>4 vezes por semana<\/strong>, <strong>de segunda \u00e0 quinta-feira<\/strong> durante<strong> 3 horas<\/strong> di\u00e1rias.<br \/>\nPraticamos conversa\u00e7\u00e3o, exerc\u00edcios de vocabul\u00e1rio, gram\u00e1tica e vocabul\u00e1rio, escuta e escrita. Al\u00e9m disso, voc\u00ea conhecer\u00e1 pessoas legais de todas as nacionalidades em Berlim e ter\u00e1 aulas de alem\u00e3o com falantes nativos!<\/p>\n<p><a href=\"https:\/\/kapitel-zwei.de\/pt-br\/curso-de-alemao-em-berlim\/curso-de-alemao-intensivo\/\">Mais informa\u00e7\u00f5es<\/a><\/p>\n<\/div><\/section><\/div><\/div><!--close column table wrapper. Autoclose: 1 -->\n<div  class='hr av-16ba2rmu-b4387b4e075e85e9bdf5d76c0e4ae84b hr-default  avia-builder-el-43  el_after_av_two_third  el_before_av_one_third '><span class='hr-inner '><span class=\"hr-inner-style\"><\/span><\/span><\/div>\n<div class='flex_column_table av-z9xauxy-22984234fbccdc781fae6b6327766bcb sc-av_one_third av-equal-height-column-flextable'>\n<style type=\"text\/css\" data-created_by=\"avia_inline_auto\" id=\"style-css-av-z9xauxy-22984234fbccdc781fae6b6327766bcb\">\n.flex_column.av-z9xauxy-22984234fbccdc781fae6b6327766bcb{\nborder-radius:0px 0px 0px 0px;\npadding:0px 0px 0px 0px;\n}\n<\/style>\n<div  class='flex_column av-z9xauxy-22984234fbccdc781fae6b6327766bcb av_one_third  avia-builder-el-44  el_after_av_hr  el_before_av_two_third  first flex_column_table_cell av-equal-height-column av-align-top av-zero-column-padding  '     ><style type=\"text\/css\" data-created_by=\"avia_inline_auto\" id=\"style-css-av-yk7ht9i-22856a3d47ca4db4ca227a10aa8dca81\">\n.avia-image-container.av-yk7ht9i-22856a3d47ca4db4ca227a10aa8dca81 img.avia_image{\nbox-shadow:none;\n}\n.avia-image-container.av-yk7ht9i-22856a3d47ca4db4ca227a10aa8dca81 .av-image-caption-overlay-center{\ncolor:#ffffff;\n}\n<\/style>\n<div  class='avia-image-container av-yk7ht9i-22856a3d47ca4db4ca227a10aa8dca81 av-styling- avia-align-center  avia-builder-el-45  avia-builder-el-no-sibling '   itemprop=\"image\" itemscope=\"itemscope\" itemtype=\"https:\/\/schema.org\/ImageObject\" ><div class=\"avia-image-container-inner\"><div class=\"avia-image-overlay-wrap\"><img decoding=\"async\" fetchpriority=\"high\" class='wp-image-83139 avia-img-lazy-loading-not-83139 avia_image ' src=\"https:\/\/kapitel-zwei.de\/wp-content\/uploads\/2020\/04\/Curso-de-conversa\u00e7\u00e3o-em-alem\u00e3o-em-Berlim-Kapitel-Zwei-1030x686.jpg\" alt='Curso de conversa\u00e7\u00e3o em alem\u00e3o em Berlim Kapitel Zwei' title='Curso de conversa\u00e7\u00e3o em alem\u00e3o em Berlim Kapitel Zwei'  height=\"686\" width=\"1030\"  itemprop=\"thumbnailUrl\" srcset=\"https:\/\/kapitel-zwei.de\/wp-content\/uploads\/2020\/04\/Curso-de-conversa\u00e7\u00e3o-em-alem\u00e3o-em-Berlim-Kapitel-Zwei-1030x686.jpg 1030w, https:\/\/kapitel-zwei.de\/wp-content\/uploads\/2020\/04\/Curso-de-conversa\u00e7\u00e3o-em-alem\u00e3o-em-Berlim-Kapitel-Zwei-80x53.jpg 80w, https:\/\/kapitel-zwei.de\/wp-content\/uploads\/2020\/04\/Curso-de-conversa\u00e7\u00e3o-em-alem\u00e3o-em-Berlim-Kapitel-Zwei-300x200.jpg 300w, https:\/\/kapitel-zwei.de\/wp-content\/uploads\/2020\/04\/Curso-de-conversa\u00e7\u00e3o-em-alem\u00e3o-em-Berlim-Kapitel-Zwei-768x512.jpg 768w, https:\/\/kapitel-zwei.de\/wp-content\/uploads\/2020\/04\/Curso-de-conversa\u00e7\u00e3o-em-alem\u00e3o-em-Berlim-Kapitel-Zwei-705x470.jpg 705w, https:\/\/kapitel-zwei.de\/wp-content\/uploads\/2020\/04\/Curso-de-conversa\u00e7\u00e3o-em-alem\u00e3o-em-Berlim-Kapitel-Zwei-450x300.jpg 450w, https:\/\/kapitel-zwei.de\/wp-content\/uploads\/2020\/04\/Curso-de-conversa\u00e7\u00e3o-em-alem\u00e3o-em-Berlim-Kapitel-Zwei.jpg 1280w\" sizes=\"(max-width: 1030px) 100vw, 1030px\" \/><\/div><\/div><\/div><\/div>\n<div class='av-flex-placeholder'><\/div>\n<style type=\"text\/css\" data-created_by=\"avia_inline_auto\" id=\"style-css-av-3f9kgzq-48fced12311b6086fcef6de42772af7d\">\n.flex_column.av-3f9kgzq-48fced12311b6086fcef6de42772af7d{\nborder-radius:0px 0px 0px 0px;\npadding:0px 0px 0px 0px;\n}\n<\/style>\n<div  class='flex_column av-3f9kgzq-48fced12311b6086fcef6de42772af7d av_two_third  avia-builder-el-46  el_after_av_one_third  el_before_av_hr  flex_column_table_cell av-equal-height-column av-align-top av-zero-column-padding  '     ><section  class='av_textblock_section av-xxd1m7a-29bcef6551f84d6a07f5cf7a21790458 '   itemscope=\"itemscope\" itemtype=\"https:\/\/schema.org\/CreativeWork\" ><div class='avia_textblock course'  itemprop=\"text\" ><h3><a href=\"https:\/\/kapitel-zwei.de\/pt-br\/curso-de-alemao-em-berlim\/curso-de-conversacao-alemao\/\">Curso de conversa\u00e7\u00e3o em alem\u00e3o &#8211; Tarifa cl\u00e1ssica com op\u00e7\u00e3o de cancelamento 82\u20ac \/ 4 semanas<\/a><\/h3>\n<p>Voc\u00ea quer se expressar melhor em alem\u00e3o, aumentar seu vocabul\u00e1rio e falar com confian\u00e7a com outros berlinenses? Treine suas habilidades orais (1x ou 2x por semana) durante 4 semanas na sua escola de l\u00edngua alem\u00e3 em Berlim. Oferecemos <strong>descontos<\/strong> especiais na reserva de dois cursos de especializa\u00e7\u00e3o (Conversa\u00e7\u00e3o e gram\u00e1tica ou Conversa\u00e7\u00e3o 2x \/ semana).<\/p>\n<p><a class=\"read-more\" href=\"https:\/\/kapitel-zwei.de\/pt-br\/curso-de-alemao-em-berlim\/curso-de-conversacao-alemao\/\">Mais informa\u00e7\u00f5es<\/a><\/p>\n<\/div><\/section><\/div><\/div><!--close column table wrapper. Autoclose: 1 -->\n<div  class='hr av-x9upxs6-df41f67b4905497beac1dd4fd2271578 hr-default  avia-builder-el-48  el_after_av_two_third  el_before_av_one_third '><span class='hr-inner '><span class=\"hr-inner-style\"><\/span><\/span><\/div>\n<div class='flex_column_table av-x0dxf46-736b74541657ebe19d389cd0b4ce141b sc-av_one_third av-equal-height-column-flextable'>\n<style type=\"text\/css\" data-created_by=\"avia_inline_auto\" id=\"style-css-av-x0dxf46-736b74541657ebe19d389cd0b4ce141b\">\n.flex_column.av-x0dxf46-736b74541657ebe19d389cd0b4ce141b{\nborder-radius:0px 0px 0px 0px;\npadding:0px 0px 0px 0px;\n}\n<\/style>\n<div  class='flex_column av-x0dxf46-736b74541657ebe19d389cd0b4ce141b av_one_third  avia-builder-el-49  el_after_av_hr  el_before_av_two_third  first flex_column_table_cell av-equal-height-column av-align-top av-zero-column-padding  '     ><style type=\"text\/css\" data-created_by=\"avia_inline_auto\" id=\"style-css-av-wkqchvq-ca9ec2741e6bbf81ea489ab0dfb38884\">\n.avia-image-container.av-wkqchvq-ca9ec2741e6bbf81ea489ab0dfb38884 img.avia_image{\nbox-shadow:none;\n}\n.avia-image-container.av-wkqchvq-ca9ec2741e6bbf81ea489ab0dfb38884 .av-image-caption-overlay-center{\ncolor:#ffffff;\n}\n<\/style>\n<div  class='avia-image-container av-wkqchvq-ca9ec2741e6bbf81ea489ab0dfb38884 av-styling- avia-align-center  avia-builder-el-50  avia-builder-el-no-sibling '   itemprop=\"image\" itemscope=\"itemscope\" itemtype=\"https:\/\/schema.org\/ImageObject\" ><div class=\"avia-image-container-inner\"><div class=\"avia-image-overlay-wrap\"><img decoding=\"async\" fetchpriority=\"high\" class='wp-image-83146 avia-img-lazy-loading-not-83146 avia_image ' src=\"https:\/\/kapitel-zwei.de\/wp-content\/uploads\/2020\/04\/Curso-de-gram\u00e1tica-alem\u00e3-em-Berlim-Kapitel-Zwei-1030x687.jpg\" alt='' title='Curso de gram\u00e1tica alem\u00e3 em Berlim Kapitel Zwei'  height=\"687\" width=\"1030\"  itemprop=\"thumbnailUrl\" srcset=\"https:\/\/kapitel-zwei.de\/wp-content\/uploads\/2020\/04\/Curso-de-gram\u00e1tica-alem\u00e3-em-Berlim-Kapitel-Zwei-1030x687.jpg 1030w, https:\/\/kapitel-zwei.de\/wp-content\/uploads\/2020\/04\/Curso-de-gram\u00e1tica-alem\u00e3-em-Berlim-Kapitel-Zwei-80x53.jpg 80w, https:\/\/kapitel-zwei.de\/wp-content\/uploads\/2020\/04\/Curso-de-gram\u00e1tica-alem\u00e3-em-Berlim-Kapitel-Zwei-300x200.jpg 300w, https:\/\/kapitel-zwei.de\/wp-content\/uploads\/2020\/04\/Curso-de-gram\u00e1tica-alem\u00e3-em-Berlim-Kapitel-Zwei-768x512.jpg 768w, https:\/\/kapitel-zwei.de\/wp-content\/uploads\/2020\/04\/Curso-de-gram\u00e1tica-alem\u00e3-em-Berlim-Kapitel-Zwei-1500x1000.jpg 1500w, https:\/\/kapitel-zwei.de\/wp-content\/uploads\/2020\/04\/Curso-de-gram\u00e1tica-alem\u00e3-em-Berlim-Kapitel-Zwei-705x470.jpg 705w, https:\/\/kapitel-zwei.de\/wp-content\/uploads\/2020\/04\/Curso-de-gram\u00e1tica-alem\u00e3-em-Berlim-Kapitel-Zwei-450x300.jpg 450w, https:\/\/kapitel-zwei.de\/wp-content\/uploads\/2020\/04\/Curso-de-gram\u00e1tica-alem\u00e3-em-Berlim-Kapitel-Zwei.jpg 1600w\" sizes=\"(max-width: 1030px) 100vw, 1030px\" \/><\/div><\/div><\/div><\/div>\n<div class='av-flex-placeholder'><\/div>\n<style type=\"text\/css\" data-created_by=\"avia_inline_auto\" id=\"style-css-av-vzd05za-db5a144f72955c23d7a68a962bdafa51\">\n.flex_column.av-vzd05za-db5a144f72955c23d7a68a962bdafa51{\nborder-radius:0px 0px 0px 0px;\npadding:0px 0px 0px 0px;\n}\n<\/style>\n<div  class='flex_column av-vzd05za-db5a144f72955c23d7a68a962bdafa51 av_two_third  avia-builder-el-51  el_after_av_one_third  el_before_av_hr  flex_column_table_cell av-equal-height-column av-align-top av-zero-column-padding  '     ><section  class='av_textblock_section av-bb6ld2-c7f628b722357073b3aece39ad4770b6 '   itemscope=\"itemscope\" itemtype=\"https:\/\/schema.org\/CreativeWork\" ><div class='avia_textblock course'  itemprop=\"text\" ><h3><a href=\"https:\/\/kapitel-zwei.de\/pt-br\/curso-de-alemao-em-berlim\/curso-de-gramatica-alemao\/\">Curso de gram\u00e1tica alem\u00e3 &#8211; Tarifa cl\u00e1ssica com op\u00e7\u00e3o de cancelamento 82\u20ac \/ 4 semanas<\/a><\/h3>\n<p>Aprenda e pratique a estrutura, as regras e a teoria da gram\u00e1tica alem\u00e3. Oferecemos descontos especiais ao reservar dois cursos de especializa\u00e7\u00e3o (gram\u00e1tica com conversa\u00e7\u00e3o ou gram\u00e1tica 2x \/ semana) durante 4 semanas na Kapitel Zwei em Berlim.<\/p>\n<p><a class=\"read-more\" href=\"https:\/\/kapitel-zwei.de\/pt-br\/curso-de-alemao-em-berlim\/curso-de-gramatica-alemao\/\">Mais informa\u00e7\u00f5es<\/a><\/p>\n<\/div><\/section><\/div><\/div><!--close column table wrapper. Autoclose: 1 -->\n<div  class='hr av-uzyue92-4bcc7ed9b112763e3c10826cccce4e0c hr-default  avia-builder-el-53  el_after_av_two_third  el_before_av_one_third '><span class='hr-inner '><span class=\"hr-inner-style\"><\/span><\/span><\/div>\n<div class='flex_column_table av-uo2evc6-a1d43dc4fca0d43f9f1440ca7efa9788 sc-av_one_third av-equal-height-column-flextable'>\n<style type=\"text\/css\" data-created_by=\"avia_inline_auto\" id=\"style-css-av-uo2evc6-a1d43dc4fca0d43f9f1440ca7efa9788\">\n.flex_column.av-uo2evc6-a1d43dc4fca0d43f9f1440ca7efa9788{\nborder-radius:0px 0px 0px 0px;\npadding:0px 0px 0px 0px;\n}\n<\/style>\n<div  class='flex_column av-uo2evc6-a1d43dc4fca0d43f9f1440ca7efa9788 av_one_third  avia-builder-el-54  el_after_av_hr  el_before_av_two_third  first flex_column_table_cell av-equal-height-column av-align-top av-zero-column-padding  '     ><style type=\"text\/css\" data-created_by=\"avia_inline_auto\" id=\"style-css-av-u4mhokm-19e12f46c6b830c04d4c1193a3bd27af\">\n.avia-image-container.av-u4mhokm-19e12f46c6b830c04d4c1193a3bd27af img.avia_image{\nbox-shadow:none;\n}\n.avia-image-container.av-u4mhokm-19e12f46c6b830c04d4c1193a3bd27af .av-image-caption-overlay-center{\ncolor:#ffffff;\n}\n<\/style>\n<div  class='avia-image-container av-u4mhokm-19e12f46c6b830c04d4c1193a3bd27af av-styling- avia-align-center  avia-builder-el-55  avia-builder-el-no-sibling '   itemprop=\"image\" itemscope=\"itemscope\" itemtype=\"https:\/\/schema.org\/ImageObject\" ><div class=\"avia-image-container-inner\"><div class=\"avia-image-overlay-wrap\"><img decoding=\"async\" fetchpriority=\"high\" class='wp-image-83153 avia-img-lazy-loading-not-83153 avia_image ' src=\"https:\/\/kapitel-zwei.de\/wp-content\/uploads\/2020\/04\/Curso-de-fon\u00e9tica-alem\u00e3-em-Berlim-Kapitel-Zwei.jpg\" alt='Curso de fon\u00e9tica alem\u00e3 em Berlim Kapitel Zwei' title='Curso de fon\u00e9tica alem\u00e3 em Berlim Kapitel Zwei'  height=\"719\" width=\"714\"  itemprop=\"thumbnailUrl\" srcset=\"https:\/\/kapitel-zwei.de\/wp-content\/uploads\/2020\/04\/Curso-de-fon\u00e9tica-alem\u00e3-em-Berlim-Kapitel-Zwei.jpg 714w, https:\/\/kapitel-zwei.de\/wp-content\/uploads\/2020\/04\/Curso-de-fon\u00e9tica-alem\u00e3-em-Berlim-Kapitel-Zwei-80x80.jpg 80w, https:\/\/kapitel-zwei.de\/wp-content\/uploads\/2020\/04\/Curso-de-fon\u00e9tica-alem\u00e3-em-Berlim-Kapitel-Zwei-298x300.jpg 298w, https:\/\/kapitel-zwei.de\/wp-content\/uploads\/2020\/04\/Curso-de-fon\u00e9tica-alem\u00e3-em-Berlim-Kapitel-Zwei-36x36.jpg 36w, https:\/\/kapitel-zwei.de\/wp-content\/uploads\/2020\/04\/Curso-de-fon\u00e9tica-alem\u00e3-em-Berlim-Kapitel-Zwei-180x180.jpg 180w, https:\/\/kapitel-zwei.de\/wp-content\/uploads\/2020\/04\/Curso-de-fon\u00e9tica-alem\u00e3-em-Berlim-Kapitel-Zwei-700x705.jpg 700w, https:\/\/kapitel-zwei.de\/wp-content\/uploads\/2020\/04\/Curso-de-fon\u00e9tica-alem\u00e3-em-Berlim-Kapitel-Zwei-120x120.jpg 120w, https:\/\/kapitel-zwei.de\/wp-content\/uploads\/2020\/04\/Curso-de-fon\u00e9tica-alem\u00e3-em-Berlim-Kapitel-Zwei-450x453.jpg 450w\" sizes=\"(max-width: 714px) 100vw, 714px\" \/><\/div><\/div><\/div><\/div>\n<div class='av-flex-placeholder'><\/div>\n<style type=\"text\/css\" data-created_by=\"avia_inline_auto\" id=\"style-css-av-tllgbxi-0d95dfe6b38d3379ea120eeed23a2a90\">\n.flex_column.av-tllgbxi-0d95dfe6b38d3379ea120eeed23a2a90{\nborder-radius:0px 0px 0px 0px;\npadding:0px 0px 0px 0px;\n}\n<\/style>\n<div  class='flex_column av-tllgbxi-0d95dfe6b38d3379ea120eeed23a2a90 av_two_third  avia-builder-el-56  el_after_av_one_third  avia-builder-el-last  flex_column_table_cell av-equal-height-column av-align-top av-zero-column-padding  '     ><section  class='av_textblock_section av-t858hmu-cbf7e98c93776b2cbf62d8c776f7719a '   itemscope=\"itemscope\" itemtype=\"https:\/\/schema.org\/CreativeWork\" ><div class='avia_textblock course'  itemprop=\"text\" ><h3><a href=\"https:\/\/kapitel-zwei.de\/pt-br\/curso-de-alemao-em-berlim\/curso-pronuncia-alemao\/\">Curso de fon\u00e9tica alem\u00e3 &#8211;  Tarifa cl\u00e1ssica com op\u00e7\u00e3o de cancelamento 82\u20ac \/ 4 semanas<\/a><\/h3>\n<p>Pratique a sua pron\u00fancia da l\u00edngua alem\u00e3 e sons diferentes que podem n\u00e3o existir no seu idioma. Para isso praticamos a pron\u00fancia de palavras e frases em alem\u00e3o, 1x por semana, \u00e0s sextas-feira, por 3 horas, durante 4 semanas em Berlim.<\/p>\n<p><a class=\"read-more\" href=\"https:\/\/kapitel-zwei.de\/pt-br\/curso-de-alemao-em-berlim\/curso-pronuncia-alemao\/\">Mais informa\u00e7\u00f5es<\/a><\/p>\n<\/div><\/section><\/div><\/div><!--close column table wrapper. Autoclose: 1 -->\n","protected":false},"excerpt":{"rendered":"","protected":false},"author":16,"featured_media":0,"parent":3507,"menu_order":0,"comment_status":"closed","ping_status":"closed","template":"","meta":{"footnotes":""},"class_list":["post-10033","page","type-page","status-publish","hentry"],"yoast_head":"<!-- This site is optimized with the Yoast SEO Premium plugin v24.4 (Yoast SEO v24.4) - https:\/\/yoast.com\/wordpress\/plugins\/seo\/ -->\n<title>Visto - Condi\u00e7\u00f5es - Viver em Berllim - Kapitel Zwei<\/title>\n<meta name=\"description\" content=\"Para atender aos requisitos de visto para a Alemanha, \u00e9 poss\u00edvel unir combina\u00e7\u00f5es individuais do curso de alem\u00e3o.\" \/>\n<meta name=\"robots\" content=\"index, follow, max-snippet:-1, max-image-preview:large, max-video-preview:-1\" \/>\n<link rel=\"canonical\" href=\"https:\/\/kapitel-zwei.de\/pt-br\/more-em-berlin\/visto-para-alemanha\/\" \/>\n<meta property=\"og:locale\" content=\"pt_BR\" \/>\n<meta property=\"og:type\" content=\"article\" \/>\n<meta property=\"og:title\" content=\"Ajuda com o Visto\" \/>\n<meta property=\"og:description\" content=\"Para atender aos requisitos de visto para a Alemanha, \u00e9 poss\u00edvel unir combina\u00e7\u00f5es individuais do curso de alem\u00e3o.\" \/>\n<meta property=\"og:url\" content=\"https:\/\/kapitel-zwei.de\/pt-br\/more-em-berlin\/visto-para-alemanha\/\" \/>\n<meta property=\"og:site_name\" content=\"Kapitel Zwei Berlin\" \/>\n<meta property=\"article:publisher\" content=\"https:\/\/www.facebook.com\/kapitelzwei\/\" \/>\n<meta property=\"article:modified_time\" content=\"2025-05-23T12:59:55+00:00\" \/>\n<meta name=\"twitter:card\" content=\"summary_large_image\" \/>\n<meta name=\"twitter:site\" content=\"@kapitelzwei\" \/>\n<meta name=\"twitter:label1\" content=\"Est. tempo de leitura\" \/>\n\t<meta name=\"twitter:data1\" content=\"6 minutos\" \/>\n<script type=\"application\/ld+json\" class=\"yoast-schema-graph\">{\"@context\":\"https:\/\/schema.org\",\"@graph\":[{\"@type\":\"WebPage\",\"@id\":\"https:\/\/kapitel-zwei.de\/pt-br\/more-em-berlin\/visto-para-alemanha\/\",\"url\":\"https:\/\/kapitel-zwei.de\/pt-br\/more-em-berlin\/visto-para-alemanha\/\",\"name\":\"Visto - Condi\u00e7\u00f5es - Viver em Berllim - Kapitel Zwei\",\"isPartOf\":{\"@id\":\"https:\/\/kapitel-zwei.de\/es\/#website\"},\"datePublished\":\"2016-03-23T18:53:52+00:00\",\"dateModified\":\"2025-05-23T12:59:55+00:00\",\"description\":\"Para atender aos requisitos de visto para a Alemanha, \u00e9 poss\u00edvel unir combina\u00e7\u00f5es individuais do curso de alem\u00e3o.\",\"breadcrumb\":{\"@id\":\"https:\/\/kapitel-zwei.de\/pt-br\/more-em-berlin\/visto-para-alemanha\/#breadcrumb\"},\"inLanguage\":\"pt-BR\",\"potentialAction\":[{\"@type\":\"ReadAction\",\"target\":[\"https:\/\/kapitel-zwei.de\/pt-br\/more-em-berlin\/visto-para-alemanha\/\"]}]},{\"@type\":\"BreadcrumbList\",\"@id\":\"https:\/\/kapitel-zwei.de\/pt-br\/more-em-berlin\/visto-para-alemanha\/#breadcrumb\",\"itemListElement\":[{\"@type\":\"ListItem\",\"position\":1,\"name\":\"Startseite\",\"item\":\"https:\/\/kapitel-zwei.de\/pt-br\/\"},{\"@type\":\"ListItem\",\"position\":2,\"name\":\"More em Berlin\",\"item\":\"https:\/\/kapitel-zwei.de\/pt-br\/more-em-berlin\/\"},{\"@type\":\"ListItem\",\"position\":3,\"name\":\"Ajuda com o Visto\"}]},{\"@type\":\"WebSite\",\"@id\":\"https:\/\/kapitel-zwei.de\/es\/#website\",\"url\":\"https:\/\/kapitel-zwei.de\/es\/\",\"name\":\"Kapitel Zwei Berlin\",\"description\":\"Deutschkurs Berlin | Sprachschule Berlin | German language school Berlin | telc Berlin | Deutsch Pr\u00fcfung Berlin | Intensive German courses Berlin | TestDaF Pr\u00fcfung | Online Kurse\",\"publisher\":{\"@id\":\"https:\/\/kapitel-zwei.de\/es\/#organization\"},\"potentialAction\":[{\"@type\":\"SearchAction\",\"target\":{\"@type\":\"EntryPoint\",\"urlTemplate\":\"https:\/\/kapitel-zwei.de\/es\/?s={search_term_string}\"},\"query-input\":{\"@type\":\"PropertyValueSpecification\",\"valueRequired\":true,\"valueName\":\"search_term_string\"}}],\"inLanguage\":\"pt-BR\"},{\"@type\":\"Organization\",\"@id\":\"https:\/\/kapitel-zwei.de\/es\/#organization\",\"name\":\"Kapitel Zwei. Deutsch-Sprachschule Berlin GmbH\",\"url\":\"https:\/\/kapitel-zwei.de\/es\/\",\"logo\":{\"@type\":\"ImageObject\",\"inLanguage\":\"pt-BR\",\"@id\":\"https:\/\/kapitel-zwei.de\/es\/#\/schema\/logo\/image\/\",\"url\":\"https:\/\/kapitel-zwei.de\/wp-content\/uploads\/2018\/08\/Kapitel-Zwei-Berlin-Sprachschule-Deutsch-Deutschkurse-Berlin.jpg\",\"contentUrl\":\"https:\/\/kapitel-zwei.de\/wp-content\/uploads\/2018\/08\/Kapitel-Zwei-Berlin-Sprachschule-Deutsch-Deutschkurse-Berlin.jpg\",\"width\":350,\"height\":101,\"caption\":\"Kapitel Zwei. Deutsch-Sprachschule Berlin GmbH\"},\"image\":{\"@id\":\"https:\/\/kapitel-zwei.de\/es\/#\/schema\/logo\/image\/\"},\"sameAs\":[\"https:\/\/www.facebook.com\/kapitelzwei\/\",\"https:\/\/x.com\/kapitelzwei\"]}]}<\/script>\n<!-- \/ Yoast SEO Premium plugin. -->","yoast_head_json":{"title":"Visto - Condi\u00e7\u00f5es - Viver em Berllim - Kapitel Zwei","description":"Para atender aos requisitos de visto para a Alemanha, \u00e9 poss\u00edvel unir combina\u00e7\u00f5es individuais do curso de alem\u00e3o.","robots":{"index":"index","follow":"follow","max-snippet":"max-snippet:-1","max-image-preview":"max-image-preview:large","max-video-preview":"max-video-preview:-1"},"canonical":"https:\/\/kapitel-zwei.de\/pt-br\/more-em-berlin\/visto-para-alemanha\/","og_locale":"pt_BR","og_type":"article","og_title":"Ajuda com o Visto","og_description":"Para atender aos requisitos de visto para a Alemanha, \u00e9 poss\u00edvel unir combina\u00e7\u00f5es individuais do curso de alem\u00e3o.","og_url":"https:\/\/kapitel-zwei.de\/pt-br\/more-em-berlin\/visto-para-alemanha\/","og_site_name":"Kapitel Zwei Berlin","article_publisher":"https:\/\/www.facebook.com\/kapitelzwei\/","article_modified_time":"2025-05-23T12:59:55+00:00","twitter_card":"summary_large_image","twitter_site":"@kapitelzwei","twitter_misc":{"Est. tempo de leitura":"6 minutos"},"schema":{"@context":"https:\/\/schema.org","@graph":[{"@type":"WebPage","@id":"https:\/\/kapitel-zwei.de\/pt-br\/more-em-berlin\/visto-para-alemanha\/","url":"https:\/\/kapitel-zwei.de\/pt-br\/more-em-berlin\/visto-para-alemanha\/","name":"Visto - Condi\u00e7\u00f5es - Viver em Berllim - Kapitel Zwei","isPartOf":{"@id":"https:\/\/kapitel-zwei.de\/es\/#website"},"datePublished":"2016-03-23T18:53:52+00:00","dateModified":"2025-05-23T12:59:55+00:00","description":"Para atender aos requisitos de visto para a Alemanha, \u00e9 poss\u00edvel unir combina\u00e7\u00f5es individuais do curso de alem\u00e3o.","breadcrumb":{"@id":"https:\/\/kapitel-zwei.de\/pt-br\/more-em-berlin\/visto-para-alemanha\/#breadcrumb"},"inLanguage":"pt-BR","potentialAction":[{"@type":"ReadAction","target":["https:\/\/kapitel-zwei.de\/pt-br\/more-em-berlin\/visto-para-alemanha\/"]}]},{"@type":"BreadcrumbList","@id":"https:\/\/kapitel-zwei.de\/pt-br\/more-em-berlin\/visto-para-alemanha\/#breadcrumb","itemListElement":[{"@type":"ListItem","position":1,"name":"Startseite","item":"https:\/\/kapitel-zwei.de\/pt-br\/"},{"@type":"ListItem","position":2,"name":"More em Berlin","item":"https:\/\/kapitel-zwei.de\/pt-br\/more-em-berlin\/"},{"@type":"ListItem","position":3,"name":"Ajuda com o Visto"}]},{"@type":"WebSite","@id":"https:\/\/kapitel-zwei.de\/es\/#website","url":"https:\/\/kapitel-zwei.de\/es\/","name":"Kapitel Zwei Berlin","description":"Deutschkurs Berlin | Sprachschule Berlin | German language school Berlin | telc Berlin | Deutsch Pr\u00fcfung Berlin | Intensive German courses Berlin | TestDaF Pr\u00fcfung | Online Kurse","publisher":{"@id":"https:\/\/kapitel-zwei.de\/es\/#organization"},"potentialAction":[{"@type":"SearchAction","target":{"@type":"EntryPoint","urlTemplate":"https:\/\/kapitel-zwei.de\/es\/?s={search_term_string}"},"query-input":{"@type":"PropertyValueSpecification","valueRequired":true,"valueName":"search_term_string"}}],"inLanguage":"pt-BR"},{"@type":"Organization","@id":"https:\/\/kapitel-zwei.de\/es\/#organization","name":"Kapitel Zwei. Deutsch-Sprachschule Berlin GmbH","url":"https:\/\/kapitel-zwei.de\/es\/","logo":{"@type":"ImageObject","inLanguage":"pt-BR","@id":"https:\/\/kapitel-zwei.de\/es\/#\/schema\/logo\/image\/","url":"https:\/\/kapitel-zwei.de\/wp-content\/uploads\/2018\/08\/Kapitel-Zwei-Berlin-Sprachschule-Deutsch-Deutschkurse-Berlin.jpg","contentUrl":"https:\/\/kapitel-zwei.de\/wp-content\/uploads\/2018\/08\/Kapitel-Zwei-Berlin-Sprachschule-Deutsch-Deutschkurse-Berlin.jpg","width":350,"height":101,"caption":"Kapitel Zwei. Deutsch-Sprachschule Berlin GmbH"},"image":{"@id":"https:\/\/kapitel-zwei.de\/es\/#\/schema\/logo\/image\/"},"sameAs":["https:\/\/www.facebook.com\/kapitelzwei\/","https:\/\/x.com\/kapitelzwei"]}]}},"_links":{"self":[{"href":"https:\/\/kapitel-zwei.de\/pt-br\/wp-json\/wp\/v2\/pages\/10033","targetHints":{"allow":["GET"]}}],"collection":[{"href":"https:\/\/kapitel-zwei.de\/pt-br\/wp-json\/wp\/v2\/pages"}],"about":[{"href":"https:\/\/kapitel-zwei.de\/pt-br\/wp-json\/wp\/v2\/types\/page"}],"author":[{"embeddable":true,"href":"https:\/\/kapitel-zwei.de\/pt-br\/wp-json\/wp\/v2\/users\/16"}],"replies":[{"embeddable":true,"href":"https:\/\/kapitel-zwei.de\/pt-br\/wp-json\/wp\/v2\/comments?post=10033"}],"version-history":[{"count":37,"href":"https:\/\/kapitel-zwei.de\/pt-br\/wp-json\/wp\/v2\/pages\/10033\/revisions"}],"predecessor-version":[{"id":123614,"href":"https:\/\/kapitel-zwei.de\/pt-br\/wp-json\/wp\/v2\/pages\/10033\/revisions\/123614"}],"up":[{"embeddable":true,"href":"https:\/\/kapitel-zwei.de\/pt-br\/wp-json\/wp\/v2\/pages\/3507"}],"wp:attachment":[{"href":"https:\/\/kapitel-zwei.de\/pt-br\/wp-json\/wp\/v2\/media?parent=10033"}],"curies":[{"name":"wp","href":"https:\/\/api.w.org\/{rel}","templated":true}]}}