{"id":100832,"date":"2021-08-17T13:13:24","date_gmt":"2021-08-17T11:13:24","guid":{"rendered":"https:\/\/kapitel-zwei.de\/preise-telc-deutsch\/"},"modified":"2025-07-07T17:14:43","modified_gmt":"2025-07-07T15:14:43","slug":"precos-telc-deutsch","status":"publish","type":"page","link":"https:\/\/kapitel-zwei.de\/pt-br\/precos-telc-deutsch\/","title":{"rendered":"Pre\u00e7os telc Deutsch"},"content":{"rendered":"\n<style type=\"text\/css\" data-created_by=\"avia_inline_auto\" id=\"style-css-av-1roo6qsg-da3b2ebf6a7b6e7eaf249f48fb5fbc83\">\n.flex_column.av-1roo6qsg-da3b2ebf6a7b6e7eaf249f48fb5fbc83{\nborder-radius:0px 0px 0px 0px;\npadding:0px 0px 0px 0px;\n}\n<\/style>\n<div  class='flex_column av-1roo6qsg-da3b2ebf6a7b6e7eaf249f48fb5fbc83 av_one_full  avia-builder-el-0  el_before_av_two_third  avia-builder-el-first  first flex_column_div av-zero-column-padding  '     ><section  class='av_textblock_section av-ksgnd446-e25db0d45cacdcde03237153dbdc4f61 '   itemscope=\"itemscope\" itemtype=\"https:\/\/schema.org\/CreativeWork\" ><div class='avia_textblock'  itemprop=\"text\" ><h1><span style=\"color: #ff6600;\">Pre\u00e7os telc Deutsch Prepara\u00e7\u00e3o &#038; Exame telc Deutsch<\/span><\/h1>\n<\/div><\/section><\/div>\n\n<style type=\"text\/css\" data-created_by=\"avia_inline_auto\" id=\"style-css-av-1knb1z4w-617544153f024790d897a70fc7892dbd\">\n.flex_column.av-1knb1z4w-617544153f024790d897a70fc7892dbd{\nborder-radius:0px 0px 0px 0px;\npadding:0px 0px 0px 0px;\n}\n<\/style>\n<div  class='flex_column av-1knb1z4w-617544153f024790d897a70fc7892dbd av_two_third  avia-builder-el-2  el_after_av_one_full  el_before_av_one_third  first flex_column_div av-zero-column-padding  column-top-margin'     ><section  class='av_textblock_section av-ksgneuno-85956a723a4d91dcdabbccf4bbf51fa7 '   itemscope=\"itemscope\" itemtype=\"https:\/\/schema.org\/CreativeWork\" ><div class='avia_textblock'  itemprop=\"text\" ><p>Qual o pre\u00e7o de um curso de prepara\u00e7\u00e3o telc Deutsch de quatro semanas, em grupos pequenos e em uma escola central? Quanto custam as provas de profici\u00eancia?  Aqui voc\u00ea encontra todos os pre\u00e7os.<\/p>\n<ul>\n<li><a href=\"https:\/\/kapitel-zwei.de\/pt-br\/precos\/#Prepara\u00e7\u00e3oTelcBerlin\">Cursos de prepara\u00e7\u00e3o telc Deutsch<\/a><\/li>\n<li><a href=\"https:\/\/kapitel-zwei.de\/pt-br\/precos\/#ExamesTelcBerlin\">Exames telc Deutsch<\/a><\/li>\n<\/ul>\n<\/div><\/section><\/div>\n\n<style type=\"text\/css\" data-created_by=\"avia_inline_auto\" id=\"style-css-av-1gf6swww-700d717f91d494fa993a2f6bbd065053\">\n.flex_column.av-1gf6swww-700d717f91d494fa993a2f6bbd065053{\nborder-radius:0px 0px 0px 0px;\npadding:0px 0px 0px 0px;\n}\n<\/style>\n<div  class='flex_column av-1gf6swww-700d717f91d494fa993a2f6bbd065053 av_one_third  avia-builder-el-4  el_after_av_two_third  el_before_av_hr  flex_column_div av-zero-column-padding  column-top-margin'     ><p>\n<style type=\"text\/css\" data-created_by=\"avia_inline_auto\" id=\"style-css-av-ksgngdqu-ecd0cf5adebf6ac5027892051d4abe74\">\n.avia-image-container.av-ksgngdqu-ecd0cf5adebf6ac5027892051d4abe74 img.avia_image{\nbox-shadow:none;\n}\n.avia-image-container.av-ksgngdqu-ecd0cf5adebf6ac5027892051d4abe74 .av-image-caption-overlay-center{\ncolor:#ffffff;\n}\n<\/style>\n<div  class='avia-image-container av-ksgngdqu-ecd0cf5adebf6ac5027892051d4abe74 av-styling- avia-align-center  avia-builder-el-5  el_before_av_textblock  avia-builder-el-first '   itemprop=\"image\" itemscope=\"itemscope\" itemtype=\"https:\/\/schema.org\/ImageObject\" ><div class=\"avia-image-container-inner\"><div class=\"avia-image-overlay-wrap\"><img decoding=\"async\" fetchpriority=\"high\" class='wp-image-123941 avia-img-lazy-loading-not-123941 avia_image ' src=\"https:\/\/kapitel-zwei.de\/wp-content\/uploads\/2025\/07\/telc-Deutsch-Siegel.jpg\" alt='telc Deutsch Siegel' title='telc Deutsch Siegel'  height=\"472\" width=\"472\"  itemprop=\"thumbnailUrl\" srcset=\"https:\/\/kapitel-zwei.de\/wp-content\/uploads\/2025\/07\/telc-Deutsch-Siegel.jpg 472w, https:\/\/kapitel-zwei.de\/wp-content\/uploads\/2025\/07\/telc-Deutsch-Siegel-300x300.jpg 300w, https:\/\/kapitel-zwei.de\/wp-content\/uploads\/2025\/07\/telc-Deutsch-Siegel-80x80.jpg 80w, https:\/\/kapitel-zwei.de\/wp-content\/uploads\/2025\/07\/telc-Deutsch-Siegel-36x36.jpg 36w, https:\/\/kapitel-zwei.de\/wp-content\/uploads\/2025\/07\/telc-Deutsch-Siegel-180x180.jpg 180w\" sizes=\"(max-width: 472px) 100vw, 472px\" \/><\/div><\/div><\/div><br \/>\n<section  class='av_textblock_section av-1e3zh4gw-b5d0eeca53c3d78707c5efae9b2ee69a '   itemscope=\"itemscope\" itemtype=\"https:\/\/schema.org\/CreativeWork\" ><div class='avia_textblock'  itemprop=\"text\" ><p class=\"intro\">Aprender alem\u00e3o em Berlim com \u201eKapitel Zwei. Escola de alem\u00e3o\u201c no centro de Berlim, entre Heinrich-Heine-Stra\u00dfe (U8) e M\u00e4rkisches Museum (U2).<\/p>\n<\/div><\/section><\/p><\/div><div  class='hr av-15y78ycg-ffc655550c2c670fb3afe3d4a66be405 hr-default  avia-builder-el-7  el_after_av_one_third  el_before_av_one_full '><span class='hr-inner '><span class=\"hr-inner-style\"><\/span><\/span><\/div><\/p>\n\n<style type=\"text\/css\" data-created_by=\"avia_inline_auto\" id=\"style-css-av-11mocli8-4a202d02fed35800fbe7a4df0a409049\">\n.flex_column.av-11mocli8-4a202d02fed35800fbe7a4df0a409049{\nborder-radius:0px 0px 0px 0px;\npadding:0px 0px 0px 0px;\n}\n<\/style>\n<div  class='flex_column av-11mocli8-4a202d02fed35800fbe7a4df0a409049 av_one_full  avia-builder-el-8  el_after_av_hr  el_before_av_hr  first flex_column_div av-zero-column-padding  '     ><p><section  class='av_textblock_section av-zi9pyow-0e175640f62cae2cf437da3904028ff3 '   itemscope=\"itemscope\" itemtype=\"https:\/\/schema.org\/CreativeWork\" ><div class='avia_textblock'  itemprop=\"text\" ><p><a name=\"Prepara\u00e7\u00e3oTelcBerlin\"><\/a><\/p>\n<\/div><\/section><br \/>\n<section  class='av_textblock_section av-s39ekyo-f05fa7817c229868780f2362cf0ed41a '   itemscope=\"itemscope\" itemtype=\"https:\/\/schema.org\/CreativeWork\" ><div class='avia_textblock tablepress_scroll-if-too-large'  itemprop=\"text\" ><h2 id=\"tablepress-280-name\" class=\"tablepress-table-name tablepress-table-name-id-280\">Pre\u00e7os para os cursos de prepara\u00e7\u00e3o telc Deutsch (4 semanas)<\/h2>\n\n<table id=\"tablepress-280\" class=\"tablepress tablepress-id-280 tablepress_too_large tbody-has-connected-cells\" aria-labelledby=\"tablepress-280-name\">\n<thead>\n<tr class=\"row-1\">\n\t<th class=\"column-1\"><p style=\"color:white !important;\">Prepara\u00e7\u00e3o telc <\/p><\/th><th class=\"column-2\"><p style=\"color:white !important;\">Tipo do curso<\/p><\/th><th class=\"column-3\"><p style=\"color:white !important; text-align: center;\"><br \/>\nCursos offline<br \/>\nsala de aula real<br \/>\n<br \/>\nNovos cursos come\u00e7am todo m\u00eas<br \/>\n(4 semanas)<br \/>\n<br \/>\n<\/p><\/th><th class=\"column-4\"><p style=\"color:white !important;\">Frequ\u00eancia<\/p><\/th>\n<\/tr>\n<\/thead>\n<tbody class=\"row-striping\">\n<tr class=\"row-2\">\n\t<td class=\"column-1\"><span style=\"color:#f15f16\";><br \/>\n<br \/>\n<br \/>\n<br \/>\n<a href=\"https:\/\/kapitel-zwei.de\/pt-br\/preparacao-telc-deutsch-b1\/\"><b>N\u00edvel B1 <\/b><\/a><\/span><\/td><td class=\"column-2\"><br \/>\n<br \/>\n<br \/>\n<br \/>\n<b>alta velocidade<\/b><\/td><td class=\"column-3\"><p style=\"text-align: center; background-color:#FFEEE6 !important; \"><br \/>\n<br \/>\n<br \/>\n<b>162 \u20ac<\/b><br \/>\n<br \/>\n<br \/>\n<br \/>\n<br \/>\n<\/p><\/td><td class=\"column-4\"><b>16 horas<\/b><br \/>\n<br \/>\nTer\u00e7a-feira + Quinta-feira<br \/>\n16-18 hs ou<br \/>\n18-20 hs<br \/>\n<br \/>\nou<br \/>\n<br \/>\no9-13.20 hs<br \/>\nSexta-feira<\/td>\n<\/tr>\n<tr class=\"row-3\">\n\t<td class=\"column-1\"><span style=\"color:#f15f16\";><br \/>\n<br \/>\n<br \/>\n<br \/>\n<a href=\"https:\/\/kapitel-zwei.de\/pt-br\/preparacao-telc-deutsch-b2\/\"><b>N\u00edvel B2 <\/b><\/a><\/span><\/td><td class=\"column-2\"><br \/>\n<br \/>\n<br \/>\n<br \/>\n<b>alta velocidade<\/b><\/td><td class=\"column-3\"><p style=\"text-align: center; background-color:#FFEEE6 !important; \"><br \/>\n<br \/>\n<br \/>\n<b>162 \u20ac<\/b><br \/>\n<br \/>\n<br \/>\n<br \/>\n<br \/>\n<\/p><\/td><td class=\"column-4\"><b>16 horas<\/b><br \/>\n<br \/>\n18-20 hs<br \/>\nTer\u00e7a-feira + Quinta-feira<br \/>\n<br \/>\nou<br \/>\n<br \/>\no9-13.20 hs<br \/>\nSexta-feira<\/td>\n<\/tr>\n<tr class=\"row-4\">\n\t<td rowspan=\"2\" class=\"column-1\"><span style=\"color:#f15f16\";><br \/>\n<br \/>\n<br \/>\n<br \/>\n<a href=\"https:\/\/kapitel-zwei.de\/pt-br\/telc-deutsch-c1-hochschule-berlin\/\"><b>C1 Hochschule<\/b><\/a><\/span><\/td><td class=\"column-2\"><br \/>\n<br \/>\n<br \/>\n<br \/>\n<b>alta velocidade<\/b><\/td><td class=\"column-3\"><p style=\"text-align: center; background-color:#FFEEE6 !important; \"><br \/>\n<br \/>\n<br \/>\n<b>162 \u20ac<\/b> <br \/>\n<br \/>\n<br \/>\n<br \/>\n<\/p><\/td><td class=\"column-4\"><br \/>\n<br \/>\n<b>16 horas<\/b><br \/>\n<br \/>\no9-13.20 hs<br \/>\nSexta-feira<\/td>\n<\/tr>\n<tr class=\"row-5\">\n\t<td class=\"column-2\"><p style=\"text-align: center; background-color:#FFEEE6 !important; \"><br \/>\n<br \/>\n<br \/>\n<br \/>\n<b>Curso intensivo <\/b><br \/>\n<br \/>\n<br \/>\n<br \/>\n<br \/>\n<\/p><\/td><td class=\"column-3\"><p style=\"text-align: center; background-color:#FFEEE6 !important; \"><br \/>\n<br \/>\n<br \/>\n<b>319 \u20ac<\/b><a href=\"https:\/\/kapitel-zwei.de\/pt-br\/oferta-classic\/\"><br \/>\nOferta CLASSIC<\/a><br \/>\n<br \/>\n<br \/>\n<br \/>\n<br \/>\n<\/p><\/td><td class=\"column-4\"><b>48 horas<\/b><br \/>\n<br \/>\n09-12 hs<br \/>\n12-15 hs<br \/>\n15-18 hs<br \/>\n18-21 hs<br \/>\n<br \/>\nde segunda-feira a<br \/>\nquinta-feira<\/td>\n<\/tr>\n<tr class=\"row-6\">\n\t<td class=\"column-1\"><span style=\"color:#f15f16\";><br \/>\n<br \/>\n<br \/>\n<a href=\"https:\/\/kapitel-zwei.de\/pt-br\/fachsprachpruefung-aerztekammer\/\"><b>Prepara\u00e7\u00e3o para o<br \/>\nexame t\u00e9cnico de idioma<br \/>\nna<br \/>\nassocia\u00e7\u00e3o m\u00e9dica<\/b><\/a><\/span><\/td><td class=\"column-2\"><p style=\"text-align: center; background-color:#FFEEE6 !important; \"><br \/>\n<br \/>\n<br \/>\n<b>Curso intensivo <\/b><br \/>\n<br \/>\n<br \/>\n<br \/>\n<br \/>\n<br \/>\n<\/p><\/td><td class=\"column-3\"><p style=\"text-align: center; background-color:#FFEEE6 !important; \"><br \/>\n<b>499 \u20ac<\/b><a href=\"https:\/\/kapitel-zwei.de\/pt-br\/oferta-classic\/\"><br \/>\nOferta CLASSIC<\/a><br \/>\n<br \/>\n<b>449 \u20ac<\/b><br \/>\n<a href=\"https:\/\/kapitel-zwei.de\/pt-br\/oferta-antecipada\/\">Oferta ANTECIPADA<\/a><br \/>\n<br \/>\n<br \/>\n<br \/>\n<\/p><\/td><td class=\"column-4\"><br \/>\n<b>48 horas<\/b><br \/>\n<br \/>\n15-18 hs<br \/>\n<br \/>\nde segunda-feira a<br \/>\nquinta-feira<\/td>\n<\/tr>\n<\/tbody>\n<\/table>\n<!-- #tablepress-280 from cache -->\n<\/div><\/section><\/p><\/div>\n<div  class='hr av-opqlfvk-e8bf95ffad904288feee28a85f30cb8a hr-default  avia-builder-el-11  el_after_av_one_full  el_before_av_one_full '><span class='hr-inner '><span class=\"hr-inner-style\"><\/span><\/span><\/div>\n\n<style type=\"text\/css\" data-created_by=\"avia_inline_auto\" id=\"style-css-av-ja53s9s-1f88425eb58b436601836cb367537e8e\">\n.flex_column.av-ja53s9s-1f88425eb58b436601836cb367537e8e{\nborder-radius:0px 0px 0px 0px;\npadding:0px 0px 0px 0px;\n}\n<\/style>\n<div  class='flex_column av-ja53s9s-1f88425eb58b436601836cb367537e8e av_one_full  avia-builder-el-12  el_after_av_hr  avia-builder-el-last  first flex_column_div av-zero-column-padding  '     ><p><section  class='av_textblock_section av-ex1n8yo-a1854337dfc2840a4194cf9f9ed5256b '   itemscope=\"itemscope\" itemtype=\"https:\/\/schema.org\/CreativeWork\" ><div class='avia_textblock'  itemprop=\"text\" ><p><a name=\"ExamesTelcBerlin\"><\/a><\/p>\n<\/div><\/section><br \/>\n<section  class='av_textblock_section av-aasckio-49729d95f93f39f2369b2586b519d897 '   itemscope=\"itemscope\" itemtype=\"https:\/\/schema.org\/CreativeWork\" ><div class='avia_textblock tablepress_scroll-if-too-large'  itemprop=\"text\" ><h2 id=\"tablepress-93-name\" class=\"tablepress-table-name tablepress-table-name-id-93\">Pre\u00e7os para os exames telc Deutsch<\/h2>\n\n<table id=\"tablepress-93\" class=\"tablepress tablepress-id-93 tbody-has-connected-cells\" aria-labelledby=\"tablepress-93-name\">\n<thead>\n<tr class=\"row-1\">\n\t<th class=\"column-1\"><p style=\"color:white !important;\">N\u00edvel<\/p><\/th><th class=\"column-2\"><p style=\"color:white !important;\">Exames telc <\/p><\/th><th class=\"column-3\"><p style=\"color:white !important;\">Pre\u00e7os<\/p><\/th><th class=\"column-4\"><p style=\"color:white !important; text-align: center;\">...<\/p><\/th>\n<\/tr>\n<\/thead>\n<tbody class=\"row-striping\">\n<tr class=\"row-2\">\n\t<td colspan=\"2\" class=\"column-1\">Inscri\u00e7\u00e3o tardia<\/td><td class=\"column-3\">gr\u00e1tis<\/td><td class=\"column-4\"><\/td>\n<\/tr>\n<tr class=\"row-3\">\n\t<td class=\"column-1\"><p style=\"font-size:110%;\"><span style=\"color:#f15f16\";>N\u00edvel A1  <\/span><\/p><\/td><td class=\"column-2\">Completo<br \/>\n<\/td><td class=\"column-3\">149 \u20ac<\/td><td class=\"column-4\"><p style=\"text-decoration:underline; text-align: center;\"><a href=\"https:\/\/kapitel-zwei.de\/pt-br\/curso-de-alemao-em-berlim\/exame-telc-deutsch-a1\/\">Mais informa\u00e7\u00e3o<\/a><\/p><\/td>\n<\/tr>\n<tr class=\"row-4\">\n\t<td class=\"column-1\"><p style=\"font-size:110%;\"><span style=\"color:#f15f16\";>N\u00edvel A2  <\/span><\/p><\/td><td class=\"column-2\">Completo<br \/>\n<\/td><td class=\"column-3\">149 \u20ac<\/td><td class=\"column-4\"><p style=\"text-decoration:underline; text-align: center;\"><a href=\"https:\/\/kapitel-zwei.de\/pt-br\/curso-de-alemao-em-berlim\/exame-telc-deutsch-a2\/\">Mais informa\u00e7\u00e3o<\/a><\/p><\/td>\n<\/tr>\n<tr class=\"row-5\">\n\t<td rowspan=\"2\" class=\"column-1\"><p style=\"font-size:110%;\"><span style=\"color:#f15f16\";>N\u00edvel B1  <\/span><\/p><\/td><td class=\"column-2\">Completo<br \/>\n<\/td><td class=\"column-3\">199 \u20ac<\/td><td rowspan=\"2\" class=\"column-4\"><p style=\"text-decoration:underline; text-align: center;\"><a href=\"https:\/\/kapitel-zwei.de\/pt-br\/curso-de-alemao-em-berlim\/exame-telc-deutsch-b1\/\">Mais informa\u00e7\u00e3o<\/a><\/p><\/td>\n<\/tr>\n<tr class=\"row-6\">\n\t<td class=\"column-2\">S\u00f3 escrito \/ oral<\/td><td class=\"column-3\">169 \u20ac<\/td>\n<\/tr>\n<tr class=\"row-7\">\n\t<td rowspan=\"2\" class=\"column-1\"><p style=\"font-size:110%;\"><span style=\"color:#f15f16\";>N\u00edvel B2 <\/span><\/p><br \/>\n<\/td><td class=\"column-2\">Completo<br \/>\n<\/td><td class=\"column-3\">199 \u20ac<\/td><td rowspan=\"2\" class=\"column-4\"><p style=\"text-decoration:underline; text-align: center;\"><a href=\"https:\/\/kapitel-zwei.de\/pt-br\/curso-de-alemao-em-berlim\/exame-telc-deutsch-b2\/\">Mais informa\u00e7\u00e3o<\/a><\/p><\/td>\n<\/tr>\n<tr class=\"row-8\">\n\t<td class=\"column-2\">S\u00f3 escrito \/ oral<\/td><td class=\"column-3\">169 \u20ac<\/td>\n<\/tr>\n<tr class=\"row-9\">\n\t<td rowspan=\"2\" class=\"column-1\"><p style=\"font-size:110%;\"><span style=\"color:#f15f16\";>C1 Hochschule<\/span><\/p><br \/>\n<\/td><td class=\"column-2\">Completo<br \/>\n<\/td><td class=\"column-3\">199 \u20ac<\/td><td rowspan=\"2\" class=\"column-4\"><p style=\"text-decoration:underline; text-align: center;\"><a href=\"https:\/\/kapitel-zwei.de\/pt-br\/curso-de-alemao-em-berlim\/exame-telc-deutsch-c1\/\">Mais informa\u00e7\u00e3o<\/a><\/p><\/td>\n<\/tr>\n<tr class=\"row-10\">\n\t<td class=\"column-2\">S\u00f3 escrito \/ oral<\/td><td class=\"column-3\">169 \u20ac<\/td>\n<\/tr>\n<tr class=\"row-11\">\n\t<td rowspan=\"2\" class=\"column-1\"><p style=\"font-size:110%;\"><span style=\"color:#f15f16\";>C1<\/span><\/p><br \/>\n<\/td><td class=\"column-2\">Completo<\/td><td class=\"column-3\">199 \u20ac<\/td><td rowspan=\"2\" class=\"column-4\"><p style=\"text-decoration:underline; text-align: center;\"><a href=\"https:\/\/kapitel-zwei.de\/telc-deutsch-c1-pruefung\/\">Mais informa\u00e7\u00e3o<\/a><\/p><\/td>\n<\/tr>\n<tr class=\"row-12\">\n\t<td class=\"column-2\">S\u00f3 escrito \/ oral<\/td><td class=\"column-3\">169 \u20ac<\/td>\n<\/tr>\n<\/tbody>\n<\/table>\n<!-- #tablepress-93 from cache -->\n<\/div><\/section><br \/>\n<section  class='av_textblock_section av-me72w0-9a28ceb8b9c4dd614d48ad990cf1139b '   itemscope=\"itemscope\" itemtype=\"https:\/\/schema.org\/CreativeWork\" ><div class='avia_textblock'  itemprop=\"text\" ><p>Para maiores informa\u00e7\u00f5es sobre o programa telc, por favor clique <a href=\"https:\/\/kapitel-zwei.de\/pt-br\/telc-deutsch-berlin\/\">aqui<\/a>.<\/p>\n<\/div><\/section><\/p><\/div>\n","protected":false},"excerpt":{"rendered":"","protected":false},"author":16,"featured_media":0,"parent":0,"menu_order":0,"comment_status":"closed","ping_status":"closed","template":"","meta":{"footnotes":""},"class_list":["post-100832","page","type-page","status-publish","hentry"],"yoast_head":"<!-- This site is optimized with the Yoast SEO Premium plugin v24.4 (Yoast SEO v24.4) - https:\/\/yoast.com\/wordpress\/plugins\/seo\/ -->\n<title>Pre\u00e7os telc Deutsch Prepara\u00e7\u00e3o &amp; Exame telc Deutsch<\/title>\n<meta name=\"description\" content=\"Pre\u00e7os para prepara\u00e7\u00e3o e exame telc Deutsch. Descontos para exame ao reservar o curso de prepara\u00e7\u00e3o telc Deutsch. Cursos de prepara\u00e7\u00e3o telc Deutsch pre\u00e7os online e pre\u00e7os para aulas presenciais na escola numa sala de aula real.\" \/>\n<meta name=\"robots\" content=\"index, follow, max-snippet:-1, max-image-preview:large, max-video-preview:-1\" \/>\n<link rel=\"canonical\" href=\"https:\/\/kapitel-zwei.de\/pt-br\/precos-telc-deutsch\/\" \/>\n<meta property=\"og:locale\" content=\"pt_BR\" \/>\n<meta property=\"og:type\" content=\"article\" \/>\n<meta property=\"og:title\" content=\"Pre\u00e7os telc Deutsch\" \/>\n<meta property=\"og:description\" content=\"Pre\u00e7os para prepara\u00e7\u00e3o e exame telc Deutsch. Descontos para exame ao reservar o curso de prepara\u00e7\u00e3o telc Deutsch. Cursos de prepara\u00e7\u00e3o telc Deutsch pre\u00e7os online e pre\u00e7os para aulas presenciais na escola numa sala de aula real.\" \/>\n<meta property=\"og:url\" content=\"https:\/\/kapitel-zwei.de\/pt-br\/precos-telc-deutsch\/\" \/>\n<meta property=\"og:site_name\" content=\"Kapitel Zwei Berlin\" \/>\n<meta property=\"article:publisher\" content=\"https:\/\/www.facebook.com\/kapitelzwei\/\" \/>\n<meta property=\"article:modified_time\" content=\"2025-07-07T15:14:43+00:00\" \/>\n<meta name=\"twitter:card\" content=\"summary_large_image\" \/>\n<meta name=\"twitter:site\" content=\"@kapitelzwei\" \/>\n<meta name=\"twitter:label1\" content=\"Est. tempo de leitura\" \/>\n\t<meta name=\"twitter:data1\" content=\"2 minutos\" \/>\n<script type=\"application\/ld+json\" class=\"yoast-schema-graph\">{\"@context\":\"https:\/\/schema.org\",\"@graph\":[{\"@type\":\"WebPage\",\"@id\":\"https:\/\/kapitel-zwei.de\/pt-br\/precos-telc-deutsch\/\",\"url\":\"https:\/\/kapitel-zwei.de\/pt-br\/precos-telc-deutsch\/\",\"name\":\"Pre\u00e7os telc Deutsch Prepara\u00e7\u00e3o & Exame telc Deutsch\",\"isPartOf\":{\"@id\":\"https:\/\/kapitel-zwei.de\/es\/#website\"},\"datePublished\":\"2021-08-17T11:13:24+00:00\",\"dateModified\":\"2025-07-07T15:14:43+00:00\",\"description\":\"Pre\u00e7os para prepara\u00e7\u00e3o e exame telc Deutsch. Descontos para exame ao reservar o curso de prepara\u00e7\u00e3o telc Deutsch. Cursos de prepara\u00e7\u00e3o telc Deutsch pre\u00e7os online e pre\u00e7os para aulas presenciais na escola numa sala de aula real.\",\"breadcrumb\":{\"@id\":\"https:\/\/kapitel-zwei.de\/pt-br\/precos-telc-deutsch\/#breadcrumb\"},\"inLanguage\":\"pt-BR\",\"potentialAction\":[{\"@type\":\"ReadAction\",\"target\":[\"https:\/\/kapitel-zwei.de\/pt-br\/precos-telc-deutsch\/\"]}]},{\"@type\":\"BreadcrumbList\",\"@id\":\"https:\/\/kapitel-zwei.de\/pt-br\/precos-telc-deutsch\/#breadcrumb\",\"itemListElement\":[{\"@type\":\"ListItem\",\"position\":1,\"name\":\"Startseite\",\"item\":\"https:\/\/kapitel-zwei.de\/pt-br\/\"},{\"@type\":\"ListItem\",\"position\":2,\"name\":\"Pre\u00e7os telc Deutsch\"}]},{\"@type\":\"WebSite\",\"@id\":\"https:\/\/kapitel-zwei.de\/es\/#website\",\"url\":\"https:\/\/kapitel-zwei.de\/es\/\",\"name\":\"Kapitel Zwei Berlin\",\"description\":\"Deutschkurs Berlin | Sprachschule Berlin | German language school Berlin | telc Berlin | Deutsch Pr\u00fcfung Berlin | Intensive German courses Berlin | TestDaF Pr\u00fcfung | Online Kurse\",\"publisher\":{\"@id\":\"https:\/\/kapitel-zwei.de\/es\/#organization\"},\"potentialAction\":[{\"@type\":\"SearchAction\",\"target\":{\"@type\":\"EntryPoint\",\"urlTemplate\":\"https:\/\/kapitel-zwei.de\/es\/?s={search_term_string}\"},\"query-input\":{\"@type\":\"PropertyValueSpecification\",\"valueRequired\":true,\"valueName\":\"search_term_string\"}}],\"inLanguage\":\"pt-BR\"},{\"@type\":\"Organization\",\"@id\":\"https:\/\/kapitel-zwei.de\/es\/#organization\",\"name\":\"Kapitel Zwei. Deutsch-Sprachschule Berlin GmbH\",\"url\":\"https:\/\/kapitel-zwei.de\/es\/\",\"logo\":{\"@type\":\"ImageObject\",\"inLanguage\":\"pt-BR\",\"@id\":\"https:\/\/kapitel-zwei.de\/es\/#\/schema\/logo\/image\/\",\"url\":\"https:\/\/kapitel-zwei.de\/wp-content\/uploads\/2018\/08\/Kapitel-Zwei-Berlin-Sprachschule-Deutsch-Deutschkurse-Berlin.jpg\",\"contentUrl\":\"https:\/\/kapitel-zwei.de\/wp-content\/uploads\/2018\/08\/Kapitel-Zwei-Berlin-Sprachschule-Deutsch-Deutschkurse-Berlin.jpg\",\"width\":350,\"height\":101,\"caption\":\"Kapitel Zwei. Deutsch-Sprachschule Berlin GmbH\"},\"image\":{\"@id\":\"https:\/\/kapitel-zwei.de\/es\/#\/schema\/logo\/image\/\"},\"sameAs\":[\"https:\/\/www.facebook.com\/kapitelzwei\/\",\"https:\/\/x.com\/kapitelzwei\"]}]}<\/script>\n<!-- \/ Yoast SEO Premium plugin. -->","yoast_head_json":{"title":"Pre\u00e7os telc Deutsch Prepara\u00e7\u00e3o & Exame telc Deutsch","description":"Pre\u00e7os para prepara\u00e7\u00e3o e exame telc Deutsch. Descontos para exame ao reservar o curso de prepara\u00e7\u00e3o telc Deutsch. Cursos de prepara\u00e7\u00e3o telc Deutsch pre\u00e7os online e pre\u00e7os para aulas presenciais na escola numa sala de aula real.","robots":{"index":"index","follow":"follow","max-snippet":"max-snippet:-1","max-image-preview":"max-image-preview:large","max-video-preview":"max-video-preview:-1"},"canonical":"https:\/\/kapitel-zwei.de\/pt-br\/precos-telc-deutsch\/","og_locale":"pt_BR","og_type":"article","og_title":"Pre\u00e7os telc Deutsch","og_description":"Pre\u00e7os para prepara\u00e7\u00e3o e exame telc Deutsch. Descontos para exame ao reservar o curso de prepara\u00e7\u00e3o telc Deutsch. Cursos de prepara\u00e7\u00e3o telc Deutsch pre\u00e7os online e pre\u00e7os para aulas presenciais na escola numa sala de aula real.","og_url":"https:\/\/kapitel-zwei.de\/pt-br\/precos-telc-deutsch\/","og_site_name":"Kapitel Zwei Berlin","article_publisher":"https:\/\/www.facebook.com\/kapitelzwei\/","article_modified_time":"2025-07-07T15:14:43+00:00","twitter_card":"summary_large_image","twitter_site":"@kapitelzwei","twitter_misc":{"Est. tempo de leitura":"2 minutos"},"schema":{"@context":"https:\/\/schema.org","@graph":[{"@type":"WebPage","@id":"https:\/\/kapitel-zwei.de\/pt-br\/precos-telc-deutsch\/","url":"https:\/\/kapitel-zwei.de\/pt-br\/precos-telc-deutsch\/","name":"Pre\u00e7os telc Deutsch Prepara\u00e7\u00e3o & Exame telc Deutsch","isPartOf":{"@id":"https:\/\/kapitel-zwei.de\/es\/#website"},"datePublished":"2021-08-17T11:13:24+00:00","dateModified":"2025-07-07T15:14:43+00:00","description":"Pre\u00e7os para prepara\u00e7\u00e3o e exame telc Deutsch. Descontos para exame ao reservar o curso de prepara\u00e7\u00e3o telc Deutsch. Cursos de prepara\u00e7\u00e3o telc Deutsch pre\u00e7os online e pre\u00e7os para aulas presenciais na escola numa sala de aula real.","breadcrumb":{"@id":"https:\/\/kapitel-zwei.de\/pt-br\/precos-telc-deutsch\/#breadcrumb"},"inLanguage":"pt-BR","potentialAction":[{"@type":"ReadAction","target":["https:\/\/kapitel-zwei.de\/pt-br\/precos-telc-deutsch\/"]}]},{"@type":"BreadcrumbList","@id":"https:\/\/kapitel-zwei.de\/pt-br\/precos-telc-deutsch\/#breadcrumb","itemListElement":[{"@type":"ListItem","position":1,"name":"Startseite","item":"https:\/\/kapitel-zwei.de\/pt-br\/"},{"@type":"ListItem","position":2,"name":"Pre\u00e7os telc Deutsch"}]},{"@type":"WebSite","@id":"https:\/\/kapitel-zwei.de\/es\/#website","url":"https:\/\/kapitel-zwei.de\/es\/","name":"Kapitel Zwei Berlin","description":"Deutschkurs Berlin | Sprachschule Berlin | German language school Berlin | telc Berlin | Deutsch Pr\u00fcfung Berlin | Intensive German courses Berlin | TestDaF Pr\u00fcfung | Online Kurse","publisher":{"@id":"https:\/\/kapitel-zwei.de\/es\/#organization"},"potentialAction":[{"@type":"SearchAction","target":{"@type":"EntryPoint","urlTemplate":"https:\/\/kapitel-zwei.de\/es\/?s={search_term_string}"},"query-input":{"@type":"PropertyValueSpecification","valueRequired":true,"valueName":"search_term_string"}}],"inLanguage":"pt-BR"},{"@type":"Organization","@id":"https:\/\/kapitel-zwei.de\/es\/#organization","name":"Kapitel Zwei. Deutsch-Sprachschule Berlin GmbH","url":"https:\/\/kapitel-zwei.de\/es\/","logo":{"@type":"ImageObject","inLanguage":"pt-BR","@id":"https:\/\/kapitel-zwei.de\/es\/#\/schema\/logo\/image\/","url":"https:\/\/kapitel-zwei.de\/wp-content\/uploads\/2018\/08\/Kapitel-Zwei-Berlin-Sprachschule-Deutsch-Deutschkurse-Berlin.jpg","contentUrl":"https:\/\/kapitel-zwei.de\/wp-content\/uploads\/2018\/08\/Kapitel-Zwei-Berlin-Sprachschule-Deutsch-Deutschkurse-Berlin.jpg","width":350,"height":101,"caption":"Kapitel Zwei. Deutsch-Sprachschule Berlin GmbH"},"image":{"@id":"https:\/\/kapitel-zwei.de\/es\/#\/schema\/logo\/image\/"},"sameAs":["https:\/\/www.facebook.com\/kapitelzwei\/","https:\/\/x.com\/kapitelzwei"]}]}},"_links":{"self":[{"href":"https:\/\/kapitel-zwei.de\/pt-br\/wp-json\/wp\/v2\/pages\/100832","targetHints":{"allow":["GET"]}}],"collection":[{"href":"https:\/\/kapitel-zwei.de\/pt-br\/wp-json\/wp\/v2\/pages"}],"about":[{"href":"https:\/\/kapitel-zwei.de\/pt-br\/wp-json\/wp\/v2\/types\/page"}],"author":[{"embeddable":true,"href":"https:\/\/kapitel-zwei.de\/pt-br\/wp-json\/wp\/v2\/users\/16"}],"replies":[{"embeddable":true,"href":"https:\/\/kapitel-zwei.de\/pt-br\/wp-json\/wp\/v2\/comments?post=100832"}],"version-history":[{"count":4,"href":"https:\/\/kapitel-zwei.de\/pt-br\/wp-json\/wp\/v2\/pages\/100832\/revisions"}],"predecessor-version":[{"id":124149,"href":"https:\/\/kapitel-zwei.de\/pt-br\/wp-json\/wp\/v2\/pages\/100832\/revisions\/124149"}],"wp:attachment":[{"href":"https:\/\/kapitel-zwei.de\/pt-br\/wp-json\/wp\/v2\/media?parent=100832"}],"curies":[{"name":"wp","href":"https:\/\/api.w.org\/{rel}","templated":true}]}}