{"id":10316,"date":"2015-11-11T10:56:40","date_gmt":"2015-11-11T09:56:40","guid":{"rendered":"http:\/\/relaunch.kapitel-zwei.de\/pt-br\/preise\/"},"modified":"2026-08-31T15:46:25","modified_gmt":"2026-08-31T13:46:25","slug":"precos","status":"publish","type":"page","link":"https:\/\/kapitel-zwei.de\/pt-br\/precos\/","title":{"rendered":"Pre\u00e7os (cursos offline)"},"content":{"rendered":"\n<style type=\"text\/css\" data-created_by=\"avia_inline_auto\" id=\"style-css-av-1mxk8zw-be472e9525c1d9bd7d84e2f6db332267\">\n.flex_column.av-1mxk8zw-be472e9525c1d9bd7d84e2f6db332267{\nborder-radius:0px 0px 0px 0px;\npadding:0px 0px 0px 0px;\n}\n<\/style>\n<div  class='flex_column av-1mxk8zw-be472e9525c1d9bd7d84e2f6db332267 av_one_full  avia-builder-el-0  el_before_av_two_third  avia-builder-el-first  first flex_column_div av-zero-column-padding  '     ><section  class='av_textblock_section av-frg2gh8-52f2cce3ad08a378c2605914f024b92a '   itemscope=\"itemscope\" itemtype=\"https:\/\/schema.org\/CreativeWork\" ><div class='avia_textblock'  itemprop=\"text\" ><h1><span style=\"color: #ff6600;\">Pre\u00e7os da sua escola de l\u00edngua alem\u00e3 em Berlim<\/span><\/h1>\n<\/div><\/section><\/div>\n\n<style type=\"text\/css\" data-created_by=\"avia_inline_auto\" id=\"style-css-av-fggi25o-c69b4ad3c28ad03c53a6f8facabdb632\">\n.flex_column.av-fggi25o-c69b4ad3c28ad03c53a6f8facabdb632{\nborder-radius:0px 0px 0px 0px;\npadding:0px 0px 0px 0px;\n}\n<\/style>\n<div  class='flex_column av-fggi25o-c69b4ad3c28ad03c53a6f8facabdb632 av_two_third  avia-builder-el-2  el_after_av_one_full  el_before_av_one_third  first flex_column_div av-zero-column-padding  column-top-margin'     ><section  class='av_textblock_section av-labnbesv-e234a861b5a0001560e664b5cedb70c2 '   itemscope=\"itemscope\" itemtype=\"https:\/\/schema.org\/CreativeWork\" ><div class='avia_textblock'  itemprop=\"text\" ><h2>Pre\u00e7os para cursos de alem\u00e3o em Berlim &#8211; telc Deutsch em Berlim<\/h2>\n<\/div><\/section><br \/>\n<section  class='av_textblock_section av-labnbo2b-25884cf9f992c21b079cba1ccaa5b425 '   itemscope=\"itemscope\" itemtype=\"https:\/\/schema.org\/CreativeWork\" ><div class='avia_textblock'  itemprop=\"text\" ><p>Qual o pre\u00e7o de um curso de alem\u00e3o de quatro semanas, em grupos pequenos e em uma escola central? Quanto custam as acomoda\u00e7\u00f5es em Berlim ou as provas de profici\u00eancia? Quais as ofertas do momento? Aqui voc\u00ea encontra todos os pre\u00e7os.<\/p>\n<ul>\n<li><a href=\"#Servi\u00e7os\">Servi\u00e7os<\/a><\/li>\n<li><a href=\"https:\/\/kapitel-zwei.de\/pt-br\/precos\/#CursoAlem\u00e3oBerlin\">Cursos de alem\u00e3o em Berlim<\/a><\/li>\n<li><a href=\"https:\/\/kapitel-zwei.de\/pt-br\/precos\/#CursosEspeciaisBerlin\">Cursos especiais (gram\u00e1tica, conversa\u00e7\u00e3o, fon\u00e9tica)<\/a><\/li>\n<li><a href=\"https:\/\/kapitel-zwei.de\/pt-br\/precos\/#Prepara\u00e7\u00e3oTelcBerlin\">Cursos de prepara\u00e7\u00e3o telc Deutsch<\/a><\/li>\n<li><a href=\"https:\/\/kapitel-zwei.de\/pt-br\/precos\/#ExamesTelcBerlin\">Exames telc Deutsch<\/a><\/li>\n<li><a href=\"https:\/\/kapitel-zwei.de\/pt-br\/precos\/#AulasPrivadasBerlin\">Aulas privadas<\/a><\/li>\n<li><a href=\"https:\/\/kapitel-zwei.de\/pt-br\/precos\/#EmpresasBerlin\">Solicita\u00e7\u00f5es para empresas<\/a><\/li>\n<\/ul>\n<\/div><\/section><\/p><\/div>\n\n<style type=\"text\/css\" data-created_by=\"avia_inline_auto\" id=\"style-css-av-eyd1k18-44c913584281395aa0b1b1004a1fba0c\">\n.flex_column.av-eyd1k18-44c913584281395aa0b1b1004a1fba0c{\nborder-radius:0px 0px 0px 0px;\npadding:0px 0px 0px 0px;\n}\n<\/style>\n<div  class='flex_column av-eyd1k18-44c913584281395aa0b1b1004a1fba0c av_one_third  avia-builder-el-5  el_after_av_two_third  el_before_av_one_full  flex_column_div av-zero-column-padding  column-top-margin'     ><p>\n<style type=\"text\/css\" data-created_by=\"avia_inline_auto\" id=\"style-css-av-1gptjv0-d82d5a916c940bbdd2f7a302d8ba8638\">\n.avia-image-container.av-1gptjv0-d82d5a916c940bbdd2f7a302d8ba8638 img.avia_image{\nbox-shadow:none;\n}\n.avia-image-container.av-1gptjv0-d82d5a916c940bbdd2f7a302d8ba8638 .av-image-caption-overlay-center{\ncolor:#ffffff;\n}\n<\/style>\n<div  class='avia-image-container av-1gptjv0-d82d5a916c940bbdd2f7a302d8ba8638 av-styling- avia-align-center  avia-builder-el-6  el_before_av_textblock  avia-builder-el-first '   itemprop=\"image\" itemscope=\"itemscope\" itemtype=\"https:\/\/schema.org\/ImageObject\" ><div class=\"avia-image-container-inner\"><div class=\"avia-image-overlay-wrap\"><img decoding=\"async\" fetchpriority=\"high\" class='wp-image-10522 avia-img-lazy-loading-not-10522 avia_image ' src=\"https:\/\/kapitel-zwei.de\/wp-content\/uploads\/2015\/10\/Kapitel-Zwei-Berlin-Preise-300x200.jpg\" alt='Kapitel Zwei Berlin Preise' title='Kapitel Zwei Berlin Preise'  height=\"200\" width=\"300\"  itemprop=\"thumbnailUrl\" srcset=\"https:\/\/kapitel-zwei.de\/wp-content\/uploads\/2015\/10\/Kapitel-Zwei-Berlin-Preise-300x200.jpg 300w, https:\/\/kapitel-zwei.de\/wp-content\/uploads\/2015\/10\/Kapitel-Zwei-Berlin-Preise-80x53.jpg 80w, https:\/\/kapitel-zwei.de\/wp-content\/uploads\/2015\/10\/Kapitel-Zwei-Berlin-Preise-768x512.jpg 768w, https:\/\/kapitel-zwei.de\/wp-content\/uploads\/2015\/10\/Kapitel-Zwei-Berlin-Preise-1030x687.jpg 1030w, https:\/\/kapitel-zwei.de\/wp-content\/uploads\/2015\/10\/Kapitel-Zwei-Berlin-Preise-1500x1000.jpg 1500w, https:\/\/kapitel-zwei.de\/wp-content\/uploads\/2015\/10\/Kapitel-Zwei-Berlin-Preise-705x470.jpg 705w, https:\/\/kapitel-zwei.de\/wp-content\/uploads\/2015\/10\/Kapitel-Zwei-Berlin-Preise-450x300.jpg 450w\" sizes=\"(max-width: 300px) 100vw, 300px\" \/><\/div><\/div><\/div><br \/>\n<section  class='av_textblock_section av-e7hk60c-0337385ac57787b152abfd395f442d49 '   itemscope=\"itemscope\" itemtype=\"https:\/\/schema.org\/CreativeWork\" ><div class='avia_textblock'  itemprop=\"text\" ><p class=\"intro\">Aprender alem\u00e3o em Berlim com \u201eKapitel Zwei. Escola de alem\u00e3o\u201c no centro de Berlim, entre Heinrich-Heine-Stra\u00dfe (U8) e M\u00e4rkisches Museum (U2).<\/p>\n<\/div><\/section><\/p><\/div>\n\n<style type=\"text\/css\" data-created_by=\"avia_inline_auto\" id=\"style-css-av-dpkrpv0-9923785a57c51fdd9ce4e6edd97ad48c\">\n.flex_column.av-dpkrpv0-9923785a57c51fdd9ce4e6edd97ad48c{\nborder-radius:0px 0px 0px 0px;\npadding:0px 0px 0px 0px;\n}\n<\/style>\n<div  class='flex_column av-dpkrpv0-9923785a57c51fdd9ce4e6edd97ad48c av_one_full  avia-builder-el-8  el_after_av_one_third  el_before_av_hr  first flex_column_div av-zero-column-padding  column-top-margin'     ><p><section  class='av_textblock_section av-d0rj2z0-152c9eb75e0651e6a19cc650cae30b03 '   itemscope=\"itemscope\" itemtype=\"https:\/\/schema.org\/CreativeWork\" ><div class='avia_textblock'  itemprop=\"text\" ><p><a name=\"Servi\u00e7os\"><\/a><\/p>\n<\/div><\/section><br \/>\n<section  class='av_textblock_section av-cpp839o-1f0b66a8f76fc55c143d96915a14ff7b '   itemscope=\"itemscope\" itemtype=\"https:\/\/schema.org\/CreativeWork\" ><div class='avia_textblock tablepress_scroll-if-too-large'  itemprop=\"text\" ><h2 id=\"tablepress-523-name\" class=\"tablepress-table-name tablepress-table-name-id-523\">Servi\u00e7os<\/h2>\n\n<table id=\"tablepress-523\" class=\"tablepress tablepress-id-523 tbody-has-connected-cells\" aria-labelledby=\"tablepress-523-name\">\n<thead>\n<tr class=\"row-1\">\n\t<th class=\"column-1\">Servi\u00e7os<\/th><th class=\"column-2\">Pre\u00e7os<\/th>\n<\/tr>\n<\/thead>\n<tbody class=\"row-striping\">\n<tr class=\"row-2\">\n\t<td colspan=\"2\" class=\"column-1\"><p style=\"text-align: center; background-color:#FFEEE6 !important;\"><br \/>\nOferecemos gratuitamente os seguintes servi\u00e7os:<br \/>\n<br \/>\n<\/p><\/td>\n<\/tr>\n<tr class=\"row-3\">\n\t<td class=\"column-1\">N\u00e3o h\u00e1 taxa de inscri\u00e7\u00e3o<\/td><td class=\"column-2\"> \u2713<\/td>\n<\/tr>\n<tr class=\"row-4\">\n\t<td class=\"column-1\">Confirma\u00e7\u00f5es de curso gratuitas ao final de um curso intensivo (A1-C2)<\/td><td class=\"column-2\"> \u2713<\/td>\n<\/tr>\n<tr class=\"row-5\">\n\t<td class=\"column-1\">Ofertas especiais com regularidade<\/td><td class=\"column-2\"> \u2713<\/td>\n<\/tr>\n<tr class=\"row-6\">\n\t<td colspan=\"2\" class=\"column-1\"><p style=\"text-align: center; background-color:#FFEEE6 !important;\"><br \/>\nOs seguintes servi\u00e7os est\u00e3o sujeitos a uma taxa:<br \/>\n<br \/>\n<\/p><\/td>\n<\/tr>\n<tr class=\"row-7\">\n\t<td class=\"column-1\">Confirma\u00e7\u00e3o de inscri\u00e7\u00e3o oficial para pedido de visto (incl. 1 corre\u00e7\u00e3o)<\/td><td class=\"column-2\">20,00 \u20ac<\/td>\n<\/tr>\n<tr class=\"row-8\">\n\t<td class=\"column-1\">Para cada mudan\u00e7a de curso no mesmo m\u00eas (se houver vagas livres)<br \/>\n<br \/>\n*Voc\u00ea s\u00f3 pode usar essa op\u00e7\u00e3o na tarifa Classic <br \/>\n(ap\u00f3s o in\u00edcio do curso como parte de nossos casos de boa vontade).<\/td><td class=\"column-2\">20,00 \u20ac<\/td>\n<\/tr>\n<tr class=\"row-9\">\n\t<td class=\"column-1\">Clientes B2B<\/td><td class=\"column-2\">+ 20,00 \u20ac<\/td>\n<\/tr>\n<tr class=\"row-10\">\n\t<td class=\"column-1\">Fatura de arquivo por unidade<\/td><td class=\"column-2\">10,00 \u20ac<\/td>\n<\/tr>\n<tr class=\"row-11\">\n\t<td class=\"column-1\">Corre\u00e7\u00e3o da fatura (#cancelamento\/nota de cr\u00e9dito\/emiss\u00e3o) por unidade<\/td><td class=\"column-2\">10,00 \u20ac<\/td>\n<\/tr>\n<tr class=\"row-12\">\n\t<td class=\"column-1\">Livros de exerc\u00edcios e did\u00e1ticos<\/td><td class=\"column-2\">20 - 30 \u20ac<\/td>\n<\/tr>\n<\/tbody>\n<\/table>\n<!-- #tablepress-523 from cache -->\n<\/div><\/section><\/p><\/div>\n<div  class='hr av-c3derfw-86f9c2461e31f04306f24c3e22b83bcf hr-default  avia-builder-el-11  el_after_av_one_full  el_before_av_one_full '><span class='hr-inner '><span class=\"hr-inner-style\"><\/span><\/span><\/div>\n\n<style type=\"text\/css\" data-created_by=\"avia_inline_auto\" id=\"style-css-av-dpkrpv0-4-734b1d5e21c4da9756a7a7ad12107042\">\n.flex_column.av-dpkrpv0-4-734b1d5e21c4da9756a7a7ad12107042{\nborder-radius:0px 0px 0px 0px;\npadding:0px 0px 0px 0px;\n}\n<\/style>\n<div  class='flex_column av-dpkrpv0-4-734b1d5e21c4da9756a7a7ad12107042 av_one_full  avia-builder-el-12  el_after_av_hr  el_before_av_hr  first flex_column_div av-zero-column-padding  '     ><p><section  class='av_textblock_section av-d0rj2z0-3-85949c530901bf9cd214233fe808118b '   itemscope=\"itemscope\" itemtype=\"https:\/\/schema.org\/CreativeWork\" ><div class='avia_textblock'  itemprop=\"text\" ><p><a name=\"CursoAlem\u00e3oBerlin\"><\/a><\/p>\n<\/div><\/section><br \/>\n<section  class='av_textblock_section av-cpp839o-2-75d5ee6569fbec7bfd2d327c4a36e8e4 '   itemscope=\"itemscope\" itemtype=\"https:\/\/schema.org\/CreativeWork\" ><div class='avia_textblock tablepress_scroll-if-too-large'  itemprop=\"text\" ><h2 id=\"tablepress-278-name\" class=\"tablepress-table-name tablepress-table-name-id-278\">Pre\u00e7os para os cursos de alem\u00e3o intensivo em Berlim (4 semanas) e exames telc na aula real<\/h2>\n\n<table id=\"tablepress-278\" class=\"tablepress tablepress-id-278 tbody-has-connected-cells\" aria-labelledby=\"tablepress-278-name\">\n<thead>\n<tr class=\"row-1\">\n\t<th class=\"column-1\"><p style=\"background-color:#f60 !important; color:white !important; text-align: center;\">Segunda-feira<\/p><\/th><th class=\"column-2\"><p style=\"background-color:#f60 !important; color:white !important; text-align: center;\">Ter\u00e7a-feira<\/p><\/th><th class=\"column-3\"><p style=\"background-color:#f60 !important; color:white !important; text-align: center;\">Quarta-feira<\/p><\/th><th class=\"column-4\"><p style=\"background-color:#f60 !important; color:white !important; text-align: center;\">Quinta-feira<\/p><\/th><th class=\"column-5\"><p style=\"background-color:#f60 !important; color:white !important; text-align: center;\">Sexta-feira<\/p><\/th><th class=\"column-6\"><p style=\"background-color:#f60 !important; color:white !important; text-align: center;\">S\u00e1bado<\/p><\/th>\n<\/tr>\n<\/thead>\n<tbody>\n<tr class=\"row-2\">\n\t<td colspan=\"4\" class=\"column-1\"><p style=\"text-align: center; background-color:#FFEEE6 !important; \"><a href=https:\/\/kapitel-zwei.de\/pt-br\/curso-de-alemao-em-berlim\/curso-de-alemao-intensivo\/><br \/>\n<b>Curso de alem\u00e3o intensivo<\/b><\/a><br \/>\n<br \/>\n<a href=https:\/\/kapitel-zwei.de\/pt-br\/oferta-classic\/>Oferta CLASSIC<\/a><br \/>\n<br \/>\n<b>319 \u20ac<\/b> <br \/>\n<br \/>\n<a href=https:\/\/kapitel-zwei.de\/pt-br\/reservas-tres-meses\/>Reservas de 3 meses (897 \u20ac)<\/a> ou<br \/>\n<a href=https:\/\/kapitel-zwei.de\/pt-br\/oferta-amigo\/>Oferta Amigos<\/a><br \/>\n<br \/>\n<b>299 \u20ac<\/b> <br \/>\n<br \/>\n<\/p><br \/>\n<br \/>\n<\/td><td class=\"column-5\"><p style=\"text-align: center; background-color:#FFEEE6 !important;\"><br \/>\n<a href=\"https:\/\/kapitel-zwei.de\/pt-br\/curso-de-alemao-em-berlim\/curso-de-gramatica-alemao\/\"><b>Gram\u00e1tica  <\/b><\/a><br \/>\n<br \/>\n<br \/>\n<b>82 \u20ac<\/b><br \/>\n<br \/>\n<br \/>\n<br \/>\n<br \/>\n<br \/>\n<br \/>\n<br \/>\n<\/p><\/td><td rowspan=\"5\" class=\"column-6\"><p style=\"text-align: center; center; background-color:#FFEEE6 !important;\"><br \/>\n<a href=\"https:\/\/kapitel-zwei.de\/pt-br\/telc-deutsch-berlin\/\"><b>Exames telc Deutsch <\/b><br \/>\n<br \/>\n<b>a partir de 169 \u20ac<\/b><br \/>\n<br \/>\nExame B1<br \/>\n<br \/>\nExame B2 <br \/>\n<br \/>\nExame C1 Allgemein<br \/>\n<br \/>\nExame C1 Hochschule<br \/>\n<br \/>\n<br \/>\n<br \/>\n<br \/>\n<br \/>\n<br \/>\n<br \/>\n<br \/>\n<br \/>\n<br \/>\n<br \/>\n<br \/>\n<br \/>\n<br \/>\n<br \/>\n<br \/>\n<br \/>\n<br \/>\n<br \/>\n<br \/>\n<br \/>\n<br \/>\n<br \/>\n<br \/>\n<br \/>\n<br \/>\n<br \/>\n<br \/>\n<br \/>\n<br \/>\n<br \/>\n<br \/>\n<br \/>\n<br \/>\n<br \/>\n<br \/>\n<br \/>\n<br \/>\n<br \/>\n<br \/>\n<br \/>\n<br \/>\n<br \/>\n<br \/>\n<br \/>\n<br \/>\n<br \/>\n<br \/>\n<br \/>\n<br \/>\n<\/p><\/td>\n<\/tr>\n<tr class=\"row-3\">\n\t<td colspan=\"4\" class=\"column-1\"><p style=\"text-align: center; background-color:#FFEEE6 !important;\"><br \/>\n<a href=\"https:\/\/kapitel-zwei.de\/pt-br\/telc-deutsch-c1-hochschule-berlin\/\">telc Deutsch<br \/>\n<b>C1 Hochschule<\/b><br \/>\nPrepara\u00e7\u00e3o intensiva<\/a><br \/>\n<br \/>\n<b>319 \u20ac<\/b> <a href=\"https:\/\/kapitel-zwei.de\/pt-br\/oferta-classic\/\"><br \/>\nOferta CLASSIC<\/a><br \/>\n<br \/>\n<\/p><br \/>\n<\/td><td class=\"column-5\"><p style=\"text-align: center; background-color:#FFEEE6 !important;\"><br \/>\n<a href=\"https:\/\/kapitel-zwei.de\/pt-br\/curso-de-alemao-em-berlim\/curso-de-conversacao-alemao\/\"><b><br \/>\nConversa\u00e7\u00e3o <\/b><\/a><br \/>\n<br \/>\n<br \/>\n<b>82 \u20ac<\/b><br \/>\n<br \/>\n<br \/>\n<\/p><\/td>\n<\/tr>\n<tr class=\"row-4\">\n\t<td colspan=\"4\" class=\"column-1\"><p style=\"text-align: center; background-color:#FFEEE6 !important;\"><br \/>\n<a href=\"https:\/\/kapitel-zwei.de\/pt-br\/fachsprachpruefung-aerztekammer\/\">Prepara\u00e7\u00e3o intensiva <br \/>\n<b>exame t\u00e9cnico de idioma na<br \/>\nassocia\u00e7\u00e3o m\u00e9dica<\/b><\/a><br \/>\n<br \/>\n<b>499 \u20ac<\/b><br \/>\n<a href=\"https:\/\/kapitel-zwei.de\/pt-br\/oferta-classic\/\">Oferta CLASSIC<\/a><br \/>\n<br \/>\n<b>449 \u20ac<\/b><br \/>\n<a href=\"https:\/\/kapitel-zwei.de\/pt-br\/oferta-antecipada\/\">Oferta ANTECIPADA <\/a><br \/>\n<br \/>\n<\/p><\/td><td class=\"column-5\"><p style=\"text-align: center; center; background-color:#FFEEE6 !important;\"><br \/>\n<a href=\"https:\/\/kapitel-zwei.de\/pt-br\/curso-de-alemao-em-berlim\/curso-pronuncia-alemao\/\"><b><br \/>\nCurso de fon\u00e9tica<\/b><\/a><br \/>\n<br \/>\n<br \/>\n<b>82 \u20ac<\/b><br \/>\n<br \/>\n<br \/>\n<br \/>\n<br \/>\n<br \/>\n<\/p><\/td>\n<\/tr>\n<tr class=\"row-5\">\n\t<td colspan=\"4\" class=\"column-1\"><p style=\"text-align: center; background-color:#FFEEE6 !important;\"><br \/>\n<a href=\"https:\/\/kapitel-zwei.de\/pt-br\/curso-de-alemao-em-berlim\/curso-de-preparacao-para-o-testdaf\/\"><br \/>\n<b>TestDaF<\/b><br \/>\nPrepara\u00e7\u00e3o intensiva<\/a><br \/>\n<br \/>\n<b>319 \u20ac<\/b> <a href=\"https:\/\/kapitel-zwei.de\/pt-br\/oferta-classic\/\"><br \/>\nOferta CLASSIC<\/a><br \/>\n<br \/>\n<\/p><br \/>\n<\/td><td class=\"column-5\"><p style=\"text-align: center; center; background-color:#FFEEE6 !important;\"><br \/>\n<a href=\"https:\/\/kapitel-zwei.de\/pt-br\/telc-deutsch-berlin\/\">telc Deutsch<br \/>\n<b>B1 | B2 | C1 Hochschule<\/b> Prepara\u00e7\u00e3o emalta velocidade<\/a><br \/>\n<br \/>\n<b>162 \u20ac<\/b> <br \/>\n<br \/>\n<br \/>\n<\/p><\/td>\n<\/tr>\n<tr class=\"row-6\">\n\t<td class=\"column-1\"><p style=\"text-align: center; background-color:#FFEEE6 !important;\"><br \/>\n<a href=\"https:\/\/kapitel-zwei.de\/pt-br\/curso-de-alemao-em-berlim\/curso-de-gramatica-alemao\/\"><br \/>\n<b>Gram\u00e1tica  <\/b><\/a><br \/>\n<br \/>\n<br \/>\n<b>82 \u20ac<\/b><br \/>\n<br \/>\n<br \/>\n<br \/>\n<br \/>\n<br \/>\n<br \/>\n<br \/>\n<br \/>\n<\/p><\/td><td class=\"column-2\"><p style=\"text-align: center; center; background-color:#FFEEE6 !important;\"><br \/>\n<a href=\"https:\/\/kapitel-zwei.de\/pt-br\/preparacao-telc-deutsch-b2\/\">telc Deutsch<br \/>\n<b>B1 &amp; B2<\/b> Prepara\u00e7\u00e3o em <b>alta velocidade<\/b><\/a><br \/>\n<br \/>\n<b>162 \u20ac<\/b><br \/>\n<br \/>\n<br \/>\n<br \/>\n<br \/>\n<br \/>\n<br \/>\n<br \/>\n<br \/>\n<\/p><\/td><td class=\"column-3\"><p style=\"text-align: center; background-color:#FFEEE6 !important;\"><br \/>\n<a href=\"https:\/\/kapitel-zwei.de\/pt-br\/curso-de-alemao-em-berlim\/curso-de-conversacao-alemao\/\"><br \/>\n<b>Conversa\u00e7\u00e3o <\/b><\/a><br \/>\n<br \/>\n<br \/>\n<b>82 \u20ac<\/b><br \/>\n<br \/>\n<br \/>\n<br \/>\n<br \/>\n<br \/>\n<br \/>\n<br \/>\n<br \/>\n<\/p><\/td><td class=\"column-4\"><p style=\"text-align: center; center; background-color:#FFEEE6 !important;\"><br \/>\n<a href=\"https:\/\/kapitel-zwei.de\/pt-br\/preparacao-telc-deutsch-b2\/\">telc Deutsch<br \/>\n<b>B1 &amp; B2<\/b> Prepara\u00e7\u00e3o em <b>alta velocidade<\/b><\/a><br \/>\n<br \/>\n<b>162 \u20ac<\/b><br \/>\n<br \/>\n<br \/>\n<br \/>\n<br \/>\n<br \/>\n<br \/>\n<br \/>\n<br \/>\n<\/p><\/td><td class=\"column-5\"><p style=\"text-align: center; center; background-color:#FFEEE6 !important;\"><br \/>\n<a href=\"https:\/\/kapitel-zwei.de\/pt-br\/telc-deutsch-berlin\/\">telc Deutsch <br \/>\n<b>Exame<\/b><br \/>\n<br \/>\n<br \/>\n<b>a partir de 149\u20ac<\/b><br \/>\nA1, A2<br \/>\n<br \/>\n<b>a partir de 169 \u20ac<\/b><br \/>\nB1, B2 <br \/>\nC1 Allgemein<br \/>\nC1 Hochschule<\/a><br \/>\n<br \/>\n<br \/>\n<\/p><\/td>\n<\/tr>\n<tr class=\"row-7\">\n\t<td colspan=\"6\" class=\"column-1\"><p style=\"background-color:#f15f16 !important; color:white !important; text-align: center;\"><br \/>\nPara mais informa\u00e7\u00f5es sobre pre\u00e7os, clique na oferta desejada.  <br \/>\n<br \/>\n Voc\u00ea pode nos enviar a oferta escolhida no campo de coment\u00e1rios do formul\u00e1rio de cadastro.<br \/>\n<br \/>\n<\/p><\/td>\n<\/tr>\n<\/tbody>\n<\/table>\n<!-- #tablepress-278 from cache -->\n<\/div><\/section><\/p><\/div>\n<div  class='hr av-c3derfw-1-cd5ff31cbfe49c1a4ef8d6fa49c07204 hr-default  avia-builder-el-15  el_after_av_one_full  el_before_av_one_full '><span class='hr-inner '><span class=\"hr-inner-style\"><\/span><\/span><\/div>\n\n<style type=\"text\/css\" data-created_by=\"avia_inline_auto\" id=\"style-css-av-bwytkuk-b30dfba7fe3148646dd47bd194fb6bc5\">\n.flex_column.av-bwytkuk-b30dfba7fe3148646dd47bd194fb6bc5{\nborder-radius:0px 0px 0px 0px;\npadding:0px 0px 0px 0px;\n}\n<\/style>\n<div  class='flex_column av-bwytkuk-b30dfba7fe3148646dd47bd194fb6bc5 av_one_full  avia-builder-el-16  el_after_av_hr  el_before_av_hr  first flex_column_div av-zero-column-padding  '     ><p><section  class='av_textblock_section av-bgt52to-4de2e37774010e4356f808028c4b8448 '   itemscope=\"itemscope\" itemtype=\"https:\/\/schema.org\/CreativeWork\" ><div class='avia_textblock'  itemprop=\"text\" ><p><a name=\"CursosEspeciaisBerlin\"><\/a><\/p>\n<\/div><\/section><br \/>\n<section  class='av_textblock_section av-aqa7xnw-c4fed0c1cd796701709f38026f7f3487 '   itemscope=\"itemscope\" itemtype=\"https:\/\/schema.org\/CreativeWork\" ><div class='avia_textblock tablepress_scroll-if-too-large'  itemprop=\"text\" ><h2 id=\"tablepress-279-name\" class=\"tablepress-table-name tablepress-table-name-id-279\">Pre\u00e7os dos cursos especiais de alem\u00e3o<\/h2>\n\n<table id=\"tablepress-279\" class=\"tablepress tablepress-id-279 tablepress_too_large tbody-has-connected-cells\" aria-labelledby=\"tablepress-279-name\">\n<thead>\n<tr class=\"row-1\">\n\t<th class=\"column-1\"><p style=\"color:white !important;\">Cursos especiais<\/p><\/th><th class=\"column-2\"><p style=\"color:white !important; text-align: center;\"><br \/>\nCursos offline<br \/>\nsala de aula real<br \/>\n<br \/>\nNovos cursos come\u00e7am todo m\u00eas<br \/>\n(4 semanas)<br \/>\n<br \/>\n<\/p><\/th><th class=\"column-3\"><p style=\"color:white !important;\">Frequ\u00eancia<\/p><\/th>\n<\/tr>\n<\/thead>\n<tbody class=\"row-striping\">\n<tr class=\"row-2\">\n\t<td rowspan=\"2\" class=\"column-1\"><span style=\"color:#f15f16\";><br \/>\n<br \/>\n<br \/>\n<a href=\"https:\/\/kapitel-zwei.de\/pt-br\/curso-de-alemao-em-berlim\/curso-de-gramatica-alemao\/\"><b>Curso de gram\u00e1tica<\/b><\/a><\/span><\/td><td rowspan=\"2\" class=\"column-2\"><p style=\"text-align: center; background-color:#FFEEE6 !important; \"><br \/>\n<br \/>\n<b>82 \u20ac<\/b><br \/>\n<br \/>\n<br \/>\n<\/p><\/td><td class=\"column-3\">1 x <b>por semana<\/b><\/td>\n<\/tr>\n<tr class=\"row-3\">\n\t<td class=\"column-3\">18-21 hs | Segunda-feira ou<br \/>\n<br \/>\no9-12 hs | Sexta-feira<\/td>\n<\/tr>\n<tr class=\"row-4\">\n\t<td rowspan=\"2\" class=\"column-1\"><span style=\"color:#f15f16\";><br \/>\n<br \/>\n<br \/>\n<a href=\"https:\/\/kapitel-zwei.de\/pt-br\/curso-de-alemao-em-berlim\/curso-de-conversacao-alemao\/\"><b>Curso de conversa\u00e7\u00e3o<\/b><\/a><\/span><\/td><td rowspan=\"2\" class=\"column-2\"><p style=\"text-align: center; background-color:#FFEEE6 !important; \"><br \/>\n<br \/>\n<b>82 \u20ac<\/b><br \/>\n<br \/>\n<br \/>\n<\/p><\/td><td class=\"column-3\">1 x <b>por semana<\/b><\/td>\n<\/tr>\n<tr class=\"row-5\">\n\t<td class=\"column-3\">18-21 hs | Quarta-feira ou<br \/>\n<br \/>\n12-15 hs | Sexta-feira<\/td>\n<\/tr>\n<tr class=\"row-6\">\n\t<td rowspan=\"2\" class=\"column-1\"><span style=\"color:#f15f16\";><br \/>\n<br \/>\n<br \/>\n<a href=\"https:\/\/kapitel-zwei.de\/pt-br\/curso-de-alemao-em-berlim\/curso-pronuncia-alemao\/\"><b>Curso de fon\u00e9tica<\/b><\/a><\/span><\/td><td rowspan=\"2\" class=\"column-2\"><p style=\"text-align: center; background-color:#FFEEE6 !important; \"><br \/>\n<br \/>\n<b>82 \u20ac<\/b><br \/>\n<br \/>\n<br \/>\n<\/p><\/td><td class=\"column-3\">1 x <b>por semana<\/b><\/td>\n<\/tr>\n<tr class=\"row-7\">\n\t<td class=\"column-3\">12-15 hs | Sexta-feira<\/td>\n<\/tr>\n<\/tbody>\n<\/table>\n<!-- #tablepress-279 from cache -->\n<\/div><\/section><\/p><\/div>\n<div  class='hr av-ad1g0fg-73f8438d8302cbf51ef5d59b509bbb42 hr-default  avia-builder-el-19  el_after_av_one_full  el_before_av_one_full '><span class='hr-inner '><span class=\"hr-inner-style\"><\/span><\/span><\/div>\n\n<style type=\"text\/css\" data-created_by=\"avia_inline_auto\" id=\"style-css-av-z6d7nw-5d68124aa1afe85dcadb62863f9fda99\">\n.flex_column.av-z6d7nw-5d68124aa1afe85dcadb62863f9fda99{\nborder-radius:0px 0px 0px 0px;\npadding:0px 0px 0px 0px;\n}\n<\/style>\n<div  class='flex_column av-z6d7nw-5d68124aa1afe85dcadb62863f9fda99 av_one_full  avia-builder-el-20  el_after_av_hr  el_before_av_hr  first flex_column_div av-zero-column-padding  '     ><p><section  class='av_textblock_section av-yjolik-de621afbf2451dd60c024cc5bce19761 '   itemscope=\"itemscope\" itemtype=\"https:\/\/schema.org\/CreativeWork\" ><div class='avia_textblock'  itemprop=\"text\" ><p><a name=\"Prepara\u00e7\u00e3oTelcBerlin\"><\/a><\/p>\n<\/div><\/section><br \/>\n<section  class='av_textblock_section av-8x8qdrg-0f4b48df34d98903f304a891e6ab28a9 '   itemscope=\"itemscope\" itemtype=\"https:\/\/schema.org\/CreativeWork\" ><div class='avia_textblock tablepress_scroll-if-too-large'  itemprop=\"text\" ><h2 id=\"tablepress-280-name\" class=\"tablepress-table-name tablepress-table-name-id-280\">Pre\u00e7os para os cursos de prepara\u00e7\u00e3o telc Deutsch (4 semanas)<\/h2>\n\n<table id=\"tablepress-280\" class=\"tablepress tablepress-id-280 tablepress_too_large tbody-has-connected-cells\" aria-labelledby=\"tablepress-280-name\">\n<thead>\n<tr class=\"row-1\">\n\t<th class=\"column-1\"><p style=\"color:white !important;\">Prepara\u00e7\u00e3o telc <\/p><\/th><th class=\"column-2\"><p style=\"color:white !important;\">Tipo do curso<\/p><\/th><th class=\"column-3\"><p style=\"color:white !important; text-align: center;\"><br \/>\nCursos offline<br \/>\nsala de aula real<br \/>\n<br \/>\nNovos cursos come\u00e7am todo m\u00eas<br \/>\n(4 semanas)<br \/>\n<br \/>\n<\/p><\/th><th class=\"column-4\"><p style=\"color:white !important;\">Frequ\u00eancia<\/p><\/th>\n<\/tr>\n<\/thead>\n<tbody class=\"row-striping\">\n<tr class=\"row-2\">\n\t<td class=\"column-1\"><span style=\"color:#f15f16\";><br \/>\n<br \/>\n<br \/>\n<br \/>\n<a href=\"https:\/\/kapitel-zwei.de\/pt-br\/preparacao-telc-deutsch-b1\/\"><b>N\u00edvel B1 <\/b><\/a><\/span><\/td><td class=\"column-2\"><br \/>\n<br \/>\n<br \/>\n<br \/>\n<b>alta velocidade<\/b><\/td><td class=\"column-3\"><p style=\"text-align: center; background-color:#FFEEE6 !important; \"><br \/>\n<br \/>\n<br \/>\n<b>162 \u20ac<\/b><br \/>\n<br \/>\n<br \/>\n<br \/>\n<br \/>\n<\/p><\/td><td class=\"column-4\"><b>16 horas<\/b><br \/>\n<br \/>\nTer\u00e7a-feira + Quinta-feira<br \/>\n16-18 hs ou<br \/>\n18-20 hs<br \/>\n<br \/>\nou<br \/>\n<br \/>\no9-13.20 hs<br \/>\nSexta-feira<\/td>\n<\/tr>\n<tr class=\"row-3\">\n\t<td class=\"column-1\"><span style=\"color:#f15f16\";><br \/>\n<br \/>\n<br \/>\n<br \/>\n<a href=\"https:\/\/kapitel-zwei.de\/pt-br\/preparacao-telc-deutsch-b2\/\"><b>N\u00edvel B2 <\/b><\/a><\/span><\/td><td class=\"column-2\"><br \/>\n<br \/>\n<br \/>\n<br \/>\n<b>alta velocidade<\/b><\/td><td class=\"column-3\"><p style=\"text-align: center; background-color:#FFEEE6 !important; \"><br \/>\n<br \/>\n<br \/>\n<b>162 \u20ac<\/b><br \/>\n<br \/>\n<br \/>\n<br \/>\n<br \/>\n<\/p><\/td><td class=\"column-4\"><b>16 horas<\/b><br \/>\n<br \/>\n18-20 hs<br \/>\nTer\u00e7a-feira + Quinta-feira<br \/>\n<br \/>\nou<br \/>\n<br \/>\no9-13.20 hs<br \/>\nSexta-feira<\/td>\n<\/tr>\n<tr class=\"row-4\">\n\t<td rowspan=\"2\" class=\"column-1\"><span style=\"color:#f15f16\";><br \/>\n<br \/>\n<br \/>\n<br \/>\n<a href=\"https:\/\/kapitel-zwei.de\/pt-br\/telc-deutsch-c1-hochschule-berlin\/\"><b>C1 Hochschule<\/b><\/a><\/span><\/td><td class=\"column-2\"><br \/>\n<br \/>\n<br \/>\n<br \/>\n<b>alta velocidade<\/b><\/td><td class=\"column-3\"><p style=\"text-align: center; background-color:#FFEEE6 !important; \"><br \/>\n<br \/>\n<br \/>\n<b>162 \u20ac<\/b> <br \/>\n<br \/>\n<br \/>\n<br \/>\n<\/p><\/td><td class=\"column-4\"><br \/>\n<br \/>\n<b>16 horas<\/b><br \/>\n<br \/>\no9-13.20 hs<br \/>\nSexta-feira<\/td>\n<\/tr>\n<tr class=\"row-5\">\n\t<td class=\"column-2\"><p style=\"text-align: center; background-color:#FFEEE6 !important; \"><br \/>\n<br \/>\n<br \/>\n<br \/>\n<b>Curso intensivo <\/b><br \/>\n<br \/>\n<br \/>\n<br \/>\n<br \/>\n<\/p><\/td><td class=\"column-3\"><p style=\"text-align: center; background-color:#FFEEE6 !important; \"><br \/>\n<br \/>\n<br \/>\n<b>319 \u20ac<\/b><a href=\"https:\/\/kapitel-zwei.de\/pt-br\/oferta-classic\/\"><br \/>\nOferta CLASSIC<\/a><br \/>\n<br \/>\n<br \/>\n<br \/>\n<br \/>\n<\/p><\/td><td class=\"column-4\"><b>48 horas<\/b><br \/>\n<br \/>\n09-12 hs<br \/>\n12-15 hs<br \/>\n15-18 hs<br \/>\n18-21 hs<br \/>\n<br \/>\nde segunda-feira a<br \/>\nquinta-feira<\/td>\n<\/tr>\n<tr class=\"row-6\">\n\t<td class=\"column-1\"><span style=\"color:#f15f16\";><br \/>\n<br \/>\n<br \/>\n<a href=\"https:\/\/kapitel-zwei.de\/pt-br\/fachsprachpruefung-aerztekammer\/\"><b>Prepara\u00e7\u00e3o para o<br \/>\nexame t\u00e9cnico de idioma<br \/>\nna<br \/>\nassocia\u00e7\u00e3o m\u00e9dica<\/b><\/a><\/span><\/td><td class=\"column-2\"><p style=\"text-align: center; background-color:#FFEEE6 !important; \"><br \/>\n<br \/>\n<br \/>\n<b>Curso intensivo <\/b><br \/>\n<br \/>\n<br \/>\n<br \/>\n<br \/>\n<br \/>\n<\/p><\/td><td class=\"column-3\"><p style=\"text-align: center; background-color:#FFEEE6 !important; \"><br \/>\n<b>499 \u20ac<\/b><a href=\"https:\/\/kapitel-zwei.de\/pt-br\/oferta-classic\/\"><br \/>\nOferta CLASSIC<\/a><br \/>\n<br \/>\n<b>449 \u20ac<\/b><br \/>\n<a href=\"https:\/\/kapitel-zwei.de\/pt-br\/oferta-antecipada\/\">Oferta ANTECIPADA<\/a><br \/>\n<br \/>\n<br \/>\n<br \/>\n<\/p><\/td><td class=\"column-4\"><br \/>\n<b>48 horas<\/b><br \/>\n<br \/>\n15-18 hs<br \/>\n<br \/>\nde segunda-feira a<br \/>\nquinta-feira<\/td>\n<\/tr>\n<\/tbody>\n<\/table>\n<!-- #tablepress-280 from cache -->\n<\/div><\/section><\/p><\/div>\n<div  class='hr av-8g0j4wc-616e5a16fe560f74bdabb83425a460ad hr-default  avia-builder-el-23  el_after_av_one_full  el_before_av_one_full '><span class='hr-inner '><span class=\"hr-inner-style\"><\/span><\/span><\/div>\n\n<style type=\"text\/css\" data-created_by=\"avia_inline_auto\" id=\"style-css-av-88hkrho-cbf5c73711c3f4537c9feb6c4c9a7155\">\n.flex_column.av-88hkrho-cbf5c73711c3f4537c9feb6c4c9a7155{\nborder-radius:0px 0px 0px 0px;\npadding:0px 0px 0px 0px;\n}\n<\/style>\n<div  class='flex_column av-88hkrho-cbf5c73711c3f4537c9feb6c4c9a7155 av_one_full  avia-builder-el-24  el_after_av_hr  el_before_av_hr  first flex_column_div av-zero-column-padding  '     ><p><section  class='av_textblock_section av-7ictqj0-89f770e5d75cd50433bea94c4af35826 '   itemscope=\"itemscope\" itemtype=\"https:\/\/schema.org\/CreativeWork\" ><div class='avia_textblock'  itemprop=\"text\" ><p><a name=\"ExamesTelcBerlin\"><\/a><\/p>\n<\/div><\/section><br \/>\n<section  class='av_textblock_section av-p2w2uk-337c880121974de0c82f02270dc275a0 '   itemscope=\"itemscope\" itemtype=\"https:\/\/schema.org\/CreativeWork\" ><div class='avia_textblock tablepress_scroll-if-too-large'  itemprop=\"text\" ><h2 id=\"tablepress-93-name\" class=\"tablepress-table-name tablepress-table-name-id-93\">Pre\u00e7os para os exames telc Deutsch<\/h2>\n\n<table id=\"tablepress-93\" class=\"tablepress tablepress-id-93 tbody-has-connected-cells\" aria-labelledby=\"tablepress-93-name\">\n<thead>\n<tr class=\"row-1\">\n\t<th class=\"column-1\"><p style=\"color:white !important;\">N\u00edvel<\/p><\/th><th class=\"column-2\"><p style=\"color:white !important;\">Exames telc <\/p><\/th><th class=\"column-3\"><p style=\"color:white !important;\">Pre\u00e7os<\/p><\/th><th class=\"column-4\"><p style=\"color:white !important; text-align: center;\">...<\/p><\/th>\n<\/tr>\n<\/thead>\n<tbody class=\"row-striping\">\n<tr class=\"row-2\">\n\t<td colspan=\"2\" class=\"column-1\">Inscri\u00e7\u00e3o tardia<\/td><td class=\"column-3\">gr\u00e1tis<\/td><td class=\"column-4\"><\/td>\n<\/tr>\n<tr class=\"row-3\">\n\t<td class=\"column-1\"><p style=\"font-size:110%;\"><span style=\"color:#f15f16\";>N\u00edvel A1  <\/span><\/p><\/td><td class=\"column-2\">Completo<br \/>\n<\/td><td class=\"column-3\">155 \u20ac<\/td><td class=\"column-4\"><p style=\"text-decoration:underline; text-align: center;\"><a href=\"https:\/\/kapitel-zwei.de\/pt-br\/curso-de-alemao-em-berlim\/exame-telc-deutsch-a1\/\">Mais informa\u00e7\u00e3o<\/a><\/p><\/td>\n<\/tr>\n<tr class=\"row-4\">\n\t<td class=\"column-1\"><p style=\"font-size:110%;\"><span style=\"color:#f15f16\";>N\u00edvel A2  <\/span><\/p><\/td><td class=\"column-2\">Completo<br \/>\n<\/td><td class=\"column-3\">155 \u20ac<\/td><td class=\"column-4\"><p style=\"text-decoration:underline; text-align: center;\"><a href=\"https:\/\/kapitel-zwei.de\/pt-br\/curso-de-alemao-em-berlim\/exame-telc-deutsch-a2\/\">Mais informa\u00e7\u00e3o<\/a><\/p><\/td>\n<\/tr>\n<tr class=\"row-5\">\n\t<td rowspan=\"2\" class=\"column-1\"><p style=\"font-size:110%;\"><span style=\"color:#f15f16\";>N\u00edvel B1  <\/span><\/p><\/td><td class=\"column-2\">Completo<br \/>\n<\/td><td class=\"column-3\">205 \u20ac<\/td><td rowspan=\"2\" class=\"column-4\"><p style=\"text-decoration:underline; text-align: center;\"><a href=\"https:\/\/kapitel-zwei.de\/pt-br\/curso-de-alemao-em-berlim\/exame-telc-deutsch-b1\/\">Mais informa\u00e7\u00e3o<\/a><\/p><\/td>\n<\/tr>\n<tr class=\"row-6\">\n\t<td class=\"column-2\">S\u00f3 escrito \/ oral<\/td><td class=\"column-3\">175 \u20ac<\/td>\n<\/tr>\n<tr class=\"row-7\">\n\t<td rowspan=\"2\" class=\"column-1\"><p style=\"font-size:110%;\"><span style=\"color:#f15f16\";>N\u00edvel B2 <\/span><\/p><br \/>\n<\/td><td class=\"column-2\">Completo<br \/>\n<\/td><td class=\"column-3\">205 \u20ac<\/td><td rowspan=\"2\" class=\"column-4\"><p style=\"text-decoration:underline; text-align: center;\"><a href=\"https:\/\/kapitel-zwei.de\/pt-br\/curso-de-alemao-em-berlim\/exame-telc-deutsch-b2\/\">Mais informa\u00e7\u00e3o<\/a><\/p><\/td>\n<\/tr>\n<tr class=\"row-8\">\n\t<td class=\"column-2\">S\u00f3 escrito \/ oral<\/td><td class=\"column-3\">175 \u20ac<\/td>\n<\/tr>\n<tr class=\"row-9\">\n\t<td rowspan=\"2\" class=\"column-1\"><p style=\"font-size:110%;\"><span style=\"color:#f15f16\";>C1 Hochschule<\/span><\/p><br \/>\n<\/td><td class=\"column-2\">Completo<br \/>\n<\/td><td class=\"column-3\">205 \u20ac<\/td><td rowspan=\"2\" class=\"column-4\"><p style=\"text-decoration:underline; text-align: center;\"><a href=\"https:\/\/kapitel-zwei.de\/pt-br\/curso-de-alemao-em-berlim\/exame-telc-deutsch-c1\/\">Mais informa\u00e7\u00e3o<\/a><\/p><\/td>\n<\/tr>\n<tr class=\"row-10\">\n\t<td class=\"column-2\">S\u00f3 escrito \/ oral<\/td><td class=\"column-3\">175 \u20ac<\/td>\n<\/tr>\n<tr class=\"row-11\">\n\t<td rowspan=\"2\" class=\"column-1\"><p style=\"font-size:110%;\"><span style=\"color:#f15f16\";>C1<\/span><\/p><br \/>\n<\/td><td class=\"column-2\">Completo<\/td><td class=\"column-3\">205 \u20ac<\/td><td rowspan=\"2\" class=\"column-4\"><p style=\"text-decoration:underline; text-align: center;\"><a href=\"https:\/\/kapitel-zwei.de\/telc-deutsch-c1-pruefung\/\">Mais informa\u00e7\u00e3o<\/a><\/p><\/td>\n<\/tr>\n<tr class=\"row-12\">\n\t<td class=\"column-2\">S\u00f3 escrito \/ oral<\/td><td class=\"column-3\">175 \u20ac<\/td>\n<\/tr>\n<\/tbody>\n<\/table>\n<!-- #tablepress-93 from cache -->\n<\/div><\/section><br \/>\n<section  class='av_textblock_section av-nzlgx8-670e91cde51d1a5a788115570c65c774 '   itemscope=\"itemscope\" itemtype=\"https:\/\/schema.org\/CreativeWork\" ><div class='avia_textblock'  itemprop=\"text\" ><p>Para maiores informa\u00e7\u00f5es sobre o programa telc, por favor clique <a href=\"https:\/\/kapitel-zwei.de\/pt-br\/telc-deutsch-berlin\/\">aqui<\/a>.<\/p>\n<\/div><\/section><\/p><\/div>\n<div  class='hr av-6e4vjbg-3dd659188ecb18e8bb7072dce395460c hr-default  avia-builder-el-28  el_after_av_one_full  el_before_av_one_full '><span class='hr-inner '><span class=\"hr-inner-style\"><\/span><\/span><\/div>\n<div  class='flex_column av-av_one_full-a2cef933b0a555f25d1e39b22a8e9dae av_one_full  avia-builder-el-29  el_after_av_hr  el_before_av_layout_row  avia-builder-el-last  first flex_column_div  '     ><p><section  class='av_textblock_section av-5l6jyjw-0411bafdc25ad8c937c06f92547258a1 '   itemscope=\"itemscope\" itemtype=\"https:\/\/schema.org\/CreativeWork\" ><div class='avia_textblock'  itemprop=\"text\" ><p><a name=\"AulasPrivadasBerlin\"><\/a><\/p>\n<\/div><\/section><br \/>\n<section  class='av_textblock_section av-5aqxkzw-ea63638cc70a5be127df0912be771168 '   itemscope=\"itemscope\" itemtype=\"https:\/\/schema.org\/CreativeWork\" ><div class='avia_textblock'  itemprop=\"text\" ><h2>Aprender alem\u00e3o com aulas individuais<\/h2>\n<\/div><\/section><br \/>\n<section  class='av_textblock_section av-mthagxwl-16375c77e85c634b5a3f5d3eb62fa512 '   itemscope=\"itemscope\" itemtype=\"https:\/\/schema.org\/CreativeWork\" ><div class='avia_textblock'  itemprop=\"text\" ><h4>1 pessoa<\/h4>\n<p>As aulas s\u00e3o adequadas para todos os n\u00edveis, de A1 a C2. Dependendo das tuas necessidades, podemos concentrar-nos, por exemplo, em gram\u00e1tica, vocabul\u00e1rio, conversa\u00e7\u00e3o, pron\u00fancia, compreens\u00e3o oral ou express\u00e3o escrita. As aulas particulares tamb\u00e9m s\u00e3o uma \u00f3tima op\u00e7\u00e3o se quiseres rever, aprofundar ou recuperar conte\u00fados de um dos teus cursos. Os conte\u00fados das aulas baseiam-se nos temas e nas compet\u00eancias dos nossos cursos intensivos e cursos regulares de alem\u00e3o, dos n\u00edveis A1 a C2.<\/p>\n<\/div><\/section><\/p><\/div><\/div><\/div><\/div><!-- close content main div --><\/div><\/div><div id='av-layout-grid-1'  class='av-layout-grid-container av-4tnding-1c04102436230fd932fc146a260cfacc entry-content-wrapper main_color av-flex-cells  avia-builder-el-33  el_after_av_one_full  el_before_av_one_full  custom-icon-list grid-row-not-first  container_wrap fullsize'  >\n\n<style type=\"text\/css\" data-created_by=\"avia_inline_auto\" id=\"style-css-av-4c2wqq4-b5dc3ed24a9efb6f57d3a35ba34de203\">\n.flex_cell.av-4c2wqq4-b5dc3ed24a9efb6f57d3a35ba34de203{\nvertical-align:top;\n}\n.responsive #top #wrap_all .flex_cell.av-4c2wqq4-b5dc3ed24a9efb6f57d3a35ba34de203{\npadding:30px 30px 30px 30px !important;\n}\n<\/style>\n<div class='flex_cell av-4c2wqq4-b5dc3ed24a9efb6f57d3a35ba34de203 av-gridrow-cell av_one_full no_margin  avia-builder-el-34  avia-builder-el-no-sibling '  ><div class='flex_cell_inner'>\n<style type=\"text\/css\" data-created_by=\"avia_inline_auto\" id=\"style-css-av-3xr97os-b70a718c607edf91413197110af38caa\">\n.flex_column.av-3xr97os-b70a718c607edf91413197110af38caa{\nborder-radius:0px 0px 0px 0px;\npadding:0px 0px 0px 0px;\n}\n<\/style>\n<div  class='flex_column av-3xr97os-b70a718c607edf91413197110af38caa av_one_full  avia-builder-el-35  avia-builder-el-no-sibling  course-info new first flex_column_div av-zero-column-padding  '     ><div  class='avia-icon-list-container av-3cavklo-00fcb9a0cfbdf517b335119d12bce9c9  avia-builder-el-36  avia-builder-el-no-sibling '><ul class='avia-icon-list avia_animate_when_almost_visible avia-icon-list-left av-iconlist-big av-3cavklo-00fcb9a0cfbdf517b335119d12bce9c9 avia-iconlist-animate'>\n<li><div class='iconlist_icon av-34j3zfw-dd469ed37cf9a6eb369055d3c8bf020a avia-font-entypo-fontello'><span class='iconlist-char' aria-hidden='true' data-av_icon='\ue827' data-av_iconfont='entypo-fontello'><\/span><\/div><article class=\"article-icon-entry \"  itemscope=\"itemscope\" itemtype=\"https:\/\/schema.org\/CreativeWork\" ><div class=\"iconlist_content_wrap\"><header class=\"entry-content-header\" aria-label=\"Icon: Pre\u00e7o: Reserva \u00fanica\"><h4 class='av_iconlist_title iconlist_title  '  itemprop=\"headline\" >Pre\u00e7o: Reserva \u00fanica<\/h4><\/header><div class='iconlist_content '  itemprop=\"text\" ><p>1 x 60 min. = 52 \u20ac<br \/>\n1 x 90 min. = 82 \u20ac<\/p>\n<\/div><\/div><footer class=\"entry-footer\"><\/footer><\/article><div class=\"iconlist-timeline\"><\/div><\/li>\n<li><div class='iconlist_icon av-2qa4wmk-809dcb4538d68a885a522354ac93cbf5 avia-font-entypo-fontello'><span class='iconlist-char' aria-hidden='true' data-av_icon='\ue83f' data-av_iconfont='entypo-fontello'><\/span><\/div><article class=\"article-icon-entry \"  itemscope=\"itemscope\" itemtype=\"https:\/\/schema.org\/CreativeWork\" ><div class=\"iconlist_content_wrap\"><header class=\"entry-content-header\" aria-label=\"Icon: Pre\u00e7os dos pacotes\"><h4 class='av_iconlist_title iconlist_title  '  itemprop=\"headline\" >Pre\u00e7os dos pacotes<\/h4><\/header><div class='iconlist_content '  itemprop=\"text\" ><p><strong>~ 11 % de Desconto<\/strong><br \/>\n5 x 60 min. = 232 \u20ac<br \/>\n10 x 60 min. = 462 \u20ac<\/p>\n<p><strong>~ 12 % de Desconto<\/strong><br \/>\n5\u00a0x 90 min. = 362 \u20ac<br \/>\n10 x 90 min. = 722 \u20ac<\/p>\n<\/div><\/div><footer class=\"entry-footer\"><\/footer><\/article><div class=\"iconlist-timeline\"><\/div><\/li>\n<li><div class='iconlist_icon av-273k824-1f3c8b2378f5ad8ae146f4c23ed83e87 avia-font-entypo-fontello'><span class='iconlist-char' aria-hidden='true' data-av_icon='\ue808' data-av_iconfont='entypo-fontello'><\/span><\/div><article class=\"article-icon-entry \"  itemscope=\"itemscope\" itemtype=\"https:\/\/schema.org\/CreativeWork\" ><div class=\"iconlist_content_wrap\"><header class=\"entry-content-header\" aria-label=\"Icon: Pre\u00e7o: Aula de teste\"><h4 class='av_iconlist_title iconlist_title  '  itemprop=\"headline\" >Pre\u00e7o: Aula de teste<\/h4><\/header><div class='iconlist_content '  itemprop=\"text\" ><p>1 aula de teste de 60 min. = 52 \u20ac<\/p>\n<p>Caso voc\u00ea continue com uma reserva, o pre\u00e7o ser\u00e1 deduzido do pre\u00e7o do pacote desejado.<\/p>\n<p>(por exemplo, pacote de 10 horas = 410 euros para os restantes 9 x 60 min.)<\/p>\n<\/div><\/div><footer class=\"entry-footer\"><\/footer><\/article><div class=\"iconlist-timeline\"><\/div><\/li>\n<\/ul><\/div><\/div>\n<\/div><\/div>\n<\/div><div id='after_grid_row_1'  class='main_color av_default_container_wrap container_wrap fullsize'  ><div class='container av-section-cont-open' ><div class='template-page content  av-content-full alpha units'><div class='post-entry post-entry-type-page post-entry-10316'><div class='entry-content-wrapper clearfix'><\/p>\n<div  class='flex_column av-av_one_full-a2cef933b0a555f25d1e39b22a8e9dae av_one_full  avia-builder-el-37  el_after_av_layout_row  el_before_av_layout_row  avia-builder-el-no-sibling  first flex_column_div  '     ><section  class='av_textblock_section av-mthahlt4-6fcfd566ccbe36b759f5581c13c613fa '   itemscope=\"itemscope\" itemtype=\"https:\/\/schema.org\/CreativeWork\" ><div class='avia_textblock'  itemprop=\"text\" ><h4>2 pessoas<\/h4>\n<p>Gostarias de aprender com outra pessoa? As aulas particulares tamb\u00e9m podem decorrer com duas pessoas. O ideal \u00e9 que tenham um n\u00edvel de l\u00edngua semelhante e que queiram trabalhar temas parecidos.<\/p>\n<\/div><\/section><\/div><\/div><\/div><\/div><!-- close content main div --><\/div><\/div><div id='av-layout-grid-2'  class='av-layout-grid-container av-av_layout_row-11aadc9109354dd63e09ac1aed89e99e entry-content-wrapper main_color av-flex-cells  avia-builder-el-39  el_after_av_one_full  el_before_av_one_full  custom-icon-list grid-row-not-first  container_wrap fullsize'  >\n\n<style type=\"text\/css\" data-created_by=\"avia_inline_auto\" id=\"style-css-av-av_cell_one_full-6abbf05c193589bcf759ced6be41d5a0\">\n.flex_cell.av-av_cell_one_full-6abbf05c193589bcf759ced6be41d5a0{\nvertical-align:top;\n}\n.responsive #top #wrap_all .flex_cell.av-av_cell_one_full-6abbf05c193589bcf759ced6be41d5a0{\npadding:30px 30px 30px 30px !important;\n}\n<\/style>\n<div class='flex_cell av-av_cell_one_full-6abbf05c193589bcf759ced6be41d5a0 av-gridrow-cell av_one_full no_margin  avia-builder-el-40  avia-builder-el-no-sibling '  ><div class='flex_cell_inner'>\n<style type=\"text\/css\" data-created_by=\"avia_inline_auto\" id=\"style-css-av-av_one_full-3ce81e0389c96ccd7628caf50c570cca\">\n.flex_column.av-av_one_full-3ce81e0389c96ccd7628caf50c570cca{\nborder-radius:0px 0px 0px 0px;\npadding:0px 0px 0px 0px;\n}\n<\/style>\n<div  class='flex_column av-av_one_full-3ce81e0389c96ccd7628caf50c570cca av_one_full  avia-builder-el-41  avia-builder-el-no-sibling  course-info new first flex_column_div av-zero-column-padding  '     ><div  class='avia-icon-list-container av-mthair4o-a783fcd8558bb8ff4146cdd9b69bd636  avia-builder-el-42  avia-builder-el-no-sibling '><ul class='avia-icon-list avia_animate_when_almost_visible avia-icon-list-left av-iconlist-big av-mthair4o-a783fcd8558bb8ff4146cdd9b69bd636 avia-iconlist-animate'>\n<li><div class='iconlist_icon av-mthai41y-730e17fb2a85de94302488827b7198fd avia-font-entypo-fontello'><span class='iconlist-char' aria-hidden='true' data-av_icon='\ue827' data-av_iconfont='entypo-fontello'><\/span><\/div><article class=\"article-icon-entry \"  itemscope=\"itemscope\" itemtype=\"https:\/\/schema.org\/CreativeWork\" ><div class=\"iconlist_content_wrap\"><header class=\"entry-content-header\" aria-label=\"Icon: Pre\u00e7o: Reserva \u00fanica\"><h4 class='av_iconlist_title iconlist_title  '  itemprop=\"headline\" >Pre\u00e7o: Reserva \u00fanica<\/h4><\/header><div class='iconlist_content '  itemprop=\"text\" ><p>1 x 60 min. = 62 \u20ac<br \/>\n1 x 90 min. = 92 \u20ac<\/p>\n<\/div><\/div><footer class=\"entry-footer\"><\/footer><\/article><div class=\"iconlist-timeline\"><\/div><\/li>\n<li><div class='iconlist_icon av-mthaij04-47d7ad71449a3e3e4d9a4ddafe584e35 avia-font-entypo-fontello'><span class='iconlist-char' aria-hidden='true' data-av_icon='\ue83f' data-av_iconfont='entypo-fontello'><\/span><\/div><article class=\"article-icon-entry \"  itemscope=\"itemscope\" itemtype=\"https:\/\/schema.org\/CreativeWork\" ><div class=\"iconlist_content_wrap\"><header class=\"entry-content-header\" aria-label=\"Icon: Pre\u00e7os dos pacotes\"><h4 class='av_iconlist_title iconlist_title  '  itemprop=\"headline\" >Pre\u00e7os dos pacotes<\/h4><\/header><div class='iconlist_content '  itemprop=\"text\" ><p><strong>~ 11 % de Desconto<\/strong><br \/>\n5 x 60 min. = 282 \u20ac<br \/>\n10 x 60 min. = 562 \u20ac<\/p>\n<p><strong>~ 12 % de Desconto<\/strong><br \/>\n5 x 90 min. = 412 \u20ac<br \/>\n10 x 90 min. = 822 \u20ac<\/p>\n<\/div><\/div><footer class=\"entry-footer\"><\/footer><\/article><div class=\"iconlist-timeline\"><\/div><\/li>\n<li><div class='iconlist_icon av-mthaiqpz-d5cf29a9e9306bfd9e6449f247298071 avia-font-entypo-fontello'><span class='iconlist-char' aria-hidden='true' data-av_icon='\ue808' data-av_iconfont='entypo-fontello'><\/span><\/div><article class=\"article-icon-entry \"  itemscope=\"itemscope\" itemtype=\"https:\/\/schema.org\/CreativeWork\" ><div class=\"iconlist_content_wrap\"><header class=\"entry-content-header\" aria-label=\"Icon: Pre\u00e7o: Aula de teste\"><h4 class='av_iconlist_title iconlist_title  '  itemprop=\"headline\" >Pre\u00e7o: Aula de teste<\/h4><\/header><div class='iconlist_content '  itemprop=\"text\" ><p>1 aula de teste de 60 min. = 62 \u20ac<\/p>\n<p>Caso voc\u00ea continue com uma reserva, o pre\u00e7o ser\u00e1 deduzido do pre\u00e7o do pacote desejado.<\/p>\n<\/div><\/div><footer class=\"entry-footer\"><\/footer><\/article><div class=\"iconlist-timeline\"><\/div><\/li>\n<\/ul><\/div><\/div>\n<\/div><\/div><\/div><div id='after_grid_row_2'  class='main_color av_default_container_wrap container_wrap fullsize'  ><div class='container av-section-cont-open' ><div class='template-page content  av-content-full alpha units'><div class='post-entry post-entry-type-page post-entry-10316'><div class='entry-content-wrapper clearfix'><div  class='flex_column av-av_one_full-a2cef933b0a555f25d1e39b22a8e9dae av_one_full  avia-builder-el-43  el_after_av_layout_row  el_before_av_hr  avia-builder-el-first  first flex_column_div  '     ><section  class='av_textblock_section av-mthakl62-6c9f749c4d19c481130c7d882031a150 '   itemscope=\"itemscope\" itemtype=\"https:\/\/schema.org\/CreativeWork\" ><div class='avia_textblock'  itemprop=\"text\" ><h4>Prepara\u00e7\u00e3o para exames<\/h4>\n<p>Gostarias de te preparar especificamente para um exame de alem\u00e3o? Podes reservar aulas individuais totalmente adaptadas ao teu exame e \u00e0s tuas prioridades pessoais.<br \/>\nVamos praticar contigo as diferentes partes do exame, por exemplo, compreens\u00e3o de leitura, compreens\u00e3o oral, express\u00e3o escrita e express\u00e3o oral. Al\u00e9m disso, podes treinar gram\u00e1tica e vocabul\u00e1rio relevantes, estrat\u00e9gias para o exame e a gest\u00e3o do tempo durante a prova.<\/p>\n<p>Para a prepara\u00e7\u00e3o individual para exames, aplicam-se os pre\u00e7os para duas pessoas.<\/p>\n<\/div><\/section><br \/>\n<section  class='av_textblock_section av-1ra0yrw-9e74d60fea5386b12f0a5ebc693e1963 '   itemscope=\"itemscope\" itemtype=\"https:\/\/schema.org\/CreativeWork\" ><div class='avia_textblock'  itemprop=\"text\" ><p>Para maiores informa\u00e7\u00f5es sobre aulas particulares em Berlim, por favor clique <a href=\"https:\/\/kapitel-zwei.de\/pt-br\/curso-de-alemao-em-berlim\/aulas-particulares-de-alemao\/\">aqui<\/a>.<\/p>\n<\/div><\/section><\/p><\/div><div  class='hr av-19fsoj0-925f1a08cb8d81ee17bffa481d80222d hr-default  avia-builder-el-46  el_after_av_one_full  el_before_av_one_full '><span class='hr-inner '><span class=\"hr-inner-style\"><\/span><\/span><\/div><\/p>\n\n<style type=\"text\/css\" data-created_by=\"avia_inline_auto\" id=\"style-css-av-mthajj0c-f0d2b2773550dc0e9c66ea5d9acc4360\">\n.flex_column.av-mthajj0c-f0d2b2773550dc0e9c66ea5d9acc4360{\npadding:16px 16px 16px 16px;\nbackground-color:#fff8ed;\n}\n\n@media only screen and (min-width: 990px){ \n.flex_column.av-mthajj0c-f0d2b2773550dc0e9c66ea5d9acc4360{\npadding:Standard Standard Standard Standard;\n}\n}\n<\/style>\n<div  class='flex_column av-mthajj0c-f0d2b2773550dc0e9c66ea5d9acc4360 av_one_full  avia-builder-el-47  el_after_av_hr  avia-builder-el-last  first flex_column_div  '     ><section  class='av_textblock_section av-qoreuk-7378c7d4626de65cbe705e2af625c6d2 '   itemscope=\"itemscope\" itemtype=\"https:\/\/schema.org\/CreativeWork\" ><div class='avia_textblock'  itemprop=\"text\" ><p><a name=\"EmpresasBerlin\"><\/a><\/p>\n<h2>Solicita\u00e7\u00f5es para empresas<\/h2>\n<p>Para pedidos especiais para grupos, entre em contato conosco pelo e-mail company@kapitel-zwei.de com as seguintes informa\u00e7\u00f5es:<\/p>\n<ul>\n<li>Sede (Endere\u00e7o \/ Homepage)<\/li>\n<li>N\u00famero de participantes<\/li>\n<li>N\u00edvel estimado (iniciante, intermedi\u00e1rio, avan\u00e7ado)<\/li>\n<li>N\u00famero e horas de aula por semana (Ex: 1 x 90 min, 2x 60 min, 3x 120min)<\/li>\n<li>Per\u00edodo estimado<\/li>\n<\/ul>\n<p>Para mais informa\u00e7\u00f5es clique <a title=\"Curso de Alem\u00e3o Berlim com Hor\u00e1rio Compat\u00edvel com Trabalhadores Kapitel Zwei\" href=\"https:\/\/kapitel-zwei.de\/pt-br\/curso-de-alemao-em-berlim\/cursos-para-empresas-alemao\/\">aqui<\/a>, por favor.<\/p>\n<\/div><\/section><\/div>\n","protected":false},"excerpt":{"rendered":"","protected":false},"author":16,"featured_media":0,"parent":0,"menu_order":19,"comment_status":"closed","ping_status":"closed","template":"","meta":{"footnotes":""},"class_list":["post-10316","page","type-page","status-publish","hentry"],"yoast_head":"<!-- This site is optimized with the Yoast SEO Premium plugin v24.4 (Yoast SEO v24.4) - https:\/\/yoast.com\/wordpress\/plugins\/seo\/ -->\n<title>Pre\u00e7os dos cursos de alem\u00e3o em Berlim. exame telc. prepara\u00e7\u00e3o<\/title>\n<meta name=\"description\" content=\"Pre\u00e7os dos cursos de alem\u00e3o em Berlim. exame de alem\u00e3o telc. Prepara\u00e7\u00e3o telc Alem\u00e3o. Descontos para cursos de alem\u00e3o. Aprenda alem\u00e3o\" \/>\n<meta name=\"robots\" content=\"index, follow, max-snippet:-1, max-image-preview:large, max-video-preview:-1\" \/>\n<link rel=\"canonical\" href=\"https:\/\/kapitel-zwei.de\/pt-br\/precos\/\" \/>\n<meta property=\"og:locale\" content=\"pt_BR\" \/>\n<meta property=\"og:type\" content=\"article\" \/>\n<meta property=\"og:title\" content=\"Pre\u00e7os (cursos offline)\" \/>\n<meta property=\"og:description\" content=\"Pre\u00e7os dos cursos de alem\u00e3o em Berlim. exame de alem\u00e3o telc. Prepara\u00e7\u00e3o telc Alem\u00e3o. Descontos para cursos de alem\u00e3o. Aprenda alem\u00e3o\" \/>\n<meta property=\"og:url\" content=\"https:\/\/kapitel-zwei.de\/pt-br\/precos\/\" \/>\n<meta property=\"og:site_name\" content=\"Kapitel Zwei Berlin\" \/>\n<meta property=\"article:publisher\" content=\"https:\/\/www.facebook.com\/kapitelzwei\/\" \/>\n<meta property=\"article:modified_time\" content=\"2026-08-31T13:46:25+00:00\" \/>\n<meta name=\"twitter:card\" content=\"summary_large_image\" \/>\n<meta name=\"twitter:site\" content=\"@kapitelzwei\" \/>\n<meta name=\"twitter:label1\" content=\"Est. tempo de leitura\" \/>\n\t<meta name=\"twitter:data1\" content=\"7 minutos\" \/>\n<script type=\"application\/ld+json\" class=\"yoast-schema-graph\">{\"@context\":\"https:\/\/schema.org\",\"@graph\":[{\"@type\":\"WebPage\",\"@id\":\"https:\/\/kapitel-zwei.de\/pt-br\/precos\/\",\"url\":\"https:\/\/kapitel-zwei.de\/pt-br\/precos\/\",\"name\":\"Pre\u00e7os dos cursos de alem\u00e3o em Berlim. exame telc. prepara\u00e7\u00e3o\",\"isPartOf\":{\"@id\":\"https:\/\/kapitel-zwei.de\/ru\/#website\"},\"datePublished\":\"2015-11-11T09:56:40+00:00\",\"dateModified\":\"2026-08-31T13:46:25+00:00\",\"description\":\"Pre\u00e7os dos cursos de alem\u00e3o em Berlim. exame de alem\u00e3o telc. Prepara\u00e7\u00e3o telc Alem\u00e3o. Descontos para cursos de alem\u00e3o. Aprenda alem\u00e3o\",\"breadcrumb\":{\"@id\":\"https:\/\/kapitel-zwei.de\/pt-br\/precos\/#breadcrumb\"},\"inLanguage\":\"pt-BR\",\"potentialAction\":[{\"@type\":\"ReadAction\",\"target\":[\"https:\/\/kapitel-zwei.de\/pt-br\/precos\/\"]}]},{\"@type\":\"BreadcrumbList\",\"@id\":\"https:\/\/kapitel-zwei.de\/pt-br\/precos\/#breadcrumb\",\"itemListElement\":[{\"@type\":\"ListItem\",\"position\":1,\"name\":\"Startseite\",\"item\":\"https:\/\/kapitel-zwei.de\/pt-br\/\"},{\"@type\":\"ListItem\",\"position\":2,\"name\":\"Pre\u00e7os (cursos offline)\"}]},{\"@type\":\"WebSite\",\"@id\":\"https:\/\/kapitel-zwei.de\/ru\/#website\",\"url\":\"https:\/\/kapitel-zwei.de\/ru\/\",\"name\":\"Kapitel Zwei Berlin\",\"description\":\"Deutschkurs Berlin | Sprachschule Berlin | German language school Berlin | telc Berlin | Deutsch Pr\u00fcfung Berlin | Intensive German courses Berlin | TestDaF Pr\u00fcfung | Online Kurse\",\"publisher\":{\"@id\":\"https:\/\/kapitel-zwei.de\/ru\/#organization\"},\"potentialAction\":[{\"@type\":\"SearchAction\",\"target\":{\"@type\":\"EntryPoint\",\"urlTemplate\":\"https:\/\/kapitel-zwei.de\/ru\/?s={search_term_string}\"},\"query-input\":{\"@type\":\"PropertyValueSpecification\",\"valueRequired\":true,\"valueName\":\"search_term_string\"}}],\"inLanguage\":\"pt-BR\"},{\"@type\":\"Organization\",\"@id\":\"https:\/\/kapitel-zwei.de\/ru\/#organization\",\"name\":\"Kapitel Zwei. Deutsch-Sprachschule Berlin GmbH\",\"url\":\"https:\/\/kapitel-zwei.de\/ru\/\",\"logo\":{\"@type\":\"ImageObject\",\"inLanguage\":\"pt-BR\",\"@id\":\"https:\/\/kapitel-zwei.de\/ru\/#\/schema\/logo\/image\/\",\"url\":\"https:\/\/kapitel-zwei.de\/wp-content\/uploads\/2018\/08\/Kapitel-Zwei-Berlin-Sprachschule-Deutsch-Deutschkurse-Berlin.jpg\",\"contentUrl\":\"https:\/\/kapitel-zwei.de\/wp-content\/uploads\/2018\/08\/Kapitel-Zwei-Berlin-Sprachschule-Deutsch-Deutschkurse-Berlin.jpg\",\"width\":350,\"height\":101,\"caption\":\"Kapitel Zwei. Deutsch-Sprachschule Berlin GmbH\"},\"image\":{\"@id\":\"https:\/\/kapitel-zwei.de\/ru\/#\/schema\/logo\/image\/\"},\"sameAs\":[\"https:\/\/www.facebook.com\/kapitelzwei\/\",\"https:\/\/x.com\/kapitelzwei\"]}]}<\/script>\n<!-- \/ Yoast SEO Premium plugin. -->","yoast_head_json":{"title":"Pre\u00e7os dos cursos de alem\u00e3o em Berlim. exame telc. prepara\u00e7\u00e3o","description":"Pre\u00e7os dos cursos de alem\u00e3o em Berlim. exame de alem\u00e3o telc. Prepara\u00e7\u00e3o telc Alem\u00e3o. Descontos para cursos de alem\u00e3o. Aprenda alem\u00e3o","robots":{"index":"index","follow":"follow","max-snippet":"max-snippet:-1","max-image-preview":"max-image-preview:large","max-video-preview":"max-video-preview:-1"},"canonical":"https:\/\/kapitel-zwei.de\/pt-br\/precos\/","og_locale":"pt_BR","og_type":"article","og_title":"Pre\u00e7os (cursos offline)","og_description":"Pre\u00e7os dos cursos de alem\u00e3o em Berlim. exame de alem\u00e3o telc. Prepara\u00e7\u00e3o telc Alem\u00e3o. Descontos para cursos de alem\u00e3o. Aprenda alem\u00e3o","og_url":"https:\/\/kapitel-zwei.de\/pt-br\/precos\/","og_site_name":"Kapitel Zwei Berlin","article_publisher":"https:\/\/www.facebook.com\/kapitelzwei\/","article_modified_time":"2026-08-31T13:46:25+00:00","twitter_card":"summary_large_image","twitter_site":"@kapitelzwei","twitter_misc":{"Est. tempo de leitura":"7 minutos"},"schema":{"@context":"https:\/\/schema.org","@graph":[{"@type":"WebPage","@id":"https:\/\/kapitel-zwei.de\/pt-br\/precos\/","url":"https:\/\/kapitel-zwei.de\/pt-br\/precos\/","name":"Pre\u00e7os dos cursos de alem\u00e3o em Berlim. exame telc. prepara\u00e7\u00e3o","isPartOf":{"@id":"https:\/\/kapitel-zwei.de\/ru\/#website"},"datePublished":"2015-11-11T09:56:40+00:00","dateModified":"2026-08-31T13:46:25+00:00","description":"Pre\u00e7os dos cursos de alem\u00e3o em Berlim. exame de alem\u00e3o telc. Prepara\u00e7\u00e3o telc Alem\u00e3o. Descontos para cursos de alem\u00e3o. Aprenda alem\u00e3o","breadcrumb":{"@id":"https:\/\/kapitel-zwei.de\/pt-br\/precos\/#breadcrumb"},"inLanguage":"pt-BR","potentialAction":[{"@type":"ReadAction","target":["https:\/\/kapitel-zwei.de\/pt-br\/precos\/"]}]},{"@type":"BreadcrumbList","@id":"https:\/\/kapitel-zwei.de\/pt-br\/precos\/#breadcrumb","itemListElement":[{"@type":"ListItem","position":1,"name":"Startseite","item":"https:\/\/kapitel-zwei.de\/pt-br\/"},{"@type":"ListItem","position":2,"name":"Pre\u00e7os (cursos offline)"}]},{"@type":"WebSite","@id":"https:\/\/kapitel-zwei.de\/ru\/#website","url":"https:\/\/kapitel-zwei.de\/ru\/","name":"Kapitel Zwei Berlin","description":"Deutschkurs Berlin | Sprachschule Berlin | German language school Berlin | telc Berlin | Deutsch Pr\u00fcfung Berlin | Intensive German courses Berlin | TestDaF Pr\u00fcfung | Online Kurse","publisher":{"@id":"https:\/\/kapitel-zwei.de\/ru\/#organization"},"potentialAction":[{"@type":"SearchAction","target":{"@type":"EntryPoint","urlTemplate":"https:\/\/kapitel-zwei.de\/ru\/?s={search_term_string}"},"query-input":{"@type":"PropertyValueSpecification","valueRequired":true,"valueName":"search_term_string"}}],"inLanguage":"pt-BR"},{"@type":"Organization","@id":"https:\/\/kapitel-zwei.de\/ru\/#organization","name":"Kapitel Zwei. Deutsch-Sprachschule Berlin GmbH","url":"https:\/\/kapitel-zwei.de\/ru\/","logo":{"@type":"ImageObject","inLanguage":"pt-BR","@id":"https:\/\/kapitel-zwei.de\/ru\/#\/schema\/logo\/image\/","url":"https:\/\/kapitel-zwei.de\/wp-content\/uploads\/2018\/08\/Kapitel-Zwei-Berlin-Sprachschule-Deutsch-Deutschkurse-Berlin.jpg","contentUrl":"https:\/\/kapitel-zwei.de\/wp-content\/uploads\/2018\/08\/Kapitel-Zwei-Berlin-Sprachschule-Deutsch-Deutschkurse-Berlin.jpg","width":350,"height":101,"caption":"Kapitel Zwei. Deutsch-Sprachschule Berlin GmbH"},"image":{"@id":"https:\/\/kapitel-zwei.de\/ru\/#\/schema\/logo\/image\/"},"sameAs":["https:\/\/www.facebook.com\/kapitelzwei\/","https:\/\/x.com\/kapitelzwei"]}]}},"_links":{"self":[{"href":"https:\/\/kapitel-zwei.de\/pt-br\/wp-json\/wp\/v2\/pages\/10316","targetHints":{"allow":["GET"]}}],"collection":[{"href":"https:\/\/kapitel-zwei.de\/pt-br\/wp-json\/wp\/v2\/pages"}],"about":[{"href":"https:\/\/kapitel-zwei.de\/pt-br\/wp-json\/wp\/v2\/types\/page"}],"author":[{"embeddable":true,"href":"https:\/\/kapitel-zwei.de\/pt-br\/wp-json\/wp\/v2\/users\/16"}],"replies":[{"embeddable":true,"href":"https:\/\/kapitel-zwei.de\/pt-br\/wp-json\/wp\/v2\/comments?post=10316"}],"version-history":[{"count":42,"href":"https:\/\/kapitel-zwei.de\/pt-br\/wp-json\/wp\/v2\/pages\/10316\/revisions"}],"predecessor-version":[{"id":127059,"href":"https:\/\/kapitel-zwei.de\/pt-br\/wp-json\/wp\/v2\/pages\/10316\/revisions\/127059"}],"wp:attachment":[{"href":"https:\/\/kapitel-zwei.de\/pt-br\/wp-json\/wp\/v2\/media?parent=10316"}],"curies":[{"name":"wp","href":"https:\/\/api.w.org\/{rel}","templated":true}]}}